{"id":5858,"date":"2025-10-01T13:55:44","date_gmt":"2025-10-01T11:55:44","guid":{"rendered":"https:\/\/www.kongres-estetickej-mediciny.sk\/?page_id=5858"},"modified":"2025-10-01T15:25:11","modified_gmt":"2025-10-01T13:25:11","slug":"5858-2","status":"publish","type":"page","link":"https:\/\/www.kongres-estetickej-mediciny.sk\/index.php\/5858-2\/","title":{"rendered":"FOTO KLEMK 2025"},"content":{"rendered":"<div class=\"fusion-fullwidth fullwidth-box fusion-builder-row-1 fusion-flex-container has-pattern-background has-mask-background nonhundred-percent-fullwidth non-hundred-percent-height-scrolling\" style=\"--awb-border-radius-top-left:0px;--awb-border-radius-top-right:0px;--awb-border-radius-bottom-right:0px;--awb-border-radius-bottom-left:0px;--awb-flex-wrap:wrap;\" ><div class=\"fusion-builder-row fusion-row fusion-flex-align-items-flex-start fusion-flex-content-wrap\" style=\"max-width:1216.8px;margin-left: calc(-4% \/ 2 );margin-right: calc(-4% \/ 2 );\"><div class=\"fusion-layout-column fusion_builder_column fusion-builder-column-0 fusion_builder_column_1_1 1_1 fusion-flex-column\" style=\"--awb-bg-size:cover;--awb-width-large:100%;--awb-margin-top-large:0px;--awb-spacing-right-large:1.92%;--awb-margin-bottom-large:20px;--awb-spacing-left-large:1.92%;--awb-width-medium:100%;--awb-order-medium:0;--awb-spacing-right-medium:1.92%;--awb-spacing-left-medium:1.92%;--awb-width-small:100%;--awb-order-small:0;--awb-spacing-right-small:1.92%;--awb-spacing-left-small:1.92%;\"><div class=\"fusion-column-wrapper fusion-column-has-shadow fusion-flex-justify-content-flex-start fusion-content-layout-column\"><div class=\"awb-gallery-wrapper awb-gallery-wrapper-1 button-span-no\" style=\"--more-btn-alignment:center;\"><div style=\"margin:-5px;--awb-bordersize:0px;\" class=\"fusion-gallery fusion-gallery-container fusion-grid-3 fusion-columns-total-253 fusion-gallery-layout-grid fusion-gallery-1\"><div style=\"padding:5px;\" class=\"fusion-grid-column fusion-gallery-column fusion-gallery-column-3 hover-type-none\"><div class=\"fusion-gallery-image\"><a href=\"https:\/\/www.kongres-estetickej-mediciny.sk\/wp-content\/uploads\/2025\/10\/kongres2025-2-scaled.jpg\" rel=\"noreferrer\" data-rel=\"iLightbox[gallery_image_1]\" class=\"fusion-lightbox\" target=\"_self\"><img decoding=\"async\" src=\"https:\/\/www.kongres-estetickej-mediciny.sk\/wp-content\/uploads\/2025\/10\/kongres2025-2-scaled.jpg\" data-orig-src=\"https:\/\/www.kongres-estetickej-mediciny.sk\/wp-content\/uploads\/2025\/10\/kongres2025-2-scaled.jpg\" width=\"1441\" height=\"2560\" alt=\"\" title=\"kongres2025-2\" aria-label=\"kongres2025-2\" class=\"lazyload img-responsive wp-image-5859\" srcset=\"data:image\/svg+xml,%3Csvg%20xmlns%3D%27http%3A%2F%2Fwww.w3.org%2F2000%2Fsvg%27%20width%3D%271441%27%20height%3D%272560%27%20viewBox%3D%270%200%201441%202560%27%3E%3Crect%20width%3D%271441%27%20height%3D%272560%27%20fill-opacity%3D%220%22%2F%3E%3C%2Fsvg%3E\" data-srcset=\"https:\/\/www.kongres-estetickej-mediciny.sk\/wp-content\/uploads\/2025\/10\/kongres2025-2-200x355.jpg 200w, https:\/\/www.kongres-estetickej-mediciny.sk\/wp-content\/uploads\/2025\/10\/kongres2025-2-400x711.jpg 400w, https:\/\/www.kongres-estetickej-mediciny.sk\/wp-content\/uploads\/2025\/10\/kongres2025-2-600x1066.jpg 600w, https:\/\/www.kongres-estetickej-mediciny.sk\/wp-content\/uploads\/2025\/10\/kongres2025-2-800x1421.jpg 800w, https:\/\/www.kongres-estetickej-mediciny.sk\/wp-content\/uploads\/2025\/10\/kongres2025-2-1200x2132.jpg 1200w, https:\/\/www.kongres-estetickej-mediciny.sk\/wp-content\/uploads\/2025\/10\/kongres2025-2-scaled.jpg 1441w\" data-sizes=\"auto\" data-orig-sizes=\"(min-width: 2200px) 100vw, (min-width: 824px) 387px, (min-width: 732px) 580px, (min-width: 640px) 732px, \" \/><\/a><\/div><\/div><div style=\"padding:5px;\" class=\"fusion-grid-column fusion-gallery-column fusion-gallery-column-3 hover-type-none\"><div class=\"fusion-gallery-image\"><a href=\"https:\/\/www.kongres-estetickej-mediciny.sk\/wp-content\/uploads\/2025\/10\/kongres2025-3-scaled.jpg\" rel=\"noreferrer\" data-rel=\"iLightbox[gallery_image_1]\" class=\"fusion-lightbox\" target=\"_self\"><img decoding=\"async\" src=\"https:\/\/www.kongres-estetickej-mediciny.sk\/wp-content\/uploads\/2025\/10\/kongres2025-3-scaled.jpg\" data-orig-src=\"https:\/\/www.kongres-estetickej-mediciny.sk\/wp-content\/uploads\/2025\/10\/kongres2025-3-scaled.jpg\" width=\"2560\" height=\"1441\" alt=\"\" title=\"kongres2025-3\" aria-label=\"kongres2025-3\" class=\"lazyload img-responsive wp-image-5860\" srcset=\"data:image\/svg+xml,%3Csvg%20xmlns%3D%27http%3A%2F%2Fwww.w3.org%2F2000%2Fsvg%27%20width%3D%272560%27%20height%3D%271441%27%20viewBox%3D%270%200%202560%201441%27%3E%3Crect%20width%3D%272560%27%20height%3D%271441%27%20fill-opacity%3D%220%22%2F%3E%3C%2Fsvg%3E\" data-srcset=\"https:\/\/www.kongres-estetickej-mediciny.sk\/wp-content\/uploads\/2025\/10\/kongres2025-3-200x113.jpg 200w, https:\/\/www.kongres-estetickej-mediciny.sk\/wp-content\/uploads\/2025\/10\/kongres2025-3-400x225.jpg 400w, https:\/\/www.kongres-estetickej-mediciny.sk\/wp-content\/uploads\/2025\/10\/kongres2025-3-600x338.jpg 600w, https:\/\/www.kongres-estetickej-mediciny.sk\/wp-content\/uploads\/2025\/10\/kongres2025-3-800x450.jpg 800w, https:\/\/www.kongres-estetickej-mediciny.sk\/wp-content\/uploads\/2025\/10\/kongres2025-3-1200x676.jpg 1200w, https:\/\/www.kongres-estetickej-mediciny.sk\/wp-content\/uploads\/2025\/10\/kongres2025-3-scaled.jpg 2560w\" data-sizes=\"auto\" data-orig-sizes=\"(min-width: 2200px) 100vw, (min-width: 824px) 387px, (min-width: 732px) 580px, (min-width: 640px) 732px, \" \/><\/a><\/div><\/div><div style=\"padding:5px;\" class=\"fusion-grid-column fusion-gallery-column fusion-gallery-column-3 hover-type-none\"><div class=\"fusion-gallery-image\"><a href=\"https:\/\/www.kongres-estetickej-mediciny.sk\/wp-content\/uploads\/2025\/10\/kongres2025-4-scaled.jpg\" rel=\"noreferrer\" data-rel=\"iLightbox[gallery_image_1]\" class=\"fusion-lightbox\" target=\"_self\"><img decoding=\"async\" src=\"https:\/\/www.kongres-estetickej-mediciny.sk\/wp-content\/uploads\/2025\/10\/kongres2025-4-scaled.jpg\" data-orig-src=\"https:\/\/www.kongres-estetickej-mediciny.sk\/wp-content\/uploads\/2025\/10\/kongres2025-4-scaled.jpg\" width=\"1441\" height=\"2560\" alt=\"\" title=\"kongres2025-4\" aria-label=\"kongres2025-4\" class=\"lazyload img-responsive wp-image-5861\" srcset=\"data:image\/svg+xml,%3Csvg%20xmlns%3D%27http%3A%2F%2Fwww.w3.org%2F2000%2Fsvg%27%20width%3D%271441%27%20height%3D%272560%27%20viewBox%3D%270%200%201441%202560%27%3E%3Crect%20width%3D%271441%27%20height%3D%272560%27%20fill-opacity%3D%220%22%2F%3E%3C%2Fsvg%3E\" data-srcset=\"https:\/\/www.kongres-estetickej-mediciny.sk\/wp-content\/uploads\/2025\/10\/kongres2025-4-200x355.jpg 200w, https:\/\/www.kongres-estetickej-mediciny.sk\/wp-content\/uploads\/2025\/10\/kongres2025-4-400x710.jpg 400w, https:\/\/www.kongres-estetickej-mediciny.sk\/wp-content\/uploads\/2025\/10\/kongres2025-4-600x1066.jpg 600w, https:\/\/www.kongres-estetickej-mediciny.sk\/wp-content\/uploads\/2025\/10\/kongres2025-4-800x1421.jpg 800w, https:\/\/www.kongres-estetickej-mediciny.sk\/wp-content\/uploads\/2025\/10\/kongres2025-4-1200x2131.jpg 1200w, https:\/\/www.kongres-estetickej-mediciny.sk\/wp-content\/uploads\/2025\/10\/kongres2025-4-scaled.jpg 1441w\" data-sizes=\"auto\" data-orig-sizes=\"(min-width: 2200px) 100vw, (min-width: 824px) 387px, (min-width: 732px) 580px, (min-width: 640px) 732px, \" \/><\/a><\/div><\/div><div class=\"clearfix\"><\/div><div style=\"padding:5px;\" class=\"fusion-grid-column fusion-gallery-column fusion-gallery-column-3 hover-type-none\"><div class=\"fusion-gallery-image\"><a href=\"https:\/\/www.kongres-estetickej-mediciny.sk\/wp-content\/uploads\/2025\/10\/kongres2025-5-scaled.jpg\" rel=\"noreferrer\" data-rel=\"iLightbox[gallery_image_1]\" class=\"fusion-lightbox\" target=\"_self\"><img decoding=\"async\" src=\"https:\/\/www.kongres-estetickej-mediciny.sk\/wp-content\/uploads\/2025\/10\/kongres2025-5-scaled.jpg\" data-orig-src=\"https:\/\/www.kongres-estetickej-mediciny.sk\/wp-content\/uploads\/2025\/10\/kongres2025-5-scaled.jpg\" width=\"1441\" height=\"2560\" alt=\"\" title=\"kongres2025-5\" aria-label=\"kongres2025-5\" class=\"lazyload img-responsive wp-image-5862\" srcset=\"data:image\/svg+xml,%3Csvg%20xmlns%3D%27http%3A%2F%2Fwww.w3.org%2F2000%2Fsvg%27%20width%3D%271441%27%20height%3D%272560%27%20viewBox%3D%270%200%201441%202560%27%3E%3Crect%20width%3D%271441%27%20height%3D%272560%27%20fill-opacity%3D%220%22%2F%3E%3C%2Fsvg%3E\" data-srcset=\"https:\/\/www.kongres-estetickej-mediciny.sk\/wp-content\/uploads\/2025\/10\/kongres2025-5-200x355.jpg 200w, https:\/\/www.kongres-estetickej-mediciny.sk\/wp-content\/uploads\/2025\/10\/kongres2025-5-400x710.jpg 400w, https:\/\/www.kongres-estetickej-mediciny.sk\/wp-content\/uploads\/2025\/10\/kongres2025-5-600x1066.jpg 600w, https:\/\/www.kongres-estetickej-mediciny.sk\/wp-content\/uploads\/2025\/10\/kongres2025-5-800x1421.jpg 800w, https:\/\/www.kongres-estetickej-mediciny.sk\/wp-content\/uploads\/2025\/10\/kongres2025-5-1200x2131.jpg 1200w, https:\/\/www.kongres-estetickej-mediciny.sk\/wp-content\/uploads\/2025\/10\/kongres2025-5-scaled.jpg 1441w\" data-sizes=\"auto\" data-orig-sizes=\"(min-width: 2200px) 100vw, (min-width: 824px) 387px, (min-width: 732px) 580px, (min-width: 640px) 732px, \" \/><\/a><\/div><\/div><div style=\"padding:5px;\" class=\"fusion-grid-column fusion-gallery-column fusion-gallery-column-3 hover-type-none\"><div class=\"fusion-gallery-image\"><a href=\"https:\/\/www.kongres-estetickej-mediciny.sk\/wp-content\/uploads\/2025\/10\/kongres2025-6-scaled.jpg\" rel=\"noreferrer\" data-rel=\"iLightbox[gallery_image_1]\" class=\"fusion-lightbox\" target=\"_self\"><img decoding=\"async\" src=\"https:\/\/www.kongres-estetickej-mediciny.sk\/wp-content\/uploads\/2025\/10\/kongres2025-6-scaled.jpg\" data-orig-src=\"https:\/\/www.kongres-estetickej-mediciny.sk\/wp-content\/uploads\/2025\/10\/kongres2025-6-scaled.jpg\" width=\"2560\" height=\"1441\" alt=\"\" title=\"kongres2025-6\" aria-label=\"kongres2025-6\" class=\"lazyload img-responsive wp-image-5863\" srcset=\"data:image\/svg+xml,%3Csvg%20xmlns%3D%27http%3A%2F%2Fwww.w3.org%2F2000%2Fsvg%27%20width%3D%272560%27%20height%3D%271441%27%20viewBox%3D%270%200%202560%201441%27%3E%3Crect%20width%3D%272560%27%20height%3D%271441%27%20fill-opacity%3D%220%22%2F%3E%3C%2Fsvg%3E\" data-srcset=\"https:\/\/www.kongres-estetickej-mediciny.sk\/wp-content\/uploads\/2025\/10\/kongres2025-6-200x113.jpg 200w, https:\/\/www.kongres-estetickej-mediciny.sk\/wp-content\/uploads\/2025\/10\/kongres2025-6-400x225.jpg 400w, https:\/\/www.kongres-estetickej-mediciny.sk\/wp-content\/uploads\/2025\/10\/kongres2025-6-600x338.jpg 600w, https:\/\/www.kongres-estetickej-mediciny.sk\/wp-content\/uploads\/2025\/10\/kongres2025-6-800x450.jpg 800w, https:\/\/www.kongres-estetickej-mediciny.sk\/wp-content\/uploads\/2025\/10\/kongres2025-6-1200x676.jpg 1200w, https:\/\/www.kongres-estetickej-mediciny.sk\/wp-content\/uploads\/2025\/10\/kongres2025-6-scaled.jpg 2560w\" data-sizes=\"auto\" data-orig-sizes=\"(min-width: 2200px) 100vw, (min-width: 824px) 387px, (min-width: 732px) 580px, (min-width: 640px) 732px, \" \/><\/a><\/div><\/div><div style=\"padding:5px;\" class=\"fusion-grid-column fusion-gallery-column fusion-gallery-column-3 hover-type-none\"><div class=\"fusion-gallery-image\"><a href=\"https:\/\/www.kongres-estetickej-mediciny.sk\/wp-content\/uploads\/2025\/10\/kongres2025-7-scaled.jpg\" rel=\"noreferrer\" data-rel=\"iLightbox[gallery_image_1]\" class=\"fusion-lightbox\" target=\"_self\"><img decoding=\"async\" src=\"https:\/\/www.kongres-estetickej-mediciny.sk\/wp-content\/uploads\/2025\/10\/kongres2025-7-scaled.jpg\" data-orig-src=\"https:\/\/www.kongres-estetickej-mediciny.sk\/wp-content\/uploads\/2025\/10\/kongres2025-7-scaled.jpg\" width=\"2560\" height=\"1441\" alt=\"\" title=\"kongres2025-7\" aria-label=\"kongres2025-7\" class=\"lazyload img-responsive wp-image-5864\" srcset=\"data:image\/svg+xml,%3Csvg%20xmlns%3D%27http%3A%2F%2Fwww.w3.org%2F2000%2Fsvg%27%20width%3D%272560%27%20height%3D%271441%27%20viewBox%3D%270%200%202560%201441%27%3E%3Crect%20width%3D%272560%27%20height%3D%271441%27%20fill-opacity%3D%220%22%2F%3E%3C%2Fsvg%3E\" data-srcset=\"https:\/\/www.kongres-estetickej-mediciny.sk\/wp-content\/uploads\/2025\/10\/kongres2025-7-200x113.jpg 200w, https:\/\/www.kongres-estetickej-mediciny.sk\/wp-content\/uploads\/2025\/10\/kongres2025-7-400x225.jpg 400w, https:\/\/www.kongres-estetickej-mediciny.sk\/wp-content\/uploads\/2025\/10\/kongres2025-7-600x338.jpg 600w, https:\/\/www.kongres-estetickej-mediciny.sk\/wp-content\/uploads\/2025\/10\/kongres2025-7-800x450.jpg 800w, https:\/\/www.kongres-estetickej-mediciny.sk\/wp-content\/uploads\/2025\/10\/kongres2025-7-1200x676.jpg 1200w, https:\/\/www.kongres-estetickej-mediciny.sk\/wp-content\/uploads\/2025\/10\/kongres2025-7-scaled.jpg 2560w\" data-sizes=\"auto\" data-orig-sizes=\"(min-width: 2200px) 100vw, (min-width: 824px) 387px, (min-width: 732px) 580px, (min-width: 640px) 732px, \" \/><\/a><\/div><\/div><div class=\"clearfix\"><\/div><div style=\"padding:5px;\" class=\"fusion-grid-column fusion-gallery-column fusion-gallery-column-3 hover-type-none\"><div class=\"fusion-gallery-image\"><a href=\"https:\/\/www.kongres-estetickej-mediciny.sk\/wp-content\/uploads\/2025\/10\/kongres2025-8-scaled.jpg\" rel=\"noreferrer\" data-rel=\"iLightbox[gallery_image_1]\" class=\"fusion-lightbox\" target=\"_self\"><img decoding=\"async\" src=\"https:\/\/www.kongres-estetickej-mediciny.sk\/wp-content\/uploads\/2025\/10\/kongres2025-8-scaled.jpg\" data-orig-src=\"https:\/\/www.kongres-estetickej-mediciny.sk\/wp-content\/uploads\/2025\/10\/kongres2025-8-scaled.jpg\" width=\"2560\" height=\"1441\" alt=\"\" title=\"kongres2025-8\" aria-label=\"kongres2025-8\" class=\"lazyload img-responsive wp-image-5865\" srcset=\"data:image\/svg+xml,%3Csvg%20xmlns%3D%27http%3A%2F%2Fwww.w3.org%2F2000%2Fsvg%27%20width%3D%272560%27%20height%3D%271441%27%20viewBox%3D%270%200%202560%201441%27%3E%3Crect%20width%3D%272560%27%20height%3D%271441%27%20fill-opacity%3D%220%22%2F%3E%3C%2Fsvg%3E\" data-srcset=\"https:\/\/www.kongres-estetickej-mediciny.sk\/wp-content\/uploads\/2025\/10\/kongres2025-8-200x113.jpg 200w, https:\/\/www.kongres-estetickej-mediciny.sk\/wp-content\/uploads\/2025\/10\/kongres2025-8-400x225.jpg 400w, https:\/\/www.kongres-estetickej-mediciny.sk\/wp-content\/uploads\/2025\/10\/kongres2025-8-600x338.jpg 600w, https:\/\/www.kongres-estetickej-mediciny.sk\/wp-content\/uploads\/2025\/10\/kongres2025-8-800x450.jpg 800w, https:\/\/www.kongres-estetickej-mediciny.sk\/wp-content\/uploads\/2025\/10\/kongres2025-8-1200x676.jpg 1200w, https:\/\/www.kongres-estetickej-mediciny.sk\/wp-content\/uploads\/2025\/10\/kongres2025-8-scaled.jpg 2560w\" data-sizes=\"auto\" data-orig-sizes=\"(min-width: 2200px) 100vw, (min-width: 824px) 387px, (min-width: 732px) 580px, (min-width: 640px) 732px, \" \/><\/a><\/div><\/div><div style=\"padding:5px;\" class=\"fusion-grid-column fusion-gallery-column fusion-gallery-column-3 hover-type-none\"><div class=\"fusion-gallery-image\"><a href=\"https:\/\/www.kongres-estetickej-mediciny.sk\/wp-content\/uploads\/2025\/10\/kongres2025-9-scaled.jpg\" rel=\"noreferrer\" data-rel=\"iLightbox[gallery_image_1]\" class=\"fusion-lightbox\" target=\"_self\"><img decoding=\"async\" src=\"https:\/\/www.kongres-estetickej-mediciny.sk\/wp-content\/uploads\/2025\/10\/kongres2025-9-scaled.jpg\" data-orig-src=\"https:\/\/www.kongres-estetickej-mediciny.sk\/wp-content\/uploads\/2025\/10\/kongres2025-9-scaled.jpg\" width=\"2560\" height=\"1441\" alt=\"\" title=\"kongres2025-9\" aria-label=\"kongres2025-9\" class=\"lazyload img-responsive wp-image-5866\" srcset=\"data:image\/svg+xml,%3Csvg%20xmlns%3D%27http%3A%2F%2Fwww.w3.org%2F2000%2Fsvg%27%20width%3D%272560%27%20height%3D%271441%27%20viewBox%3D%270%200%202560%201441%27%3E%3Crect%20width%3D%272560%27%20height%3D%271441%27%20fill-opacity%3D%220%22%2F%3E%3C%2Fsvg%3E\" data-srcset=\"https:\/\/www.kongres-estetickej-mediciny.sk\/wp-content\/uploads\/2025\/10\/kongres2025-9-200x113.jpg 200w, https:\/\/www.kongres-estetickej-mediciny.sk\/wp-content\/uploads\/2025\/10\/kongres2025-9-400x225.jpg 400w, https:\/\/www.kongres-estetickej-mediciny.sk\/wp-content\/uploads\/2025\/10\/kongres2025-9-600x338.jpg 600w, https:\/\/www.kongres-estetickej-mediciny.sk\/wp-content\/uploads\/2025\/10\/kongres2025-9-800x450.jpg 800w, https:\/\/www.kongres-estetickej-mediciny.sk\/wp-content\/uploads\/2025\/10\/kongres2025-9-1200x676.jpg 1200w, https:\/\/www.kongres-estetickej-mediciny.sk\/wp-content\/uploads\/2025\/10\/kongres2025-9-scaled.jpg 2560w\" data-sizes=\"auto\" data-orig-sizes=\"(min-width: 2200px) 100vw, (min-width: 824px) 387px, (min-width: 732px) 580px, (min-width: 640px) 732px, \" \/><\/a><\/div><\/div><div style=\"padding:5px;\" class=\"fusion-grid-column fusion-gallery-column fusion-gallery-column-3 hover-type-none\"><div class=\"fusion-gallery-image\"><a href=\"https:\/\/www.kongres-estetickej-mediciny.sk\/wp-content\/uploads\/2025\/10\/kongres2025-10.jpg\" rel=\"noreferrer\" data-rel=\"iLightbox[gallery_image_1]\" class=\"fusion-lightbox\" target=\"_self\"><img decoding=\"async\" src=\"https:\/\/www.kongres-estetickej-mediciny.sk\/wp-content\/uploads\/2025\/10\/kongres2025-10.jpg\" data-orig-src=\"https:\/\/www.kongres-estetickej-mediciny.sk\/wp-content\/uploads\/2025\/10\/kongres2025-10.jpg\" width=\"1807\" height=\"2420\" alt=\"\" title=\"kongres2025-10\" aria-label=\"kongres2025-10\" class=\"lazyload img-responsive wp-image-5867\" srcset=\"data:image\/svg+xml,%3Csvg%20xmlns%3D%27http%3A%2F%2Fwww.w3.org%2F2000%2Fsvg%27%20width%3D%271807%27%20height%3D%272420%27%20viewBox%3D%270%200%201807%202420%27%3E%3Crect%20width%3D%271807%27%20height%3D%272420%27%20fill-opacity%3D%220%22%2F%3E%3C%2Fsvg%3E\" data-srcset=\"https:\/\/www.kongres-estetickej-mediciny.sk\/wp-content\/uploads\/2025\/10\/kongres2025-10-200x268.jpg 200w, https:\/\/www.kongres-estetickej-mediciny.sk\/wp-content\/uploads\/2025\/10\/kongres2025-10-400x536.jpg 400w, https:\/\/www.kongres-estetickej-mediciny.sk\/wp-content\/uploads\/2025\/10\/kongres2025-10-600x804.jpg 600w, https:\/\/www.kongres-estetickej-mediciny.sk\/wp-content\/uploads\/2025\/10\/kongres2025-10-800x1071.jpg 800w, https:\/\/www.kongres-estetickej-mediciny.sk\/wp-content\/uploads\/2025\/10\/kongres2025-10-1200x1607.jpg 1200w, https:\/\/www.kongres-estetickej-mediciny.sk\/wp-content\/uploads\/2025\/10\/kongres2025-10.jpg 1807w\" data-sizes=\"auto\" data-orig-sizes=\"(min-width: 2200px) 100vw, (min-width: 824px) 387px, (min-width: 732px) 580px, (min-width: 640px) 732px, \" \/><\/a><\/div><\/div><div class=\"clearfix\"><\/div><div style=\"padding:5px;\" class=\"fusion-grid-column fusion-gallery-column fusion-gallery-column-3 hover-type-none\"><div class=\"fusion-gallery-image\"><a href=\"https:\/\/www.kongres-estetickej-mediciny.sk\/wp-content\/uploads\/2025\/10\/kongres2025-12-scaled.jpg\" rel=\"noreferrer\" data-rel=\"iLightbox[gallery_image_1]\" class=\"fusion-lightbox\" target=\"_self\"><img decoding=\"async\" src=\"https:\/\/www.kongres-estetickej-mediciny.sk\/wp-content\/uploads\/2025\/10\/kongres2025-12-scaled.jpg\" data-orig-src=\"https:\/\/www.kongres-estetickej-mediciny.sk\/wp-content\/uploads\/2025\/10\/kongres2025-12-scaled.jpg\" width=\"2560\" height=\"1361\" alt=\"\" title=\"kongres2025-12\" aria-label=\"kongres2025-12\" class=\"lazyload img-responsive wp-image-5868\" srcset=\"data:image\/svg+xml,%3Csvg%20xmlns%3D%27http%3A%2F%2Fwww.w3.org%2F2000%2Fsvg%27%20width%3D%272560%27%20height%3D%271361%27%20viewBox%3D%270%200%202560%201361%27%3E%3Crect%20width%3D%272560%27%20height%3D%271361%27%20fill-opacity%3D%220%22%2F%3E%3C%2Fsvg%3E\" data-srcset=\"https:\/\/www.kongres-estetickej-mediciny.sk\/wp-content\/uploads\/2025\/10\/kongres2025-12-200x106.jpg 200w, https:\/\/www.kongres-estetickej-mediciny.sk\/wp-content\/uploads\/2025\/10\/kongres2025-12-400x213.jpg 400w, https:\/\/www.kongres-estetickej-mediciny.sk\/wp-content\/uploads\/2025\/10\/kongres2025-12-600x319.jpg 600w, https:\/\/www.kongres-estetickej-mediciny.sk\/wp-content\/uploads\/2025\/10\/kongres2025-12-800x425.jpg 800w, https:\/\/www.kongres-estetickej-mediciny.sk\/wp-content\/uploads\/2025\/10\/kongres2025-12-1200x638.jpg 1200w, https:\/\/www.kongres-estetickej-mediciny.sk\/wp-content\/uploads\/2025\/10\/kongres2025-12-scaled.jpg 2560w\" data-sizes=\"auto\" data-orig-sizes=\"(min-width: 2200px) 100vw, (min-width: 824px) 387px, (min-width: 732px) 580px, (min-width: 640px) 732px, \" \/><\/a><\/div><\/div><div style=\"padding:5px;\" class=\"fusion-grid-column fusion-gallery-column fusion-gallery-column-3 hover-type-none\"><div class=\"fusion-gallery-image\"><a href=\"https:\/\/www.kongres-estetickej-mediciny.sk\/wp-content\/uploads\/2025\/10\/kongres2025-13-scaled.jpg\" rel=\"noreferrer\" data-rel=\"iLightbox[gallery_image_1]\" class=\"fusion-lightbox\" target=\"_self\"><img decoding=\"async\" src=\"https:\/\/www.kongres-estetickej-mediciny.sk\/wp-content\/uploads\/2025\/10\/kongres2025-13-scaled.jpg\" data-orig-src=\"https:\/\/www.kongres-estetickej-mediciny.sk\/wp-content\/uploads\/2025\/10\/kongres2025-13-scaled.jpg\" width=\"2560\" height=\"1441\" alt=\"\" title=\"kongres2025-13\" aria-label=\"kongres2025-13\" class=\"lazyload img-responsive wp-image-5869\" srcset=\"data:image\/svg+xml,%3Csvg%20xmlns%3D%27http%3A%2F%2Fwww.w3.org%2F2000%2Fsvg%27%20width%3D%272560%27%20height%3D%271441%27%20viewBox%3D%270%200%202560%201441%27%3E%3Crect%20width%3D%272560%27%20height%3D%271441%27%20fill-opacity%3D%220%22%2F%3E%3C%2Fsvg%3E\" data-srcset=\"https:\/\/www.kongres-estetickej-mediciny.sk\/wp-content\/uploads\/2025\/10\/kongres2025-13-200x113.jpg 200w, https:\/\/www.kongres-estetickej-mediciny.sk\/wp-content\/uploads\/2025\/10\/kongres2025-13-400x225.jpg 400w, https:\/\/www.kongres-estetickej-mediciny.sk\/wp-content\/uploads\/2025\/10\/kongres2025-13-600x338.jpg 600w, https:\/\/www.kongres-estetickej-mediciny.sk\/wp-content\/uploads\/2025\/10\/kongres2025-13-800x450.jpg 800w, https:\/\/www.kongres-estetickej-mediciny.sk\/wp-content\/uploads\/2025\/10\/kongres2025-13-1200x676.jpg 1200w, https:\/\/www.kongres-estetickej-mediciny.sk\/wp-content\/uploads\/2025\/10\/kongres2025-13-scaled.jpg 2560w\" data-sizes=\"auto\" data-orig-sizes=\"(min-width: 2200px) 100vw, (min-width: 824px) 387px, (min-width: 732px) 580px, (min-width: 640px) 732px, \" \/><\/a><\/div><\/div><div style=\"padding:5px;\" class=\"fusion-grid-column fusion-gallery-column fusion-gallery-column-3 hover-type-none\"><div class=\"fusion-gallery-image\"><a href=\"https:\/\/www.kongres-estetickej-mediciny.sk\/wp-content\/uploads\/2025\/10\/kongres2025-14-scaled.jpg\" rel=\"noreferrer\" data-rel=\"iLightbox[gallery_image_1]\" class=\"fusion-lightbox\" target=\"_self\"><img decoding=\"async\" src=\"https:\/\/www.kongres-estetickej-mediciny.sk\/wp-content\/uploads\/2025\/10\/kongres2025-14-scaled.jpg\" data-orig-src=\"https:\/\/www.kongres-estetickej-mediciny.sk\/wp-content\/uploads\/2025\/10\/kongres2025-14-scaled.jpg\" width=\"2560\" height=\"1441\" alt=\"\" title=\"kongres2025-14\" aria-label=\"kongres2025-14\" class=\"lazyload img-responsive wp-image-5870\" srcset=\"data:image\/svg+xml,%3Csvg%20xmlns%3D%27http%3A%2F%2Fwww.w3.org%2F2000%2Fsvg%27%20width%3D%272560%27%20height%3D%271441%27%20viewBox%3D%270%200%202560%201441%27%3E%3Crect%20width%3D%272560%27%20height%3D%271441%27%20fill-opacity%3D%220%22%2F%3E%3C%2Fsvg%3E\" data-srcset=\"https:\/\/www.kongres-estetickej-mediciny.sk\/wp-content\/uploads\/2025\/10\/kongres2025-14-200x113.jpg 200w, https:\/\/www.kongres-estetickej-mediciny.sk\/wp-content\/uploads\/2025\/10\/kongres2025-14-400x225.jpg 400w, https:\/\/www.kongres-estetickej-mediciny.sk\/wp-content\/uploads\/2025\/10\/kongres2025-14-600x338.jpg 600w, https:\/\/www.kongres-estetickej-mediciny.sk\/wp-content\/uploads\/2025\/10\/kongres2025-14-800x450.jpg 800w, https:\/\/www.kongres-estetickej-mediciny.sk\/wp-content\/uploads\/2025\/10\/kongres2025-14-1200x676.jpg 1200w, https:\/\/www.kongres-estetickej-mediciny.sk\/wp-content\/uploads\/2025\/10\/kongres2025-14-scaled.jpg 2560w\" data-sizes=\"auto\" data-orig-sizes=\"(min-width: 2200px) 100vw, (min-width: 824px) 387px, (min-width: 732px) 580px, (min-width: 640px) 732px, \" \/><\/a><\/div><\/div><div class=\"clearfix\"><\/div><div style=\"padding:5px;\" class=\"fusion-grid-column fusion-gallery-column fusion-gallery-column-3 hover-type-none\"><div class=\"fusion-gallery-image\"><a href=\"https:\/\/www.kongres-estetickej-mediciny.sk\/wp-content\/uploads\/2025\/10\/kongres2025-15-scaled.jpg\" rel=\"noreferrer\" data-rel=\"iLightbox[gallery_image_1]\" class=\"fusion-lightbox\" target=\"_self\"><img decoding=\"async\" src=\"https:\/\/www.kongres-estetickej-mediciny.sk\/wp-content\/uploads\/2025\/10\/kongres2025-15-scaled.jpg\" data-orig-src=\"https:\/\/www.kongres-estetickej-mediciny.sk\/wp-content\/uploads\/2025\/10\/kongres2025-15-scaled.jpg\" width=\"2560\" height=\"1441\" alt=\"\" title=\"kongres2025-15\" aria-label=\"kongres2025-15\" class=\"lazyload img-responsive wp-image-5871\" srcset=\"data:image\/svg+xml,%3Csvg%20xmlns%3D%27http%3A%2F%2Fwww.w3.org%2F2000%2Fsvg%27%20width%3D%272560%27%20height%3D%271441%27%20viewBox%3D%270%200%202560%201441%27%3E%3Crect%20width%3D%272560%27%20height%3D%271441%27%20fill-opacity%3D%220%22%2F%3E%3C%2Fsvg%3E\" data-srcset=\"https:\/\/www.kongres-estetickej-mediciny.sk\/wp-content\/uploads\/2025\/10\/kongres2025-15-200x113.jpg 200w, https:\/\/www.kongres-estetickej-mediciny.sk\/wp-content\/uploads\/2025\/10\/kongres2025-15-400x225.jpg 400w, https:\/\/www.kongres-estetickej-mediciny.sk\/wp-content\/uploads\/2025\/10\/kongres2025-15-600x338.jpg 600w, https:\/\/www.kongres-estetickej-mediciny.sk\/wp-content\/uploads\/2025\/10\/kongres2025-15-800x450.jpg 800w, https:\/\/www.kongres-estetickej-mediciny.sk\/wp-content\/uploads\/2025\/10\/kongres2025-15-1200x676.jpg 1200w, https:\/\/www.kongres-estetickej-mediciny.sk\/wp-content\/uploads\/2025\/10\/kongres2025-15-scaled.jpg 2560w\" data-sizes=\"auto\" data-orig-sizes=\"(min-width: 2200px) 100vw, (min-width: 824px) 387px, (min-width: 732px) 580px, (min-width: 640px) 732px, \" \/><\/a><\/div><\/div><div style=\"padding:5px;\" class=\"fusion-grid-column fusion-gallery-column fusion-gallery-column-3 hover-type-none\"><div class=\"fusion-gallery-image\"><a href=\"https:\/\/www.kongres-estetickej-mediciny.sk\/wp-content\/uploads\/2025\/10\/kongres2025-16-scaled.jpg\" rel=\"noreferrer\" data-rel=\"iLightbox[gallery_image_1]\" class=\"fusion-lightbox\" target=\"_self\"><img decoding=\"async\" src=\"https:\/\/www.kongres-estetickej-mediciny.sk\/wp-content\/uploads\/2025\/10\/kongres2025-16-scaled.jpg\" data-orig-src=\"https:\/\/www.kongres-estetickej-mediciny.sk\/wp-content\/uploads\/2025\/10\/kongres2025-16-scaled.jpg\" width=\"2560\" height=\"1441\" alt=\"\" title=\"kongres2025-16\" aria-label=\"kongres2025-16\" class=\"lazyload img-responsive wp-image-5872\" srcset=\"data:image\/svg+xml,%3Csvg%20xmlns%3D%27http%3A%2F%2Fwww.w3.org%2F2000%2Fsvg%27%20width%3D%272560%27%20height%3D%271441%27%20viewBox%3D%270%200%202560%201441%27%3E%3Crect%20width%3D%272560%27%20height%3D%271441%27%20fill-opacity%3D%220%22%2F%3E%3C%2Fsvg%3E\" data-srcset=\"https:\/\/www.kongres-estetickej-mediciny.sk\/wp-content\/uploads\/2025\/10\/kongres2025-16-200x113.jpg 200w, https:\/\/www.kongres-estetickej-mediciny.sk\/wp-content\/uploads\/2025\/10\/kongres2025-16-400x225.jpg 400w, https:\/\/www.kongres-estetickej-mediciny.sk\/wp-content\/uploads\/2025\/10\/kongres2025-16-600x338.jpg 600w, https:\/\/www.kongres-estetickej-mediciny.sk\/wp-content\/uploads\/2025\/10\/kongres2025-16-800x450.jpg 800w, https:\/\/www.kongres-estetickej-mediciny.sk\/wp-content\/uploads\/2025\/10\/kongres2025-16-1200x676.jpg 1200w, https:\/\/www.kongres-estetickej-mediciny.sk\/wp-content\/uploads\/2025\/10\/kongres2025-16-scaled.jpg 2560w\" data-sizes=\"auto\" data-orig-sizes=\"(min-width: 2200px) 100vw, (min-width: 824px) 387px, (min-width: 732px) 580px, (min-width: 640px) 732px, \" \/><\/a><\/div><\/div><div style=\"padding:5px;\" class=\"fusion-grid-column fusion-gallery-column fusion-gallery-column-3 hover-type-none\"><div class=\"fusion-gallery-image\"><a href=\"https:\/\/www.kongres-estetickej-mediciny.sk\/wp-content\/uploads\/2025\/10\/kongres2025-18-scaled.jpg\" rel=\"noreferrer\" data-rel=\"iLightbox[gallery_image_1]\" class=\"fusion-lightbox\" target=\"_self\"><img decoding=\"async\" src=\"https:\/\/www.kongres-estetickej-mediciny.sk\/wp-content\/uploads\/2025\/10\/kongres2025-18-scaled.jpg\" data-orig-src=\"https:\/\/www.kongres-estetickej-mediciny.sk\/wp-content\/uploads\/2025\/10\/kongres2025-18-scaled.jpg\" width=\"2560\" height=\"1440\" alt=\"\" title=\"kongres2025-18\" aria-label=\"kongres2025-18\" class=\"lazyload img-responsive wp-image-5873\" srcset=\"data:image\/svg+xml,%3Csvg%20xmlns%3D%27http%3A%2F%2Fwww.w3.org%2F2000%2Fsvg%27%20width%3D%272560%27%20height%3D%271440%27%20viewBox%3D%270%200%202560%201440%27%3E%3Crect%20width%3D%272560%27%20height%3D%271440%27%20fill-opacity%3D%220%22%2F%3E%3C%2Fsvg%3E\" data-srcset=\"https:\/\/www.kongres-estetickej-mediciny.sk\/wp-content\/uploads\/2025\/10\/kongres2025-18-200x112.jpg 200w, https:\/\/www.kongres-estetickej-mediciny.sk\/wp-content\/uploads\/2025\/10\/kongres2025-18-400x225.jpg 400w, https:\/\/www.kongres-estetickej-mediciny.sk\/wp-content\/uploads\/2025\/10\/kongres2025-18-600x337.jpg 600w, https:\/\/www.kongres-estetickej-mediciny.sk\/wp-content\/uploads\/2025\/10\/kongres2025-18-800x450.jpg 800w, https:\/\/www.kongres-estetickej-mediciny.sk\/wp-content\/uploads\/2025\/10\/kongres2025-18-1200x675.jpg 1200w, https:\/\/www.kongres-estetickej-mediciny.sk\/wp-content\/uploads\/2025\/10\/kongres2025-18-scaled.jpg 2560w\" data-sizes=\"auto\" data-orig-sizes=\"(min-width: 2200px) 100vw, (min-width: 824px) 387px, (min-width: 732px) 580px, (min-width: 640px) 732px, \" \/><\/a><\/div><\/div><div class=\"clearfix\"><\/div><div style=\"padding:5px;\" class=\"fusion-grid-column fusion-gallery-column fusion-gallery-column-3 hover-type-none\"><div class=\"fusion-gallery-image\"><a href=\"https:\/\/www.kongres-estetickej-mediciny.sk\/wp-content\/uploads\/2025\/10\/kongres2025-19-scaled.jpg\" rel=\"noreferrer\" data-rel=\"iLightbox[gallery_image_1]\" class=\"fusion-lightbox\" target=\"_self\"><img decoding=\"async\" src=\"https:\/\/www.kongres-estetickej-mediciny.sk\/wp-content\/uploads\/2025\/10\/kongres2025-19-scaled.jpg\" data-orig-src=\"https:\/\/www.kongres-estetickej-mediciny.sk\/wp-content\/uploads\/2025\/10\/kongres2025-19-scaled.jpg\" width=\"2560\" height=\"1237\" alt=\"\" title=\"kongres2025-19\" aria-label=\"kongres2025-19\" class=\"lazyload img-responsive wp-image-5874\" srcset=\"data:image\/svg+xml,%3Csvg%20xmlns%3D%27http%3A%2F%2Fwww.w3.org%2F2000%2Fsvg%27%20width%3D%272560%27%20height%3D%271237%27%20viewBox%3D%270%200%202560%201237%27%3E%3Crect%20width%3D%272560%27%20height%3D%271237%27%20fill-opacity%3D%220%22%2F%3E%3C%2Fsvg%3E\" data-srcset=\"https:\/\/www.kongres-estetickej-mediciny.sk\/wp-content\/uploads\/2025\/10\/kongres2025-19-200x97.jpg 200w, https:\/\/www.kongres-estetickej-mediciny.sk\/wp-content\/uploads\/2025\/10\/kongres2025-19-400x193.jpg 400w, https:\/\/www.kongres-estetickej-mediciny.sk\/wp-content\/uploads\/2025\/10\/kongres2025-19-600x290.jpg 600w, https:\/\/www.kongres-estetickej-mediciny.sk\/wp-content\/uploads\/2025\/10\/kongres2025-19-800x386.jpg 800w, https:\/\/www.kongres-estetickej-mediciny.sk\/wp-content\/uploads\/2025\/10\/kongres2025-19-1200x580.jpg 1200w, https:\/\/www.kongres-estetickej-mediciny.sk\/wp-content\/uploads\/2025\/10\/kongres2025-19-scaled.jpg 2560w\" data-sizes=\"auto\" data-orig-sizes=\"(min-width: 2200px) 100vw, (min-width: 824px) 387px, (min-width: 732px) 580px, (min-width: 640px) 732px, \" \/><\/a><\/div><\/div><div style=\"padding:5px;\" class=\"fusion-grid-column fusion-gallery-column fusion-gallery-column-3 hover-type-none\"><div class=\"fusion-gallery-image\"><a href=\"https:\/\/www.kongres-estetickej-mediciny.sk\/wp-content\/uploads\/2025\/10\/kongres2025-20-scaled.jpg\" rel=\"noreferrer\" data-rel=\"iLightbox[gallery_image_1]\" class=\"fusion-lightbox\" target=\"_self\"><img decoding=\"async\" src=\"https:\/\/www.kongres-estetickej-mediciny.sk\/wp-content\/uploads\/2025\/10\/kongres2025-20-scaled.jpg\" data-orig-src=\"https:\/\/www.kongres-estetickej-mediciny.sk\/wp-content\/uploads\/2025\/10\/kongres2025-20-scaled.jpg\" width=\"2560\" height=\"1269\" alt=\"\" title=\"kongres2025-20\" aria-label=\"kongres2025-20\" class=\"lazyload img-responsive wp-image-5875\" srcset=\"data:image\/svg+xml,%3Csvg%20xmlns%3D%27http%3A%2F%2Fwww.w3.org%2F2000%2Fsvg%27%20width%3D%272560%27%20height%3D%271269%27%20viewBox%3D%270%200%202560%201269%27%3E%3Crect%20width%3D%272560%27%20height%3D%271269%27%20fill-opacity%3D%220%22%2F%3E%3C%2Fsvg%3E\" data-srcset=\"https:\/\/www.kongres-estetickej-mediciny.sk\/wp-content\/uploads\/2025\/10\/kongres2025-20-200x99.jpg 200w, https:\/\/www.kongres-estetickej-mediciny.sk\/wp-content\/uploads\/2025\/10\/kongres2025-20-400x198.jpg 400w, https:\/\/www.kongres-estetickej-mediciny.sk\/wp-content\/uploads\/2025\/10\/kongres2025-20-600x297.jpg 600w, https:\/\/www.kongres-estetickej-mediciny.sk\/wp-content\/uploads\/2025\/10\/kongres2025-20-800x396.jpg 800w, https:\/\/www.kongres-estetickej-mediciny.sk\/wp-content\/uploads\/2025\/10\/kongres2025-20-1200x595.jpg 1200w, https:\/\/www.kongres-estetickej-mediciny.sk\/wp-content\/uploads\/2025\/10\/kongres2025-20-scaled.jpg 2560w\" data-sizes=\"auto\" data-orig-sizes=\"(min-width: 2200px) 100vw, (min-width: 824px) 387px, (min-width: 732px) 580px, (min-width: 640px) 732px, \" \/><\/a><\/div><\/div><div style=\"padding:5px;\" class=\"fusion-grid-column fusion-gallery-column fusion-gallery-column-3 hover-type-none\"><div class=\"fusion-gallery-image\"><a href=\"https:\/\/www.kongres-estetickej-mediciny.sk\/wp-content\/uploads\/2025\/10\/kongres2025-21-scaled.jpg\" rel=\"noreferrer\" data-rel=\"iLightbox[gallery_image_1]\" class=\"fusion-lightbox\" target=\"_self\"><img decoding=\"async\" src=\"https:\/\/www.kongres-estetickej-mediciny.sk\/wp-content\/uploads\/2025\/10\/kongres2025-21-scaled.jpg\" data-orig-src=\"https:\/\/www.kongres-estetickej-mediciny.sk\/wp-content\/uploads\/2025\/10\/kongres2025-21-scaled.jpg\" width=\"2560\" height=\"1440\" alt=\"\" title=\"kongres2025-21\" aria-label=\"kongres2025-21\" class=\"lazyload img-responsive wp-image-5876\" srcset=\"data:image\/svg+xml,%3Csvg%20xmlns%3D%27http%3A%2F%2Fwww.w3.org%2F2000%2Fsvg%27%20width%3D%272560%27%20height%3D%271440%27%20viewBox%3D%270%200%202560%201440%27%3E%3Crect%20width%3D%272560%27%20height%3D%271440%27%20fill-opacity%3D%220%22%2F%3E%3C%2Fsvg%3E\" data-srcset=\"https:\/\/www.kongres-estetickej-mediciny.sk\/wp-content\/uploads\/2025\/10\/kongres2025-21-200x112.jpg 200w, https:\/\/www.kongres-estetickej-mediciny.sk\/wp-content\/uploads\/2025\/10\/kongres2025-21-400x225.jpg 400w, https:\/\/www.kongres-estetickej-mediciny.sk\/wp-content\/uploads\/2025\/10\/kongres2025-21-600x337.jpg 600w, https:\/\/www.kongres-estetickej-mediciny.sk\/wp-content\/uploads\/2025\/10\/kongres2025-21-800x450.jpg 800w, https:\/\/www.kongres-estetickej-mediciny.sk\/wp-content\/uploads\/2025\/10\/kongres2025-21-1200x675.jpg 1200w, https:\/\/www.kongres-estetickej-mediciny.sk\/wp-content\/uploads\/2025\/10\/kongres2025-21-scaled.jpg 2560w\" data-sizes=\"auto\" data-orig-sizes=\"(min-width: 2200px) 100vw, (min-width: 824px) 387px, (min-width: 732px) 580px, (min-width: 640px) 732px, \" \/><\/a><\/div><\/div><div class=\"clearfix\"><\/div><div style=\"padding:5px;\" class=\"fusion-grid-column fusion-gallery-column fusion-gallery-column-3 hover-type-none\"><div class=\"fusion-gallery-image\"><a href=\"https:\/\/www.kongres-estetickej-mediciny.sk\/wp-content\/uploads\/2025\/10\/kongres2025-25-scaled.jpg\" rel=\"noreferrer\" data-rel=\"iLightbox[gallery_image_1]\" class=\"fusion-lightbox\" target=\"_self\"><img decoding=\"async\" src=\"https:\/\/www.kongres-estetickej-mediciny.sk\/wp-content\/uploads\/2025\/10\/kongres2025-25-scaled.jpg\" data-orig-src=\"https:\/\/www.kongres-estetickej-mediciny.sk\/wp-content\/uploads\/2025\/10\/kongres2025-25-scaled.jpg\" width=\"1440\" height=\"2560\" alt=\"\" title=\"kongres2025-25\" aria-label=\"kongres2025-25\" class=\"lazyload img-responsive wp-image-5878\" srcset=\"data:image\/svg+xml,%3Csvg%20xmlns%3D%27http%3A%2F%2Fwww.w3.org%2F2000%2Fsvg%27%20width%3D%271440%27%20height%3D%272560%27%20viewBox%3D%270%200%201440%202560%27%3E%3Crect%20width%3D%271440%27%20height%3D%272560%27%20fill-opacity%3D%220%22%2F%3E%3C%2Fsvg%3E\" data-srcset=\"https:\/\/www.kongres-estetickej-mediciny.sk\/wp-content\/uploads\/2025\/10\/kongres2025-25-200x356.jpg 200w, https:\/\/www.kongres-estetickej-mediciny.sk\/wp-content\/uploads\/2025\/10\/kongres2025-25-400x711.jpg 400w, https:\/\/www.kongres-estetickej-mediciny.sk\/wp-content\/uploads\/2025\/10\/kongres2025-25-600x1067.jpg 600w, https:\/\/www.kongres-estetickej-mediciny.sk\/wp-content\/uploads\/2025\/10\/kongres2025-25-800x1423.jpg 800w, https:\/\/www.kongres-estetickej-mediciny.sk\/wp-content\/uploads\/2025\/10\/kongres2025-25-1200x2134.jpg 1200w, https:\/\/www.kongres-estetickej-mediciny.sk\/wp-content\/uploads\/2025\/10\/kongres2025-25-scaled.jpg 1440w\" data-sizes=\"auto\" data-orig-sizes=\"(min-width: 2200px) 100vw, (min-width: 824px) 387px, (min-width: 732px) 580px, (min-width: 640px) 732px, \" \/><\/a><\/div><\/div><div style=\"padding:5px;\" class=\"fusion-grid-column fusion-gallery-column fusion-gallery-column-3 hover-type-none\"><div class=\"fusion-gallery-image\"><a href=\"https:\/\/www.kongres-estetickej-mediciny.sk\/wp-content\/uploads\/2025\/10\/kongres2025-26-scaled.jpg\" rel=\"noreferrer\" data-rel=\"iLightbox[gallery_image_1]\" class=\"fusion-lightbox\" target=\"_self\"><img decoding=\"async\" src=\"https:\/\/www.kongres-estetickej-mediciny.sk\/wp-content\/uploads\/2025\/10\/kongres2025-26-scaled.jpg\" data-orig-src=\"https:\/\/www.kongres-estetickej-mediciny.sk\/wp-content\/uploads\/2025\/10\/kongres2025-26-scaled.jpg\" width=\"2560\" height=\"1440\" alt=\"\" title=\"kongres2025-26\" aria-label=\"kongres2025-26\" class=\"lazyload img-responsive wp-image-5879\" srcset=\"data:image\/svg+xml,%3Csvg%20xmlns%3D%27http%3A%2F%2Fwww.w3.org%2F2000%2Fsvg%27%20width%3D%272560%27%20height%3D%271440%27%20viewBox%3D%270%200%202560%201440%27%3E%3Crect%20width%3D%272560%27%20height%3D%271440%27%20fill-opacity%3D%220%22%2F%3E%3C%2Fsvg%3E\" data-srcset=\"https:\/\/www.kongres-estetickej-mediciny.sk\/wp-content\/uploads\/2025\/10\/kongres2025-26-200x112.jpg 200w, https:\/\/www.kongres-estetickej-mediciny.sk\/wp-content\/uploads\/2025\/10\/kongres2025-26-400x225.jpg 400w, https:\/\/www.kongres-estetickej-mediciny.sk\/wp-content\/uploads\/2025\/10\/kongres2025-26-600x337.jpg 600w, https:\/\/www.kongres-estetickej-mediciny.sk\/wp-content\/uploads\/2025\/10\/kongres2025-26-800x450.jpg 800w, https:\/\/www.kongres-estetickej-mediciny.sk\/wp-content\/uploads\/2025\/10\/kongres2025-26-1200x675.jpg 1200w, https:\/\/www.kongres-estetickej-mediciny.sk\/wp-content\/uploads\/2025\/10\/kongres2025-26-scaled.jpg 2560w\" data-sizes=\"auto\" data-orig-sizes=\"(min-width: 2200px) 100vw, (min-width: 824px) 387px, (min-width: 732px) 580px, (min-width: 640px) 732px, \" \/><\/a><\/div><\/div><div style=\"padding:5px;\" class=\"fusion-grid-column fusion-gallery-column fusion-gallery-column-3 hover-type-none\"><div class=\"fusion-gallery-image\"><a href=\"https:\/\/www.kongres-estetickej-mediciny.sk\/wp-content\/uploads\/2025\/10\/kongres2025-27-scaled.jpg\" rel=\"noreferrer\" data-rel=\"iLightbox[gallery_image_1]\" class=\"fusion-lightbox\" target=\"_self\"><img decoding=\"async\" src=\"https:\/\/www.kongres-estetickej-mediciny.sk\/wp-content\/uploads\/2025\/10\/kongres2025-27-scaled.jpg\" data-orig-src=\"https:\/\/www.kongres-estetickej-mediciny.sk\/wp-content\/uploads\/2025\/10\/kongres2025-27-scaled.jpg\" width=\"2560\" height=\"1440\" alt=\"\" title=\"kongres2025-27\" aria-label=\"kongres2025-27\" class=\"lazyload img-responsive wp-image-5880\" srcset=\"data:image\/svg+xml,%3Csvg%20xmlns%3D%27http%3A%2F%2Fwww.w3.org%2F2000%2Fsvg%27%20width%3D%272560%27%20height%3D%271440%27%20viewBox%3D%270%200%202560%201440%27%3E%3Crect%20width%3D%272560%27%20height%3D%271440%27%20fill-opacity%3D%220%22%2F%3E%3C%2Fsvg%3E\" data-srcset=\"https:\/\/www.kongres-estetickej-mediciny.sk\/wp-content\/uploads\/2025\/10\/kongres2025-27-200x112.jpg 200w, https:\/\/www.kongres-estetickej-mediciny.sk\/wp-content\/uploads\/2025\/10\/kongres2025-27-400x225.jpg 400w, https:\/\/www.kongres-estetickej-mediciny.sk\/wp-content\/uploads\/2025\/10\/kongres2025-27-600x337.jpg 600w, https:\/\/www.kongres-estetickej-mediciny.sk\/wp-content\/uploads\/2025\/10\/kongres2025-27-800x450.jpg 800w, https:\/\/www.kongres-estetickej-mediciny.sk\/wp-content\/uploads\/2025\/10\/kongres2025-27-1200x675.jpg 1200w, https:\/\/www.kongres-estetickej-mediciny.sk\/wp-content\/uploads\/2025\/10\/kongres2025-27-scaled.jpg 2560w\" data-sizes=\"auto\" data-orig-sizes=\"(min-width: 2200px) 100vw, (min-width: 824px) 387px, (min-width: 732px) 580px, (min-width: 640px) 732px, \" \/><\/a><\/div><\/div><div class=\"clearfix\"><\/div><div style=\"padding:5px;\" class=\"fusion-grid-column fusion-gallery-column fusion-gallery-column-3 hover-type-none\"><div class=\"fusion-gallery-image\"><a href=\"https:\/\/www.kongres-estetickej-mediciny.sk\/wp-content\/uploads\/2025\/10\/kongres2025-28-scaled.jpg\" rel=\"noreferrer\" data-rel=\"iLightbox[gallery_image_1]\" class=\"fusion-lightbox\" target=\"_self\"><img decoding=\"async\" src=\"https:\/\/www.kongres-estetickej-mediciny.sk\/wp-content\/uploads\/2025\/10\/kongres2025-28-scaled.jpg\" data-orig-src=\"https:\/\/www.kongres-estetickej-mediciny.sk\/wp-content\/uploads\/2025\/10\/kongres2025-28-scaled.jpg\" width=\"2560\" height=\"1440\" alt=\"\" title=\"kongres2025-28\" aria-label=\"kongres2025-28\" class=\"lazyload img-responsive wp-image-5881\" srcset=\"data:image\/svg+xml,%3Csvg%20xmlns%3D%27http%3A%2F%2Fwww.w3.org%2F2000%2Fsvg%27%20width%3D%272560%27%20height%3D%271440%27%20viewBox%3D%270%200%202560%201440%27%3E%3Crect%20width%3D%272560%27%20height%3D%271440%27%20fill-opacity%3D%220%22%2F%3E%3C%2Fsvg%3E\" data-srcset=\"https:\/\/www.kongres-estetickej-mediciny.sk\/wp-content\/uploads\/2025\/10\/kongres2025-28-200x112.jpg 200w, https:\/\/www.kongres-estetickej-mediciny.sk\/wp-content\/uploads\/2025\/10\/kongres2025-28-400x225.jpg 400w, https:\/\/www.kongres-estetickej-mediciny.sk\/wp-content\/uploads\/2025\/10\/kongres2025-28-600x337.jpg 600w, https:\/\/www.kongres-estetickej-mediciny.sk\/wp-content\/uploads\/2025\/10\/kongres2025-28-800x450.jpg 800w, https:\/\/www.kongres-estetickej-mediciny.sk\/wp-content\/uploads\/2025\/10\/kongres2025-28-1200x675.jpg 1200w, https:\/\/www.kongres-estetickej-mediciny.sk\/wp-content\/uploads\/2025\/10\/kongres2025-28-scaled.jpg 2560w\" data-sizes=\"auto\" data-orig-sizes=\"(min-width: 2200px) 100vw, (min-width: 824px) 387px, (min-width: 732px) 580px, (min-width: 640px) 732px, \" \/><\/a><\/div><\/div><div style=\"padding:5px;\" class=\"fusion-grid-column fusion-gallery-column fusion-gallery-column-3 hover-type-none\"><div class=\"fusion-gallery-image\"><a href=\"https:\/\/www.kongres-estetickej-mediciny.sk\/wp-content\/uploads\/2025\/10\/kongres2025-29-scaled.jpg\" rel=\"noreferrer\" data-rel=\"iLightbox[gallery_image_1]\" class=\"fusion-lightbox\" target=\"_self\"><img decoding=\"async\" src=\"https:\/\/www.kongres-estetickej-mediciny.sk\/wp-content\/uploads\/2025\/10\/kongres2025-29-scaled.jpg\" data-orig-src=\"https:\/\/www.kongres-estetickej-mediciny.sk\/wp-content\/uploads\/2025\/10\/kongres2025-29-scaled.jpg\" width=\"2560\" height=\"1440\" alt=\"\" title=\"kongres2025-29\" aria-label=\"kongres2025-29\" class=\"lazyload img-responsive wp-image-5882\" srcset=\"data:image\/svg+xml,%3Csvg%20xmlns%3D%27http%3A%2F%2Fwww.w3.org%2F2000%2Fsvg%27%20width%3D%272560%27%20height%3D%271440%27%20viewBox%3D%270%200%202560%201440%27%3E%3Crect%20width%3D%272560%27%20height%3D%271440%27%20fill-opacity%3D%220%22%2F%3E%3C%2Fsvg%3E\" data-srcset=\"https:\/\/www.kongres-estetickej-mediciny.sk\/wp-content\/uploads\/2025\/10\/kongres2025-29-200x112.jpg 200w, https:\/\/www.kongres-estetickej-mediciny.sk\/wp-content\/uploads\/2025\/10\/kongres2025-29-400x225.jpg 400w, https:\/\/www.kongres-estetickej-mediciny.sk\/wp-content\/uploads\/2025\/10\/kongres2025-29-600x337.jpg 600w, https:\/\/www.kongres-estetickej-mediciny.sk\/wp-content\/uploads\/2025\/10\/kongres2025-29-800x450.jpg 800w, https:\/\/www.kongres-estetickej-mediciny.sk\/wp-content\/uploads\/2025\/10\/kongres2025-29-1200x675.jpg 1200w, https:\/\/www.kongres-estetickej-mediciny.sk\/wp-content\/uploads\/2025\/10\/kongres2025-29-scaled.jpg 2560w\" data-sizes=\"auto\" data-orig-sizes=\"(min-width: 2200px) 100vw, (min-width: 824px) 387px, (min-width: 732px) 580px, (min-width: 640px) 732px, \" \/><\/a><\/div><\/div><div style=\"padding:5px;\" class=\"fusion-grid-column fusion-gallery-column fusion-gallery-column-3 hover-type-none\"><div class=\"fusion-gallery-image\"><a href=\"https:\/\/www.kongres-estetickej-mediciny.sk\/wp-content\/uploads\/2025\/10\/kongres2025-30-scaled.jpg\" rel=\"noreferrer\" data-rel=\"iLightbox[gallery_image_1]\" class=\"fusion-lightbox\" target=\"_self\"><img decoding=\"async\" src=\"https:\/\/www.kongres-estetickej-mediciny.sk\/wp-content\/uploads\/2025\/10\/kongres2025-30-scaled.jpg\" data-orig-src=\"https:\/\/www.kongres-estetickej-mediciny.sk\/wp-content\/uploads\/2025\/10\/kongres2025-30-scaled.jpg\" width=\"2560\" height=\"1440\" alt=\"\" title=\"kongres2025-30\" aria-label=\"kongres2025-30\" class=\"lazyload img-responsive wp-image-5883\" srcset=\"data:image\/svg+xml,%3Csvg%20xmlns%3D%27http%3A%2F%2Fwww.w3.org%2F2000%2Fsvg%27%20width%3D%272560%27%20height%3D%271440%27%20viewBox%3D%270%200%202560%201440%27%3E%3Crect%20width%3D%272560%27%20height%3D%271440%27%20fill-opacity%3D%220%22%2F%3E%3C%2Fsvg%3E\" data-srcset=\"https:\/\/www.kongres-estetickej-mediciny.sk\/wp-content\/uploads\/2025\/10\/kongres2025-30-200x112.jpg 200w, https:\/\/www.kongres-estetickej-mediciny.sk\/wp-content\/uploads\/2025\/10\/kongres2025-30-400x225.jpg 400w, https:\/\/www.kongres-estetickej-mediciny.sk\/wp-content\/uploads\/2025\/10\/kongres2025-30-600x337.jpg 600w, https:\/\/www.kongres-estetickej-mediciny.sk\/wp-content\/uploads\/2025\/10\/kongres2025-30-800x450.jpg 800w, https:\/\/www.kongres-estetickej-mediciny.sk\/wp-content\/uploads\/2025\/10\/kongres2025-30-1200x675.jpg 1200w, https:\/\/www.kongres-estetickej-mediciny.sk\/wp-content\/uploads\/2025\/10\/kongres2025-30-scaled.jpg 2560w\" data-sizes=\"auto\" data-orig-sizes=\"(min-width: 2200px) 100vw, (min-width: 824px) 387px, (min-width: 732px) 580px, (min-width: 640px) 732px, \" \/><\/a><\/div><\/div><div class=\"clearfix\"><\/div><div style=\"padding:5px;\" class=\"fusion-grid-column fusion-gallery-column fusion-gallery-column-3 hover-type-none\"><div class=\"fusion-gallery-image\"><a href=\"https:\/\/www.kongres-estetickej-mediciny.sk\/wp-content\/uploads\/2025\/10\/kongres2025-31-scaled.jpg\" rel=\"noreferrer\" data-rel=\"iLightbox[gallery_image_1]\" class=\"fusion-lightbox\" target=\"_self\"><img decoding=\"async\" src=\"https:\/\/www.kongres-estetickej-mediciny.sk\/wp-content\/uploads\/2025\/10\/kongres2025-31-scaled.jpg\" data-orig-src=\"https:\/\/www.kongres-estetickej-mediciny.sk\/wp-content\/uploads\/2025\/10\/kongres2025-31-scaled.jpg\" width=\"2560\" height=\"1440\" alt=\"\" title=\"kongres2025-31\" aria-label=\"kongres2025-31\" class=\"lazyload img-responsive wp-image-5884\" srcset=\"data:image\/svg+xml,%3Csvg%20xmlns%3D%27http%3A%2F%2Fwww.w3.org%2F2000%2Fsvg%27%20width%3D%272560%27%20height%3D%271440%27%20viewBox%3D%270%200%202560%201440%27%3E%3Crect%20width%3D%272560%27%20height%3D%271440%27%20fill-opacity%3D%220%22%2F%3E%3C%2Fsvg%3E\" data-srcset=\"https:\/\/www.kongres-estetickej-mediciny.sk\/wp-content\/uploads\/2025\/10\/kongres2025-31-200x112.jpg 200w, https:\/\/www.kongres-estetickej-mediciny.sk\/wp-content\/uploads\/2025\/10\/kongres2025-31-400x225.jpg 400w, https:\/\/www.kongres-estetickej-mediciny.sk\/wp-content\/uploads\/2025\/10\/kongres2025-31-600x337.jpg 600w, https:\/\/www.kongres-estetickej-mediciny.sk\/wp-content\/uploads\/2025\/10\/kongres2025-31-800x450.jpg 800w, https:\/\/www.kongres-estetickej-mediciny.sk\/wp-content\/uploads\/2025\/10\/kongres2025-31-1200x675.jpg 1200w, https:\/\/www.kongres-estetickej-mediciny.sk\/wp-content\/uploads\/2025\/10\/kongres2025-31-scaled.jpg 2560w\" data-sizes=\"auto\" data-orig-sizes=\"(min-width: 2200px) 100vw, (min-width: 824px) 387px, (min-width: 732px) 580px, (min-width: 640px) 732px, \" \/><\/a><\/div><\/div><div style=\"padding:5px;\" class=\"fusion-grid-column fusion-gallery-column fusion-gallery-column-3 hover-type-none\"><div class=\"fusion-gallery-image\"><a href=\"https:\/\/www.kongres-estetickej-mediciny.sk\/wp-content\/uploads\/2025\/10\/kongres2025-32-scaled.jpg\" rel=\"noreferrer\" data-rel=\"iLightbox[gallery_image_1]\" class=\"fusion-lightbox\" target=\"_self\"><img decoding=\"async\" src=\"https:\/\/www.kongres-estetickej-mediciny.sk\/wp-content\/uploads\/2025\/10\/kongres2025-32-scaled.jpg\" data-orig-src=\"https:\/\/www.kongres-estetickej-mediciny.sk\/wp-content\/uploads\/2025\/10\/kongres2025-32-scaled.jpg\" width=\"2560\" height=\"1440\" alt=\"\" title=\"kongres2025-32\" aria-label=\"kongres2025-32\" class=\"lazyload img-responsive wp-image-5885\" srcset=\"data:image\/svg+xml,%3Csvg%20xmlns%3D%27http%3A%2F%2Fwww.w3.org%2F2000%2Fsvg%27%20width%3D%272560%27%20height%3D%271440%27%20viewBox%3D%270%200%202560%201440%27%3E%3Crect%20width%3D%272560%27%20height%3D%271440%27%20fill-opacity%3D%220%22%2F%3E%3C%2Fsvg%3E\" data-srcset=\"https:\/\/www.kongres-estetickej-mediciny.sk\/wp-content\/uploads\/2025\/10\/kongres2025-32-200x112.jpg 200w, https:\/\/www.kongres-estetickej-mediciny.sk\/wp-content\/uploads\/2025\/10\/kongres2025-32-400x225.jpg 400w, https:\/\/www.kongres-estetickej-mediciny.sk\/wp-content\/uploads\/2025\/10\/kongres2025-32-600x337.jpg 600w, https:\/\/www.kongres-estetickej-mediciny.sk\/wp-content\/uploads\/2025\/10\/kongres2025-32-800x450.jpg 800w, https:\/\/www.kongres-estetickej-mediciny.sk\/wp-content\/uploads\/2025\/10\/kongres2025-32-1200x675.jpg 1200w, https:\/\/www.kongres-estetickej-mediciny.sk\/wp-content\/uploads\/2025\/10\/kongres2025-32-scaled.jpg 2560w\" data-sizes=\"auto\" data-orig-sizes=\"(min-width: 2200px) 100vw, (min-width: 824px) 387px, (min-width: 732px) 580px, (min-width: 640px) 732px, \" \/><\/a><\/div><\/div><div style=\"padding:5px;\" class=\"fusion-grid-column fusion-gallery-column fusion-gallery-column-3 hover-type-none\"><div class=\"fusion-gallery-image\"><a href=\"https:\/\/www.kongres-estetickej-mediciny.sk\/wp-content\/uploads\/2025\/10\/kongres2025-33-scaled.jpg\" rel=\"noreferrer\" data-rel=\"iLightbox[gallery_image_1]\" class=\"fusion-lightbox\" target=\"_self\"><img decoding=\"async\" src=\"https:\/\/www.kongres-estetickej-mediciny.sk\/wp-content\/uploads\/2025\/10\/kongres2025-33-scaled.jpg\" data-orig-src=\"https:\/\/www.kongres-estetickej-mediciny.sk\/wp-content\/uploads\/2025\/10\/kongres2025-33-scaled.jpg\" width=\"2560\" height=\"1440\" alt=\"\" title=\"kongres2025-33\" aria-label=\"kongres2025-33\" class=\"lazyload img-responsive wp-image-5886\" srcset=\"data:image\/svg+xml,%3Csvg%20xmlns%3D%27http%3A%2F%2Fwww.w3.org%2F2000%2Fsvg%27%20width%3D%272560%27%20height%3D%271440%27%20viewBox%3D%270%200%202560%201440%27%3E%3Crect%20width%3D%272560%27%20height%3D%271440%27%20fill-opacity%3D%220%22%2F%3E%3C%2Fsvg%3E\" data-srcset=\"https:\/\/www.kongres-estetickej-mediciny.sk\/wp-content\/uploads\/2025\/10\/kongres2025-33-200x112.jpg 200w, https:\/\/www.kongres-estetickej-mediciny.sk\/wp-content\/uploads\/2025\/10\/kongres2025-33-400x225.jpg 400w, https:\/\/www.kongres-estetickej-mediciny.sk\/wp-content\/uploads\/2025\/10\/kongres2025-33-600x337.jpg 600w, https:\/\/www.kongres-estetickej-mediciny.sk\/wp-content\/uploads\/2025\/10\/kongres2025-33-800x450.jpg 800w, https:\/\/www.kongres-estetickej-mediciny.sk\/wp-content\/uploads\/2025\/10\/kongres2025-33-1200x675.jpg 1200w, https:\/\/www.kongres-estetickej-mediciny.sk\/wp-content\/uploads\/2025\/10\/kongres2025-33-scaled.jpg 2560w\" data-sizes=\"auto\" data-orig-sizes=\"(min-width: 2200px) 100vw, (min-width: 824px) 387px, (min-width: 732px) 580px, (min-width: 640px) 732px, \" \/><\/a><\/div><\/div><div class=\"clearfix\"><\/div><div style=\"padding:5px;\" class=\"fusion-grid-column fusion-gallery-column fusion-gallery-column-3 hover-type-none\"><div class=\"fusion-gallery-image\"><a href=\"https:\/\/www.kongres-estetickej-mediciny.sk\/wp-content\/uploads\/2025\/10\/kongres2025-34-scaled.jpg\" rel=\"noreferrer\" data-rel=\"iLightbox[gallery_image_1]\" class=\"fusion-lightbox\" target=\"_self\"><img decoding=\"async\" src=\"https:\/\/www.kongres-estetickej-mediciny.sk\/wp-content\/uploads\/2025\/10\/kongres2025-34-scaled.jpg\" data-orig-src=\"https:\/\/www.kongres-estetickej-mediciny.sk\/wp-content\/uploads\/2025\/10\/kongres2025-34-scaled.jpg\" width=\"2560\" height=\"1440\" alt=\"\" title=\"kongres2025-34\" aria-label=\"kongres2025-34\" class=\"lazyload img-responsive wp-image-5887\" srcset=\"data:image\/svg+xml,%3Csvg%20xmlns%3D%27http%3A%2F%2Fwww.w3.org%2F2000%2Fsvg%27%20width%3D%272560%27%20height%3D%271440%27%20viewBox%3D%270%200%202560%201440%27%3E%3Crect%20width%3D%272560%27%20height%3D%271440%27%20fill-opacity%3D%220%22%2F%3E%3C%2Fsvg%3E\" data-srcset=\"https:\/\/www.kongres-estetickej-mediciny.sk\/wp-content\/uploads\/2025\/10\/kongres2025-34-200x112.jpg 200w, https:\/\/www.kongres-estetickej-mediciny.sk\/wp-content\/uploads\/2025\/10\/kongres2025-34-400x225.jpg 400w, https:\/\/www.kongres-estetickej-mediciny.sk\/wp-content\/uploads\/2025\/10\/kongres2025-34-600x337.jpg 600w, https:\/\/www.kongres-estetickej-mediciny.sk\/wp-content\/uploads\/2025\/10\/kongres2025-34-800x450.jpg 800w, https:\/\/www.kongres-estetickej-mediciny.sk\/wp-content\/uploads\/2025\/10\/kongres2025-34-1200x675.jpg 1200w, https:\/\/www.kongres-estetickej-mediciny.sk\/wp-content\/uploads\/2025\/10\/kongres2025-34-scaled.jpg 2560w\" data-sizes=\"auto\" data-orig-sizes=\"(min-width: 2200px) 100vw, (min-width: 824px) 387px, (min-width: 732px) 580px, (min-width: 640px) 732px, \" \/><\/a><\/div><\/div><div style=\"padding:5px;\" class=\"fusion-grid-column fusion-gallery-column fusion-gallery-column-3 hover-type-none\"><div class=\"fusion-gallery-image\"><a href=\"https:\/\/www.kongres-estetickej-mediciny.sk\/wp-content\/uploads\/2025\/10\/kongres2025-35-scaled.jpg\" rel=\"noreferrer\" data-rel=\"iLightbox[gallery_image_1]\" class=\"fusion-lightbox\" target=\"_self\"><img decoding=\"async\" src=\"https:\/\/www.kongres-estetickej-mediciny.sk\/wp-content\/uploads\/2025\/10\/kongres2025-35-scaled.jpg\" data-orig-src=\"https:\/\/www.kongres-estetickej-mediciny.sk\/wp-content\/uploads\/2025\/10\/kongres2025-35-scaled.jpg\" width=\"2560\" height=\"1440\" alt=\"\" title=\"kongres2025-35\" aria-label=\"kongres2025-35\" class=\"lazyload img-responsive wp-image-5888\" srcset=\"data:image\/svg+xml,%3Csvg%20xmlns%3D%27http%3A%2F%2Fwww.w3.org%2F2000%2Fsvg%27%20width%3D%272560%27%20height%3D%271440%27%20viewBox%3D%270%200%202560%201440%27%3E%3Crect%20width%3D%272560%27%20height%3D%271440%27%20fill-opacity%3D%220%22%2F%3E%3C%2Fsvg%3E\" data-srcset=\"https:\/\/www.kongres-estetickej-mediciny.sk\/wp-content\/uploads\/2025\/10\/kongres2025-35-200x112.jpg 200w, https:\/\/www.kongres-estetickej-mediciny.sk\/wp-content\/uploads\/2025\/10\/kongres2025-35-400x225.jpg 400w, https:\/\/www.kongres-estetickej-mediciny.sk\/wp-content\/uploads\/2025\/10\/kongres2025-35-600x337.jpg 600w, https:\/\/www.kongres-estetickej-mediciny.sk\/wp-content\/uploads\/2025\/10\/kongres2025-35-800x450.jpg 800w, https:\/\/www.kongres-estetickej-mediciny.sk\/wp-content\/uploads\/2025\/10\/kongres2025-35-1200x675.jpg 1200w, https:\/\/www.kongres-estetickej-mediciny.sk\/wp-content\/uploads\/2025\/10\/kongres2025-35-scaled.jpg 2560w\" data-sizes=\"auto\" data-orig-sizes=\"(min-width: 2200px) 100vw, (min-width: 824px) 387px, (min-width: 732px) 580px, (min-width: 640px) 732px, \" \/><\/a><\/div><\/div><div style=\"padding:5px;\" class=\"fusion-grid-column fusion-gallery-column fusion-gallery-column-3 hover-type-none\"><div class=\"fusion-gallery-image\"><a href=\"https:\/\/www.kongres-estetickej-mediciny.sk\/wp-content\/uploads\/2025\/10\/kongres2025-36-scaled.jpg\" rel=\"noreferrer\" data-rel=\"iLightbox[gallery_image_1]\" class=\"fusion-lightbox\" target=\"_self\"><img decoding=\"async\" src=\"https:\/\/www.kongres-estetickej-mediciny.sk\/wp-content\/uploads\/2025\/10\/kongres2025-36-scaled.jpg\" data-orig-src=\"https:\/\/www.kongres-estetickej-mediciny.sk\/wp-content\/uploads\/2025\/10\/kongres2025-36-scaled.jpg\" width=\"2560\" height=\"1440\" alt=\"\" title=\"kongres2025-36\" aria-label=\"kongres2025-36\" class=\"lazyload img-responsive wp-image-5889\" srcset=\"data:image\/svg+xml,%3Csvg%20xmlns%3D%27http%3A%2F%2Fwww.w3.org%2F2000%2Fsvg%27%20width%3D%272560%27%20height%3D%271440%27%20viewBox%3D%270%200%202560%201440%27%3E%3Crect%20width%3D%272560%27%20height%3D%271440%27%20fill-opacity%3D%220%22%2F%3E%3C%2Fsvg%3E\" data-srcset=\"https:\/\/www.kongres-estetickej-mediciny.sk\/wp-content\/uploads\/2025\/10\/kongres2025-36-200x112.jpg 200w, https:\/\/www.kongres-estetickej-mediciny.sk\/wp-content\/uploads\/2025\/10\/kongres2025-36-400x225.jpg 400w, https:\/\/www.kongres-estetickej-mediciny.sk\/wp-content\/uploads\/2025\/10\/kongres2025-36-600x337.jpg 600w, https:\/\/www.kongres-estetickej-mediciny.sk\/wp-content\/uploads\/2025\/10\/kongres2025-36-800x450.jpg 800w, https:\/\/www.kongres-estetickej-mediciny.sk\/wp-content\/uploads\/2025\/10\/kongres2025-36-1200x675.jpg 1200w, https:\/\/www.kongres-estetickej-mediciny.sk\/wp-content\/uploads\/2025\/10\/kongres2025-36-scaled.jpg 2560w\" data-sizes=\"auto\" data-orig-sizes=\"(min-width: 2200px) 100vw, (min-width: 824px) 387px, (min-width: 732px) 580px, (min-width: 640px) 732px, \" \/><\/a><\/div><\/div><div class=\"clearfix\"><\/div><div style=\"padding:5px;\" class=\"fusion-grid-column fusion-gallery-column fusion-gallery-column-3 hover-type-none\"><div class=\"fusion-gallery-image\"><a href=\"https:\/\/www.kongres-estetickej-mediciny.sk\/wp-content\/uploads\/2025\/10\/kongres2025-37-scaled.jpg\" rel=\"noreferrer\" data-rel=\"iLightbox[gallery_image_1]\" class=\"fusion-lightbox\" target=\"_self\"><img decoding=\"async\" src=\"https:\/\/www.kongres-estetickej-mediciny.sk\/wp-content\/uploads\/2025\/10\/kongres2025-37-scaled.jpg\" data-orig-src=\"https:\/\/www.kongres-estetickej-mediciny.sk\/wp-content\/uploads\/2025\/10\/kongres2025-37-scaled.jpg\" width=\"2560\" height=\"1440\" alt=\"\" title=\"kongres2025-37\" aria-label=\"kongres2025-37\" class=\"lazyload img-responsive wp-image-5890\" srcset=\"data:image\/svg+xml,%3Csvg%20xmlns%3D%27http%3A%2F%2Fwww.w3.org%2F2000%2Fsvg%27%20width%3D%272560%27%20height%3D%271440%27%20viewBox%3D%270%200%202560%201440%27%3E%3Crect%20width%3D%272560%27%20height%3D%271440%27%20fill-opacity%3D%220%22%2F%3E%3C%2Fsvg%3E\" data-srcset=\"https:\/\/www.kongres-estetickej-mediciny.sk\/wp-content\/uploads\/2025\/10\/kongres2025-37-200x112.jpg 200w, https:\/\/www.kongres-estetickej-mediciny.sk\/wp-content\/uploads\/2025\/10\/kongres2025-37-400x225.jpg 400w, https:\/\/www.kongres-estetickej-mediciny.sk\/wp-content\/uploads\/2025\/10\/kongres2025-37-600x337.jpg 600w, https:\/\/www.kongres-estetickej-mediciny.sk\/wp-content\/uploads\/2025\/10\/kongres2025-37-800x450.jpg 800w, https:\/\/www.kongres-estetickej-mediciny.sk\/wp-content\/uploads\/2025\/10\/kongres2025-37-1200x675.jpg 1200w, https:\/\/www.kongres-estetickej-mediciny.sk\/wp-content\/uploads\/2025\/10\/kongres2025-37-scaled.jpg 2560w\" data-sizes=\"auto\" data-orig-sizes=\"(min-width: 2200px) 100vw, (min-width: 824px) 387px, (min-width: 732px) 580px, (min-width: 640px) 732px, \" \/><\/a><\/div><\/div><div style=\"padding:5px;\" class=\"fusion-grid-column fusion-gallery-column fusion-gallery-column-3 hover-type-none\"><div class=\"fusion-gallery-image\"><a href=\"https:\/\/www.kongres-estetickej-mediciny.sk\/wp-content\/uploads\/2025\/10\/kongres2025-38-scaled.jpg\" rel=\"noreferrer\" data-rel=\"iLightbox[gallery_image_1]\" class=\"fusion-lightbox\" target=\"_self\"><img decoding=\"async\" src=\"https:\/\/www.kongres-estetickej-mediciny.sk\/wp-content\/uploads\/2025\/10\/kongres2025-38-scaled.jpg\" data-orig-src=\"https:\/\/www.kongres-estetickej-mediciny.sk\/wp-content\/uploads\/2025\/10\/kongres2025-38-scaled.jpg\" width=\"2560\" height=\"1440\" alt=\"\" title=\"kongres2025-38\" aria-label=\"kongres2025-38\" class=\"lazyload img-responsive wp-image-5891\" srcset=\"data:image\/svg+xml,%3Csvg%20xmlns%3D%27http%3A%2F%2Fwww.w3.org%2F2000%2Fsvg%27%20width%3D%272560%27%20height%3D%271440%27%20viewBox%3D%270%200%202560%201440%27%3E%3Crect%20width%3D%272560%27%20height%3D%271440%27%20fill-opacity%3D%220%22%2F%3E%3C%2Fsvg%3E\" data-srcset=\"https:\/\/www.kongres-estetickej-mediciny.sk\/wp-content\/uploads\/2025\/10\/kongres2025-38-200x112.jpg 200w, https:\/\/www.kongres-estetickej-mediciny.sk\/wp-content\/uploads\/2025\/10\/kongres2025-38-400x225.jpg 400w, https:\/\/www.kongres-estetickej-mediciny.sk\/wp-content\/uploads\/2025\/10\/kongres2025-38-600x337.jpg 600w, https:\/\/www.kongres-estetickej-mediciny.sk\/wp-content\/uploads\/2025\/10\/kongres2025-38-800x450.jpg 800w, https:\/\/www.kongres-estetickej-mediciny.sk\/wp-content\/uploads\/2025\/10\/kongres2025-38-1200x675.jpg 1200w, https:\/\/www.kongres-estetickej-mediciny.sk\/wp-content\/uploads\/2025\/10\/kongres2025-38-scaled.jpg 2560w\" data-sizes=\"auto\" data-orig-sizes=\"(min-width: 2200px) 100vw, (min-width: 824px) 387px, (min-width: 732px) 580px, (min-width: 640px) 732px, \" \/><\/a><\/div><\/div><div style=\"padding:5px;\" class=\"fusion-grid-column fusion-gallery-column fusion-gallery-column-3 hover-type-none\"><div class=\"fusion-gallery-image\"><a href=\"https:\/\/www.kongres-estetickej-mediciny.sk\/wp-content\/uploads\/2025\/10\/kongres2025-39-scaled.jpg\" rel=\"noreferrer\" data-rel=\"iLightbox[gallery_image_1]\" class=\"fusion-lightbox\" target=\"_self\"><img decoding=\"async\" src=\"https:\/\/www.kongres-estetickej-mediciny.sk\/wp-content\/uploads\/2025\/10\/kongres2025-39-scaled.jpg\" data-orig-src=\"https:\/\/www.kongres-estetickej-mediciny.sk\/wp-content\/uploads\/2025\/10\/kongres2025-39-scaled.jpg\" width=\"2560\" height=\"1440\" alt=\"\" title=\"kongres2025-39\" aria-label=\"kongres2025-39\" class=\"lazyload img-responsive wp-image-5892\" srcset=\"data:image\/svg+xml,%3Csvg%20xmlns%3D%27http%3A%2F%2Fwww.w3.org%2F2000%2Fsvg%27%20width%3D%272560%27%20height%3D%271440%27%20viewBox%3D%270%200%202560%201440%27%3E%3Crect%20width%3D%272560%27%20height%3D%271440%27%20fill-opacity%3D%220%22%2F%3E%3C%2Fsvg%3E\" data-srcset=\"https:\/\/www.kongres-estetickej-mediciny.sk\/wp-content\/uploads\/2025\/10\/kongres2025-39-200x112.jpg 200w, https:\/\/www.kongres-estetickej-mediciny.sk\/wp-content\/uploads\/2025\/10\/kongres2025-39-400x225.jpg 400w, https:\/\/www.kongres-estetickej-mediciny.sk\/wp-content\/uploads\/2025\/10\/kongres2025-39-600x337.jpg 600w, https:\/\/www.kongres-estetickej-mediciny.sk\/wp-content\/uploads\/2025\/10\/kongres2025-39-800x450.jpg 800w, https:\/\/www.kongres-estetickej-mediciny.sk\/wp-content\/uploads\/2025\/10\/kongres2025-39-1200x675.jpg 1200w, https:\/\/www.kongres-estetickej-mediciny.sk\/wp-content\/uploads\/2025\/10\/kongres2025-39-scaled.jpg 2560w\" data-sizes=\"auto\" data-orig-sizes=\"(min-width: 2200px) 100vw, (min-width: 824px) 387px, (min-width: 732px) 580px, (min-width: 640px) 732px, \" \/><\/a><\/div><\/div><div class=\"clearfix\"><\/div><div style=\"padding:5px;\" class=\"fusion-grid-column fusion-gallery-column fusion-gallery-column-3 hover-type-none\"><div class=\"fusion-gallery-image\"><a href=\"https:\/\/www.kongres-estetickej-mediciny.sk\/wp-content\/uploads\/2025\/10\/kongres2025-40-scaled.jpg\" rel=\"noreferrer\" data-rel=\"iLightbox[gallery_image_1]\" class=\"fusion-lightbox\" target=\"_self\"><img decoding=\"async\" src=\"https:\/\/www.kongres-estetickej-mediciny.sk\/wp-content\/uploads\/2025\/10\/kongres2025-40-scaled.jpg\" data-orig-src=\"https:\/\/www.kongres-estetickej-mediciny.sk\/wp-content\/uploads\/2025\/10\/kongres2025-40-scaled.jpg\" width=\"2560\" height=\"1440\" alt=\"\" title=\"kongres2025-40\" aria-label=\"kongres2025-40\" class=\"lazyload img-responsive wp-image-5893\" srcset=\"data:image\/svg+xml,%3Csvg%20xmlns%3D%27http%3A%2F%2Fwww.w3.org%2F2000%2Fsvg%27%20width%3D%272560%27%20height%3D%271440%27%20viewBox%3D%270%200%202560%201440%27%3E%3Crect%20width%3D%272560%27%20height%3D%271440%27%20fill-opacity%3D%220%22%2F%3E%3C%2Fsvg%3E\" data-srcset=\"https:\/\/www.kongres-estetickej-mediciny.sk\/wp-content\/uploads\/2025\/10\/kongres2025-40-200x112.jpg 200w, https:\/\/www.kongres-estetickej-mediciny.sk\/wp-content\/uploads\/2025\/10\/kongres2025-40-400x225.jpg 400w, https:\/\/www.kongres-estetickej-mediciny.sk\/wp-content\/uploads\/2025\/10\/kongres2025-40-600x337.jpg 600w, https:\/\/www.kongres-estetickej-mediciny.sk\/wp-content\/uploads\/2025\/10\/kongres2025-40-800x450.jpg 800w, https:\/\/www.kongres-estetickej-mediciny.sk\/wp-content\/uploads\/2025\/10\/kongres2025-40-1200x675.jpg 1200w, https:\/\/www.kongres-estetickej-mediciny.sk\/wp-content\/uploads\/2025\/10\/kongres2025-40-scaled.jpg 2560w\" data-sizes=\"auto\" data-orig-sizes=\"(min-width: 2200px) 100vw, (min-width: 824px) 387px, (min-width: 732px) 580px, (min-width: 640px) 732px, \" \/><\/a><\/div><\/div><div style=\"padding:5px;\" class=\"fusion-grid-column fusion-gallery-column fusion-gallery-column-3 hover-type-none\"><div class=\"fusion-gallery-image\"><a href=\"https:\/\/www.kongres-estetickej-mediciny.sk\/wp-content\/uploads\/2025\/10\/kongres2025-41-scaled.jpg\" rel=\"noreferrer\" data-rel=\"iLightbox[gallery_image_1]\" class=\"fusion-lightbox\" target=\"_self\"><img decoding=\"async\" src=\"https:\/\/www.kongres-estetickej-mediciny.sk\/wp-content\/uploads\/2025\/10\/kongres2025-41-scaled.jpg\" data-orig-src=\"https:\/\/www.kongres-estetickej-mediciny.sk\/wp-content\/uploads\/2025\/10\/kongres2025-41-scaled.jpg\" width=\"2560\" height=\"1440\" alt=\"\" title=\"kongres2025-41\" aria-label=\"kongres2025-41\" class=\"lazyload img-responsive wp-image-5894\" srcset=\"data:image\/svg+xml,%3Csvg%20xmlns%3D%27http%3A%2F%2Fwww.w3.org%2F2000%2Fsvg%27%20width%3D%272560%27%20height%3D%271440%27%20viewBox%3D%270%200%202560%201440%27%3E%3Crect%20width%3D%272560%27%20height%3D%271440%27%20fill-opacity%3D%220%22%2F%3E%3C%2Fsvg%3E\" data-srcset=\"https:\/\/www.kongres-estetickej-mediciny.sk\/wp-content\/uploads\/2025\/10\/kongres2025-41-200x112.jpg 200w, https:\/\/www.kongres-estetickej-mediciny.sk\/wp-content\/uploads\/2025\/10\/kongres2025-41-400x225.jpg 400w, https:\/\/www.kongres-estetickej-mediciny.sk\/wp-content\/uploads\/2025\/10\/kongres2025-41-600x337.jpg 600w, https:\/\/www.kongres-estetickej-mediciny.sk\/wp-content\/uploads\/2025\/10\/kongres2025-41-800x450.jpg 800w, https:\/\/www.kongres-estetickej-mediciny.sk\/wp-content\/uploads\/2025\/10\/kongres2025-41-1200x675.jpg 1200w, https:\/\/www.kongres-estetickej-mediciny.sk\/wp-content\/uploads\/2025\/10\/kongres2025-41-scaled.jpg 2560w\" data-sizes=\"auto\" data-orig-sizes=\"(min-width: 2200px) 100vw, (min-width: 824px) 387px, (min-width: 732px) 580px, (min-width: 640px) 732px, \" \/><\/a><\/div><\/div><div style=\"padding:5px;\" class=\"fusion-grid-column fusion-gallery-column fusion-gallery-column-3 hover-type-none\"><div class=\"fusion-gallery-image\"><a href=\"https:\/\/www.kongres-estetickej-mediciny.sk\/wp-content\/uploads\/2025\/10\/kongres2025-42-scaled.jpg\" rel=\"noreferrer\" data-rel=\"iLightbox[gallery_image_1]\" class=\"fusion-lightbox\" target=\"_self\"><img decoding=\"async\" src=\"https:\/\/www.kongres-estetickej-mediciny.sk\/wp-content\/uploads\/2025\/10\/kongres2025-42-scaled.jpg\" data-orig-src=\"https:\/\/www.kongres-estetickej-mediciny.sk\/wp-content\/uploads\/2025\/10\/kongres2025-42-scaled.jpg\" width=\"2560\" height=\"1440\" alt=\"\" title=\"kongres2025-42\" aria-label=\"kongres2025-42\" class=\"lazyload img-responsive wp-image-5895\" srcset=\"data:image\/svg+xml,%3Csvg%20xmlns%3D%27http%3A%2F%2Fwww.w3.org%2F2000%2Fsvg%27%20width%3D%272560%27%20height%3D%271440%27%20viewBox%3D%270%200%202560%201440%27%3E%3Crect%20width%3D%272560%27%20height%3D%271440%27%20fill-opacity%3D%220%22%2F%3E%3C%2Fsvg%3E\" data-srcset=\"https:\/\/www.kongres-estetickej-mediciny.sk\/wp-content\/uploads\/2025\/10\/kongres2025-42-200x112.jpg 200w, https:\/\/www.kongres-estetickej-mediciny.sk\/wp-content\/uploads\/2025\/10\/kongres2025-42-400x225.jpg 400w, https:\/\/www.kongres-estetickej-mediciny.sk\/wp-content\/uploads\/2025\/10\/kongres2025-42-600x337.jpg 600w, https:\/\/www.kongres-estetickej-mediciny.sk\/wp-content\/uploads\/2025\/10\/kongres2025-42-800x450.jpg 800w, https:\/\/www.kongres-estetickej-mediciny.sk\/wp-content\/uploads\/2025\/10\/kongres2025-42-1200x675.jpg 1200w, https:\/\/www.kongres-estetickej-mediciny.sk\/wp-content\/uploads\/2025\/10\/kongres2025-42-scaled.jpg 2560w\" data-sizes=\"auto\" data-orig-sizes=\"(min-width: 2200px) 100vw, (min-width: 824px) 387px, (min-width: 732px) 580px, (min-width: 640px) 732px, \" \/><\/a><\/div><\/div><div class=\"clearfix\"><\/div><div style=\"padding:5px;\" class=\"fusion-grid-column fusion-gallery-column fusion-gallery-column-3 hover-type-none\"><div class=\"fusion-gallery-image\"><a href=\"https:\/\/www.kongres-estetickej-mediciny.sk\/wp-content\/uploads\/2025\/10\/kongres2025-43-scaled.jpg\" rel=\"noreferrer\" data-rel=\"iLightbox[gallery_image_1]\" class=\"fusion-lightbox\" target=\"_self\"><img decoding=\"async\" src=\"https:\/\/www.kongres-estetickej-mediciny.sk\/wp-content\/uploads\/2025\/10\/kongres2025-43-scaled.jpg\" data-orig-src=\"https:\/\/www.kongres-estetickej-mediciny.sk\/wp-content\/uploads\/2025\/10\/kongres2025-43-scaled.jpg\" width=\"1440\" height=\"2560\" alt=\"\" title=\"kongres2025-43\" aria-label=\"kongres2025-43\" class=\"lazyload img-responsive wp-image-5896\" srcset=\"data:image\/svg+xml,%3Csvg%20xmlns%3D%27http%3A%2F%2Fwww.w3.org%2F2000%2Fsvg%27%20width%3D%271440%27%20height%3D%272560%27%20viewBox%3D%270%200%201440%202560%27%3E%3Crect%20width%3D%271440%27%20height%3D%272560%27%20fill-opacity%3D%220%22%2F%3E%3C%2Fsvg%3E\" data-srcset=\"https:\/\/www.kongres-estetickej-mediciny.sk\/wp-content\/uploads\/2025\/10\/kongres2025-43-200x356.jpg 200w, https:\/\/www.kongres-estetickej-mediciny.sk\/wp-content\/uploads\/2025\/10\/kongres2025-43-400x711.jpg 400w, https:\/\/www.kongres-estetickej-mediciny.sk\/wp-content\/uploads\/2025\/10\/kongres2025-43-600x1067.jpg 600w, https:\/\/www.kongres-estetickej-mediciny.sk\/wp-content\/uploads\/2025\/10\/kongres2025-43-800x1423.jpg 800w, https:\/\/www.kongres-estetickej-mediciny.sk\/wp-content\/uploads\/2025\/10\/kongres2025-43-1200x2134.jpg 1200w, https:\/\/www.kongres-estetickej-mediciny.sk\/wp-content\/uploads\/2025\/10\/kongres2025-43-scaled.jpg 1440w\" data-sizes=\"auto\" data-orig-sizes=\"(min-width: 2200px) 100vw, (min-width: 824px) 387px, (min-width: 732px) 580px, (min-width: 640px) 732px, \" \/><\/a><\/div><\/div><div style=\"padding:5px;\" class=\"fusion-grid-column fusion-gallery-column fusion-gallery-column-3 hover-type-none\"><div class=\"fusion-gallery-image\"><a href=\"https:\/\/www.kongres-estetickej-mediciny.sk\/wp-content\/uploads\/2025\/10\/kongres2025-44-scaled.jpg\" rel=\"noreferrer\" data-rel=\"iLightbox[gallery_image_1]\" class=\"fusion-lightbox\" target=\"_self\"><img decoding=\"async\" src=\"https:\/\/www.kongres-estetickej-mediciny.sk\/wp-content\/uploads\/2025\/10\/kongres2025-44-scaled.jpg\" data-orig-src=\"https:\/\/www.kongres-estetickej-mediciny.sk\/wp-content\/uploads\/2025\/10\/kongres2025-44-scaled.jpg\" width=\"2560\" height=\"1440\" alt=\"\" title=\"kongres2025-44\" aria-label=\"kongres2025-44\" class=\"lazyload img-responsive wp-image-5897\" srcset=\"data:image\/svg+xml,%3Csvg%20xmlns%3D%27http%3A%2F%2Fwww.w3.org%2F2000%2Fsvg%27%20width%3D%272560%27%20height%3D%271440%27%20viewBox%3D%270%200%202560%201440%27%3E%3Crect%20width%3D%272560%27%20height%3D%271440%27%20fill-opacity%3D%220%22%2F%3E%3C%2Fsvg%3E\" data-srcset=\"https:\/\/www.kongres-estetickej-mediciny.sk\/wp-content\/uploads\/2025\/10\/kongres2025-44-200x112.jpg 200w, https:\/\/www.kongres-estetickej-mediciny.sk\/wp-content\/uploads\/2025\/10\/kongres2025-44-400x225.jpg 400w, https:\/\/www.kongres-estetickej-mediciny.sk\/wp-content\/uploads\/2025\/10\/kongres2025-44-600x337.jpg 600w, https:\/\/www.kongres-estetickej-mediciny.sk\/wp-content\/uploads\/2025\/10\/kongres2025-44-800x450.jpg 800w, https:\/\/www.kongres-estetickej-mediciny.sk\/wp-content\/uploads\/2025\/10\/kongres2025-44-1200x675.jpg 1200w, https:\/\/www.kongres-estetickej-mediciny.sk\/wp-content\/uploads\/2025\/10\/kongres2025-44-scaled.jpg 2560w\" data-sizes=\"auto\" data-orig-sizes=\"(min-width: 2200px) 100vw, (min-width: 824px) 387px, (min-width: 732px) 580px, (min-width: 640px) 732px, \" \/><\/a><\/div><\/div><div style=\"padding:5px;\" class=\"fusion-grid-column fusion-gallery-column fusion-gallery-column-3 hover-type-none\"><div class=\"fusion-gallery-image\"><a href=\"https:\/\/www.kongres-estetickej-mediciny.sk\/wp-content\/uploads\/2025\/10\/kongres2025-45-scaled.jpg\" rel=\"noreferrer\" data-rel=\"iLightbox[gallery_image_1]\" class=\"fusion-lightbox\" target=\"_self\"><img decoding=\"async\" src=\"https:\/\/www.kongres-estetickej-mediciny.sk\/wp-content\/uploads\/2025\/10\/kongres2025-45-scaled.jpg\" data-orig-src=\"https:\/\/www.kongres-estetickej-mediciny.sk\/wp-content\/uploads\/2025\/10\/kongres2025-45-scaled.jpg\" width=\"2560\" height=\"1440\" alt=\"\" title=\"kongres2025-45\" aria-label=\"kongres2025-45\" class=\"lazyload img-responsive wp-image-5898\" srcset=\"data:image\/svg+xml,%3Csvg%20xmlns%3D%27http%3A%2F%2Fwww.w3.org%2F2000%2Fsvg%27%20width%3D%272560%27%20height%3D%271440%27%20viewBox%3D%270%200%202560%201440%27%3E%3Crect%20width%3D%272560%27%20height%3D%271440%27%20fill-opacity%3D%220%22%2F%3E%3C%2Fsvg%3E\" data-srcset=\"https:\/\/www.kongres-estetickej-mediciny.sk\/wp-content\/uploads\/2025\/10\/kongres2025-45-200x112.jpg 200w, https:\/\/www.kongres-estetickej-mediciny.sk\/wp-content\/uploads\/2025\/10\/kongres2025-45-400x225.jpg 400w, https:\/\/www.kongres-estetickej-mediciny.sk\/wp-content\/uploads\/2025\/10\/kongres2025-45-600x337.jpg 600w, https:\/\/www.kongres-estetickej-mediciny.sk\/wp-content\/uploads\/2025\/10\/kongres2025-45-800x450.jpg 800w, https:\/\/www.kongres-estetickej-mediciny.sk\/wp-content\/uploads\/2025\/10\/kongres2025-45-1200x675.jpg 1200w, https:\/\/www.kongres-estetickej-mediciny.sk\/wp-content\/uploads\/2025\/10\/kongres2025-45-scaled.jpg 2560w\" data-sizes=\"auto\" data-orig-sizes=\"(min-width: 2200px) 100vw, (min-width: 824px) 387px, (min-width: 732px) 580px, (min-width: 640px) 732px, \" \/><\/a><\/div><\/div><div class=\"clearfix\"><\/div><div style=\"padding:5px;\" class=\"fusion-grid-column fusion-gallery-column fusion-gallery-column-3 hover-type-none\"><div class=\"fusion-gallery-image\"><a href=\"https:\/\/www.kongres-estetickej-mediciny.sk\/wp-content\/uploads\/2025\/10\/kongres2025-46-scaled.jpg\" rel=\"noreferrer\" data-rel=\"iLightbox[gallery_image_1]\" class=\"fusion-lightbox\" target=\"_self\"><img decoding=\"async\" src=\"https:\/\/www.kongres-estetickej-mediciny.sk\/wp-content\/uploads\/2025\/10\/kongres2025-46-scaled.jpg\" data-orig-src=\"https:\/\/www.kongres-estetickej-mediciny.sk\/wp-content\/uploads\/2025\/10\/kongres2025-46-scaled.jpg\" width=\"2560\" height=\"1440\" alt=\"\" title=\"kongres2025-46\" aria-label=\"kongres2025-46\" class=\"lazyload img-responsive wp-image-5899\" srcset=\"data:image\/svg+xml,%3Csvg%20xmlns%3D%27http%3A%2F%2Fwww.w3.org%2F2000%2Fsvg%27%20width%3D%272560%27%20height%3D%271440%27%20viewBox%3D%270%200%202560%201440%27%3E%3Crect%20width%3D%272560%27%20height%3D%271440%27%20fill-opacity%3D%220%22%2F%3E%3C%2Fsvg%3E\" data-srcset=\"https:\/\/www.kongres-estetickej-mediciny.sk\/wp-content\/uploads\/2025\/10\/kongres2025-46-200x112.jpg 200w, https:\/\/www.kongres-estetickej-mediciny.sk\/wp-content\/uploads\/2025\/10\/kongres2025-46-400x225.jpg 400w, https:\/\/www.kongres-estetickej-mediciny.sk\/wp-content\/uploads\/2025\/10\/kongres2025-46-600x337.jpg 600w, https:\/\/www.kongres-estetickej-mediciny.sk\/wp-content\/uploads\/2025\/10\/kongres2025-46-800x450.jpg 800w, https:\/\/www.kongres-estetickej-mediciny.sk\/wp-content\/uploads\/2025\/10\/kongres2025-46-1200x675.jpg 1200w, https:\/\/www.kongres-estetickej-mediciny.sk\/wp-content\/uploads\/2025\/10\/kongres2025-46-scaled.jpg 2560w\" data-sizes=\"auto\" data-orig-sizes=\"(min-width: 2200px) 100vw, (min-width: 824px) 387px, (min-width: 732px) 580px, (min-width: 640px) 732px, \" \/><\/a><\/div><\/div><div style=\"padding:5px;\" class=\"fusion-grid-column fusion-gallery-column fusion-gallery-column-3 hover-type-none\"><div class=\"fusion-gallery-image\"><a href=\"https:\/\/www.kongres-estetickej-mediciny.sk\/wp-content\/uploads\/2025\/10\/kongres2025-47-scaled.jpg\" rel=\"noreferrer\" data-rel=\"iLightbox[gallery_image_1]\" class=\"fusion-lightbox\" target=\"_self\"><img decoding=\"async\" src=\"https:\/\/www.kongres-estetickej-mediciny.sk\/wp-content\/uploads\/2025\/10\/kongres2025-47-scaled.jpg\" data-orig-src=\"https:\/\/www.kongres-estetickej-mediciny.sk\/wp-content\/uploads\/2025\/10\/kongres2025-47-scaled.jpg\" width=\"2560\" height=\"1440\" alt=\"\" title=\"kongres2025-47\" aria-label=\"kongres2025-47\" class=\"lazyload img-responsive wp-image-5900\" srcset=\"data:image\/svg+xml,%3Csvg%20xmlns%3D%27http%3A%2F%2Fwww.w3.org%2F2000%2Fsvg%27%20width%3D%272560%27%20height%3D%271440%27%20viewBox%3D%270%200%202560%201440%27%3E%3Crect%20width%3D%272560%27%20height%3D%271440%27%20fill-opacity%3D%220%22%2F%3E%3C%2Fsvg%3E\" data-srcset=\"https:\/\/www.kongres-estetickej-mediciny.sk\/wp-content\/uploads\/2025\/10\/kongres2025-47-200x112.jpg 200w, https:\/\/www.kongres-estetickej-mediciny.sk\/wp-content\/uploads\/2025\/10\/kongres2025-47-400x225.jpg 400w, https:\/\/www.kongres-estetickej-mediciny.sk\/wp-content\/uploads\/2025\/10\/kongres2025-47-600x337.jpg 600w, https:\/\/www.kongres-estetickej-mediciny.sk\/wp-content\/uploads\/2025\/10\/kongres2025-47-800x450.jpg 800w, https:\/\/www.kongres-estetickej-mediciny.sk\/wp-content\/uploads\/2025\/10\/kongres2025-47-1200x675.jpg 1200w, https:\/\/www.kongres-estetickej-mediciny.sk\/wp-content\/uploads\/2025\/10\/kongres2025-47-scaled.jpg 2560w\" data-sizes=\"auto\" data-orig-sizes=\"(min-width: 2200px) 100vw, (min-width: 824px) 387px, (min-width: 732px) 580px, (min-width: 640px) 732px, \" \/><\/a><\/div><\/div><div style=\"padding:5px;\" class=\"fusion-grid-column fusion-gallery-column fusion-gallery-column-3 hover-type-none\"><div class=\"fusion-gallery-image\"><a href=\"https:\/\/www.kongres-estetickej-mediciny.sk\/wp-content\/uploads\/2025\/10\/kongres2025-48-scaled.jpg\" rel=\"noreferrer\" data-rel=\"iLightbox[gallery_image_1]\" class=\"fusion-lightbox\" target=\"_self\"><img decoding=\"async\" src=\"https:\/\/www.kongres-estetickej-mediciny.sk\/wp-content\/uploads\/2025\/10\/kongres2025-48-scaled.jpg\" data-orig-src=\"https:\/\/www.kongres-estetickej-mediciny.sk\/wp-content\/uploads\/2025\/10\/kongres2025-48-scaled.jpg\" width=\"2560\" height=\"1440\" alt=\"\" title=\"kongres2025-48\" aria-label=\"kongres2025-48\" class=\"lazyload img-responsive wp-image-5901\" srcset=\"data:image\/svg+xml,%3Csvg%20xmlns%3D%27http%3A%2F%2Fwww.w3.org%2F2000%2Fsvg%27%20width%3D%272560%27%20height%3D%271440%27%20viewBox%3D%270%200%202560%201440%27%3E%3Crect%20width%3D%272560%27%20height%3D%271440%27%20fill-opacity%3D%220%22%2F%3E%3C%2Fsvg%3E\" data-srcset=\"https:\/\/www.kongres-estetickej-mediciny.sk\/wp-content\/uploads\/2025\/10\/kongres2025-48-200x112.jpg 200w, https:\/\/www.kongres-estetickej-mediciny.sk\/wp-content\/uploads\/2025\/10\/kongres2025-48-400x225.jpg 400w, https:\/\/www.kongres-estetickej-mediciny.sk\/wp-content\/uploads\/2025\/10\/kongres2025-48-600x337.jpg 600w, https:\/\/www.kongres-estetickej-mediciny.sk\/wp-content\/uploads\/2025\/10\/kongres2025-48-800x450.jpg 800w, https:\/\/www.kongres-estetickej-mediciny.sk\/wp-content\/uploads\/2025\/10\/kongres2025-48-1200x675.jpg 1200w, https:\/\/www.kongres-estetickej-mediciny.sk\/wp-content\/uploads\/2025\/10\/kongres2025-48-scaled.jpg 2560w\" data-sizes=\"auto\" data-orig-sizes=\"(min-width: 2200px) 100vw, (min-width: 824px) 387px, (min-width: 732px) 580px, (min-width: 640px) 732px, \" \/><\/a><\/div><\/div><div class=\"clearfix\"><\/div><div style=\"padding:5px;\" class=\"fusion-grid-column fusion-gallery-column fusion-gallery-column-3 hover-type-none\"><div class=\"fusion-gallery-image\"><a href=\"https:\/\/www.kongres-estetickej-mediciny.sk\/wp-content\/uploads\/2025\/10\/kongres2025-49-scaled.jpg\" rel=\"noreferrer\" data-rel=\"iLightbox[gallery_image_1]\" class=\"fusion-lightbox\" target=\"_self\"><img decoding=\"async\" src=\"https:\/\/www.kongres-estetickej-mediciny.sk\/wp-content\/uploads\/2025\/10\/kongres2025-49-scaled.jpg\" data-orig-src=\"https:\/\/www.kongres-estetickej-mediciny.sk\/wp-content\/uploads\/2025\/10\/kongres2025-49-scaled.jpg\" width=\"2560\" height=\"1440\" alt=\"\" title=\"kongres2025-49\" aria-label=\"kongres2025-49\" class=\"lazyload img-responsive wp-image-5902\" srcset=\"data:image\/svg+xml,%3Csvg%20xmlns%3D%27http%3A%2F%2Fwww.w3.org%2F2000%2Fsvg%27%20width%3D%272560%27%20height%3D%271440%27%20viewBox%3D%270%200%202560%201440%27%3E%3Crect%20width%3D%272560%27%20height%3D%271440%27%20fill-opacity%3D%220%22%2F%3E%3C%2Fsvg%3E\" data-srcset=\"https:\/\/www.kongres-estetickej-mediciny.sk\/wp-content\/uploads\/2025\/10\/kongres2025-49-200x112.jpg 200w, https:\/\/www.kongres-estetickej-mediciny.sk\/wp-content\/uploads\/2025\/10\/kongres2025-49-400x225.jpg 400w, https:\/\/www.kongres-estetickej-mediciny.sk\/wp-content\/uploads\/2025\/10\/kongres2025-49-600x337.jpg 600w, https:\/\/www.kongres-estetickej-mediciny.sk\/wp-content\/uploads\/2025\/10\/kongres2025-49-800x450.jpg 800w, https:\/\/www.kongres-estetickej-mediciny.sk\/wp-content\/uploads\/2025\/10\/kongres2025-49-1200x675.jpg 1200w, https:\/\/www.kongres-estetickej-mediciny.sk\/wp-content\/uploads\/2025\/10\/kongres2025-49-scaled.jpg 2560w\" data-sizes=\"auto\" data-orig-sizes=\"(min-width: 2200px) 100vw, (min-width: 824px) 387px, (min-width: 732px) 580px, (min-width: 640px) 732px, \" \/><\/a><\/div><\/div><div style=\"padding:5px;\" class=\"fusion-grid-column fusion-gallery-column fusion-gallery-column-3 hover-type-none\"><div class=\"fusion-gallery-image\"><a href=\"https:\/\/www.kongres-estetickej-mediciny.sk\/wp-content\/uploads\/2025\/10\/kongres2025-51-scaled.jpg\" rel=\"noreferrer\" data-rel=\"iLightbox[gallery_image_1]\" class=\"fusion-lightbox\" target=\"_self\"><img decoding=\"async\" src=\"https:\/\/www.kongres-estetickej-mediciny.sk\/wp-content\/uploads\/2025\/10\/kongres2025-51-scaled.jpg\" data-orig-src=\"https:\/\/www.kongres-estetickej-mediciny.sk\/wp-content\/uploads\/2025\/10\/kongres2025-51-scaled.jpg\" width=\"2560\" height=\"1440\" alt=\"\" title=\"kongres2025-51\" aria-label=\"kongres2025-51\" class=\"lazyload img-responsive wp-image-5903\" srcset=\"data:image\/svg+xml,%3Csvg%20xmlns%3D%27http%3A%2F%2Fwww.w3.org%2F2000%2Fsvg%27%20width%3D%272560%27%20height%3D%271440%27%20viewBox%3D%270%200%202560%201440%27%3E%3Crect%20width%3D%272560%27%20height%3D%271440%27%20fill-opacity%3D%220%22%2F%3E%3C%2Fsvg%3E\" data-srcset=\"https:\/\/www.kongres-estetickej-mediciny.sk\/wp-content\/uploads\/2025\/10\/kongres2025-51-200x112.jpg 200w, https:\/\/www.kongres-estetickej-mediciny.sk\/wp-content\/uploads\/2025\/10\/kongres2025-51-400x225.jpg 400w, https:\/\/www.kongres-estetickej-mediciny.sk\/wp-content\/uploads\/2025\/10\/kongres2025-51-600x337.jpg 600w, https:\/\/www.kongres-estetickej-mediciny.sk\/wp-content\/uploads\/2025\/10\/kongres2025-51-800x450.jpg 800w, https:\/\/www.kongres-estetickej-mediciny.sk\/wp-content\/uploads\/2025\/10\/kongres2025-51-1200x675.jpg 1200w, https:\/\/www.kongres-estetickej-mediciny.sk\/wp-content\/uploads\/2025\/10\/kongres2025-51-scaled.jpg 2560w\" data-sizes=\"auto\" data-orig-sizes=\"(min-width: 2200px) 100vw, (min-width: 824px) 387px, (min-width: 732px) 580px, (min-width: 640px) 732px, \" \/><\/a><\/div><\/div><div style=\"padding:5px;\" class=\"fusion-grid-column fusion-gallery-column fusion-gallery-column-3 hover-type-none\"><div class=\"fusion-gallery-image\"><a href=\"https:\/\/www.kongres-estetickej-mediciny.sk\/wp-content\/uploads\/2025\/10\/kongres2025-52-scaled.jpg\" rel=\"noreferrer\" data-rel=\"iLightbox[gallery_image_1]\" class=\"fusion-lightbox\" target=\"_self\"><img decoding=\"async\" src=\"https:\/\/www.kongres-estetickej-mediciny.sk\/wp-content\/uploads\/2025\/10\/kongres2025-52-scaled.jpg\" data-orig-src=\"https:\/\/www.kongres-estetickej-mediciny.sk\/wp-content\/uploads\/2025\/10\/kongres2025-52-scaled.jpg\" width=\"2560\" height=\"1440\" alt=\"\" title=\"kongres2025-52\" aria-label=\"kongres2025-52\" class=\"lazyload img-responsive wp-image-5904\" srcset=\"data:image\/svg+xml,%3Csvg%20xmlns%3D%27http%3A%2F%2Fwww.w3.org%2F2000%2Fsvg%27%20width%3D%272560%27%20height%3D%271440%27%20viewBox%3D%270%200%202560%201440%27%3E%3Crect%20width%3D%272560%27%20height%3D%271440%27%20fill-opacity%3D%220%22%2F%3E%3C%2Fsvg%3E\" data-srcset=\"https:\/\/www.kongres-estetickej-mediciny.sk\/wp-content\/uploads\/2025\/10\/kongres2025-52-200x112.jpg 200w, https:\/\/www.kongres-estetickej-mediciny.sk\/wp-content\/uploads\/2025\/10\/kongres2025-52-400x225.jpg 400w, https:\/\/www.kongres-estetickej-mediciny.sk\/wp-content\/uploads\/2025\/10\/kongres2025-52-600x337.jpg 600w, https:\/\/www.kongres-estetickej-mediciny.sk\/wp-content\/uploads\/2025\/10\/kongres2025-52-800x450.jpg 800w, https:\/\/www.kongres-estetickej-mediciny.sk\/wp-content\/uploads\/2025\/10\/kongres2025-52-1200x675.jpg 1200w, https:\/\/www.kongres-estetickej-mediciny.sk\/wp-content\/uploads\/2025\/10\/kongres2025-52-scaled.jpg 2560w\" data-sizes=\"auto\" data-orig-sizes=\"(min-width: 2200px) 100vw, (min-width: 824px) 387px, (min-width: 732px) 580px, (min-width: 640px) 732px, \" \/><\/a><\/div><\/div><div class=\"clearfix\"><\/div><div style=\"padding:5px;\" class=\"fusion-grid-column fusion-gallery-column fusion-gallery-column-3 hover-type-none\"><div class=\"fusion-gallery-image\"><a href=\"https:\/\/www.kongres-estetickej-mediciny.sk\/wp-content\/uploads\/2025\/10\/kongres2025-53-scaled.jpg\" rel=\"noreferrer\" data-rel=\"iLightbox[gallery_image_1]\" class=\"fusion-lightbox\" target=\"_self\"><img decoding=\"async\" src=\"https:\/\/www.kongres-estetickej-mediciny.sk\/wp-content\/uploads\/2025\/10\/kongres2025-53-scaled.jpg\" data-orig-src=\"https:\/\/www.kongres-estetickej-mediciny.sk\/wp-content\/uploads\/2025\/10\/kongres2025-53-scaled.jpg\" width=\"2560\" height=\"1440\" alt=\"\" title=\"kongres2025-53\" aria-label=\"kongres2025-53\" class=\"lazyload img-responsive wp-image-5905\" srcset=\"data:image\/svg+xml,%3Csvg%20xmlns%3D%27http%3A%2F%2Fwww.w3.org%2F2000%2Fsvg%27%20width%3D%272560%27%20height%3D%271440%27%20viewBox%3D%270%200%202560%201440%27%3E%3Crect%20width%3D%272560%27%20height%3D%271440%27%20fill-opacity%3D%220%22%2F%3E%3C%2Fsvg%3E\" data-srcset=\"https:\/\/www.kongres-estetickej-mediciny.sk\/wp-content\/uploads\/2025\/10\/kongres2025-53-200x112.jpg 200w, https:\/\/www.kongres-estetickej-mediciny.sk\/wp-content\/uploads\/2025\/10\/kongres2025-53-400x225.jpg 400w, https:\/\/www.kongres-estetickej-mediciny.sk\/wp-content\/uploads\/2025\/10\/kongres2025-53-600x337.jpg 600w, https:\/\/www.kongres-estetickej-mediciny.sk\/wp-content\/uploads\/2025\/10\/kongres2025-53-800x450.jpg 800w, https:\/\/www.kongres-estetickej-mediciny.sk\/wp-content\/uploads\/2025\/10\/kongres2025-53-1200x675.jpg 1200w, https:\/\/www.kongres-estetickej-mediciny.sk\/wp-content\/uploads\/2025\/10\/kongres2025-53-scaled.jpg 2560w\" data-sizes=\"auto\" data-orig-sizes=\"(min-width: 2200px) 100vw, (min-width: 824px) 387px, (min-width: 732px) 580px, (min-width: 640px) 732px, \" \/><\/a><\/div><\/div><div style=\"padding:5px;\" class=\"fusion-grid-column fusion-gallery-column fusion-gallery-column-3 hover-type-none\"><div class=\"fusion-gallery-image\"><a href=\"https:\/\/www.kongres-estetickej-mediciny.sk\/wp-content\/uploads\/2025\/10\/kongres2025-54-scaled.jpg\" rel=\"noreferrer\" data-rel=\"iLightbox[gallery_image_1]\" class=\"fusion-lightbox\" target=\"_self\"><img decoding=\"async\" src=\"https:\/\/www.kongres-estetickej-mediciny.sk\/wp-content\/uploads\/2025\/10\/kongres2025-54-scaled.jpg\" data-orig-src=\"https:\/\/www.kongres-estetickej-mediciny.sk\/wp-content\/uploads\/2025\/10\/kongres2025-54-scaled.jpg\" width=\"2560\" height=\"1440\" alt=\"\" title=\"kongres2025-54\" aria-label=\"kongres2025-54\" class=\"lazyload img-responsive wp-image-5906\" srcset=\"data:image\/svg+xml,%3Csvg%20xmlns%3D%27http%3A%2F%2Fwww.w3.org%2F2000%2Fsvg%27%20width%3D%272560%27%20height%3D%271440%27%20viewBox%3D%270%200%202560%201440%27%3E%3Crect%20width%3D%272560%27%20height%3D%271440%27%20fill-opacity%3D%220%22%2F%3E%3C%2Fsvg%3E\" data-srcset=\"https:\/\/www.kongres-estetickej-mediciny.sk\/wp-content\/uploads\/2025\/10\/kongres2025-54-200x112.jpg 200w, https:\/\/www.kongres-estetickej-mediciny.sk\/wp-content\/uploads\/2025\/10\/kongres2025-54-400x225.jpg 400w, https:\/\/www.kongres-estetickej-mediciny.sk\/wp-content\/uploads\/2025\/10\/kongres2025-54-600x337.jpg 600w, https:\/\/www.kongres-estetickej-mediciny.sk\/wp-content\/uploads\/2025\/10\/kongres2025-54-800x450.jpg 800w, https:\/\/www.kongres-estetickej-mediciny.sk\/wp-content\/uploads\/2025\/10\/kongres2025-54-1200x675.jpg 1200w, https:\/\/www.kongres-estetickej-mediciny.sk\/wp-content\/uploads\/2025\/10\/kongres2025-54-scaled.jpg 2560w\" data-sizes=\"auto\" data-orig-sizes=\"(min-width: 2200px) 100vw, (min-width: 824px) 387px, (min-width: 732px) 580px, (min-width: 640px) 732px, \" \/><\/a><\/div><\/div><div style=\"padding:5px;\" class=\"fusion-grid-column fusion-gallery-column fusion-gallery-column-3 hover-type-none\"><div class=\"fusion-gallery-image\"><a href=\"https:\/\/www.kongres-estetickej-mediciny.sk\/wp-content\/uploads\/2025\/10\/kongres2025-55-scaled.jpg\" rel=\"noreferrer\" data-rel=\"iLightbox[gallery_image_1]\" class=\"fusion-lightbox\" target=\"_self\"><img decoding=\"async\" src=\"https:\/\/www.kongres-estetickej-mediciny.sk\/wp-content\/uploads\/2025\/10\/kongres2025-55-scaled.jpg\" data-orig-src=\"https:\/\/www.kongres-estetickej-mediciny.sk\/wp-content\/uploads\/2025\/10\/kongres2025-55-scaled.jpg\" width=\"2560\" height=\"1412\" alt=\"\" title=\"kongres2025-55\" aria-label=\"kongres2025-55\" class=\"lazyload img-responsive wp-image-5907\" srcset=\"data:image\/svg+xml,%3Csvg%20xmlns%3D%27http%3A%2F%2Fwww.w3.org%2F2000%2Fsvg%27%20width%3D%272560%27%20height%3D%271412%27%20viewBox%3D%270%200%202560%201412%27%3E%3Crect%20width%3D%272560%27%20height%3D%271412%27%20fill-opacity%3D%220%22%2F%3E%3C%2Fsvg%3E\" data-srcset=\"https:\/\/www.kongres-estetickej-mediciny.sk\/wp-content\/uploads\/2025\/10\/kongres2025-55-200x110.jpg 200w, https:\/\/www.kongres-estetickej-mediciny.sk\/wp-content\/uploads\/2025\/10\/kongres2025-55-400x221.jpg 400w, https:\/\/www.kongres-estetickej-mediciny.sk\/wp-content\/uploads\/2025\/10\/kongres2025-55-600x331.jpg 600w, https:\/\/www.kongres-estetickej-mediciny.sk\/wp-content\/uploads\/2025\/10\/kongres2025-55-800x441.jpg 800w, https:\/\/www.kongres-estetickej-mediciny.sk\/wp-content\/uploads\/2025\/10\/kongres2025-55-1200x662.jpg 1200w, https:\/\/www.kongres-estetickej-mediciny.sk\/wp-content\/uploads\/2025\/10\/kongres2025-55-scaled.jpg 2560w\" data-sizes=\"auto\" data-orig-sizes=\"(min-width: 2200px) 100vw, (min-width: 824px) 387px, (min-width: 732px) 580px, (min-width: 640px) 732px, \" \/><\/a><\/div><\/div><div class=\"clearfix\"><\/div><div style=\"padding:5px;\" class=\"fusion-grid-column fusion-gallery-column fusion-gallery-column-3 hover-type-none\"><div class=\"fusion-gallery-image\"><a href=\"https:\/\/www.kongres-estetickej-mediciny.sk\/wp-content\/uploads\/2025\/10\/kongres2025-56-scaled.jpg\" rel=\"noreferrer\" data-rel=\"iLightbox[gallery_image_1]\" class=\"fusion-lightbox\" target=\"_self\"><img decoding=\"async\" src=\"https:\/\/www.kongres-estetickej-mediciny.sk\/wp-content\/uploads\/2025\/10\/kongres2025-56-scaled.jpg\" data-orig-src=\"https:\/\/www.kongres-estetickej-mediciny.sk\/wp-content\/uploads\/2025\/10\/kongres2025-56-scaled.jpg\" width=\"2560\" height=\"1440\" alt=\"\" title=\"kongres2025-56\" aria-label=\"kongres2025-56\" class=\"lazyload img-responsive wp-image-5908\" srcset=\"data:image\/svg+xml,%3Csvg%20xmlns%3D%27http%3A%2F%2Fwww.w3.org%2F2000%2Fsvg%27%20width%3D%272560%27%20height%3D%271440%27%20viewBox%3D%270%200%202560%201440%27%3E%3Crect%20width%3D%272560%27%20height%3D%271440%27%20fill-opacity%3D%220%22%2F%3E%3C%2Fsvg%3E\" data-srcset=\"https:\/\/www.kongres-estetickej-mediciny.sk\/wp-content\/uploads\/2025\/10\/kongres2025-56-200x112.jpg 200w, https:\/\/www.kongres-estetickej-mediciny.sk\/wp-content\/uploads\/2025\/10\/kongres2025-56-400x225.jpg 400w, https:\/\/www.kongres-estetickej-mediciny.sk\/wp-content\/uploads\/2025\/10\/kongres2025-56-600x337.jpg 600w, https:\/\/www.kongres-estetickej-mediciny.sk\/wp-content\/uploads\/2025\/10\/kongres2025-56-800x450.jpg 800w, https:\/\/www.kongres-estetickej-mediciny.sk\/wp-content\/uploads\/2025\/10\/kongres2025-56-1200x675.jpg 1200w, https:\/\/www.kongres-estetickej-mediciny.sk\/wp-content\/uploads\/2025\/10\/kongres2025-56-scaled.jpg 2560w\" data-sizes=\"auto\" data-orig-sizes=\"(min-width: 2200px) 100vw, (min-width: 824px) 387px, (min-width: 732px) 580px, (min-width: 640px) 732px, \" \/><\/a><\/div><\/div><div style=\"padding:5px;\" class=\"fusion-grid-column fusion-gallery-column fusion-gallery-column-3 hover-type-none\"><div class=\"fusion-gallery-image\"><a href=\"https:\/\/www.kongres-estetickej-mediciny.sk\/wp-content\/uploads\/2025\/10\/kongres2025-57-scaled.jpg\" rel=\"noreferrer\" data-rel=\"iLightbox[gallery_image_1]\" class=\"fusion-lightbox\" target=\"_self\"><img decoding=\"async\" src=\"https:\/\/www.kongres-estetickej-mediciny.sk\/wp-content\/uploads\/2025\/10\/kongres2025-57-scaled.jpg\" data-orig-src=\"https:\/\/www.kongres-estetickej-mediciny.sk\/wp-content\/uploads\/2025\/10\/kongres2025-57-scaled.jpg\" width=\"2560\" height=\"1440\" alt=\"\" title=\"kongres2025-57\" aria-label=\"kongres2025-57\" class=\"lazyload img-responsive wp-image-5909\" srcset=\"data:image\/svg+xml,%3Csvg%20xmlns%3D%27http%3A%2F%2Fwww.w3.org%2F2000%2Fsvg%27%20width%3D%272560%27%20height%3D%271440%27%20viewBox%3D%270%200%202560%201440%27%3E%3Crect%20width%3D%272560%27%20height%3D%271440%27%20fill-opacity%3D%220%22%2F%3E%3C%2Fsvg%3E\" data-srcset=\"https:\/\/www.kongres-estetickej-mediciny.sk\/wp-content\/uploads\/2025\/10\/kongres2025-57-200x112.jpg 200w, https:\/\/www.kongres-estetickej-mediciny.sk\/wp-content\/uploads\/2025\/10\/kongres2025-57-400x225.jpg 400w, https:\/\/www.kongres-estetickej-mediciny.sk\/wp-content\/uploads\/2025\/10\/kongres2025-57-600x337.jpg 600w, https:\/\/www.kongres-estetickej-mediciny.sk\/wp-content\/uploads\/2025\/10\/kongres2025-57-800x450.jpg 800w, https:\/\/www.kongres-estetickej-mediciny.sk\/wp-content\/uploads\/2025\/10\/kongres2025-57-1200x675.jpg 1200w, https:\/\/www.kongres-estetickej-mediciny.sk\/wp-content\/uploads\/2025\/10\/kongres2025-57-scaled.jpg 2560w\" data-sizes=\"auto\" data-orig-sizes=\"(min-width: 2200px) 100vw, (min-width: 824px) 387px, (min-width: 732px) 580px, (min-width: 640px) 732px, \" \/><\/a><\/div><\/div><div style=\"padding:5px;\" class=\"fusion-grid-column fusion-gallery-column fusion-gallery-column-3 hover-type-none\"><div class=\"fusion-gallery-image\"><a href=\"https:\/\/www.kongres-estetickej-mediciny.sk\/wp-content\/uploads\/2025\/10\/kongres2025-58-scaled.jpg\" rel=\"noreferrer\" data-rel=\"iLightbox[gallery_image_1]\" class=\"fusion-lightbox\" target=\"_self\"><img decoding=\"async\" src=\"https:\/\/www.kongres-estetickej-mediciny.sk\/wp-content\/uploads\/2025\/10\/kongres2025-58-scaled.jpg\" data-orig-src=\"https:\/\/www.kongres-estetickej-mediciny.sk\/wp-content\/uploads\/2025\/10\/kongres2025-58-scaled.jpg\" width=\"2560\" height=\"1440\" alt=\"\" title=\"kongres2025-58\" aria-label=\"kongres2025-58\" class=\"lazyload img-responsive wp-image-5910\" srcset=\"data:image\/svg+xml,%3Csvg%20xmlns%3D%27http%3A%2F%2Fwww.w3.org%2F2000%2Fsvg%27%20width%3D%272560%27%20height%3D%271440%27%20viewBox%3D%270%200%202560%201440%27%3E%3Crect%20width%3D%272560%27%20height%3D%271440%27%20fill-opacity%3D%220%22%2F%3E%3C%2Fsvg%3E\" data-srcset=\"https:\/\/www.kongres-estetickej-mediciny.sk\/wp-content\/uploads\/2025\/10\/kongres2025-58-200x112.jpg 200w, https:\/\/www.kongres-estetickej-mediciny.sk\/wp-content\/uploads\/2025\/10\/kongres2025-58-400x225.jpg 400w, https:\/\/www.kongres-estetickej-mediciny.sk\/wp-content\/uploads\/2025\/10\/kongres2025-58-600x337.jpg 600w, https:\/\/www.kongres-estetickej-mediciny.sk\/wp-content\/uploads\/2025\/10\/kongres2025-58-800x450.jpg 800w, https:\/\/www.kongres-estetickej-mediciny.sk\/wp-content\/uploads\/2025\/10\/kongres2025-58-1200x675.jpg 1200w, https:\/\/www.kongres-estetickej-mediciny.sk\/wp-content\/uploads\/2025\/10\/kongres2025-58-scaled.jpg 2560w\" data-sizes=\"auto\" data-orig-sizes=\"(min-width: 2200px) 100vw, (min-width: 824px) 387px, (min-width: 732px) 580px, (min-width: 640px) 732px, \" \/><\/a><\/div><\/div><div class=\"clearfix\"><\/div><div style=\"padding:5px;\" class=\"fusion-grid-column fusion-gallery-column fusion-gallery-column-3 hover-type-none\"><div class=\"fusion-gallery-image\"><a href=\"https:\/\/www.kongres-estetickej-mediciny.sk\/wp-content\/uploads\/2025\/10\/kongres2025-59-scaled.jpg\" rel=\"noreferrer\" data-rel=\"iLightbox[gallery_image_1]\" class=\"fusion-lightbox\" target=\"_self\"><img decoding=\"async\" src=\"https:\/\/www.kongres-estetickej-mediciny.sk\/wp-content\/uploads\/2025\/10\/kongres2025-59-scaled.jpg\" data-orig-src=\"https:\/\/www.kongres-estetickej-mediciny.sk\/wp-content\/uploads\/2025\/10\/kongres2025-59-scaled.jpg\" width=\"2560\" height=\"1440\" alt=\"\" title=\"kongres2025-59\" aria-label=\"kongres2025-59\" class=\"lazyload img-responsive wp-image-5911\" srcset=\"data:image\/svg+xml,%3Csvg%20xmlns%3D%27http%3A%2F%2Fwww.w3.org%2F2000%2Fsvg%27%20width%3D%272560%27%20height%3D%271440%27%20viewBox%3D%270%200%202560%201440%27%3E%3Crect%20width%3D%272560%27%20height%3D%271440%27%20fill-opacity%3D%220%22%2F%3E%3C%2Fsvg%3E\" data-srcset=\"https:\/\/www.kongres-estetickej-mediciny.sk\/wp-content\/uploads\/2025\/10\/kongres2025-59-200x112.jpg 200w, https:\/\/www.kongres-estetickej-mediciny.sk\/wp-content\/uploads\/2025\/10\/kongres2025-59-400x225.jpg 400w, https:\/\/www.kongres-estetickej-mediciny.sk\/wp-content\/uploads\/2025\/10\/kongres2025-59-600x337.jpg 600w, https:\/\/www.kongres-estetickej-mediciny.sk\/wp-content\/uploads\/2025\/10\/kongres2025-59-800x450.jpg 800w, https:\/\/www.kongres-estetickej-mediciny.sk\/wp-content\/uploads\/2025\/10\/kongres2025-59-1200x675.jpg 1200w, https:\/\/www.kongres-estetickej-mediciny.sk\/wp-content\/uploads\/2025\/10\/kongres2025-59-scaled.jpg 2560w\" data-sizes=\"auto\" data-orig-sizes=\"(min-width: 2200px) 100vw, (min-width: 824px) 387px, (min-width: 732px) 580px, (min-width: 640px) 732px, \" \/><\/a><\/div><\/div><div style=\"padding:5px;\" class=\"fusion-grid-column fusion-gallery-column fusion-gallery-column-3 hover-type-none\"><div class=\"fusion-gallery-image\"><a href=\"https:\/\/www.kongres-estetickej-mediciny.sk\/wp-content\/uploads\/2025\/10\/kongres2025-60-scaled.jpg\" rel=\"noreferrer\" data-rel=\"iLightbox[gallery_image_1]\" class=\"fusion-lightbox\" target=\"_self\"><img decoding=\"async\" src=\"https:\/\/www.kongres-estetickej-mediciny.sk\/wp-content\/uploads\/2025\/10\/kongres2025-60-scaled.jpg\" data-orig-src=\"https:\/\/www.kongres-estetickej-mediciny.sk\/wp-content\/uploads\/2025\/10\/kongres2025-60-scaled.jpg\" width=\"2560\" height=\"1440\" alt=\"\" title=\"kongres2025-60\" aria-label=\"kongres2025-60\" class=\"lazyload img-responsive wp-image-5912\" srcset=\"data:image\/svg+xml,%3Csvg%20xmlns%3D%27http%3A%2F%2Fwww.w3.org%2F2000%2Fsvg%27%20width%3D%272560%27%20height%3D%271440%27%20viewBox%3D%270%200%202560%201440%27%3E%3Crect%20width%3D%272560%27%20height%3D%271440%27%20fill-opacity%3D%220%22%2F%3E%3C%2Fsvg%3E\" data-srcset=\"https:\/\/www.kongres-estetickej-mediciny.sk\/wp-content\/uploads\/2025\/10\/kongres2025-60-200x112.jpg 200w, https:\/\/www.kongres-estetickej-mediciny.sk\/wp-content\/uploads\/2025\/10\/kongres2025-60-400x225.jpg 400w, https:\/\/www.kongres-estetickej-mediciny.sk\/wp-content\/uploads\/2025\/10\/kongres2025-60-600x337.jpg 600w, https:\/\/www.kongres-estetickej-mediciny.sk\/wp-content\/uploads\/2025\/10\/kongres2025-60-800x450.jpg 800w, https:\/\/www.kongres-estetickej-mediciny.sk\/wp-content\/uploads\/2025\/10\/kongres2025-60-1200x675.jpg 1200w, https:\/\/www.kongres-estetickej-mediciny.sk\/wp-content\/uploads\/2025\/10\/kongres2025-60-scaled.jpg 2560w\" data-sizes=\"auto\" data-orig-sizes=\"(min-width: 2200px) 100vw, (min-width: 824px) 387px, (min-width: 732px) 580px, (min-width: 640px) 732px, \" \/><\/a><\/div><\/div><div style=\"padding:5px;\" class=\"fusion-grid-column fusion-gallery-column fusion-gallery-column-3 hover-type-none\"><div class=\"fusion-gallery-image\"><a href=\"https:\/\/www.kongres-estetickej-mediciny.sk\/wp-content\/uploads\/2025\/10\/kongres2025-61-scaled.jpg\" rel=\"noreferrer\" data-rel=\"iLightbox[gallery_image_1]\" class=\"fusion-lightbox\" target=\"_self\"><img decoding=\"async\" src=\"https:\/\/www.kongres-estetickej-mediciny.sk\/wp-content\/uploads\/2025\/10\/kongres2025-61-scaled.jpg\" data-orig-src=\"https:\/\/www.kongres-estetickej-mediciny.sk\/wp-content\/uploads\/2025\/10\/kongres2025-61-scaled.jpg\" width=\"2560\" height=\"1440\" alt=\"\" title=\"kongres2025-61\" aria-label=\"kongres2025-61\" class=\"lazyload img-responsive wp-image-5913\" srcset=\"data:image\/svg+xml,%3Csvg%20xmlns%3D%27http%3A%2F%2Fwww.w3.org%2F2000%2Fsvg%27%20width%3D%272560%27%20height%3D%271440%27%20viewBox%3D%270%200%202560%201440%27%3E%3Crect%20width%3D%272560%27%20height%3D%271440%27%20fill-opacity%3D%220%22%2F%3E%3C%2Fsvg%3E\" data-srcset=\"https:\/\/www.kongres-estetickej-mediciny.sk\/wp-content\/uploads\/2025\/10\/kongres2025-61-200x112.jpg 200w, https:\/\/www.kongres-estetickej-mediciny.sk\/wp-content\/uploads\/2025\/10\/kongres2025-61-400x225.jpg 400w, https:\/\/www.kongres-estetickej-mediciny.sk\/wp-content\/uploads\/2025\/10\/kongres2025-61-600x337.jpg 600w, https:\/\/www.kongres-estetickej-mediciny.sk\/wp-content\/uploads\/2025\/10\/kongres2025-61-800x450.jpg 800w, https:\/\/www.kongres-estetickej-mediciny.sk\/wp-content\/uploads\/2025\/10\/kongres2025-61-1200x675.jpg 1200w, https:\/\/www.kongres-estetickej-mediciny.sk\/wp-content\/uploads\/2025\/10\/kongres2025-61-scaled.jpg 2560w\" data-sizes=\"auto\" data-orig-sizes=\"(min-width: 2200px) 100vw, (min-width: 824px) 387px, (min-width: 732px) 580px, (min-width: 640px) 732px, \" \/><\/a><\/div><\/div><div class=\"clearfix\"><\/div><div style=\"padding:5px;\" class=\"fusion-grid-column fusion-gallery-column fusion-gallery-column-3 hover-type-none\"><div class=\"fusion-gallery-image\"><a href=\"https:\/\/www.kongres-estetickej-mediciny.sk\/wp-content\/uploads\/2025\/10\/kongres2025-62-scaled.jpg\" rel=\"noreferrer\" data-rel=\"iLightbox[gallery_image_1]\" class=\"fusion-lightbox\" target=\"_self\"><img decoding=\"async\" src=\"https:\/\/www.kongres-estetickej-mediciny.sk\/wp-content\/uploads\/2025\/10\/kongres2025-62-scaled.jpg\" data-orig-src=\"https:\/\/www.kongres-estetickej-mediciny.sk\/wp-content\/uploads\/2025\/10\/kongres2025-62-scaled.jpg\" width=\"2560\" height=\"1440\" alt=\"\" title=\"kongres2025-62\" aria-label=\"kongres2025-62\" class=\"lazyload img-responsive wp-image-5914\" srcset=\"data:image\/svg+xml,%3Csvg%20xmlns%3D%27http%3A%2F%2Fwww.w3.org%2F2000%2Fsvg%27%20width%3D%272560%27%20height%3D%271440%27%20viewBox%3D%270%200%202560%201440%27%3E%3Crect%20width%3D%272560%27%20height%3D%271440%27%20fill-opacity%3D%220%22%2F%3E%3C%2Fsvg%3E\" data-srcset=\"https:\/\/www.kongres-estetickej-mediciny.sk\/wp-content\/uploads\/2025\/10\/kongres2025-62-200x112.jpg 200w, https:\/\/www.kongres-estetickej-mediciny.sk\/wp-content\/uploads\/2025\/10\/kongres2025-62-400x225.jpg 400w, https:\/\/www.kongres-estetickej-mediciny.sk\/wp-content\/uploads\/2025\/10\/kongres2025-62-600x337.jpg 600w, https:\/\/www.kongres-estetickej-mediciny.sk\/wp-content\/uploads\/2025\/10\/kongres2025-62-800x450.jpg 800w, https:\/\/www.kongres-estetickej-mediciny.sk\/wp-content\/uploads\/2025\/10\/kongres2025-62-1200x675.jpg 1200w, https:\/\/www.kongres-estetickej-mediciny.sk\/wp-content\/uploads\/2025\/10\/kongres2025-62-scaled.jpg 2560w\" data-sizes=\"auto\" data-orig-sizes=\"(min-width: 2200px) 100vw, (min-width: 824px) 387px, (min-width: 732px) 580px, (min-width: 640px) 732px, \" \/><\/a><\/div><\/div><div style=\"padding:5px;\" class=\"fusion-grid-column fusion-gallery-column fusion-gallery-column-3 hover-type-none\"><div class=\"fusion-gallery-image\"><a href=\"https:\/\/www.kongres-estetickej-mediciny.sk\/wp-content\/uploads\/2025\/10\/kongres2025-63-scaled.jpg\" rel=\"noreferrer\" data-rel=\"iLightbox[gallery_image_1]\" class=\"fusion-lightbox\" target=\"_self\"><img decoding=\"async\" src=\"https:\/\/www.kongres-estetickej-mediciny.sk\/wp-content\/uploads\/2025\/10\/kongres2025-63-scaled.jpg\" data-orig-src=\"https:\/\/www.kongres-estetickej-mediciny.sk\/wp-content\/uploads\/2025\/10\/kongres2025-63-scaled.jpg\" width=\"2560\" height=\"1440\" alt=\"\" title=\"kongres2025-63\" aria-label=\"kongres2025-63\" class=\"lazyload img-responsive wp-image-5915\" srcset=\"data:image\/svg+xml,%3Csvg%20xmlns%3D%27http%3A%2F%2Fwww.w3.org%2F2000%2Fsvg%27%20width%3D%272560%27%20height%3D%271440%27%20viewBox%3D%270%200%202560%201440%27%3E%3Crect%20width%3D%272560%27%20height%3D%271440%27%20fill-opacity%3D%220%22%2F%3E%3C%2Fsvg%3E\" data-srcset=\"https:\/\/www.kongres-estetickej-mediciny.sk\/wp-content\/uploads\/2025\/10\/kongres2025-63-200x112.jpg 200w, https:\/\/www.kongres-estetickej-mediciny.sk\/wp-content\/uploads\/2025\/10\/kongres2025-63-400x225.jpg 400w, https:\/\/www.kongres-estetickej-mediciny.sk\/wp-content\/uploads\/2025\/10\/kongres2025-63-600x337.jpg 600w, https:\/\/www.kongres-estetickej-mediciny.sk\/wp-content\/uploads\/2025\/10\/kongres2025-63-800x450.jpg 800w, https:\/\/www.kongres-estetickej-mediciny.sk\/wp-content\/uploads\/2025\/10\/kongres2025-63-1200x675.jpg 1200w, https:\/\/www.kongres-estetickej-mediciny.sk\/wp-content\/uploads\/2025\/10\/kongres2025-63-scaled.jpg 2560w\" data-sizes=\"auto\" data-orig-sizes=\"(min-width: 2200px) 100vw, (min-width: 824px) 387px, (min-width: 732px) 580px, (min-width: 640px) 732px, \" \/><\/a><\/div><\/div><div style=\"padding:5px;\" class=\"fusion-grid-column fusion-gallery-column fusion-gallery-column-3 hover-type-none\"><div class=\"fusion-gallery-image\"><a href=\"https:\/\/www.kongres-estetickej-mediciny.sk\/wp-content\/uploads\/2025\/10\/kongres2025-64-scaled.jpg\" rel=\"noreferrer\" data-rel=\"iLightbox[gallery_image_1]\" class=\"fusion-lightbox\" target=\"_self\"><img decoding=\"async\" src=\"https:\/\/www.kongres-estetickej-mediciny.sk\/wp-content\/uploads\/2025\/10\/kongres2025-64-scaled.jpg\" data-orig-src=\"https:\/\/www.kongres-estetickej-mediciny.sk\/wp-content\/uploads\/2025\/10\/kongres2025-64-scaled.jpg\" width=\"2560\" height=\"1440\" alt=\"\" title=\"kongres2025-64\" aria-label=\"kongres2025-64\" class=\"lazyload img-responsive wp-image-5916\" srcset=\"data:image\/svg+xml,%3Csvg%20xmlns%3D%27http%3A%2F%2Fwww.w3.org%2F2000%2Fsvg%27%20width%3D%272560%27%20height%3D%271440%27%20viewBox%3D%270%200%202560%201440%27%3E%3Crect%20width%3D%272560%27%20height%3D%271440%27%20fill-opacity%3D%220%22%2F%3E%3C%2Fsvg%3E\" data-srcset=\"https:\/\/www.kongres-estetickej-mediciny.sk\/wp-content\/uploads\/2025\/10\/kongres2025-64-200x112.jpg 200w, https:\/\/www.kongres-estetickej-mediciny.sk\/wp-content\/uploads\/2025\/10\/kongres2025-64-400x225.jpg 400w, https:\/\/www.kongres-estetickej-mediciny.sk\/wp-content\/uploads\/2025\/10\/kongres2025-64-600x337.jpg 600w, https:\/\/www.kongres-estetickej-mediciny.sk\/wp-content\/uploads\/2025\/10\/kongres2025-64-800x450.jpg 800w, https:\/\/www.kongres-estetickej-mediciny.sk\/wp-content\/uploads\/2025\/10\/kongres2025-64-1200x675.jpg 1200w, https:\/\/www.kongres-estetickej-mediciny.sk\/wp-content\/uploads\/2025\/10\/kongres2025-64-scaled.jpg 2560w\" data-sizes=\"auto\" data-orig-sizes=\"(min-width: 2200px) 100vw, (min-width: 824px) 387px, (min-width: 732px) 580px, (min-width: 640px) 732px, \" \/><\/a><\/div><\/div><div class=\"clearfix\"><\/div><div style=\"padding:5px;\" class=\"fusion-grid-column fusion-gallery-column fusion-gallery-column-3 hover-type-none\"><div class=\"fusion-gallery-image\"><a href=\"https:\/\/www.kongres-estetickej-mediciny.sk\/wp-content\/uploads\/2025\/10\/kongres2025-66-scaled.jpg\" rel=\"noreferrer\" data-rel=\"iLightbox[gallery_image_1]\" class=\"fusion-lightbox\" target=\"_self\"><img decoding=\"async\" src=\"https:\/\/www.kongres-estetickej-mediciny.sk\/wp-content\/uploads\/2025\/10\/kongres2025-66-scaled.jpg\" data-orig-src=\"https:\/\/www.kongres-estetickej-mediciny.sk\/wp-content\/uploads\/2025\/10\/kongres2025-66-scaled.jpg\" width=\"2560\" height=\"1440\" alt=\"\" title=\"kongres2025-66\" aria-label=\"kongres2025-66\" class=\"lazyload img-responsive wp-image-5918\" srcset=\"data:image\/svg+xml,%3Csvg%20xmlns%3D%27http%3A%2F%2Fwww.w3.org%2F2000%2Fsvg%27%20width%3D%272560%27%20height%3D%271440%27%20viewBox%3D%270%200%202560%201440%27%3E%3Crect%20width%3D%272560%27%20height%3D%271440%27%20fill-opacity%3D%220%22%2F%3E%3C%2Fsvg%3E\" data-srcset=\"https:\/\/www.kongres-estetickej-mediciny.sk\/wp-content\/uploads\/2025\/10\/kongres2025-66-200x112.jpg 200w, https:\/\/www.kongres-estetickej-mediciny.sk\/wp-content\/uploads\/2025\/10\/kongres2025-66-400x225.jpg 400w, https:\/\/www.kongres-estetickej-mediciny.sk\/wp-content\/uploads\/2025\/10\/kongres2025-66-600x337.jpg 600w, https:\/\/www.kongres-estetickej-mediciny.sk\/wp-content\/uploads\/2025\/10\/kongres2025-66-800x450.jpg 800w, https:\/\/www.kongres-estetickej-mediciny.sk\/wp-content\/uploads\/2025\/10\/kongres2025-66-1200x675.jpg 1200w, https:\/\/www.kongres-estetickej-mediciny.sk\/wp-content\/uploads\/2025\/10\/kongres2025-66-scaled.jpg 2560w\" data-sizes=\"auto\" data-orig-sizes=\"(min-width: 2200px) 100vw, (min-width: 824px) 387px, (min-width: 732px) 580px, (min-width: 640px) 732px, \" \/><\/a><\/div><\/div><div style=\"padding:5px;\" class=\"fusion-grid-column fusion-gallery-column fusion-gallery-column-3 hover-type-none\"><div class=\"fusion-gallery-image\"><a href=\"https:\/\/www.kongres-estetickej-mediciny.sk\/wp-content\/uploads\/2025\/10\/kongres2025-67-scaled.jpg\" rel=\"noreferrer\" data-rel=\"iLightbox[gallery_image_1]\" class=\"fusion-lightbox\" target=\"_self\"><img decoding=\"async\" src=\"https:\/\/www.kongres-estetickej-mediciny.sk\/wp-content\/uploads\/2025\/10\/kongres2025-67-scaled.jpg\" data-orig-src=\"https:\/\/www.kongres-estetickej-mediciny.sk\/wp-content\/uploads\/2025\/10\/kongres2025-67-scaled.jpg\" width=\"2560\" height=\"1440\" alt=\"\" title=\"kongres2025-67\" aria-label=\"kongres2025-67\" class=\"lazyload img-responsive wp-image-5919\" srcset=\"data:image\/svg+xml,%3Csvg%20xmlns%3D%27http%3A%2F%2Fwww.w3.org%2F2000%2Fsvg%27%20width%3D%272560%27%20height%3D%271440%27%20viewBox%3D%270%200%202560%201440%27%3E%3Crect%20width%3D%272560%27%20height%3D%271440%27%20fill-opacity%3D%220%22%2F%3E%3C%2Fsvg%3E\" data-srcset=\"https:\/\/www.kongres-estetickej-mediciny.sk\/wp-content\/uploads\/2025\/10\/kongres2025-67-200x112.jpg 200w, https:\/\/www.kongres-estetickej-mediciny.sk\/wp-content\/uploads\/2025\/10\/kongres2025-67-400x225.jpg 400w, https:\/\/www.kongres-estetickej-mediciny.sk\/wp-content\/uploads\/2025\/10\/kongres2025-67-600x337.jpg 600w, https:\/\/www.kongres-estetickej-mediciny.sk\/wp-content\/uploads\/2025\/10\/kongres2025-67-800x450.jpg 800w, https:\/\/www.kongres-estetickej-mediciny.sk\/wp-content\/uploads\/2025\/10\/kongres2025-67-1200x675.jpg 1200w, https:\/\/www.kongres-estetickej-mediciny.sk\/wp-content\/uploads\/2025\/10\/kongres2025-67-scaled.jpg 2560w\" data-sizes=\"auto\" data-orig-sizes=\"(min-width: 2200px) 100vw, (min-width: 824px) 387px, (min-width: 732px) 580px, (min-width: 640px) 732px, \" \/><\/a><\/div><\/div><div style=\"padding:5px;\" class=\"fusion-grid-column fusion-gallery-column fusion-gallery-column-3 hover-type-none\"><div class=\"fusion-gallery-image\"><a href=\"https:\/\/www.kongres-estetickej-mediciny.sk\/wp-content\/uploads\/2025\/10\/kongres2025-68-scaled.jpg\" rel=\"noreferrer\" data-rel=\"iLightbox[gallery_image_1]\" class=\"fusion-lightbox\" target=\"_self\"><img decoding=\"async\" src=\"https:\/\/www.kongres-estetickej-mediciny.sk\/wp-content\/uploads\/2025\/10\/kongres2025-68-scaled.jpg\" data-orig-src=\"https:\/\/www.kongres-estetickej-mediciny.sk\/wp-content\/uploads\/2025\/10\/kongres2025-68-scaled.jpg\" width=\"2560\" height=\"1439\" alt=\"\" title=\"kongres2025-68\" aria-label=\"kongres2025-68\" class=\"lazyload img-responsive wp-image-5920\" srcset=\"data:image\/svg+xml,%3Csvg%20xmlns%3D%27http%3A%2F%2Fwww.w3.org%2F2000%2Fsvg%27%20width%3D%272560%27%20height%3D%271439%27%20viewBox%3D%270%200%202560%201439%27%3E%3Crect%20width%3D%272560%27%20height%3D%271439%27%20fill-opacity%3D%220%22%2F%3E%3C%2Fsvg%3E\" data-srcset=\"https:\/\/www.kongres-estetickej-mediciny.sk\/wp-content\/uploads\/2025\/10\/kongres2025-68-200x112.jpg 200w, https:\/\/www.kongres-estetickej-mediciny.sk\/wp-content\/uploads\/2025\/10\/kongres2025-68-400x225.jpg 400w, https:\/\/www.kongres-estetickej-mediciny.sk\/wp-content\/uploads\/2025\/10\/kongres2025-68-600x337.jpg 600w, https:\/\/www.kongres-estetickej-mediciny.sk\/wp-content\/uploads\/2025\/10\/kongres2025-68-800x450.jpg 800w, https:\/\/www.kongres-estetickej-mediciny.sk\/wp-content\/uploads\/2025\/10\/kongres2025-68-1200x675.jpg 1200w, https:\/\/www.kongres-estetickej-mediciny.sk\/wp-content\/uploads\/2025\/10\/kongres2025-68-scaled.jpg 2560w\" data-sizes=\"auto\" data-orig-sizes=\"(min-width: 2200px) 100vw, (min-width: 824px) 387px, (min-width: 732px) 580px, (min-width: 640px) 732px, \" \/><\/a><\/div><\/div><div class=\"clearfix\"><\/div><div style=\"padding:5px;\" class=\"fusion-grid-column fusion-gallery-column fusion-gallery-column-3 hover-type-none\"><div class=\"fusion-gallery-image\"><a href=\"https:\/\/www.kongres-estetickej-mediciny.sk\/wp-content\/uploads\/2025\/10\/kongres2025-69-scaled.jpg\" rel=\"noreferrer\" data-rel=\"iLightbox[gallery_image_1]\" class=\"fusion-lightbox\" target=\"_self\"><img decoding=\"async\" src=\"https:\/\/www.kongres-estetickej-mediciny.sk\/wp-content\/uploads\/2025\/10\/kongres2025-69-scaled.jpg\" data-orig-src=\"https:\/\/www.kongres-estetickej-mediciny.sk\/wp-content\/uploads\/2025\/10\/kongres2025-69-scaled.jpg\" width=\"2560\" height=\"1440\" alt=\"\" title=\"kongres2025-69\" aria-label=\"kongres2025-69\" class=\"lazyload img-responsive wp-image-5921\" srcset=\"data:image\/svg+xml,%3Csvg%20xmlns%3D%27http%3A%2F%2Fwww.w3.org%2F2000%2Fsvg%27%20width%3D%272560%27%20height%3D%271440%27%20viewBox%3D%270%200%202560%201440%27%3E%3Crect%20width%3D%272560%27%20height%3D%271440%27%20fill-opacity%3D%220%22%2F%3E%3C%2Fsvg%3E\" data-srcset=\"https:\/\/www.kongres-estetickej-mediciny.sk\/wp-content\/uploads\/2025\/10\/kongres2025-69-200x112.jpg 200w, https:\/\/www.kongres-estetickej-mediciny.sk\/wp-content\/uploads\/2025\/10\/kongres2025-69-400x225.jpg 400w, https:\/\/www.kongres-estetickej-mediciny.sk\/wp-content\/uploads\/2025\/10\/kongres2025-69-600x337.jpg 600w, https:\/\/www.kongres-estetickej-mediciny.sk\/wp-content\/uploads\/2025\/10\/kongres2025-69-800x450.jpg 800w, https:\/\/www.kongres-estetickej-mediciny.sk\/wp-content\/uploads\/2025\/10\/kongres2025-69-1200x675.jpg 1200w, https:\/\/www.kongres-estetickej-mediciny.sk\/wp-content\/uploads\/2025\/10\/kongres2025-69-scaled.jpg 2560w\" data-sizes=\"auto\" data-orig-sizes=\"(min-width: 2200px) 100vw, (min-width: 824px) 387px, (min-width: 732px) 580px, (min-width: 640px) 732px, \" \/><\/a><\/div><\/div><div style=\"padding:5px;\" class=\"fusion-grid-column fusion-gallery-column fusion-gallery-column-3 hover-type-none\"><div class=\"fusion-gallery-image\"><a href=\"https:\/\/www.kongres-estetickej-mediciny.sk\/wp-content\/uploads\/2025\/10\/kongres2025-70-scaled.jpg\" rel=\"noreferrer\" data-rel=\"iLightbox[gallery_image_1]\" class=\"fusion-lightbox\" target=\"_self\"><img decoding=\"async\" src=\"https:\/\/www.kongres-estetickej-mediciny.sk\/wp-content\/uploads\/2025\/10\/kongres2025-70-scaled.jpg\" data-orig-src=\"https:\/\/www.kongres-estetickej-mediciny.sk\/wp-content\/uploads\/2025\/10\/kongres2025-70-scaled.jpg\" width=\"2560\" height=\"1440\" alt=\"\" title=\"kongres2025-70\" aria-label=\"kongres2025-70\" class=\"lazyload img-responsive wp-image-5922\" srcset=\"data:image\/svg+xml,%3Csvg%20xmlns%3D%27http%3A%2F%2Fwww.w3.org%2F2000%2Fsvg%27%20width%3D%272560%27%20height%3D%271440%27%20viewBox%3D%270%200%202560%201440%27%3E%3Crect%20width%3D%272560%27%20height%3D%271440%27%20fill-opacity%3D%220%22%2F%3E%3C%2Fsvg%3E\" data-srcset=\"https:\/\/www.kongres-estetickej-mediciny.sk\/wp-content\/uploads\/2025\/10\/kongres2025-70-200x112.jpg 200w, https:\/\/www.kongres-estetickej-mediciny.sk\/wp-content\/uploads\/2025\/10\/kongres2025-70-400x225.jpg 400w, https:\/\/www.kongres-estetickej-mediciny.sk\/wp-content\/uploads\/2025\/10\/kongres2025-70-600x337.jpg 600w, https:\/\/www.kongres-estetickej-mediciny.sk\/wp-content\/uploads\/2025\/10\/kongres2025-70-800x450.jpg 800w, https:\/\/www.kongres-estetickej-mediciny.sk\/wp-content\/uploads\/2025\/10\/kongres2025-70-1200x675.jpg 1200w, https:\/\/www.kongres-estetickej-mediciny.sk\/wp-content\/uploads\/2025\/10\/kongres2025-70-scaled.jpg 2560w\" data-sizes=\"auto\" data-orig-sizes=\"(min-width: 2200px) 100vw, (min-width: 824px) 387px, (min-width: 732px) 580px, (min-width: 640px) 732px, \" \/><\/a><\/div><\/div><div style=\"padding:5px;\" class=\"fusion-grid-column fusion-gallery-column fusion-gallery-column-3 hover-type-none\"><div class=\"fusion-gallery-image\"><a href=\"https:\/\/www.kongres-estetickej-mediciny.sk\/wp-content\/uploads\/2025\/10\/kongres2025-71-scaled.jpg\" rel=\"noreferrer\" data-rel=\"iLightbox[gallery_image_1]\" class=\"fusion-lightbox\" target=\"_self\"><img decoding=\"async\" src=\"https:\/\/www.kongres-estetickej-mediciny.sk\/wp-content\/uploads\/2025\/10\/kongres2025-71-scaled.jpg\" data-orig-src=\"https:\/\/www.kongres-estetickej-mediciny.sk\/wp-content\/uploads\/2025\/10\/kongres2025-71-scaled.jpg\" width=\"2560\" height=\"1440\" alt=\"\" title=\"kongres2025-71\" aria-label=\"kongres2025-71\" class=\"lazyload img-responsive wp-image-5923\" srcset=\"data:image\/svg+xml,%3Csvg%20xmlns%3D%27http%3A%2F%2Fwww.w3.org%2F2000%2Fsvg%27%20width%3D%272560%27%20height%3D%271440%27%20viewBox%3D%270%200%202560%201440%27%3E%3Crect%20width%3D%272560%27%20height%3D%271440%27%20fill-opacity%3D%220%22%2F%3E%3C%2Fsvg%3E\" data-srcset=\"https:\/\/www.kongres-estetickej-mediciny.sk\/wp-content\/uploads\/2025\/10\/kongres2025-71-200x112.jpg 200w, https:\/\/www.kongres-estetickej-mediciny.sk\/wp-content\/uploads\/2025\/10\/kongres2025-71-400x225.jpg 400w, https:\/\/www.kongres-estetickej-mediciny.sk\/wp-content\/uploads\/2025\/10\/kongres2025-71-600x337.jpg 600w, https:\/\/www.kongres-estetickej-mediciny.sk\/wp-content\/uploads\/2025\/10\/kongres2025-71-800x450.jpg 800w, https:\/\/www.kongres-estetickej-mediciny.sk\/wp-content\/uploads\/2025\/10\/kongres2025-71-1200x675.jpg 1200w, https:\/\/www.kongres-estetickej-mediciny.sk\/wp-content\/uploads\/2025\/10\/kongres2025-71-scaled.jpg 2560w\" data-sizes=\"auto\" data-orig-sizes=\"(min-width: 2200px) 100vw, (min-width: 824px) 387px, (min-width: 732px) 580px, (min-width: 640px) 732px, \" \/><\/a><\/div><\/div><div class=\"clearfix\"><\/div><div style=\"padding:5px;\" class=\"fusion-grid-column fusion-gallery-column fusion-gallery-column-3 hover-type-none\"><div class=\"fusion-gallery-image\"><a href=\"https:\/\/www.kongres-estetickej-mediciny.sk\/wp-content\/uploads\/2025\/10\/kongres2025-72-scaled.jpg\" rel=\"noreferrer\" data-rel=\"iLightbox[gallery_image_1]\" class=\"fusion-lightbox\" target=\"_self\"><img decoding=\"async\" src=\"https:\/\/www.kongres-estetickej-mediciny.sk\/wp-content\/uploads\/2025\/10\/kongres2025-72-scaled.jpg\" data-orig-src=\"https:\/\/www.kongres-estetickej-mediciny.sk\/wp-content\/uploads\/2025\/10\/kongres2025-72-scaled.jpg\" width=\"2560\" height=\"1440\" alt=\"\" title=\"kongres2025-72\" aria-label=\"kongres2025-72\" class=\"lazyload img-responsive wp-image-5924\" srcset=\"data:image\/svg+xml,%3Csvg%20xmlns%3D%27http%3A%2F%2Fwww.w3.org%2F2000%2Fsvg%27%20width%3D%272560%27%20height%3D%271440%27%20viewBox%3D%270%200%202560%201440%27%3E%3Crect%20width%3D%272560%27%20height%3D%271440%27%20fill-opacity%3D%220%22%2F%3E%3C%2Fsvg%3E\" data-srcset=\"https:\/\/www.kongres-estetickej-mediciny.sk\/wp-content\/uploads\/2025\/10\/kongres2025-72-200x112.jpg 200w, https:\/\/www.kongres-estetickej-mediciny.sk\/wp-content\/uploads\/2025\/10\/kongres2025-72-400x225.jpg 400w, https:\/\/www.kongres-estetickej-mediciny.sk\/wp-content\/uploads\/2025\/10\/kongres2025-72-600x337.jpg 600w, https:\/\/www.kongres-estetickej-mediciny.sk\/wp-content\/uploads\/2025\/10\/kongres2025-72-800x450.jpg 800w, https:\/\/www.kongres-estetickej-mediciny.sk\/wp-content\/uploads\/2025\/10\/kongres2025-72-1200x675.jpg 1200w, https:\/\/www.kongres-estetickej-mediciny.sk\/wp-content\/uploads\/2025\/10\/kongres2025-72-scaled.jpg 2560w\" data-sizes=\"auto\" data-orig-sizes=\"(min-width: 2200px) 100vw, (min-width: 824px) 387px, (min-width: 732px) 580px, (min-width: 640px) 732px, \" \/><\/a><\/div><\/div><div style=\"padding:5px;\" class=\"fusion-grid-column fusion-gallery-column fusion-gallery-column-3 hover-type-none\"><div class=\"fusion-gallery-image\"><a href=\"https:\/\/www.kongres-estetickej-mediciny.sk\/wp-content\/uploads\/2025\/10\/kongres2025-73-scaled.jpg\" rel=\"noreferrer\" data-rel=\"iLightbox[gallery_image_1]\" class=\"fusion-lightbox\" target=\"_self\"><img decoding=\"async\" src=\"https:\/\/www.kongres-estetickej-mediciny.sk\/wp-content\/uploads\/2025\/10\/kongres2025-73-scaled.jpg\" data-orig-src=\"https:\/\/www.kongres-estetickej-mediciny.sk\/wp-content\/uploads\/2025\/10\/kongres2025-73-scaled.jpg\" width=\"2560\" height=\"1440\" alt=\"\" title=\"kongres2025-73\" aria-label=\"kongres2025-73\" class=\"lazyload img-responsive wp-image-5925\" srcset=\"data:image\/svg+xml,%3Csvg%20xmlns%3D%27http%3A%2F%2Fwww.w3.org%2F2000%2Fsvg%27%20width%3D%272560%27%20height%3D%271440%27%20viewBox%3D%270%200%202560%201440%27%3E%3Crect%20width%3D%272560%27%20height%3D%271440%27%20fill-opacity%3D%220%22%2F%3E%3C%2Fsvg%3E\" data-srcset=\"https:\/\/www.kongres-estetickej-mediciny.sk\/wp-content\/uploads\/2025\/10\/kongres2025-73-200x112.jpg 200w, https:\/\/www.kongres-estetickej-mediciny.sk\/wp-content\/uploads\/2025\/10\/kongres2025-73-400x225.jpg 400w, https:\/\/www.kongres-estetickej-mediciny.sk\/wp-content\/uploads\/2025\/10\/kongres2025-73-600x337.jpg 600w, https:\/\/www.kongres-estetickej-mediciny.sk\/wp-content\/uploads\/2025\/10\/kongres2025-73-800x450.jpg 800w, https:\/\/www.kongres-estetickej-mediciny.sk\/wp-content\/uploads\/2025\/10\/kongres2025-73-1200x675.jpg 1200w, https:\/\/www.kongres-estetickej-mediciny.sk\/wp-content\/uploads\/2025\/10\/kongres2025-73-scaled.jpg 2560w\" data-sizes=\"auto\" data-orig-sizes=\"(min-width: 2200px) 100vw, (min-width: 824px) 387px, (min-width: 732px) 580px, (min-width: 640px) 732px, \" \/><\/a><\/div><\/div><div style=\"padding:5px;\" class=\"fusion-grid-column fusion-gallery-column fusion-gallery-column-3 hover-type-none\"><div class=\"fusion-gallery-image\"><a href=\"https:\/\/www.kongres-estetickej-mediciny.sk\/wp-content\/uploads\/2025\/10\/kongres2025-74-scaled.jpg\" rel=\"noreferrer\" data-rel=\"iLightbox[gallery_image_1]\" class=\"fusion-lightbox\" target=\"_self\"><img decoding=\"async\" src=\"https:\/\/www.kongres-estetickej-mediciny.sk\/wp-content\/uploads\/2025\/10\/kongres2025-74-scaled.jpg\" data-orig-src=\"https:\/\/www.kongres-estetickej-mediciny.sk\/wp-content\/uploads\/2025\/10\/kongres2025-74-scaled.jpg\" width=\"1603\" height=\"2560\" alt=\"\" title=\"kongres2025-74\" aria-label=\"kongres2025-74\" class=\"lazyload img-responsive wp-image-5926\" srcset=\"data:image\/svg+xml,%3Csvg%20xmlns%3D%27http%3A%2F%2Fwww.w3.org%2F2000%2Fsvg%27%20width%3D%271603%27%20height%3D%272560%27%20viewBox%3D%270%200%201603%202560%27%3E%3Crect%20width%3D%271603%27%20height%3D%272560%27%20fill-opacity%3D%220%22%2F%3E%3C%2Fsvg%3E\" data-srcset=\"https:\/\/www.kongres-estetickej-mediciny.sk\/wp-content\/uploads\/2025\/10\/kongres2025-74-200x319.jpg 200w, https:\/\/www.kongres-estetickej-mediciny.sk\/wp-content\/uploads\/2025\/10\/kongres2025-74-400x639.jpg 400w, https:\/\/www.kongres-estetickej-mediciny.sk\/wp-content\/uploads\/2025\/10\/kongres2025-74-600x958.jpg 600w, https:\/\/www.kongres-estetickej-mediciny.sk\/wp-content\/uploads\/2025\/10\/kongres2025-74-800x1277.jpg 800w, https:\/\/www.kongres-estetickej-mediciny.sk\/wp-content\/uploads\/2025\/10\/kongres2025-74-1200x1916.jpg 1200w, https:\/\/www.kongres-estetickej-mediciny.sk\/wp-content\/uploads\/2025\/10\/kongres2025-74-scaled.jpg 1603w\" data-sizes=\"auto\" data-orig-sizes=\"(min-width: 2200px) 100vw, (min-width: 824px) 387px, (min-width: 732px) 580px, (min-width: 640px) 732px, \" \/><\/a><\/div><\/div><div class=\"clearfix\"><\/div><div style=\"padding:5px;\" class=\"fusion-grid-column fusion-gallery-column fusion-gallery-column-3 hover-type-none\"><div class=\"fusion-gallery-image\"><a href=\"https:\/\/www.kongres-estetickej-mediciny.sk\/wp-content\/uploads\/2025\/10\/kongres2025-75-scaled.jpg\" rel=\"noreferrer\" data-rel=\"iLightbox[gallery_image_1]\" class=\"fusion-lightbox\" target=\"_self\"><img decoding=\"async\" src=\"https:\/\/www.kongres-estetickej-mediciny.sk\/wp-content\/uploads\/2025\/10\/kongres2025-75-scaled.jpg\" data-orig-src=\"https:\/\/www.kongres-estetickej-mediciny.sk\/wp-content\/uploads\/2025\/10\/kongres2025-75-scaled.jpg\" width=\"2560\" height=\"1440\" alt=\"\" title=\"kongres2025-75\" aria-label=\"kongres2025-75\" class=\"lazyload img-responsive wp-image-5927\" srcset=\"data:image\/svg+xml,%3Csvg%20xmlns%3D%27http%3A%2F%2Fwww.w3.org%2F2000%2Fsvg%27%20width%3D%272560%27%20height%3D%271440%27%20viewBox%3D%270%200%202560%201440%27%3E%3Crect%20width%3D%272560%27%20height%3D%271440%27%20fill-opacity%3D%220%22%2F%3E%3C%2Fsvg%3E\" data-srcset=\"https:\/\/www.kongres-estetickej-mediciny.sk\/wp-content\/uploads\/2025\/10\/kongres2025-75-200x112.jpg 200w, https:\/\/www.kongres-estetickej-mediciny.sk\/wp-content\/uploads\/2025\/10\/kongres2025-75-400x225.jpg 400w, https:\/\/www.kongres-estetickej-mediciny.sk\/wp-content\/uploads\/2025\/10\/kongres2025-75-600x337.jpg 600w, https:\/\/www.kongres-estetickej-mediciny.sk\/wp-content\/uploads\/2025\/10\/kongres2025-75-800x450.jpg 800w, https:\/\/www.kongres-estetickej-mediciny.sk\/wp-content\/uploads\/2025\/10\/kongres2025-75-1200x675.jpg 1200w, https:\/\/www.kongres-estetickej-mediciny.sk\/wp-content\/uploads\/2025\/10\/kongres2025-75-scaled.jpg 2560w\" data-sizes=\"auto\" data-orig-sizes=\"(min-width: 2200px) 100vw, (min-width: 824px) 387px, (min-width: 732px) 580px, (min-width: 640px) 732px, \" \/><\/a><\/div><\/div><div style=\"padding:5px;\" class=\"fusion-grid-column fusion-gallery-column fusion-gallery-column-3 hover-type-none\"><div class=\"fusion-gallery-image\"><a href=\"https:\/\/www.kongres-estetickej-mediciny.sk\/wp-content\/uploads\/2025\/10\/kongres2025-76-scaled.jpg\" rel=\"noreferrer\" data-rel=\"iLightbox[gallery_image_1]\" class=\"fusion-lightbox\" target=\"_self\"><img decoding=\"async\" src=\"https:\/\/www.kongres-estetickej-mediciny.sk\/wp-content\/uploads\/2025\/10\/kongres2025-76-scaled.jpg\" data-orig-src=\"https:\/\/www.kongres-estetickej-mediciny.sk\/wp-content\/uploads\/2025\/10\/kongres2025-76-scaled.jpg\" width=\"2560\" height=\"1440\" alt=\"\" title=\"kongres2025-76\" aria-label=\"kongres2025-76\" class=\"lazyload img-responsive wp-image-5928\" srcset=\"data:image\/svg+xml,%3Csvg%20xmlns%3D%27http%3A%2F%2Fwww.w3.org%2F2000%2Fsvg%27%20width%3D%272560%27%20height%3D%271440%27%20viewBox%3D%270%200%202560%201440%27%3E%3Crect%20width%3D%272560%27%20height%3D%271440%27%20fill-opacity%3D%220%22%2F%3E%3C%2Fsvg%3E\" data-srcset=\"https:\/\/www.kongres-estetickej-mediciny.sk\/wp-content\/uploads\/2025\/10\/kongres2025-76-200x112.jpg 200w, https:\/\/www.kongres-estetickej-mediciny.sk\/wp-content\/uploads\/2025\/10\/kongres2025-76-400x225.jpg 400w, https:\/\/www.kongres-estetickej-mediciny.sk\/wp-content\/uploads\/2025\/10\/kongres2025-76-600x337.jpg 600w, https:\/\/www.kongres-estetickej-mediciny.sk\/wp-content\/uploads\/2025\/10\/kongres2025-76-800x450.jpg 800w, https:\/\/www.kongres-estetickej-mediciny.sk\/wp-content\/uploads\/2025\/10\/kongres2025-76-1200x675.jpg 1200w, https:\/\/www.kongres-estetickej-mediciny.sk\/wp-content\/uploads\/2025\/10\/kongres2025-76-scaled.jpg 2560w\" data-sizes=\"auto\" data-orig-sizes=\"(min-width: 2200px) 100vw, (min-width: 824px) 387px, (min-width: 732px) 580px, (min-width: 640px) 732px, \" \/><\/a><\/div><\/div><div style=\"padding:5px;\" class=\"fusion-grid-column fusion-gallery-column fusion-gallery-column-3 hover-type-none\"><div class=\"fusion-gallery-image\"><a href=\"https:\/\/www.kongres-estetickej-mediciny.sk\/wp-content\/uploads\/2025\/10\/kongres2025-77-scaled.jpg\" rel=\"noreferrer\" data-rel=\"iLightbox[gallery_image_1]\" class=\"fusion-lightbox\" target=\"_self\"><img decoding=\"async\" src=\"https:\/\/www.kongres-estetickej-mediciny.sk\/wp-content\/uploads\/2025\/10\/kongres2025-77-scaled.jpg\" data-orig-src=\"https:\/\/www.kongres-estetickej-mediciny.sk\/wp-content\/uploads\/2025\/10\/kongres2025-77-scaled.jpg\" width=\"2560\" height=\"1440\" alt=\"\" title=\"kongres2025-77\" aria-label=\"kongres2025-77\" class=\"lazyload img-responsive wp-image-5929\" srcset=\"data:image\/svg+xml,%3Csvg%20xmlns%3D%27http%3A%2F%2Fwww.w3.org%2F2000%2Fsvg%27%20width%3D%272560%27%20height%3D%271440%27%20viewBox%3D%270%200%202560%201440%27%3E%3Crect%20width%3D%272560%27%20height%3D%271440%27%20fill-opacity%3D%220%22%2F%3E%3C%2Fsvg%3E\" data-srcset=\"https:\/\/www.kongres-estetickej-mediciny.sk\/wp-content\/uploads\/2025\/10\/kongres2025-77-200x112.jpg 200w, https:\/\/www.kongres-estetickej-mediciny.sk\/wp-content\/uploads\/2025\/10\/kongres2025-77-400x225.jpg 400w, https:\/\/www.kongres-estetickej-mediciny.sk\/wp-content\/uploads\/2025\/10\/kongres2025-77-600x337.jpg 600w, https:\/\/www.kongres-estetickej-mediciny.sk\/wp-content\/uploads\/2025\/10\/kongres2025-77-800x450.jpg 800w, https:\/\/www.kongres-estetickej-mediciny.sk\/wp-content\/uploads\/2025\/10\/kongres2025-77-1200x675.jpg 1200w, https:\/\/www.kongres-estetickej-mediciny.sk\/wp-content\/uploads\/2025\/10\/kongres2025-77-scaled.jpg 2560w\" data-sizes=\"auto\" data-orig-sizes=\"(min-width: 2200px) 100vw, (min-width: 824px) 387px, (min-width: 732px) 580px, (min-width: 640px) 732px, \" \/><\/a><\/div><\/div><div class=\"clearfix\"><\/div><div style=\"padding:5px;\" class=\"fusion-grid-column fusion-gallery-column fusion-gallery-column-3 hover-type-none\"><div class=\"fusion-gallery-image\"><a href=\"https:\/\/www.kongres-estetickej-mediciny.sk\/wp-content\/uploads\/2025\/10\/kongres2025-78-scaled.jpg\" rel=\"noreferrer\" data-rel=\"iLightbox[gallery_image_1]\" class=\"fusion-lightbox\" target=\"_self\"><img decoding=\"async\" src=\"https:\/\/www.kongres-estetickej-mediciny.sk\/wp-content\/uploads\/2025\/10\/kongres2025-78-scaled.jpg\" data-orig-src=\"https:\/\/www.kongres-estetickej-mediciny.sk\/wp-content\/uploads\/2025\/10\/kongres2025-78-scaled.jpg\" width=\"2560\" height=\"1440\" alt=\"\" title=\"kongres2025-78\" aria-label=\"kongres2025-78\" class=\"lazyload img-responsive wp-image-5930\" srcset=\"data:image\/svg+xml,%3Csvg%20xmlns%3D%27http%3A%2F%2Fwww.w3.org%2F2000%2Fsvg%27%20width%3D%272560%27%20height%3D%271440%27%20viewBox%3D%270%200%202560%201440%27%3E%3Crect%20width%3D%272560%27%20height%3D%271440%27%20fill-opacity%3D%220%22%2F%3E%3C%2Fsvg%3E\" data-srcset=\"https:\/\/www.kongres-estetickej-mediciny.sk\/wp-content\/uploads\/2025\/10\/kongres2025-78-200x112.jpg 200w, https:\/\/www.kongres-estetickej-mediciny.sk\/wp-content\/uploads\/2025\/10\/kongres2025-78-400x225.jpg 400w, https:\/\/www.kongres-estetickej-mediciny.sk\/wp-content\/uploads\/2025\/10\/kongres2025-78-600x337.jpg 600w, https:\/\/www.kongres-estetickej-mediciny.sk\/wp-content\/uploads\/2025\/10\/kongres2025-78-800x450.jpg 800w, https:\/\/www.kongres-estetickej-mediciny.sk\/wp-content\/uploads\/2025\/10\/kongres2025-78-1200x675.jpg 1200w, https:\/\/www.kongres-estetickej-mediciny.sk\/wp-content\/uploads\/2025\/10\/kongres2025-78-scaled.jpg 2560w\" data-sizes=\"auto\" data-orig-sizes=\"(min-width: 2200px) 100vw, (min-width: 824px) 387px, (min-width: 732px) 580px, (min-width: 640px) 732px, \" \/><\/a><\/div><\/div><div style=\"padding:5px;\" class=\"fusion-grid-column fusion-gallery-column fusion-gallery-column-3 hover-type-none\"><div class=\"fusion-gallery-image\"><a href=\"https:\/\/www.kongres-estetickej-mediciny.sk\/wp-content\/uploads\/2025\/10\/kongres2025-79-scaled.jpg\" rel=\"noreferrer\" data-rel=\"iLightbox[gallery_image_1]\" class=\"fusion-lightbox\" target=\"_self\"><img decoding=\"async\" src=\"https:\/\/www.kongres-estetickej-mediciny.sk\/wp-content\/uploads\/2025\/10\/kongres2025-79-scaled.jpg\" data-orig-src=\"https:\/\/www.kongres-estetickej-mediciny.sk\/wp-content\/uploads\/2025\/10\/kongres2025-79-scaled.jpg\" width=\"2560\" height=\"1440\" alt=\"\" title=\"kongres2025-79\" aria-label=\"kongres2025-79\" class=\"lazyload img-responsive wp-image-5931\" srcset=\"data:image\/svg+xml,%3Csvg%20xmlns%3D%27http%3A%2F%2Fwww.w3.org%2F2000%2Fsvg%27%20width%3D%272560%27%20height%3D%271440%27%20viewBox%3D%270%200%202560%201440%27%3E%3Crect%20width%3D%272560%27%20height%3D%271440%27%20fill-opacity%3D%220%22%2F%3E%3C%2Fsvg%3E\" data-srcset=\"https:\/\/www.kongres-estetickej-mediciny.sk\/wp-content\/uploads\/2025\/10\/kongres2025-79-200x112.jpg 200w, https:\/\/www.kongres-estetickej-mediciny.sk\/wp-content\/uploads\/2025\/10\/kongres2025-79-400x225.jpg 400w, https:\/\/www.kongres-estetickej-mediciny.sk\/wp-content\/uploads\/2025\/10\/kongres2025-79-600x337.jpg 600w, https:\/\/www.kongres-estetickej-mediciny.sk\/wp-content\/uploads\/2025\/10\/kongres2025-79-800x450.jpg 800w, https:\/\/www.kongres-estetickej-mediciny.sk\/wp-content\/uploads\/2025\/10\/kongres2025-79-1200x675.jpg 1200w, https:\/\/www.kongres-estetickej-mediciny.sk\/wp-content\/uploads\/2025\/10\/kongres2025-79-scaled.jpg 2560w\" data-sizes=\"auto\" data-orig-sizes=\"(min-width: 2200px) 100vw, (min-width: 824px) 387px, (min-width: 732px) 580px, (min-width: 640px) 732px, \" \/><\/a><\/div><\/div><div style=\"padding:5px;\" class=\"fusion-grid-column fusion-gallery-column fusion-gallery-column-3 hover-type-none\"><div class=\"fusion-gallery-image\"><a href=\"https:\/\/www.kongres-estetickej-mediciny.sk\/wp-content\/uploads\/2025\/10\/kongres2025-80-scaled.jpg\" rel=\"noreferrer\" data-rel=\"iLightbox[gallery_image_1]\" class=\"fusion-lightbox\" target=\"_self\"><img decoding=\"async\" src=\"https:\/\/www.kongres-estetickej-mediciny.sk\/wp-content\/uploads\/2025\/10\/kongres2025-80-scaled.jpg\" data-orig-src=\"https:\/\/www.kongres-estetickej-mediciny.sk\/wp-content\/uploads\/2025\/10\/kongres2025-80-scaled.jpg\" width=\"1548\" height=\"2560\" alt=\"\" title=\"kongres2025-80\" aria-label=\"kongres2025-80\" class=\"lazyload img-responsive wp-image-5932\" srcset=\"data:image\/svg+xml,%3Csvg%20xmlns%3D%27http%3A%2F%2Fwww.w3.org%2F2000%2Fsvg%27%20width%3D%271548%27%20height%3D%272560%27%20viewBox%3D%270%200%201548%202560%27%3E%3Crect%20width%3D%271548%27%20height%3D%272560%27%20fill-opacity%3D%220%22%2F%3E%3C%2Fsvg%3E\" data-srcset=\"https:\/\/www.kongres-estetickej-mediciny.sk\/wp-content\/uploads\/2025\/10\/kongres2025-80-200x331.jpg 200w, https:\/\/www.kongres-estetickej-mediciny.sk\/wp-content\/uploads\/2025\/10\/kongres2025-80-400x662.jpg 400w, https:\/\/www.kongres-estetickej-mediciny.sk\/wp-content\/uploads\/2025\/10\/kongres2025-80-600x992.jpg 600w, https:\/\/www.kongres-estetickej-mediciny.sk\/wp-content\/uploads\/2025\/10\/kongres2025-80-800x1323.jpg 800w, https:\/\/www.kongres-estetickej-mediciny.sk\/wp-content\/uploads\/2025\/10\/kongres2025-80-1200x1985.jpg 1200w, https:\/\/www.kongres-estetickej-mediciny.sk\/wp-content\/uploads\/2025\/10\/kongres2025-80-scaled.jpg 1548w\" data-sizes=\"auto\" data-orig-sizes=\"(min-width: 2200px) 100vw, (min-width: 824px) 387px, (min-width: 732px) 580px, (min-width: 640px) 732px, \" \/><\/a><\/div><\/div><div class=\"clearfix\"><\/div><div style=\"padding:5px;\" class=\"fusion-grid-column fusion-gallery-column fusion-gallery-column-3 hover-type-none\"><div class=\"fusion-gallery-image\"><a href=\"https:\/\/www.kongres-estetickej-mediciny.sk\/wp-content\/uploads\/2025\/10\/kongres2025-81-scaled.jpg\" rel=\"noreferrer\" data-rel=\"iLightbox[gallery_image_1]\" class=\"fusion-lightbox\" target=\"_self\"><img decoding=\"async\" src=\"https:\/\/www.kongres-estetickej-mediciny.sk\/wp-content\/uploads\/2025\/10\/kongres2025-81-scaled.jpg\" data-orig-src=\"https:\/\/www.kongres-estetickej-mediciny.sk\/wp-content\/uploads\/2025\/10\/kongres2025-81-scaled.jpg\" width=\"2560\" height=\"1440\" alt=\"\" title=\"kongres2025-81\" aria-label=\"kongres2025-81\" class=\"lazyload img-responsive wp-image-5933\" srcset=\"data:image\/svg+xml,%3Csvg%20xmlns%3D%27http%3A%2F%2Fwww.w3.org%2F2000%2Fsvg%27%20width%3D%272560%27%20height%3D%271440%27%20viewBox%3D%270%200%202560%201440%27%3E%3Crect%20width%3D%272560%27%20height%3D%271440%27%20fill-opacity%3D%220%22%2F%3E%3C%2Fsvg%3E\" data-srcset=\"https:\/\/www.kongres-estetickej-mediciny.sk\/wp-content\/uploads\/2025\/10\/kongres2025-81-200x112.jpg 200w, https:\/\/www.kongres-estetickej-mediciny.sk\/wp-content\/uploads\/2025\/10\/kongres2025-81-400x225.jpg 400w, https:\/\/www.kongres-estetickej-mediciny.sk\/wp-content\/uploads\/2025\/10\/kongres2025-81-600x337.jpg 600w, https:\/\/www.kongres-estetickej-mediciny.sk\/wp-content\/uploads\/2025\/10\/kongres2025-81-800x450.jpg 800w, https:\/\/www.kongres-estetickej-mediciny.sk\/wp-content\/uploads\/2025\/10\/kongres2025-81-1200x675.jpg 1200w, https:\/\/www.kongres-estetickej-mediciny.sk\/wp-content\/uploads\/2025\/10\/kongres2025-81-scaled.jpg 2560w\" data-sizes=\"auto\" data-orig-sizes=\"(min-width: 2200px) 100vw, (min-width: 824px) 387px, (min-width: 732px) 580px, (min-width: 640px) 732px, \" \/><\/a><\/div><\/div><div style=\"padding:5px;\" class=\"fusion-grid-column fusion-gallery-column fusion-gallery-column-3 hover-type-none\"><div class=\"fusion-gallery-image\"><a href=\"https:\/\/www.kongres-estetickej-mediciny.sk\/wp-content\/uploads\/2025\/10\/kongres2025-82-scaled.jpg\" rel=\"noreferrer\" data-rel=\"iLightbox[gallery_image_1]\" class=\"fusion-lightbox\" target=\"_self\"><img decoding=\"async\" src=\"https:\/\/www.kongres-estetickej-mediciny.sk\/wp-content\/uploads\/2025\/10\/kongres2025-82-scaled.jpg\" data-orig-src=\"https:\/\/www.kongres-estetickej-mediciny.sk\/wp-content\/uploads\/2025\/10\/kongres2025-82-scaled.jpg\" width=\"2560\" height=\"1440\" alt=\"\" title=\"kongres2025-82\" aria-label=\"kongres2025-82\" class=\"lazyload img-responsive wp-image-5934\" srcset=\"data:image\/svg+xml,%3Csvg%20xmlns%3D%27http%3A%2F%2Fwww.w3.org%2F2000%2Fsvg%27%20width%3D%272560%27%20height%3D%271440%27%20viewBox%3D%270%200%202560%201440%27%3E%3Crect%20width%3D%272560%27%20height%3D%271440%27%20fill-opacity%3D%220%22%2F%3E%3C%2Fsvg%3E\" data-srcset=\"https:\/\/www.kongres-estetickej-mediciny.sk\/wp-content\/uploads\/2025\/10\/kongres2025-82-200x112.jpg 200w, https:\/\/www.kongres-estetickej-mediciny.sk\/wp-content\/uploads\/2025\/10\/kongres2025-82-400x225.jpg 400w, https:\/\/www.kongres-estetickej-mediciny.sk\/wp-content\/uploads\/2025\/10\/kongres2025-82-600x337.jpg 600w, https:\/\/www.kongres-estetickej-mediciny.sk\/wp-content\/uploads\/2025\/10\/kongres2025-82-800x450.jpg 800w, https:\/\/www.kongres-estetickej-mediciny.sk\/wp-content\/uploads\/2025\/10\/kongres2025-82-1200x675.jpg 1200w, https:\/\/www.kongres-estetickej-mediciny.sk\/wp-content\/uploads\/2025\/10\/kongres2025-82-scaled.jpg 2560w\" data-sizes=\"auto\" data-orig-sizes=\"(min-width: 2200px) 100vw, (min-width: 824px) 387px, (min-width: 732px) 580px, (min-width: 640px) 732px, \" \/><\/a><\/div><\/div><div style=\"padding:5px;\" class=\"fusion-grid-column fusion-gallery-column fusion-gallery-column-3 hover-type-none\"><div class=\"fusion-gallery-image\"><a href=\"https:\/\/www.kongres-estetickej-mediciny.sk\/wp-content\/uploads\/2025\/10\/kongres2025-83-scaled.jpg\" rel=\"noreferrer\" data-rel=\"iLightbox[gallery_image_1]\" class=\"fusion-lightbox\" target=\"_self\"><img decoding=\"async\" src=\"https:\/\/www.kongres-estetickej-mediciny.sk\/wp-content\/uploads\/2025\/10\/kongres2025-83-scaled.jpg\" data-orig-src=\"https:\/\/www.kongres-estetickej-mediciny.sk\/wp-content\/uploads\/2025\/10\/kongres2025-83-scaled.jpg\" width=\"2560\" height=\"1440\" alt=\"\" title=\"kongres2025-83\" aria-label=\"kongres2025-83\" class=\"lazyload img-responsive wp-image-5935\" srcset=\"data:image\/svg+xml,%3Csvg%20xmlns%3D%27http%3A%2F%2Fwww.w3.org%2F2000%2Fsvg%27%20width%3D%272560%27%20height%3D%271440%27%20viewBox%3D%270%200%202560%201440%27%3E%3Crect%20width%3D%272560%27%20height%3D%271440%27%20fill-opacity%3D%220%22%2F%3E%3C%2Fsvg%3E\" data-srcset=\"https:\/\/www.kongres-estetickej-mediciny.sk\/wp-content\/uploads\/2025\/10\/kongres2025-83-200x112.jpg 200w, https:\/\/www.kongres-estetickej-mediciny.sk\/wp-content\/uploads\/2025\/10\/kongres2025-83-400x225.jpg 400w, https:\/\/www.kongres-estetickej-mediciny.sk\/wp-content\/uploads\/2025\/10\/kongres2025-83-600x337.jpg 600w, https:\/\/www.kongres-estetickej-mediciny.sk\/wp-content\/uploads\/2025\/10\/kongres2025-83-800x450.jpg 800w, https:\/\/www.kongres-estetickej-mediciny.sk\/wp-content\/uploads\/2025\/10\/kongres2025-83-1200x675.jpg 1200w, https:\/\/www.kongres-estetickej-mediciny.sk\/wp-content\/uploads\/2025\/10\/kongres2025-83-scaled.jpg 2560w\" data-sizes=\"auto\" data-orig-sizes=\"(min-width: 2200px) 100vw, (min-width: 824px) 387px, (min-width: 732px) 580px, (min-width: 640px) 732px, \" \/><\/a><\/div><\/div><div class=\"clearfix\"><\/div><div style=\"padding:5px;\" class=\"fusion-grid-column fusion-gallery-column fusion-gallery-column-3 hover-type-none\"><div class=\"fusion-gallery-image\"><a href=\"https:\/\/www.kongres-estetickej-mediciny.sk\/wp-content\/uploads\/2025\/10\/kongres2025-84-scaled.jpg\" rel=\"noreferrer\" data-rel=\"iLightbox[gallery_image_1]\" class=\"fusion-lightbox\" target=\"_self\"><img decoding=\"async\" src=\"https:\/\/www.kongres-estetickej-mediciny.sk\/wp-content\/uploads\/2025\/10\/kongres2025-84-scaled.jpg\" data-orig-src=\"https:\/\/www.kongres-estetickej-mediciny.sk\/wp-content\/uploads\/2025\/10\/kongres2025-84-scaled.jpg\" width=\"2560\" height=\"1440\" alt=\"\" title=\"kongres2025-84\" aria-label=\"kongres2025-84\" class=\"lazyload img-responsive wp-image-5936\" srcset=\"data:image\/svg+xml,%3Csvg%20xmlns%3D%27http%3A%2F%2Fwww.w3.org%2F2000%2Fsvg%27%20width%3D%272560%27%20height%3D%271440%27%20viewBox%3D%270%200%202560%201440%27%3E%3Crect%20width%3D%272560%27%20height%3D%271440%27%20fill-opacity%3D%220%22%2F%3E%3C%2Fsvg%3E\" data-srcset=\"https:\/\/www.kongres-estetickej-mediciny.sk\/wp-content\/uploads\/2025\/10\/kongres2025-84-200x112.jpg 200w, https:\/\/www.kongres-estetickej-mediciny.sk\/wp-content\/uploads\/2025\/10\/kongres2025-84-400x225.jpg 400w, https:\/\/www.kongres-estetickej-mediciny.sk\/wp-content\/uploads\/2025\/10\/kongres2025-84-600x337.jpg 600w, https:\/\/www.kongres-estetickej-mediciny.sk\/wp-content\/uploads\/2025\/10\/kongres2025-84-800x450.jpg 800w, https:\/\/www.kongres-estetickej-mediciny.sk\/wp-content\/uploads\/2025\/10\/kongres2025-84-1200x675.jpg 1200w, https:\/\/www.kongres-estetickej-mediciny.sk\/wp-content\/uploads\/2025\/10\/kongres2025-84-scaled.jpg 2560w\" data-sizes=\"auto\" data-orig-sizes=\"(min-width: 2200px) 100vw, (min-width: 824px) 387px, (min-width: 732px) 580px, (min-width: 640px) 732px, \" \/><\/a><\/div><\/div><div style=\"padding:5px;\" class=\"fusion-grid-column fusion-gallery-column fusion-gallery-column-3 hover-type-none\"><div class=\"fusion-gallery-image\"><a href=\"https:\/\/www.kongres-estetickej-mediciny.sk\/wp-content\/uploads\/2025\/10\/kongres2025-85-scaled.jpg\" rel=\"noreferrer\" data-rel=\"iLightbox[gallery_image_1]\" class=\"fusion-lightbox\" target=\"_self\"><img decoding=\"async\" src=\"https:\/\/www.kongres-estetickej-mediciny.sk\/wp-content\/uploads\/2025\/10\/kongres2025-85-scaled.jpg\" data-orig-src=\"https:\/\/www.kongres-estetickej-mediciny.sk\/wp-content\/uploads\/2025\/10\/kongres2025-85-scaled.jpg\" width=\"2560\" height=\"1440\" alt=\"\" title=\"kongres2025-85\" aria-label=\"kongres2025-85\" class=\"lazyload img-responsive wp-image-5937\" srcset=\"data:image\/svg+xml,%3Csvg%20xmlns%3D%27http%3A%2F%2Fwww.w3.org%2F2000%2Fsvg%27%20width%3D%272560%27%20height%3D%271440%27%20viewBox%3D%270%200%202560%201440%27%3E%3Crect%20width%3D%272560%27%20height%3D%271440%27%20fill-opacity%3D%220%22%2F%3E%3C%2Fsvg%3E\" data-srcset=\"https:\/\/www.kongres-estetickej-mediciny.sk\/wp-content\/uploads\/2025\/10\/kongres2025-85-200x112.jpg 200w, https:\/\/www.kongres-estetickej-mediciny.sk\/wp-content\/uploads\/2025\/10\/kongres2025-85-400x225.jpg 400w, https:\/\/www.kongres-estetickej-mediciny.sk\/wp-content\/uploads\/2025\/10\/kongres2025-85-600x337.jpg 600w, https:\/\/www.kongres-estetickej-mediciny.sk\/wp-content\/uploads\/2025\/10\/kongres2025-85-800x450.jpg 800w, https:\/\/www.kongres-estetickej-mediciny.sk\/wp-content\/uploads\/2025\/10\/kongres2025-85-1200x675.jpg 1200w, https:\/\/www.kongres-estetickej-mediciny.sk\/wp-content\/uploads\/2025\/10\/kongres2025-85-scaled.jpg 2560w\" data-sizes=\"auto\" data-orig-sizes=\"(min-width: 2200px) 100vw, (min-width: 824px) 387px, (min-width: 732px) 580px, (min-width: 640px) 732px, \" \/><\/a><\/div><\/div><div style=\"padding:5px;\" class=\"fusion-grid-column fusion-gallery-column fusion-gallery-column-3 hover-type-none\"><div class=\"fusion-gallery-image\"><a href=\"https:\/\/www.kongres-estetickej-mediciny.sk\/wp-content\/uploads\/2025\/10\/kongres2025-86-scaled.jpg\" rel=\"noreferrer\" data-rel=\"iLightbox[gallery_image_1]\" class=\"fusion-lightbox\" target=\"_self\"><img decoding=\"async\" src=\"https:\/\/www.kongres-estetickej-mediciny.sk\/wp-content\/uploads\/2025\/10\/kongres2025-86-scaled.jpg\" data-orig-src=\"https:\/\/www.kongres-estetickej-mediciny.sk\/wp-content\/uploads\/2025\/10\/kongres2025-86-scaled.jpg\" width=\"2560\" height=\"1439\" alt=\"\" title=\"kongres2025-86\" aria-label=\"kongres2025-86\" class=\"lazyload img-responsive wp-image-5938\" srcset=\"data:image\/svg+xml,%3Csvg%20xmlns%3D%27http%3A%2F%2Fwww.w3.org%2F2000%2Fsvg%27%20width%3D%272560%27%20height%3D%271439%27%20viewBox%3D%270%200%202560%201439%27%3E%3Crect%20width%3D%272560%27%20height%3D%271439%27%20fill-opacity%3D%220%22%2F%3E%3C%2Fsvg%3E\" data-srcset=\"https:\/\/www.kongres-estetickej-mediciny.sk\/wp-content\/uploads\/2025\/10\/kongres2025-86-200x112.jpg 200w, https:\/\/www.kongres-estetickej-mediciny.sk\/wp-content\/uploads\/2025\/10\/kongres2025-86-400x225.jpg 400w, https:\/\/www.kongres-estetickej-mediciny.sk\/wp-content\/uploads\/2025\/10\/kongres2025-86-600x337.jpg 600w, https:\/\/www.kongres-estetickej-mediciny.sk\/wp-content\/uploads\/2025\/10\/kongres2025-86-800x450.jpg 800w, https:\/\/www.kongres-estetickej-mediciny.sk\/wp-content\/uploads\/2025\/10\/kongres2025-86-1200x675.jpg 1200w, https:\/\/www.kongres-estetickej-mediciny.sk\/wp-content\/uploads\/2025\/10\/kongres2025-86-scaled.jpg 2560w\" data-sizes=\"auto\" data-orig-sizes=\"(min-width: 2200px) 100vw, (min-width: 824px) 387px, (min-width: 732px) 580px, (min-width: 640px) 732px, \" \/><\/a><\/div><\/div><div class=\"clearfix\"><\/div><div style=\"padding:5px;\" class=\"fusion-grid-column fusion-gallery-column fusion-gallery-column-3 hover-type-none\"><div class=\"fusion-gallery-image\"><a href=\"https:\/\/www.kongres-estetickej-mediciny.sk\/wp-content\/uploads\/2025\/10\/kongres2025-87-scaled.jpg\" rel=\"noreferrer\" data-rel=\"iLightbox[gallery_image_1]\" class=\"fusion-lightbox\" target=\"_self\"><img decoding=\"async\" src=\"https:\/\/www.kongres-estetickej-mediciny.sk\/wp-content\/uploads\/2025\/10\/kongres2025-87-scaled.jpg\" data-orig-src=\"https:\/\/www.kongres-estetickej-mediciny.sk\/wp-content\/uploads\/2025\/10\/kongres2025-87-scaled.jpg\" width=\"2560\" height=\"1440\" alt=\"\" title=\"kongres2025-87\" aria-label=\"kongres2025-87\" class=\"lazyload img-responsive wp-image-5939\" srcset=\"data:image\/svg+xml,%3Csvg%20xmlns%3D%27http%3A%2F%2Fwww.w3.org%2F2000%2Fsvg%27%20width%3D%272560%27%20height%3D%271440%27%20viewBox%3D%270%200%202560%201440%27%3E%3Crect%20width%3D%272560%27%20height%3D%271440%27%20fill-opacity%3D%220%22%2F%3E%3C%2Fsvg%3E\" data-srcset=\"https:\/\/www.kongres-estetickej-mediciny.sk\/wp-content\/uploads\/2025\/10\/kongres2025-87-200x112.jpg 200w, https:\/\/www.kongres-estetickej-mediciny.sk\/wp-content\/uploads\/2025\/10\/kongres2025-87-400x225.jpg 400w, https:\/\/www.kongres-estetickej-mediciny.sk\/wp-content\/uploads\/2025\/10\/kongres2025-87-600x337.jpg 600w, https:\/\/www.kongres-estetickej-mediciny.sk\/wp-content\/uploads\/2025\/10\/kongres2025-87-800x450.jpg 800w, https:\/\/www.kongres-estetickej-mediciny.sk\/wp-content\/uploads\/2025\/10\/kongres2025-87-1200x675.jpg 1200w, https:\/\/www.kongres-estetickej-mediciny.sk\/wp-content\/uploads\/2025\/10\/kongres2025-87-scaled.jpg 2560w\" data-sizes=\"auto\" data-orig-sizes=\"(min-width: 2200px) 100vw, (min-width: 824px) 387px, (min-width: 732px) 580px, (min-width: 640px) 732px, \" \/><\/a><\/div><\/div><div style=\"padding:5px;\" class=\"fusion-grid-column fusion-gallery-column fusion-gallery-column-3 hover-type-none\"><div class=\"fusion-gallery-image\"><a href=\"https:\/\/www.kongres-estetickej-mediciny.sk\/wp-content\/uploads\/2025\/10\/kongres2025-88-scaled.jpg\" rel=\"noreferrer\" data-rel=\"iLightbox[gallery_image_1]\" class=\"fusion-lightbox\" target=\"_self\"><img decoding=\"async\" src=\"https:\/\/www.kongres-estetickej-mediciny.sk\/wp-content\/uploads\/2025\/10\/kongres2025-88-scaled.jpg\" data-orig-src=\"https:\/\/www.kongres-estetickej-mediciny.sk\/wp-content\/uploads\/2025\/10\/kongres2025-88-scaled.jpg\" width=\"2560\" height=\"1440\" alt=\"\" title=\"kongres2025-88\" aria-label=\"kongres2025-88\" class=\"lazyload img-responsive wp-image-5940\" srcset=\"data:image\/svg+xml,%3Csvg%20xmlns%3D%27http%3A%2F%2Fwww.w3.org%2F2000%2Fsvg%27%20width%3D%272560%27%20height%3D%271440%27%20viewBox%3D%270%200%202560%201440%27%3E%3Crect%20width%3D%272560%27%20height%3D%271440%27%20fill-opacity%3D%220%22%2F%3E%3C%2Fsvg%3E\" data-srcset=\"https:\/\/www.kongres-estetickej-mediciny.sk\/wp-content\/uploads\/2025\/10\/kongres2025-88-200x112.jpg 200w, https:\/\/www.kongres-estetickej-mediciny.sk\/wp-content\/uploads\/2025\/10\/kongres2025-88-400x225.jpg 400w, https:\/\/www.kongres-estetickej-mediciny.sk\/wp-content\/uploads\/2025\/10\/kongres2025-88-600x337.jpg 600w, https:\/\/www.kongres-estetickej-mediciny.sk\/wp-content\/uploads\/2025\/10\/kongres2025-88-800x450.jpg 800w, https:\/\/www.kongres-estetickej-mediciny.sk\/wp-content\/uploads\/2025\/10\/kongres2025-88-1200x675.jpg 1200w, https:\/\/www.kongres-estetickej-mediciny.sk\/wp-content\/uploads\/2025\/10\/kongres2025-88-scaled.jpg 2560w\" data-sizes=\"auto\" data-orig-sizes=\"(min-width: 2200px) 100vw, (min-width: 824px) 387px, (min-width: 732px) 580px, (min-width: 640px) 732px, \" \/><\/a><\/div><\/div><div style=\"padding:5px;\" class=\"fusion-grid-column fusion-gallery-column fusion-gallery-column-3 hover-type-none\"><div class=\"fusion-gallery-image\"><a href=\"https:\/\/www.kongres-estetickej-mediciny.sk\/wp-content\/uploads\/2025\/10\/kongres2025-89-scaled.jpg\" rel=\"noreferrer\" data-rel=\"iLightbox[gallery_image_1]\" class=\"fusion-lightbox\" target=\"_self\"><img decoding=\"async\" src=\"https:\/\/www.kongres-estetickej-mediciny.sk\/wp-content\/uploads\/2025\/10\/kongres2025-89-scaled.jpg\" data-orig-src=\"https:\/\/www.kongres-estetickej-mediciny.sk\/wp-content\/uploads\/2025\/10\/kongres2025-89-scaled.jpg\" width=\"2560\" height=\"1440\" alt=\"\" title=\"kongres2025-89\" aria-label=\"kongres2025-89\" class=\"lazyload img-responsive wp-image-5941\" srcset=\"data:image\/svg+xml,%3Csvg%20xmlns%3D%27http%3A%2F%2Fwww.w3.org%2F2000%2Fsvg%27%20width%3D%272560%27%20height%3D%271440%27%20viewBox%3D%270%200%202560%201440%27%3E%3Crect%20width%3D%272560%27%20height%3D%271440%27%20fill-opacity%3D%220%22%2F%3E%3C%2Fsvg%3E\" data-srcset=\"https:\/\/www.kongres-estetickej-mediciny.sk\/wp-content\/uploads\/2025\/10\/kongres2025-89-200x112.jpg 200w, https:\/\/www.kongres-estetickej-mediciny.sk\/wp-content\/uploads\/2025\/10\/kongres2025-89-400x225.jpg 400w, https:\/\/www.kongres-estetickej-mediciny.sk\/wp-content\/uploads\/2025\/10\/kongres2025-89-600x337.jpg 600w, https:\/\/www.kongres-estetickej-mediciny.sk\/wp-content\/uploads\/2025\/10\/kongres2025-89-800x450.jpg 800w, https:\/\/www.kongres-estetickej-mediciny.sk\/wp-content\/uploads\/2025\/10\/kongres2025-89-1200x675.jpg 1200w, https:\/\/www.kongres-estetickej-mediciny.sk\/wp-content\/uploads\/2025\/10\/kongres2025-89-scaled.jpg 2560w\" data-sizes=\"auto\" data-orig-sizes=\"(min-width: 2200px) 100vw, (min-width: 824px) 387px, (min-width: 732px) 580px, (min-width: 640px) 732px, \" \/><\/a><\/div><\/div><div class=\"clearfix\"><\/div><div style=\"padding:5px;\" class=\"fusion-grid-column fusion-gallery-column fusion-gallery-column-3 hover-type-none\"><div class=\"fusion-gallery-image\"><a href=\"https:\/\/www.kongres-estetickej-mediciny.sk\/wp-content\/uploads\/2025\/10\/kongres2025-90-scaled.jpg\" rel=\"noreferrer\" data-rel=\"iLightbox[gallery_image_1]\" class=\"fusion-lightbox\" target=\"_self\"><img decoding=\"async\" src=\"https:\/\/www.kongres-estetickej-mediciny.sk\/wp-content\/uploads\/2025\/10\/kongres2025-90-scaled.jpg\" data-orig-src=\"https:\/\/www.kongres-estetickej-mediciny.sk\/wp-content\/uploads\/2025\/10\/kongres2025-90-scaled.jpg\" width=\"1711\" height=\"2560\" alt=\"\" title=\"kongres2025-90\" aria-label=\"kongres2025-90\" class=\"lazyload img-responsive wp-image-5942\" srcset=\"data:image\/svg+xml,%3Csvg%20xmlns%3D%27http%3A%2F%2Fwww.w3.org%2F2000%2Fsvg%27%20width%3D%271711%27%20height%3D%272560%27%20viewBox%3D%270%200%201711%202560%27%3E%3Crect%20width%3D%271711%27%20height%3D%272560%27%20fill-opacity%3D%220%22%2F%3E%3C%2Fsvg%3E\" data-srcset=\"https:\/\/www.kongres-estetickej-mediciny.sk\/wp-content\/uploads\/2025\/10\/kongres2025-90-200x299.jpg 200w, https:\/\/www.kongres-estetickej-mediciny.sk\/wp-content\/uploads\/2025\/10\/kongres2025-90-400x599.jpg 400w, https:\/\/www.kongres-estetickej-mediciny.sk\/wp-content\/uploads\/2025\/10\/kongres2025-90-600x898.jpg 600w, https:\/\/www.kongres-estetickej-mediciny.sk\/wp-content\/uploads\/2025\/10\/kongres2025-90-800x1197.jpg 800w, https:\/\/www.kongres-estetickej-mediciny.sk\/wp-content\/uploads\/2025\/10\/kongres2025-90-1200x1796.jpg 1200w, https:\/\/www.kongres-estetickej-mediciny.sk\/wp-content\/uploads\/2025\/10\/kongres2025-90-scaled.jpg 1711w\" data-sizes=\"auto\" data-orig-sizes=\"(min-width: 2200px) 100vw, (min-width: 824px) 387px, (min-width: 732px) 580px, (min-width: 640px) 732px, \" \/><\/a><\/div><\/div><div style=\"padding:5px;\" class=\"fusion-grid-column fusion-gallery-column fusion-gallery-column-3 hover-type-none\"><div class=\"fusion-gallery-image\"><a href=\"https:\/\/www.kongres-estetickej-mediciny.sk\/wp-content\/uploads\/2025\/10\/kongres2025-91-scaled.jpg\" rel=\"noreferrer\" data-rel=\"iLightbox[gallery_image_1]\" class=\"fusion-lightbox\" target=\"_self\"><img decoding=\"async\" src=\"https:\/\/www.kongres-estetickej-mediciny.sk\/wp-content\/uploads\/2025\/10\/kongres2025-91-scaled.jpg\" data-orig-src=\"https:\/\/www.kongres-estetickej-mediciny.sk\/wp-content\/uploads\/2025\/10\/kongres2025-91-scaled.jpg\" width=\"2560\" height=\"1440\" alt=\"\" title=\"kongres2025-91\" aria-label=\"kongres2025-91\" class=\"lazyload img-responsive wp-image-5943\" srcset=\"data:image\/svg+xml,%3Csvg%20xmlns%3D%27http%3A%2F%2Fwww.w3.org%2F2000%2Fsvg%27%20width%3D%272560%27%20height%3D%271440%27%20viewBox%3D%270%200%202560%201440%27%3E%3Crect%20width%3D%272560%27%20height%3D%271440%27%20fill-opacity%3D%220%22%2F%3E%3C%2Fsvg%3E\" data-srcset=\"https:\/\/www.kongres-estetickej-mediciny.sk\/wp-content\/uploads\/2025\/10\/kongres2025-91-200x112.jpg 200w, https:\/\/www.kongres-estetickej-mediciny.sk\/wp-content\/uploads\/2025\/10\/kongres2025-91-400x225.jpg 400w, https:\/\/www.kongres-estetickej-mediciny.sk\/wp-content\/uploads\/2025\/10\/kongres2025-91-600x337.jpg 600w, https:\/\/www.kongres-estetickej-mediciny.sk\/wp-content\/uploads\/2025\/10\/kongres2025-91-800x450.jpg 800w, https:\/\/www.kongres-estetickej-mediciny.sk\/wp-content\/uploads\/2025\/10\/kongres2025-91-1200x675.jpg 1200w, https:\/\/www.kongres-estetickej-mediciny.sk\/wp-content\/uploads\/2025\/10\/kongres2025-91-scaled.jpg 2560w\" data-sizes=\"auto\" data-orig-sizes=\"(min-width: 2200px) 100vw, (min-width: 824px) 387px, (min-width: 732px) 580px, (min-width: 640px) 732px, \" \/><\/a><\/div><\/div><div style=\"padding:5px;\" class=\"fusion-grid-column fusion-gallery-column fusion-gallery-column-3 hover-type-none\"><div class=\"fusion-gallery-image\"><a href=\"https:\/\/www.kongres-estetickej-mediciny.sk\/wp-content\/uploads\/2025\/10\/kongres2025-92-scaled.jpg\" rel=\"noreferrer\" data-rel=\"iLightbox[gallery_image_1]\" class=\"fusion-lightbox\" target=\"_self\"><img decoding=\"async\" src=\"https:\/\/www.kongres-estetickej-mediciny.sk\/wp-content\/uploads\/2025\/10\/kongres2025-92-scaled.jpg\" data-orig-src=\"https:\/\/www.kongres-estetickej-mediciny.sk\/wp-content\/uploads\/2025\/10\/kongres2025-92-scaled.jpg\" width=\"2560\" height=\"1440\" alt=\"\" title=\"kongres2025-92\" aria-label=\"kongres2025-92\" class=\"lazyload img-responsive wp-image-5944\" srcset=\"data:image\/svg+xml,%3Csvg%20xmlns%3D%27http%3A%2F%2Fwww.w3.org%2F2000%2Fsvg%27%20width%3D%272560%27%20height%3D%271440%27%20viewBox%3D%270%200%202560%201440%27%3E%3Crect%20width%3D%272560%27%20height%3D%271440%27%20fill-opacity%3D%220%22%2F%3E%3C%2Fsvg%3E\" data-srcset=\"https:\/\/www.kongres-estetickej-mediciny.sk\/wp-content\/uploads\/2025\/10\/kongres2025-92-200x112.jpg 200w, https:\/\/www.kongres-estetickej-mediciny.sk\/wp-content\/uploads\/2025\/10\/kongres2025-92-400x225.jpg 400w, https:\/\/www.kongres-estetickej-mediciny.sk\/wp-content\/uploads\/2025\/10\/kongres2025-92-600x337.jpg 600w, https:\/\/www.kongres-estetickej-mediciny.sk\/wp-content\/uploads\/2025\/10\/kongres2025-92-800x450.jpg 800w, https:\/\/www.kongres-estetickej-mediciny.sk\/wp-content\/uploads\/2025\/10\/kongres2025-92-1200x675.jpg 1200w, https:\/\/www.kongres-estetickej-mediciny.sk\/wp-content\/uploads\/2025\/10\/kongres2025-92-scaled.jpg 2560w\" data-sizes=\"auto\" data-orig-sizes=\"(min-width: 2200px) 100vw, (min-width: 824px) 387px, (min-width: 732px) 580px, (min-width: 640px) 732px, \" \/><\/a><\/div><\/div><div class=\"clearfix\"><\/div><div style=\"padding:5px;\" class=\"fusion-grid-column fusion-gallery-column fusion-gallery-column-3 hover-type-none\"><div class=\"fusion-gallery-image\"><a href=\"https:\/\/www.kongres-estetickej-mediciny.sk\/wp-content\/uploads\/2025\/10\/kongres2025-93-scaled.jpg\" rel=\"noreferrer\" data-rel=\"iLightbox[gallery_image_1]\" class=\"fusion-lightbox\" target=\"_self\"><img decoding=\"async\" src=\"https:\/\/www.kongres-estetickej-mediciny.sk\/wp-content\/uploads\/2025\/10\/kongres2025-93-scaled.jpg\" data-orig-src=\"https:\/\/www.kongres-estetickej-mediciny.sk\/wp-content\/uploads\/2025\/10\/kongres2025-93-scaled.jpg\" width=\"2560\" height=\"1440\" alt=\"\" title=\"kongres2025-93\" aria-label=\"kongres2025-93\" class=\"lazyload img-responsive wp-image-5945\" srcset=\"data:image\/svg+xml,%3Csvg%20xmlns%3D%27http%3A%2F%2Fwww.w3.org%2F2000%2Fsvg%27%20width%3D%272560%27%20height%3D%271440%27%20viewBox%3D%270%200%202560%201440%27%3E%3Crect%20width%3D%272560%27%20height%3D%271440%27%20fill-opacity%3D%220%22%2F%3E%3C%2Fsvg%3E\" data-srcset=\"https:\/\/www.kongres-estetickej-mediciny.sk\/wp-content\/uploads\/2025\/10\/kongres2025-93-200x112.jpg 200w, https:\/\/www.kongres-estetickej-mediciny.sk\/wp-content\/uploads\/2025\/10\/kongres2025-93-400x225.jpg 400w, https:\/\/www.kongres-estetickej-mediciny.sk\/wp-content\/uploads\/2025\/10\/kongres2025-93-600x337.jpg 600w, https:\/\/www.kongres-estetickej-mediciny.sk\/wp-content\/uploads\/2025\/10\/kongres2025-93-800x450.jpg 800w, https:\/\/www.kongres-estetickej-mediciny.sk\/wp-content\/uploads\/2025\/10\/kongres2025-93-1200x675.jpg 1200w, https:\/\/www.kongres-estetickej-mediciny.sk\/wp-content\/uploads\/2025\/10\/kongres2025-93-scaled.jpg 2560w\" data-sizes=\"auto\" data-orig-sizes=\"(min-width: 2200px) 100vw, (min-width: 824px) 387px, (min-width: 732px) 580px, (min-width: 640px) 732px, \" \/><\/a><\/div><\/div><div style=\"padding:5px;\" class=\"fusion-grid-column fusion-gallery-column fusion-gallery-column-3 hover-type-none\"><div class=\"fusion-gallery-image\"><a href=\"https:\/\/www.kongres-estetickej-mediciny.sk\/wp-content\/uploads\/2025\/10\/kongres2025-94-scaled.jpg\" rel=\"noreferrer\" data-rel=\"iLightbox[gallery_image_1]\" class=\"fusion-lightbox\" target=\"_self\"><img decoding=\"async\" src=\"https:\/\/www.kongres-estetickej-mediciny.sk\/wp-content\/uploads\/2025\/10\/kongres2025-94-scaled.jpg\" data-orig-src=\"https:\/\/www.kongres-estetickej-mediciny.sk\/wp-content\/uploads\/2025\/10\/kongres2025-94-scaled.jpg\" width=\"2560\" height=\"1440\" alt=\"\" title=\"kongres2025-94\" aria-label=\"kongres2025-94\" class=\"lazyload img-responsive wp-image-5946\" srcset=\"data:image\/svg+xml,%3Csvg%20xmlns%3D%27http%3A%2F%2Fwww.w3.org%2F2000%2Fsvg%27%20width%3D%272560%27%20height%3D%271440%27%20viewBox%3D%270%200%202560%201440%27%3E%3Crect%20width%3D%272560%27%20height%3D%271440%27%20fill-opacity%3D%220%22%2F%3E%3C%2Fsvg%3E\" data-srcset=\"https:\/\/www.kongres-estetickej-mediciny.sk\/wp-content\/uploads\/2025\/10\/kongres2025-94-200x112.jpg 200w, https:\/\/www.kongres-estetickej-mediciny.sk\/wp-content\/uploads\/2025\/10\/kongres2025-94-400x225.jpg 400w, https:\/\/www.kongres-estetickej-mediciny.sk\/wp-content\/uploads\/2025\/10\/kongres2025-94-600x337.jpg 600w, https:\/\/www.kongres-estetickej-mediciny.sk\/wp-content\/uploads\/2025\/10\/kongres2025-94-800x450.jpg 800w, https:\/\/www.kongres-estetickej-mediciny.sk\/wp-content\/uploads\/2025\/10\/kongres2025-94-1200x675.jpg 1200w, https:\/\/www.kongres-estetickej-mediciny.sk\/wp-content\/uploads\/2025\/10\/kongres2025-94-scaled.jpg 2560w\" data-sizes=\"auto\" data-orig-sizes=\"(min-width: 2200px) 100vw, (min-width: 824px) 387px, (min-width: 732px) 580px, (min-width: 640px) 732px, \" \/><\/a><\/div><\/div><div style=\"padding:5px;\" class=\"fusion-grid-column fusion-gallery-column fusion-gallery-column-3 hover-type-none\"><div class=\"fusion-gallery-image\"><a href=\"https:\/\/www.kongres-estetickej-mediciny.sk\/wp-content\/uploads\/2025\/10\/kongres2025-95-scaled.jpg\" rel=\"noreferrer\" data-rel=\"iLightbox[gallery_image_1]\" class=\"fusion-lightbox\" target=\"_self\"><img decoding=\"async\" src=\"https:\/\/www.kongres-estetickej-mediciny.sk\/wp-content\/uploads\/2025\/10\/kongres2025-95-scaled.jpg\" data-orig-src=\"https:\/\/www.kongres-estetickej-mediciny.sk\/wp-content\/uploads\/2025\/10\/kongres2025-95-scaled.jpg\" width=\"2560\" height=\"1440\" alt=\"\" title=\"kongres2025-95\" aria-label=\"kongres2025-95\" class=\"lazyload img-responsive wp-image-5947\" srcset=\"data:image\/svg+xml,%3Csvg%20xmlns%3D%27http%3A%2F%2Fwww.w3.org%2F2000%2Fsvg%27%20width%3D%272560%27%20height%3D%271440%27%20viewBox%3D%270%200%202560%201440%27%3E%3Crect%20width%3D%272560%27%20height%3D%271440%27%20fill-opacity%3D%220%22%2F%3E%3C%2Fsvg%3E\" data-srcset=\"https:\/\/www.kongres-estetickej-mediciny.sk\/wp-content\/uploads\/2025\/10\/kongres2025-95-200x112.jpg 200w, https:\/\/www.kongres-estetickej-mediciny.sk\/wp-content\/uploads\/2025\/10\/kongres2025-95-400x225.jpg 400w, https:\/\/www.kongres-estetickej-mediciny.sk\/wp-content\/uploads\/2025\/10\/kongres2025-95-600x337.jpg 600w, https:\/\/www.kongres-estetickej-mediciny.sk\/wp-content\/uploads\/2025\/10\/kongres2025-95-800x450.jpg 800w, https:\/\/www.kongres-estetickej-mediciny.sk\/wp-content\/uploads\/2025\/10\/kongres2025-95-1200x675.jpg 1200w, https:\/\/www.kongres-estetickej-mediciny.sk\/wp-content\/uploads\/2025\/10\/kongres2025-95-scaled.jpg 2560w\" data-sizes=\"auto\" data-orig-sizes=\"(min-width: 2200px) 100vw, (min-width: 824px) 387px, (min-width: 732px) 580px, (min-width: 640px) 732px, \" \/><\/a><\/div><\/div><div class=\"clearfix\"><\/div><div style=\"padding:5px;\" class=\"fusion-grid-column fusion-gallery-column fusion-gallery-column-3 hover-type-none\"><div class=\"fusion-gallery-image\"><a href=\"https:\/\/www.kongres-estetickej-mediciny.sk\/wp-content\/uploads\/2025\/10\/kongres2025-96-scaled.jpg\" rel=\"noreferrer\" data-rel=\"iLightbox[gallery_image_1]\" class=\"fusion-lightbox\" target=\"_self\"><img decoding=\"async\" src=\"https:\/\/www.kongres-estetickej-mediciny.sk\/wp-content\/uploads\/2025\/10\/kongres2025-96-scaled.jpg\" data-orig-src=\"https:\/\/www.kongres-estetickej-mediciny.sk\/wp-content\/uploads\/2025\/10\/kongres2025-96-scaled.jpg\" width=\"2560\" height=\"1440\" alt=\"\" title=\"kongres2025-96\" aria-label=\"kongres2025-96\" class=\"lazyload img-responsive wp-image-5948\" srcset=\"data:image\/svg+xml,%3Csvg%20xmlns%3D%27http%3A%2F%2Fwww.w3.org%2F2000%2Fsvg%27%20width%3D%272560%27%20height%3D%271440%27%20viewBox%3D%270%200%202560%201440%27%3E%3Crect%20width%3D%272560%27%20height%3D%271440%27%20fill-opacity%3D%220%22%2F%3E%3C%2Fsvg%3E\" data-srcset=\"https:\/\/www.kongres-estetickej-mediciny.sk\/wp-content\/uploads\/2025\/10\/kongres2025-96-200x112.jpg 200w, https:\/\/www.kongres-estetickej-mediciny.sk\/wp-content\/uploads\/2025\/10\/kongres2025-96-400x225.jpg 400w, https:\/\/www.kongres-estetickej-mediciny.sk\/wp-content\/uploads\/2025\/10\/kongres2025-96-600x337.jpg 600w, https:\/\/www.kongres-estetickej-mediciny.sk\/wp-content\/uploads\/2025\/10\/kongres2025-96-800x450.jpg 800w, https:\/\/www.kongres-estetickej-mediciny.sk\/wp-content\/uploads\/2025\/10\/kongres2025-96-1200x675.jpg 1200w, https:\/\/www.kongres-estetickej-mediciny.sk\/wp-content\/uploads\/2025\/10\/kongres2025-96-scaled.jpg 2560w\" data-sizes=\"auto\" data-orig-sizes=\"(min-width: 2200px) 100vw, (min-width: 824px) 387px, (min-width: 732px) 580px, (min-width: 640px) 732px, \" \/><\/a><\/div><\/div><div style=\"padding:5px;\" class=\"fusion-grid-column fusion-gallery-column fusion-gallery-column-3 hover-type-none\"><div class=\"fusion-gallery-image\"><a href=\"https:\/\/www.kongres-estetickej-mediciny.sk\/wp-content\/uploads\/2025\/10\/kongres2025-97-scaled.jpg\" rel=\"noreferrer\" data-rel=\"iLightbox[gallery_image_1]\" class=\"fusion-lightbox\" target=\"_self\"><img decoding=\"async\" src=\"https:\/\/www.kongres-estetickej-mediciny.sk\/wp-content\/uploads\/2025\/10\/kongres2025-97-scaled.jpg\" data-orig-src=\"https:\/\/www.kongres-estetickej-mediciny.sk\/wp-content\/uploads\/2025\/10\/kongres2025-97-scaled.jpg\" width=\"2560\" height=\"1440\" alt=\"\" title=\"kongres2025-97\" aria-label=\"kongres2025-97\" class=\"lazyload img-responsive wp-image-5949\" srcset=\"data:image\/svg+xml,%3Csvg%20xmlns%3D%27http%3A%2F%2Fwww.w3.org%2F2000%2Fsvg%27%20width%3D%272560%27%20height%3D%271440%27%20viewBox%3D%270%200%202560%201440%27%3E%3Crect%20width%3D%272560%27%20height%3D%271440%27%20fill-opacity%3D%220%22%2F%3E%3C%2Fsvg%3E\" data-srcset=\"https:\/\/www.kongres-estetickej-mediciny.sk\/wp-content\/uploads\/2025\/10\/kongres2025-97-200x112.jpg 200w, https:\/\/www.kongres-estetickej-mediciny.sk\/wp-content\/uploads\/2025\/10\/kongres2025-97-400x225.jpg 400w, https:\/\/www.kongres-estetickej-mediciny.sk\/wp-content\/uploads\/2025\/10\/kongres2025-97-600x337.jpg 600w, https:\/\/www.kongres-estetickej-mediciny.sk\/wp-content\/uploads\/2025\/10\/kongres2025-97-800x450.jpg 800w, https:\/\/www.kongres-estetickej-mediciny.sk\/wp-content\/uploads\/2025\/10\/kongres2025-97-1200x675.jpg 1200w, https:\/\/www.kongres-estetickej-mediciny.sk\/wp-content\/uploads\/2025\/10\/kongres2025-97-scaled.jpg 2560w\" data-sizes=\"auto\" data-orig-sizes=\"(min-width: 2200px) 100vw, (min-width: 824px) 387px, (min-width: 732px) 580px, (min-width: 640px) 732px, \" \/><\/a><\/div><\/div><div style=\"padding:5px;\" class=\"fusion-grid-column fusion-gallery-column fusion-gallery-column-3 hover-type-none\"><div class=\"fusion-gallery-image\"><a href=\"https:\/\/www.kongres-estetickej-mediciny.sk\/wp-content\/uploads\/2025\/10\/kongres2025-98-scaled.jpg\" rel=\"noreferrer\" data-rel=\"iLightbox[gallery_image_1]\" class=\"fusion-lightbox\" target=\"_self\"><img decoding=\"async\" src=\"https:\/\/www.kongres-estetickej-mediciny.sk\/wp-content\/uploads\/2025\/10\/kongres2025-98-scaled.jpg\" data-orig-src=\"https:\/\/www.kongres-estetickej-mediciny.sk\/wp-content\/uploads\/2025\/10\/kongres2025-98-scaled.jpg\" width=\"2560\" height=\"1440\" alt=\"\" title=\"kongres2025-98\" aria-label=\"kongres2025-98\" class=\"lazyload img-responsive wp-image-5950\" srcset=\"data:image\/svg+xml,%3Csvg%20xmlns%3D%27http%3A%2F%2Fwww.w3.org%2F2000%2Fsvg%27%20width%3D%272560%27%20height%3D%271440%27%20viewBox%3D%270%200%202560%201440%27%3E%3Crect%20width%3D%272560%27%20height%3D%271440%27%20fill-opacity%3D%220%22%2F%3E%3C%2Fsvg%3E\" data-srcset=\"https:\/\/www.kongres-estetickej-mediciny.sk\/wp-content\/uploads\/2025\/10\/kongres2025-98-200x112.jpg 200w, https:\/\/www.kongres-estetickej-mediciny.sk\/wp-content\/uploads\/2025\/10\/kongres2025-98-400x225.jpg 400w, https:\/\/www.kongres-estetickej-mediciny.sk\/wp-content\/uploads\/2025\/10\/kongres2025-98-600x337.jpg 600w, https:\/\/www.kongres-estetickej-mediciny.sk\/wp-content\/uploads\/2025\/10\/kongres2025-98-800x450.jpg 800w, https:\/\/www.kongres-estetickej-mediciny.sk\/wp-content\/uploads\/2025\/10\/kongres2025-98-1200x675.jpg 1200w, https:\/\/www.kongres-estetickej-mediciny.sk\/wp-content\/uploads\/2025\/10\/kongres2025-98-scaled.jpg 2560w\" data-sizes=\"auto\" data-orig-sizes=\"(min-width: 2200px) 100vw, (min-width: 824px) 387px, (min-width: 732px) 580px, (min-width: 640px) 732px, \" \/><\/a><\/div><\/div><div class=\"clearfix\"><\/div><div style=\"padding:5px;\" class=\"fusion-grid-column fusion-gallery-column fusion-gallery-column-3 hover-type-none\"><div class=\"fusion-gallery-image\"><a href=\"https:\/\/www.kongres-estetickej-mediciny.sk\/wp-content\/uploads\/2025\/10\/kongres2025-99-scaled.jpg\" rel=\"noreferrer\" data-rel=\"iLightbox[gallery_image_1]\" class=\"fusion-lightbox\" target=\"_self\"><img decoding=\"async\" src=\"https:\/\/www.kongres-estetickej-mediciny.sk\/wp-content\/uploads\/2025\/10\/kongres2025-99-scaled.jpg\" data-orig-src=\"https:\/\/www.kongres-estetickej-mediciny.sk\/wp-content\/uploads\/2025\/10\/kongres2025-99-scaled.jpg\" width=\"2560\" height=\"1440\" alt=\"\" title=\"kongres2025-99\" aria-label=\"kongres2025-99\" class=\"lazyload img-responsive wp-image-5951\" srcset=\"data:image\/svg+xml,%3Csvg%20xmlns%3D%27http%3A%2F%2Fwww.w3.org%2F2000%2Fsvg%27%20width%3D%272560%27%20height%3D%271440%27%20viewBox%3D%270%200%202560%201440%27%3E%3Crect%20width%3D%272560%27%20height%3D%271440%27%20fill-opacity%3D%220%22%2F%3E%3C%2Fsvg%3E\" data-srcset=\"https:\/\/www.kongres-estetickej-mediciny.sk\/wp-content\/uploads\/2025\/10\/kongres2025-99-200x112.jpg 200w, https:\/\/www.kongres-estetickej-mediciny.sk\/wp-content\/uploads\/2025\/10\/kongres2025-99-400x225.jpg 400w, https:\/\/www.kongres-estetickej-mediciny.sk\/wp-content\/uploads\/2025\/10\/kongres2025-99-600x337.jpg 600w, https:\/\/www.kongres-estetickej-mediciny.sk\/wp-content\/uploads\/2025\/10\/kongres2025-99-800x450.jpg 800w, https:\/\/www.kongres-estetickej-mediciny.sk\/wp-content\/uploads\/2025\/10\/kongres2025-99-1200x675.jpg 1200w, https:\/\/www.kongres-estetickej-mediciny.sk\/wp-content\/uploads\/2025\/10\/kongres2025-99-scaled.jpg 2560w\" data-sizes=\"auto\" data-orig-sizes=\"(min-width: 2200px) 100vw, (min-width: 824px) 387px, (min-width: 732px) 580px, (min-width: 640px) 732px, \" \/><\/a><\/div><\/div><div style=\"padding:5px;\" class=\"fusion-grid-column fusion-gallery-column fusion-gallery-column-3 hover-type-none\"><div class=\"fusion-gallery-image\"><a href=\"https:\/\/www.kongres-estetickej-mediciny.sk\/wp-content\/uploads\/2025\/10\/kongres2025-100-scaled.jpg\" rel=\"noreferrer\" data-rel=\"iLightbox[gallery_image_1]\" class=\"fusion-lightbox\" target=\"_self\"><img decoding=\"async\" src=\"https:\/\/www.kongres-estetickej-mediciny.sk\/wp-content\/uploads\/2025\/10\/kongres2025-100-scaled.jpg\" data-orig-src=\"https:\/\/www.kongres-estetickej-mediciny.sk\/wp-content\/uploads\/2025\/10\/kongres2025-100-scaled.jpg\" width=\"2560\" height=\"1440\" alt=\"\" title=\"kongres2025-100\" aria-label=\"kongres2025-100\" class=\"lazyload img-responsive wp-image-5952\" srcset=\"data:image\/svg+xml,%3Csvg%20xmlns%3D%27http%3A%2F%2Fwww.w3.org%2F2000%2Fsvg%27%20width%3D%272560%27%20height%3D%271440%27%20viewBox%3D%270%200%202560%201440%27%3E%3Crect%20width%3D%272560%27%20height%3D%271440%27%20fill-opacity%3D%220%22%2F%3E%3C%2Fsvg%3E\" data-srcset=\"https:\/\/www.kongres-estetickej-mediciny.sk\/wp-content\/uploads\/2025\/10\/kongres2025-100-200x112.jpg 200w, https:\/\/www.kongres-estetickej-mediciny.sk\/wp-content\/uploads\/2025\/10\/kongres2025-100-400x225.jpg 400w, https:\/\/www.kongres-estetickej-mediciny.sk\/wp-content\/uploads\/2025\/10\/kongres2025-100-600x337.jpg 600w, https:\/\/www.kongres-estetickej-mediciny.sk\/wp-content\/uploads\/2025\/10\/kongres2025-100-800x450.jpg 800w, https:\/\/www.kongres-estetickej-mediciny.sk\/wp-content\/uploads\/2025\/10\/kongres2025-100-1200x675.jpg 1200w, https:\/\/www.kongres-estetickej-mediciny.sk\/wp-content\/uploads\/2025\/10\/kongres2025-100-scaled.jpg 2560w\" data-sizes=\"auto\" data-orig-sizes=\"(min-width: 2200px) 100vw, (min-width: 824px) 387px, (min-width: 732px) 580px, (min-width: 640px) 732px, \" \/><\/a><\/div><\/div><div style=\"padding:5px;\" class=\"fusion-grid-column fusion-gallery-column fusion-gallery-column-3 hover-type-none\"><div class=\"fusion-gallery-image\"><a href=\"https:\/\/www.kongres-estetickej-mediciny.sk\/wp-content\/uploads\/2025\/10\/kongres2025-101-scaled.jpg\" rel=\"noreferrer\" data-rel=\"iLightbox[gallery_image_1]\" class=\"fusion-lightbox\" target=\"_self\"><img decoding=\"async\" src=\"https:\/\/www.kongres-estetickej-mediciny.sk\/wp-content\/uploads\/2025\/10\/kongres2025-101-scaled.jpg\" data-orig-src=\"https:\/\/www.kongres-estetickej-mediciny.sk\/wp-content\/uploads\/2025\/10\/kongres2025-101-scaled.jpg\" width=\"2560\" height=\"1440\" alt=\"\" title=\"kongres2025-101\" aria-label=\"kongres2025-101\" class=\"lazyload img-responsive wp-image-5953\" srcset=\"data:image\/svg+xml,%3Csvg%20xmlns%3D%27http%3A%2F%2Fwww.w3.org%2F2000%2Fsvg%27%20width%3D%272560%27%20height%3D%271440%27%20viewBox%3D%270%200%202560%201440%27%3E%3Crect%20width%3D%272560%27%20height%3D%271440%27%20fill-opacity%3D%220%22%2F%3E%3C%2Fsvg%3E\" data-srcset=\"https:\/\/www.kongres-estetickej-mediciny.sk\/wp-content\/uploads\/2025\/10\/kongres2025-101-200x112.jpg 200w, https:\/\/www.kongres-estetickej-mediciny.sk\/wp-content\/uploads\/2025\/10\/kongres2025-101-400x225.jpg 400w, https:\/\/www.kongres-estetickej-mediciny.sk\/wp-content\/uploads\/2025\/10\/kongres2025-101-600x337.jpg 600w, https:\/\/www.kongres-estetickej-mediciny.sk\/wp-content\/uploads\/2025\/10\/kongres2025-101-800x450.jpg 800w, https:\/\/www.kongres-estetickej-mediciny.sk\/wp-content\/uploads\/2025\/10\/kongres2025-101-1200x675.jpg 1200w, https:\/\/www.kongres-estetickej-mediciny.sk\/wp-content\/uploads\/2025\/10\/kongres2025-101-scaled.jpg 2560w\" data-sizes=\"auto\" data-orig-sizes=\"(min-width: 2200px) 100vw, (min-width: 824px) 387px, (min-width: 732px) 580px, (min-width: 640px) 732px, \" \/><\/a><\/div><\/div><div class=\"clearfix\"><\/div><div style=\"padding:5px;\" class=\"fusion-grid-column fusion-gallery-column fusion-gallery-column-3 hover-type-none\"><div class=\"fusion-gallery-image\"><a href=\"https:\/\/www.kongres-estetickej-mediciny.sk\/wp-content\/uploads\/2025\/10\/kongres2025-102-scaled.jpg\" rel=\"noreferrer\" data-rel=\"iLightbox[gallery_image_1]\" class=\"fusion-lightbox\" target=\"_self\"><img decoding=\"async\" src=\"https:\/\/www.kongres-estetickej-mediciny.sk\/wp-content\/uploads\/2025\/10\/kongres2025-102-scaled.jpg\" data-orig-src=\"https:\/\/www.kongres-estetickej-mediciny.sk\/wp-content\/uploads\/2025\/10\/kongres2025-102-scaled.jpg\" width=\"2560\" height=\"1440\" alt=\"\" title=\"kongres2025-102\" aria-label=\"kongres2025-102\" class=\"lazyload img-responsive wp-image-5954\" srcset=\"data:image\/svg+xml,%3Csvg%20xmlns%3D%27http%3A%2F%2Fwww.w3.org%2F2000%2Fsvg%27%20width%3D%272560%27%20height%3D%271440%27%20viewBox%3D%270%200%202560%201440%27%3E%3Crect%20width%3D%272560%27%20height%3D%271440%27%20fill-opacity%3D%220%22%2F%3E%3C%2Fsvg%3E\" data-srcset=\"https:\/\/www.kongres-estetickej-mediciny.sk\/wp-content\/uploads\/2025\/10\/kongres2025-102-200x112.jpg 200w, https:\/\/www.kongres-estetickej-mediciny.sk\/wp-content\/uploads\/2025\/10\/kongres2025-102-400x225.jpg 400w, https:\/\/www.kongres-estetickej-mediciny.sk\/wp-content\/uploads\/2025\/10\/kongres2025-102-600x337.jpg 600w, https:\/\/www.kongres-estetickej-mediciny.sk\/wp-content\/uploads\/2025\/10\/kongres2025-102-800x450.jpg 800w, https:\/\/www.kongres-estetickej-mediciny.sk\/wp-content\/uploads\/2025\/10\/kongres2025-102-1200x675.jpg 1200w, https:\/\/www.kongres-estetickej-mediciny.sk\/wp-content\/uploads\/2025\/10\/kongres2025-102-scaled.jpg 2560w\" data-sizes=\"auto\" data-orig-sizes=\"(min-width: 2200px) 100vw, (min-width: 824px) 387px, (min-width: 732px) 580px, (min-width: 640px) 732px, \" \/><\/a><\/div><\/div><div style=\"padding:5px;\" class=\"fusion-grid-column fusion-gallery-column fusion-gallery-column-3 hover-type-none\"><div class=\"fusion-gallery-image\"><a href=\"https:\/\/www.kongres-estetickej-mediciny.sk\/wp-content\/uploads\/2025\/10\/kongres2025-103-scaled.jpg\" rel=\"noreferrer\" data-rel=\"iLightbox[gallery_image_1]\" class=\"fusion-lightbox\" target=\"_self\"><img decoding=\"async\" src=\"https:\/\/www.kongres-estetickej-mediciny.sk\/wp-content\/uploads\/2025\/10\/kongres2025-103-scaled.jpg\" data-orig-src=\"https:\/\/www.kongres-estetickej-mediciny.sk\/wp-content\/uploads\/2025\/10\/kongres2025-103-scaled.jpg\" width=\"1513\" height=\"2560\" alt=\"\" title=\"kongres2025-103\" aria-label=\"kongres2025-103\" class=\"lazyload img-responsive wp-image-5955\" srcset=\"data:image\/svg+xml,%3Csvg%20xmlns%3D%27http%3A%2F%2Fwww.w3.org%2F2000%2Fsvg%27%20width%3D%271513%27%20height%3D%272560%27%20viewBox%3D%270%200%201513%202560%27%3E%3Crect%20width%3D%271513%27%20height%3D%272560%27%20fill-opacity%3D%220%22%2F%3E%3C%2Fsvg%3E\" data-srcset=\"https:\/\/www.kongres-estetickej-mediciny.sk\/wp-content\/uploads\/2025\/10\/kongres2025-103-200x338.jpg 200w, https:\/\/www.kongres-estetickej-mediciny.sk\/wp-content\/uploads\/2025\/10\/kongres2025-103-400x677.jpg 400w, https:\/\/www.kongres-estetickej-mediciny.sk\/wp-content\/uploads\/2025\/10\/kongres2025-103-600x1015.jpg 600w, https:\/\/www.kongres-estetickej-mediciny.sk\/wp-content\/uploads\/2025\/10\/kongres2025-103-800x1354.jpg 800w, https:\/\/www.kongres-estetickej-mediciny.sk\/wp-content\/uploads\/2025\/10\/kongres2025-103-1200x2031.jpg 1200w, https:\/\/www.kongres-estetickej-mediciny.sk\/wp-content\/uploads\/2025\/10\/kongres2025-103-scaled.jpg 1513w\" data-sizes=\"auto\" data-orig-sizes=\"(min-width: 2200px) 100vw, (min-width: 824px) 387px, (min-width: 732px) 580px, (min-width: 640px) 732px, \" \/><\/a><\/div><\/div><div style=\"padding:5px;\" class=\"fusion-grid-column fusion-gallery-column fusion-gallery-column-3 hover-type-none\"><div class=\"fusion-gallery-image\"><a href=\"https:\/\/www.kongres-estetickej-mediciny.sk\/wp-content\/uploads\/2025\/10\/kongres2025-104-scaled.jpg\" rel=\"noreferrer\" data-rel=\"iLightbox[gallery_image_1]\" class=\"fusion-lightbox\" target=\"_self\"><img decoding=\"async\" src=\"https:\/\/www.kongres-estetickej-mediciny.sk\/wp-content\/uploads\/2025\/10\/kongres2025-104-scaled.jpg\" data-orig-src=\"https:\/\/www.kongres-estetickej-mediciny.sk\/wp-content\/uploads\/2025\/10\/kongres2025-104-scaled.jpg\" width=\"2560\" height=\"1440\" alt=\"\" title=\"kongres2025-104\" aria-label=\"kongres2025-104\" class=\"lazyload img-responsive wp-image-5956\" srcset=\"data:image\/svg+xml,%3Csvg%20xmlns%3D%27http%3A%2F%2Fwww.w3.org%2F2000%2Fsvg%27%20width%3D%272560%27%20height%3D%271440%27%20viewBox%3D%270%200%202560%201440%27%3E%3Crect%20width%3D%272560%27%20height%3D%271440%27%20fill-opacity%3D%220%22%2F%3E%3C%2Fsvg%3E\" data-srcset=\"https:\/\/www.kongres-estetickej-mediciny.sk\/wp-content\/uploads\/2025\/10\/kongres2025-104-200x112.jpg 200w, https:\/\/www.kongres-estetickej-mediciny.sk\/wp-content\/uploads\/2025\/10\/kongres2025-104-400x225.jpg 400w, https:\/\/www.kongres-estetickej-mediciny.sk\/wp-content\/uploads\/2025\/10\/kongres2025-104-600x337.jpg 600w, https:\/\/www.kongres-estetickej-mediciny.sk\/wp-content\/uploads\/2025\/10\/kongres2025-104-800x450.jpg 800w, https:\/\/www.kongres-estetickej-mediciny.sk\/wp-content\/uploads\/2025\/10\/kongres2025-104-1200x675.jpg 1200w, https:\/\/www.kongres-estetickej-mediciny.sk\/wp-content\/uploads\/2025\/10\/kongres2025-104-scaled.jpg 2560w\" data-sizes=\"auto\" data-orig-sizes=\"(min-width: 2200px) 100vw, (min-width: 824px) 387px, (min-width: 732px) 580px, (min-width: 640px) 732px, \" \/><\/a><\/div><\/div><div class=\"clearfix\"><\/div><div style=\"padding:5px;\" class=\"fusion-grid-column fusion-gallery-column fusion-gallery-column-3 hover-type-none\"><div class=\"fusion-gallery-image\"><a href=\"https:\/\/www.kongres-estetickej-mediciny.sk\/wp-content\/uploads\/2025\/10\/kongres2025-105-scaled.jpg\" rel=\"noreferrer\" data-rel=\"iLightbox[gallery_image_1]\" class=\"fusion-lightbox\" target=\"_self\"><img decoding=\"async\" src=\"https:\/\/www.kongres-estetickej-mediciny.sk\/wp-content\/uploads\/2025\/10\/kongres2025-105-scaled.jpg\" data-orig-src=\"https:\/\/www.kongres-estetickej-mediciny.sk\/wp-content\/uploads\/2025\/10\/kongres2025-105-scaled.jpg\" width=\"2560\" height=\"1440\" alt=\"\" title=\"kongres2025-105\" aria-label=\"kongres2025-105\" class=\"lazyload img-responsive wp-image-5957\" srcset=\"data:image\/svg+xml,%3Csvg%20xmlns%3D%27http%3A%2F%2Fwww.w3.org%2F2000%2Fsvg%27%20width%3D%272560%27%20height%3D%271440%27%20viewBox%3D%270%200%202560%201440%27%3E%3Crect%20width%3D%272560%27%20height%3D%271440%27%20fill-opacity%3D%220%22%2F%3E%3C%2Fsvg%3E\" data-srcset=\"https:\/\/www.kongres-estetickej-mediciny.sk\/wp-content\/uploads\/2025\/10\/kongres2025-105-200x112.jpg 200w, https:\/\/www.kongres-estetickej-mediciny.sk\/wp-content\/uploads\/2025\/10\/kongres2025-105-400x225.jpg 400w, https:\/\/www.kongres-estetickej-mediciny.sk\/wp-content\/uploads\/2025\/10\/kongres2025-105-600x337.jpg 600w, https:\/\/www.kongres-estetickej-mediciny.sk\/wp-content\/uploads\/2025\/10\/kongres2025-105-800x450.jpg 800w, https:\/\/www.kongres-estetickej-mediciny.sk\/wp-content\/uploads\/2025\/10\/kongres2025-105-1200x675.jpg 1200w, https:\/\/www.kongres-estetickej-mediciny.sk\/wp-content\/uploads\/2025\/10\/kongres2025-105-scaled.jpg 2560w\" data-sizes=\"auto\" data-orig-sizes=\"(min-width: 2200px) 100vw, (min-width: 824px) 387px, (min-width: 732px) 580px, (min-width: 640px) 732px, \" \/><\/a><\/div><\/div><div style=\"padding:5px;\" class=\"fusion-grid-column fusion-gallery-column fusion-gallery-column-3 hover-type-none\"><div class=\"fusion-gallery-image\"><a href=\"https:\/\/www.kongres-estetickej-mediciny.sk\/wp-content\/uploads\/2025\/10\/kongres2025-106-scaled.jpg\" rel=\"noreferrer\" data-rel=\"iLightbox[gallery_image_1]\" class=\"fusion-lightbox\" target=\"_self\"><img decoding=\"async\" src=\"https:\/\/www.kongres-estetickej-mediciny.sk\/wp-content\/uploads\/2025\/10\/kongres2025-106-scaled.jpg\" data-orig-src=\"https:\/\/www.kongres-estetickej-mediciny.sk\/wp-content\/uploads\/2025\/10\/kongres2025-106-scaled.jpg\" width=\"2560\" height=\"1440\" alt=\"\" title=\"kongres2025-106\" aria-label=\"kongres2025-106\" class=\"lazyload img-responsive wp-image-5958\" srcset=\"data:image\/svg+xml,%3Csvg%20xmlns%3D%27http%3A%2F%2Fwww.w3.org%2F2000%2Fsvg%27%20width%3D%272560%27%20height%3D%271440%27%20viewBox%3D%270%200%202560%201440%27%3E%3Crect%20width%3D%272560%27%20height%3D%271440%27%20fill-opacity%3D%220%22%2F%3E%3C%2Fsvg%3E\" data-srcset=\"https:\/\/www.kongres-estetickej-mediciny.sk\/wp-content\/uploads\/2025\/10\/kongres2025-106-200x112.jpg 200w, https:\/\/www.kongres-estetickej-mediciny.sk\/wp-content\/uploads\/2025\/10\/kongres2025-106-400x225.jpg 400w, https:\/\/www.kongres-estetickej-mediciny.sk\/wp-content\/uploads\/2025\/10\/kongres2025-106-600x337.jpg 600w, https:\/\/www.kongres-estetickej-mediciny.sk\/wp-content\/uploads\/2025\/10\/kongres2025-106-800x450.jpg 800w, https:\/\/www.kongres-estetickej-mediciny.sk\/wp-content\/uploads\/2025\/10\/kongres2025-106-1200x675.jpg 1200w, https:\/\/www.kongres-estetickej-mediciny.sk\/wp-content\/uploads\/2025\/10\/kongres2025-106-scaled.jpg 2560w\" data-sizes=\"auto\" data-orig-sizes=\"(min-width: 2200px) 100vw, (min-width: 824px) 387px, (min-width: 732px) 580px, (min-width: 640px) 732px, \" \/><\/a><\/div><\/div><div style=\"padding:5px;\" class=\"fusion-grid-column fusion-gallery-column fusion-gallery-column-3 hover-type-none\"><div class=\"fusion-gallery-image\"><a href=\"https:\/\/www.kongres-estetickej-mediciny.sk\/wp-content\/uploads\/2025\/10\/kongres2025-107-scaled.jpg\" rel=\"noreferrer\" data-rel=\"iLightbox[gallery_image_1]\" class=\"fusion-lightbox\" target=\"_self\"><img decoding=\"async\" src=\"https:\/\/www.kongres-estetickej-mediciny.sk\/wp-content\/uploads\/2025\/10\/kongres2025-107-scaled.jpg\" data-orig-src=\"https:\/\/www.kongres-estetickej-mediciny.sk\/wp-content\/uploads\/2025\/10\/kongres2025-107-scaled.jpg\" width=\"2560\" height=\"1440\" alt=\"\" title=\"kongres2025-107\" aria-label=\"kongres2025-107\" class=\"lazyload img-responsive wp-image-5959\" srcset=\"data:image\/svg+xml,%3Csvg%20xmlns%3D%27http%3A%2F%2Fwww.w3.org%2F2000%2Fsvg%27%20width%3D%272560%27%20height%3D%271440%27%20viewBox%3D%270%200%202560%201440%27%3E%3Crect%20width%3D%272560%27%20height%3D%271440%27%20fill-opacity%3D%220%22%2F%3E%3C%2Fsvg%3E\" data-srcset=\"https:\/\/www.kongres-estetickej-mediciny.sk\/wp-content\/uploads\/2025\/10\/kongres2025-107-200x112.jpg 200w, https:\/\/www.kongres-estetickej-mediciny.sk\/wp-content\/uploads\/2025\/10\/kongres2025-107-400x225.jpg 400w, https:\/\/www.kongres-estetickej-mediciny.sk\/wp-content\/uploads\/2025\/10\/kongres2025-107-600x337.jpg 600w, https:\/\/www.kongres-estetickej-mediciny.sk\/wp-content\/uploads\/2025\/10\/kongres2025-107-800x450.jpg 800w, https:\/\/www.kongres-estetickej-mediciny.sk\/wp-content\/uploads\/2025\/10\/kongres2025-107-1200x675.jpg 1200w, https:\/\/www.kongres-estetickej-mediciny.sk\/wp-content\/uploads\/2025\/10\/kongres2025-107-scaled.jpg 2560w\" data-sizes=\"auto\" data-orig-sizes=\"(min-width: 2200px) 100vw, (min-width: 824px) 387px, (min-width: 732px) 580px, (min-width: 640px) 732px, \" \/><\/a><\/div><\/div><div class=\"clearfix\"><\/div><div style=\"padding:5px;\" class=\"fusion-grid-column fusion-gallery-column fusion-gallery-column-3 hover-type-none\"><div class=\"fusion-gallery-image\"><a href=\"https:\/\/www.kongres-estetickej-mediciny.sk\/wp-content\/uploads\/2025\/10\/kongres2025-108-scaled.jpg\" rel=\"noreferrer\" data-rel=\"iLightbox[gallery_image_1]\" class=\"fusion-lightbox\" target=\"_self\"><img decoding=\"async\" src=\"https:\/\/www.kongres-estetickej-mediciny.sk\/wp-content\/uploads\/2025\/10\/kongres2025-108-scaled.jpg\" data-orig-src=\"https:\/\/www.kongres-estetickej-mediciny.sk\/wp-content\/uploads\/2025\/10\/kongres2025-108-scaled.jpg\" width=\"2560\" height=\"1440\" alt=\"\" title=\"kongres2025-108\" aria-label=\"kongres2025-108\" class=\"lazyload img-responsive wp-image-5960\" srcset=\"data:image\/svg+xml,%3Csvg%20xmlns%3D%27http%3A%2F%2Fwww.w3.org%2F2000%2Fsvg%27%20width%3D%272560%27%20height%3D%271440%27%20viewBox%3D%270%200%202560%201440%27%3E%3Crect%20width%3D%272560%27%20height%3D%271440%27%20fill-opacity%3D%220%22%2F%3E%3C%2Fsvg%3E\" data-srcset=\"https:\/\/www.kongres-estetickej-mediciny.sk\/wp-content\/uploads\/2025\/10\/kongres2025-108-200x112.jpg 200w, https:\/\/www.kongres-estetickej-mediciny.sk\/wp-content\/uploads\/2025\/10\/kongres2025-108-400x225.jpg 400w, https:\/\/www.kongres-estetickej-mediciny.sk\/wp-content\/uploads\/2025\/10\/kongres2025-108-600x337.jpg 600w, https:\/\/www.kongres-estetickej-mediciny.sk\/wp-content\/uploads\/2025\/10\/kongres2025-108-800x450.jpg 800w, https:\/\/www.kongres-estetickej-mediciny.sk\/wp-content\/uploads\/2025\/10\/kongres2025-108-1200x675.jpg 1200w, https:\/\/www.kongres-estetickej-mediciny.sk\/wp-content\/uploads\/2025\/10\/kongres2025-108-scaled.jpg 2560w\" data-sizes=\"auto\" data-orig-sizes=\"(min-width: 2200px) 100vw, (min-width: 824px) 387px, (min-width: 732px) 580px, (min-width: 640px) 732px, \" \/><\/a><\/div><\/div><div style=\"padding:5px;\" class=\"fusion-grid-column fusion-gallery-column fusion-gallery-column-3 hover-type-none\"><div class=\"fusion-gallery-image\"><a href=\"https:\/\/www.kongres-estetickej-mediciny.sk\/wp-content\/uploads\/2025\/10\/kongres2025-109-scaled.jpg\" rel=\"noreferrer\" data-rel=\"iLightbox[gallery_image_1]\" class=\"fusion-lightbox\" target=\"_self\"><img decoding=\"async\" src=\"https:\/\/www.kongres-estetickej-mediciny.sk\/wp-content\/uploads\/2025\/10\/kongres2025-109-scaled.jpg\" data-orig-src=\"https:\/\/www.kongres-estetickej-mediciny.sk\/wp-content\/uploads\/2025\/10\/kongres2025-109-scaled.jpg\" width=\"1543\" height=\"2560\" alt=\"\" title=\"kongres2025-109\" aria-label=\"kongres2025-109\" class=\"lazyload img-responsive wp-image-5961\" srcset=\"data:image\/svg+xml,%3Csvg%20xmlns%3D%27http%3A%2F%2Fwww.w3.org%2F2000%2Fsvg%27%20width%3D%271543%27%20height%3D%272560%27%20viewBox%3D%270%200%201543%202560%27%3E%3Crect%20width%3D%271543%27%20height%3D%272560%27%20fill-opacity%3D%220%22%2F%3E%3C%2Fsvg%3E\" data-srcset=\"https:\/\/www.kongres-estetickej-mediciny.sk\/wp-content\/uploads\/2025\/10\/kongres2025-109-200x332.jpg 200w, https:\/\/www.kongres-estetickej-mediciny.sk\/wp-content\/uploads\/2025\/10\/kongres2025-109-400x664.jpg 400w, https:\/\/www.kongres-estetickej-mediciny.sk\/wp-content\/uploads\/2025\/10\/kongres2025-109-600x996.jpg 600w, https:\/\/www.kongres-estetickej-mediciny.sk\/wp-content\/uploads\/2025\/10\/kongres2025-109-800x1328.jpg 800w, https:\/\/www.kongres-estetickej-mediciny.sk\/wp-content\/uploads\/2025\/10\/kongres2025-109-1200x1991.jpg 1200w, https:\/\/www.kongres-estetickej-mediciny.sk\/wp-content\/uploads\/2025\/10\/kongres2025-109-scaled.jpg 1543w\" data-sizes=\"auto\" data-orig-sizes=\"(min-width: 2200px) 100vw, (min-width: 824px) 387px, (min-width: 732px) 580px, (min-width: 640px) 732px, \" \/><\/a><\/div><\/div><div style=\"padding:5px;\" class=\"fusion-grid-column fusion-gallery-column fusion-gallery-column-3 hover-type-none\"><div class=\"fusion-gallery-image\"><a href=\"https:\/\/www.kongres-estetickej-mediciny.sk\/wp-content\/uploads\/2025\/10\/kongres2025-110-scaled.jpg\" rel=\"noreferrer\" data-rel=\"iLightbox[gallery_image_1]\" class=\"fusion-lightbox\" target=\"_self\"><img decoding=\"async\" src=\"https:\/\/www.kongres-estetickej-mediciny.sk\/wp-content\/uploads\/2025\/10\/kongres2025-110-scaled.jpg\" data-orig-src=\"https:\/\/www.kongres-estetickej-mediciny.sk\/wp-content\/uploads\/2025\/10\/kongres2025-110-scaled.jpg\" width=\"1440\" height=\"2560\" alt=\"\" title=\"kongres2025-110\" aria-label=\"kongres2025-110\" class=\"lazyload img-responsive wp-image-5962\" srcset=\"data:image\/svg+xml,%3Csvg%20xmlns%3D%27http%3A%2F%2Fwww.w3.org%2F2000%2Fsvg%27%20width%3D%271440%27%20height%3D%272560%27%20viewBox%3D%270%200%201440%202560%27%3E%3Crect%20width%3D%271440%27%20height%3D%272560%27%20fill-opacity%3D%220%22%2F%3E%3C%2Fsvg%3E\" data-srcset=\"https:\/\/www.kongres-estetickej-mediciny.sk\/wp-content\/uploads\/2025\/10\/kongres2025-110-200x356.jpg 200w, https:\/\/www.kongres-estetickej-mediciny.sk\/wp-content\/uploads\/2025\/10\/kongres2025-110-400x711.jpg 400w, https:\/\/www.kongres-estetickej-mediciny.sk\/wp-content\/uploads\/2025\/10\/kongres2025-110-600x1067.jpg 600w, https:\/\/www.kongres-estetickej-mediciny.sk\/wp-content\/uploads\/2025\/10\/kongres2025-110-800x1423.jpg 800w, https:\/\/www.kongres-estetickej-mediciny.sk\/wp-content\/uploads\/2025\/10\/kongres2025-110-1200x2134.jpg 1200w, https:\/\/www.kongres-estetickej-mediciny.sk\/wp-content\/uploads\/2025\/10\/kongres2025-110-scaled.jpg 1440w\" data-sizes=\"auto\" data-orig-sizes=\"(min-width: 2200px) 100vw, (min-width: 824px) 387px, (min-width: 732px) 580px, (min-width: 640px) 732px, \" \/><\/a><\/div><\/div><div class=\"clearfix\"><\/div><div style=\"padding:5px;\" class=\"fusion-grid-column fusion-gallery-column fusion-gallery-column-3 hover-type-none\"><div class=\"fusion-gallery-image\"><a href=\"https:\/\/www.kongres-estetickej-mediciny.sk\/wp-content\/uploads\/2025\/10\/kongres2025-111-scaled.jpg\" rel=\"noreferrer\" data-rel=\"iLightbox[gallery_image_1]\" class=\"fusion-lightbox\" target=\"_self\"><img decoding=\"async\" src=\"https:\/\/www.kongres-estetickej-mediciny.sk\/wp-content\/uploads\/2025\/10\/kongres2025-111-scaled.jpg\" data-orig-src=\"https:\/\/www.kongres-estetickej-mediciny.sk\/wp-content\/uploads\/2025\/10\/kongres2025-111-scaled.jpg\" width=\"2560\" height=\"1440\" alt=\"\" title=\"kongres2025-111\" aria-label=\"kongres2025-111\" class=\"lazyload img-responsive wp-image-5963\" srcset=\"data:image\/svg+xml,%3Csvg%20xmlns%3D%27http%3A%2F%2Fwww.w3.org%2F2000%2Fsvg%27%20width%3D%272560%27%20height%3D%271440%27%20viewBox%3D%270%200%202560%201440%27%3E%3Crect%20width%3D%272560%27%20height%3D%271440%27%20fill-opacity%3D%220%22%2F%3E%3C%2Fsvg%3E\" data-srcset=\"https:\/\/www.kongres-estetickej-mediciny.sk\/wp-content\/uploads\/2025\/10\/kongres2025-111-200x112.jpg 200w, https:\/\/www.kongres-estetickej-mediciny.sk\/wp-content\/uploads\/2025\/10\/kongres2025-111-400x225.jpg 400w, https:\/\/www.kongres-estetickej-mediciny.sk\/wp-content\/uploads\/2025\/10\/kongres2025-111-600x337.jpg 600w, https:\/\/www.kongres-estetickej-mediciny.sk\/wp-content\/uploads\/2025\/10\/kongres2025-111-800x450.jpg 800w, https:\/\/www.kongres-estetickej-mediciny.sk\/wp-content\/uploads\/2025\/10\/kongres2025-111-1200x675.jpg 1200w, https:\/\/www.kongres-estetickej-mediciny.sk\/wp-content\/uploads\/2025\/10\/kongres2025-111-scaled.jpg 2560w\" data-sizes=\"auto\" data-orig-sizes=\"(min-width: 2200px) 100vw, (min-width: 824px) 387px, (min-width: 732px) 580px, (min-width: 640px) 732px, \" \/><\/a><\/div><\/div><div style=\"padding:5px;\" class=\"fusion-grid-column fusion-gallery-column fusion-gallery-column-3 hover-type-none\"><div class=\"fusion-gallery-image\"><a href=\"https:\/\/www.kongres-estetickej-mediciny.sk\/wp-content\/uploads\/2025\/10\/kongres2025-112-scaled.jpg\" rel=\"noreferrer\" data-rel=\"iLightbox[gallery_image_1]\" class=\"fusion-lightbox\" target=\"_self\"><img decoding=\"async\" src=\"https:\/\/www.kongres-estetickej-mediciny.sk\/wp-content\/uploads\/2025\/10\/kongres2025-112-scaled.jpg\" data-orig-src=\"https:\/\/www.kongres-estetickej-mediciny.sk\/wp-content\/uploads\/2025\/10\/kongres2025-112-scaled.jpg\" width=\"2560\" height=\"1440\" alt=\"\" title=\"kongres2025-112\" aria-label=\"kongres2025-112\" class=\"lazyload img-responsive wp-image-5964\" srcset=\"data:image\/svg+xml,%3Csvg%20xmlns%3D%27http%3A%2F%2Fwww.w3.org%2F2000%2Fsvg%27%20width%3D%272560%27%20height%3D%271440%27%20viewBox%3D%270%200%202560%201440%27%3E%3Crect%20width%3D%272560%27%20height%3D%271440%27%20fill-opacity%3D%220%22%2F%3E%3C%2Fsvg%3E\" data-srcset=\"https:\/\/www.kongres-estetickej-mediciny.sk\/wp-content\/uploads\/2025\/10\/kongres2025-112-200x112.jpg 200w, https:\/\/www.kongres-estetickej-mediciny.sk\/wp-content\/uploads\/2025\/10\/kongres2025-112-400x225.jpg 400w, https:\/\/www.kongres-estetickej-mediciny.sk\/wp-content\/uploads\/2025\/10\/kongres2025-112-600x337.jpg 600w, https:\/\/www.kongres-estetickej-mediciny.sk\/wp-content\/uploads\/2025\/10\/kongres2025-112-800x450.jpg 800w, https:\/\/www.kongres-estetickej-mediciny.sk\/wp-content\/uploads\/2025\/10\/kongres2025-112-1200x675.jpg 1200w, https:\/\/www.kongres-estetickej-mediciny.sk\/wp-content\/uploads\/2025\/10\/kongres2025-112-scaled.jpg 2560w\" data-sizes=\"auto\" data-orig-sizes=\"(min-width: 2200px) 100vw, (min-width: 824px) 387px, (min-width: 732px) 580px, (min-width: 640px) 732px, \" \/><\/a><\/div><\/div><div style=\"padding:5px;\" class=\"fusion-grid-column fusion-gallery-column fusion-gallery-column-3 hover-type-none\"><div class=\"fusion-gallery-image\"><a href=\"https:\/\/www.kongres-estetickej-mediciny.sk\/wp-content\/uploads\/2025\/10\/kongres2025-113-scaled.jpg\" rel=\"noreferrer\" data-rel=\"iLightbox[gallery_image_1]\" class=\"fusion-lightbox\" target=\"_self\"><img decoding=\"async\" src=\"https:\/\/www.kongres-estetickej-mediciny.sk\/wp-content\/uploads\/2025\/10\/kongres2025-113-scaled.jpg\" data-orig-src=\"https:\/\/www.kongres-estetickej-mediciny.sk\/wp-content\/uploads\/2025\/10\/kongres2025-113-scaled.jpg\" width=\"2560\" height=\"1440\" alt=\"\" title=\"kongres2025-113\" aria-label=\"kongres2025-113\" class=\"lazyload img-responsive wp-image-5965\" srcset=\"data:image\/svg+xml,%3Csvg%20xmlns%3D%27http%3A%2F%2Fwww.w3.org%2F2000%2Fsvg%27%20width%3D%272560%27%20height%3D%271440%27%20viewBox%3D%270%200%202560%201440%27%3E%3Crect%20width%3D%272560%27%20height%3D%271440%27%20fill-opacity%3D%220%22%2F%3E%3C%2Fsvg%3E\" data-srcset=\"https:\/\/www.kongres-estetickej-mediciny.sk\/wp-content\/uploads\/2025\/10\/kongres2025-113-200x112.jpg 200w, https:\/\/www.kongres-estetickej-mediciny.sk\/wp-content\/uploads\/2025\/10\/kongres2025-113-400x225.jpg 400w, https:\/\/www.kongres-estetickej-mediciny.sk\/wp-content\/uploads\/2025\/10\/kongres2025-113-600x337.jpg 600w, https:\/\/www.kongres-estetickej-mediciny.sk\/wp-content\/uploads\/2025\/10\/kongres2025-113-800x450.jpg 800w, https:\/\/www.kongres-estetickej-mediciny.sk\/wp-content\/uploads\/2025\/10\/kongres2025-113-1200x675.jpg 1200w, https:\/\/www.kongres-estetickej-mediciny.sk\/wp-content\/uploads\/2025\/10\/kongres2025-113-scaled.jpg 2560w\" data-sizes=\"auto\" data-orig-sizes=\"(min-width: 2200px) 100vw, (min-width: 824px) 387px, (min-width: 732px) 580px, (min-width: 640px) 732px, \" \/><\/a><\/div><\/div><div class=\"clearfix\"><\/div><div style=\"padding:5px;\" class=\"fusion-grid-column fusion-gallery-column fusion-gallery-column-3 hover-type-none\"><div class=\"fusion-gallery-image\"><a href=\"https:\/\/www.kongres-estetickej-mediciny.sk\/wp-content\/uploads\/2025\/10\/kongres2025-114-scaled.jpg\" rel=\"noreferrer\" data-rel=\"iLightbox[gallery_image_1]\" class=\"fusion-lightbox\" target=\"_self\"><img decoding=\"async\" src=\"https:\/\/www.kongres-estetickej-mediciny.sk\/wp-content\/uploads\/2025\/10\/kongres2025-114-scaled.jpg\" data-orig-src=\"https:\/\/www.kongres-estetickej-mediciny.sk\/wp-content\/uploads\/2025\/10\/kongres2025-114-scaled.jpg\" width=\"2560\" height=\"1440\" alt=\"\" title=\"kongres2025-114\" aria-label=\"kongres2025-114\" class=\"lazyload img-responsive wp-image-5966\" srcset=\"data:image\/svg+xml,%3Csvg%20xmlns%3D%27http%3A%2F%2Fwww.w3.org%2F2000%2Fsvg%27%20width%3D%272560%27%20height%3D%271440%27%20viewBox%3D%270%200%202560%201440%27%3E%3Crect%20width%3D%272560%27%20height%3D%271440%27%20fill-opacity%3D%220%22%2F%3E%3C%2Fsvg%3E\" data-srcset=\"https:\/\/www.kongres-estetickej-mediciny.sk\/wp-content\/uploads\/2025\/10\/kongres2025-114-200x112.jpg 200w, https:\/\/www.kongres-estetickej-mediciny.sk\/wp-content\/uploads\/2025\/10\/kongres2025-114-400x225.jpg 400w, https:\/\/www.kongres-estetickej-mediciny.sk\/wp-content\/uploads\/2025\/10\/kongres2025-114-600x337.jpg 600w, https:\/\/www.kongres-estetickej-mediciny.sk\/wp-content\/uploads\/2025\/10\/kongres2025-114-800x450.jpg 800w, https:\/\/www.kongres-estetickej-mediciny.sk\/wp-content\/uploads\/2025\/10\/kongres2025-114-1200x675.jpg 1200w, https:\/\/www.kongres-estetickej-mediciny.sk\/wp-content\/uploads\/2025\/10\/kongres2025-114-scaled.jpg 2560w\" data-sizes=\"auto\" data-orig-sizes=\"(min-width: 2200px) 100vw, (min-width: 824px) 387px, (min-width: 732px) 580px, (min-width: 640px) 732px, \" \/><\/a><\/div><\/div><div style=\"padding:5px;\" class=\"fusion-grid-column fusion-gallery-column fusion-gallery-column-3 hover-type-none\"><div class=\"fusion-gallery-image\"><a href=\"https:\/\/www.kongres-estetickej-mediciny.sk\/wp-content\/uploads\/2025\/10\/kongres2025-115-scaled.jpg\" rel=\"noreferrer\" data-rel=\"iLightbox[gallery_image_1]\" class=\"fusion-lightbox\" target=\"_self\"><img decoding=\"async\" src=\"https:\/\/www.kongres-estetickej-mediciny.sk\/wp-content\/uploads\/2025\/10\/kongres2025-115-scaled.jpg\" data-orig-src=\"https:\/\/www.kongres-estetickej-mediciny.sk\/wp-content\/uploads\/2025\/10\/kongres2025-115-scaled.jpg\" width=\"2560\" height=\"1440\" alt=\"\" title=\"kongres2025-115\" aria-label=\"kongres2025-115\" class=\"lazyload img-responsive wp-image-5967\" srcset=\"data:image\/svg+xml,%3Csvg%20xmlns%3D%27http%3A%2F%2Fwww.w3.org%2F2000%2Fsvg%27%20width%3D%272560%27%20height%3D%271440%27%20viewBox%3D%270%200%202560%201440%27%3E%3Crect%20width%3D%272560%27%20height%3D%271440%27%20fill-opacity%3D%220%22%2F%3E%3C%2Fsvg%3E\" data-srcset=\"https:\/\/www.kongres-estetickej-mediciny.sk\/wp-content\/uploads\/2025\/10\/kongres2025-115-200x112.jpg 200w, https:\/\/www.kongres-estetickej-mediciny.sk\/wp-content\/uploads\/2025\/10\/kongres2025-115-400x225.jpg 400w, https:\/\/www.kongres-estetickej-mediciny.sk\/wp-content\/uploads\/2025\/10\/kongres2025-115-600x337.jpg 600w, https:\/\/www.kongres-estetickej-mediciny.sk\/wp-content\/uploads\/2025\/10\/kongres2025-115-800x450.jpg 800w, https:\/\/www.kongres-estetickej-mediciny.sk\/wp-content\/uploads\/2025\/10\/kongres2025-115-1200x675.jpg 1200w, https:\/\/www.kongres-estetickej-mediciny.sk\/wp-content\/uploads\/2025\/10\/kongres2025-115-scaled.jpg 2560w\" data-sizes=\"auto\" data-orig-sizes=\"(min-width: 2200px) 100vw, (min-width: 824px) 387px, (min-width: 732px) 580px, (min-width: 640px) 732px, \" \/><\/a><\/div><\/div><div style=\"padding:5px;\" class=\"fusion-grid-column fusion-gallery-column fusion-gallery-column-3 hover-type-none\"><div class=\"fusion-gallery-image\"><a href=\"https:\/\/www.kongres-estetickej-mediciny.sk\/wp-content\/uploads\/2025\/10\/kongres2025-116-scaled.jpg\" rel=\"noreferrer\" data-rel=\"iLightbox[gallery_image_1]\" class=\"fusion-lightbox\" target=\"_self\"><img decoding=\"async\" src=\"https:\/\/www.kongres-estetickej-mediciny.sk\/wp-content\/uploads\/2025\/10\/kongres2025-116-scaled.jpg\" data-orig-src=\"https:\/\/www.kongres-estetickej-mediciny.sk\/wp-content\/uploads\/2025\/10\/kongres2025-116-scaled.jpg\" width=\"2560\" height=\"1440\" alt=\"\" title=\"kongres2025-116\" aria-label=\"kongres2025-116\" class=\"lazyload img-responsive wp-image-5968\" srcset=\"data:image\/svg+xml,%3Csvg%20xmlns%3D%27http%3A%2F%2Fwww.w3.org%2F2000%2Fsvg%27%20width%3D%272560%27%20height%3D%271440%27%20viewBox%3D%270%200%202560%201440%27%3E%3Crect%20width%3D%272560%27%20height%3D%271440%27%20fill-opacity%3D%220%22%2F%3E%3C%2Fsvg%3E\" data-srcset=\"https:\/\/www.kongres-estetickej-mediciny.sk\/wp-content\/uploads\/2025\/10\/kongres2025-116-200x112.jpg 200w, https:\/\/www.kongres-estetickej-mediciny.sk\/wp-content\/uploads\/2025\/10\/kongres2025-116-400x225.jpg 400w, https:\/\/www.kongres-estetickej-mediciny.sk\/wp-content\/uploads\/2025\/10\/kongres2025-116-600x337.jpg 600w, https:\/\/www.kongres-estetickej-mediciny.sk\/wp-content\/uploads\/2025\/10\/kongres2025-116-800x450.jpg 800w, https:\/\/www.kongres-estetickej-mediciny.sk\/wp-content\/uploads\/2025\/10\/kongres2025-116-1200x675.jpg 1200w, https:\/\/www.kongres-estetickej-mediciny.sk\/wp-content\/uploads\/2025\/10\/kongres2025-116-scaled.jpg 2560w\" data-sizes=\"auto\" data-orig-sizes=\"(min-width: 2200px) 100vw, (min-width: 824px) 387px, (min-width: 732px) 580px, (min-width: 640px) 732px, \" \/><\/a><\/div><\/div><div class=\"clearfix\"><\/div><div style=\"padding:5px;\" class=\"fusion-grid-column fusion-gallery-column fusion-gallery-column-3 hover-type-none\"><div class=\"fusion-gallery-image\"><a href=\"https:\/\/www.kongres-estetickej-mediciny.sk\/wp-content\/uploads\/2025\/10\/kongres2025-117-scaled.jpg\" rel=\"noreferrer\" data-rel=\"iLightbox[gallery_image_1]\" class=\"fusion-lightbox\" target=\"_self\"><img decoding=\"async\" src=\"https:\/\/www.kongres-estetickej-mediciny.sk\/wp-content\/uploads\/2025\/10\/kongres2025-117-scaled.jpg\" data-orig-src=\"https:\/\/www.kongres-estetickej-mediciny.sk\/wp-content\/uploads\/2025\/10\/kongres2025-117-scaled.jpg\" width=\"1526\" height=\"2560\" alt=\"\" title=\"kongres2025-117\" aria-label=\"kongres2025-117\" class=\"lazyload img-responsive wp-image-5969\" srcset=\"data:image\/svg+xml,%3Csvg%20xmlns%3D%27http%3A%2F%2Fwww.w3.org%2F2000%2Fsvg%27%20width%3D%271526%27%20height%3D%272560%27%20viewBox%3D%270%200%201526%202560%27%3E%3Crect%20width%3D%271526%27%20height%3D%272560%27%20fill-opacity%3D%220%22%2F%3E%3C%2Fsvg%3E\" data-srcset=\"https:\/\/www.kongres-estetickej-mediciny.sk\/wp-content\/uploads\/2025\/10\/kongres2025-117-200x335.jpg 200w, https:\/\/www.kongres-estetickej-mediciny.sk\/wp-content\/uploads\/2025\/10\/kongres2025-117-400x671.jpg 400w, https:\/\/www.kongres-estetickej-mediciny.sk\/wp-content\/uploads\/2025\/10\/kongres2025-117-600x1006.jpg 600w, https:\/\/www.kongres-estetickej-mediciny.sk\/wp-content\/uploads\/2025\/10\/kongres2025-117-800x1342.jpg 800w, https:\/\/www.kongres-estetickej-mediciny.sk\/wp-content\/uploads\/2025\/10\/kongres2025-117-1200x2013.jpg 1200w, https:\/\/www.kongres-estetickej-mediciny.sk\/wp-content\/uploads\/2025\/10\/kongres2025-117-scaled.jpg 1526w\" data-sizes=\"auto\" data-orig-sizes=\"(min-width: 2200px) 100vw, (min-width: 824px) 387px, (min-width: 732px) 580px, (min-width: 640px) 732px, \" \/><\/a><\/div><\/div><div style=\"padding:5px;\" class=\"fusion-grid-column fusion-gallery-column fusion-gallery-column-3 hover-type-none\"><div class=\"fusion-gallery-image\"><a href=\"https:\/\/www.kongres-estetickej-mediciny.sk\/wp-content\/uploads\/2025\/10\/kongres2025-118-scaled.jpg\" rel=\"noreferrer\" data-rel=\"iLightbox[gallery_image_1]\" class=\"fusion-lightbox\" target=\"_self\"><img decoding=\"async\" src=\"https:\/\/www.kongres-estetickej-mediciny.sk\/wp-content\/uploads\/2025\/10\/kongres2025-118-scaled.jpg\" data-orig-src=\"https:\/\/www.kongres-estetickej-mediciny.sk\/wp-content\/uploads\/2025\/10\/kongres2025-118-scaled.jpg\" width=\"2560\" height=\"1440\" alt=\"\" title=\"kongres2025-118\" aria-label=\"kongres2025-118\" class=\"lazyload img-responsive wp-image-5970\" srcset=\"data:image\/svg+xml,%3Csvg%20xmlns%3D%27http%3A%2F%2Fwww.w3.org%2F2000%2Fsvg%27%20width%3D%272560%27%20height%3D%271440%27%20viewBox%3D%270%200%202560%201440%27%3E%3Crect%20width%3D%272560%27%20height%3D%271440%27%20fill-opacity%3D%220%22%2F%3E%3C%2Fsvg%3E\" data-srcset=\"https:\/\/www.kongres-estetickej-mediciny.sk\/wp-content\/uploads\/2025\/10\/kongres2025-118-200x112.jpg 200w, https:\/\/www.kongres-estetickej-mediciny.sk\/wp-content\/uploads\/2025\/10\/kongres2025-118-400x225.jpg 400w, https:\/\/www.kongres-estetickej-mediciny.sk\/wp-content\/uploads\/2025\/10\/kongres2025-118-600x337.jpg 600w, https:\/\/www.kongres-estetickej-mediciny.sk\/wp-content\/uploads\/2025\/10\/kongres2025-118-800x450.jpg 800w, https:\/\/www.kongres-estetickej-mediciny.sk\/wp-content\/uploads\/2025\/10\/kongres2025-118-1200x675.jpg 1200w, https:\/\/www.kongres-estetickej-mediciny.sk\/wp-content\/uploads\/2025\/10\/kongres2025-118-scaled.jpg 2560w\" data-sizes=\"auto\" data-orig-sizes=\"(min-width: 2200px) 100vw, (min-width: 824px) 387px, (min-width: 732px) 580px, (min-width: 640px) 732px, \" \/><\/a><\/div><\/div><div style=\"padding:5px;\" class=\"fusion-grid-column fusion-gallery-column fusion-gallery-column-3 hover-type-none\"><div class=\"fusion-gallery-image\"><a href=\"https:\/\/www.kongres-estetickej-mediciny.sk\/wp-content\/uploads\/2025\/10\/kongres2025-119-scaled.jpg\" rel=\"noreferrer\" data-rel=\"iLightbox[gallery_image_1]\" class=\"fusion-lightbox\" target=\"_self\"><img decoding=\"async\" src=\"https:\/\/www.kongres-estetickej-mediciny.sk\/wp-content\/uploads\/2025\/10\/kongres2025-119-scaled.jpg\" data-orig-src=\"https:\/\/www.kongres-estetickej-mediciny.sk\/wp-content\/uploads\/2025\/10\/kongres2025-119-scaled.jpg\" width=\"2560\" height=\"1440\" alt=\"\" title=\"kongres2025-119\" aria-label=\"kongres2025-119\" class=\"lazyload img-responsive wp-image-5971\" srcset=\"data:image\/svg+xml,%3Csvg%20xmlns%3D%27http%3A%2F%2Fwww.w3.org%2F2000%2Fsvg%27%20width%3D%272560%27%20height%3D%271440%27%20viewBox%3D%270%200%202560%201440%27%3E%3Crect%20width%3D%272560%27%20height%3D%271440%27%20fill-opacity%3D%220%22%2F%3E%3C%2Fsvg%3E\" data-srcset=\"https:\/\/www.kongres-estetickej-mediciny.sk\/wp-content\/uploads\/2025\/10\/kongres2025-119-200x112.jpg 200w, https:\/\/www.kongres-estetickej-mediciny.sk\/wp-content\/uploads\/2025\/10\/kongres2025-119-400x225.jpg 400w, https:\/\/www.kongres-estetickej-mediciny.sk\/wp-content\/uploads\/2025\/10\/kongres2025-119-600x337.jpg 600w, https:\/\/www.kongres-estetickej-mediciny.sk\/wp-content\/uploads\/2025\/10\/kongres2025-119-800x450.jpg 800w, https:\/\/www.kongres-estetickej-mediciny.sk\/wp-content\/uploads\/2025\/10\/kongres2025-119-1200x675.jpg 1200w, https:\/\/www.kongres-estetickej-mediciny.sk\/wp-content\/uploads\/2025\/10\/kongres2025-119-scaled.jpg 2560w\" data-sizes=\"auto\" data-orig-sizes=\"(min-width: 2200px) 100vw, (min-width: 824px) 387px, (min-width: 732px) 580px, (min-width: 640px) 732px, \" \/><\/a><\/div><\/div><div class=\"clearfix\"><\/div><div style=\"padding:5px;\" class=\"fusion-grid-column fusion-gallery-column fusion-gallery-column-3 hover-type-none\"><div class=\"fusion-gallery-image\"><a href=\"https:\/\/www.kongres-estetickej-mediciny.sk\/wp-content\/uploads\/2025\/10\/kongres2025-120-scaled.jpg\" rel=\"noreferrer\" data-rel=\"iLightbox[gallery_image_1]\" class=\"fusion-lightbox\" target=\"_self\"><img decoding=\"async\" src=\"https:\/\/www.kongres-estetickej-mediciny.sk\/wp-content\/uploads\/2025\/10\/kongres2025-120-scaled.jpg\" data-orig-src=\"https:\/\/www.kongres-estetickej-mediciny.sk\/wp-content\/uploads\/2025\/10\/kongres2025-120-scaled.jpg\" width=\"2560\" height=\"1440\" alt=\"\" title=\"kongres2025-120\" aria-label=\"kongres2025-120\" class=\"lazyload img-responsive wp-image-5972\" srcset=\"data:image\/svg+xml,%3Csvg%20xmlns%3D%27http%3A%2F%2Fwww.w3.org%2F2000%2Fsvg%27%20width%3D%272560%27%20height%3D%271440%27%20viewBox%3D%270%200%202560%201440%27%3E%3Crect%20width%3D%272560%27%20height%3D%271440%27%20fill-opacity%3D%220%22%2F%3E%3C%2Fsvg%3E\" data-srcset=\"https:\/\/www.kongres-estetickej-mediciny.sk\/wp-content\/uploads\/2025\/10\/kongres2025-120-200x112.jpg 200w, https:\/\/www.kongres-estetickej-mediciny.sk\/wp-content\/uploads\/2025\/10\/kongres2025-120-400x225.jpg 400w, https:\/\/www.kongres-estetickej-mediciny.sk\/wp-content\/uploads\/2025\/10\/kongres2025-120-600x337.jpg 600w, https:\/\/www.kongres-estetickej-mediciny.sk\/wp-content\/uploads\/2025\/10\/kongres2025-120-800x450.jpg 800w, https:\/\/www.kongres-estetickej-mediciny.sk\/wp-content\/uploads\/2025\/10\/kongres2025-120-1200x675.jpg 1200w, https:\/\/www.kongres-estetickej-mediciny.sk\/wp-content\/uploads\/2025\/10\/kongres2025-120-scaled.jpg 2560w\" data-sizes=\"auto\" data-orig-sizes=\"(min-width: 2200px) 100vw, (min-width: 824px) 387px, (min-width: 732px) 580px, (min-width: 640px) 732px, \" \/><\/a><\/div><\/div><div style=\"padding:5px;\" class=\"fusion-grid-column fusion-gallery-column fusion-gallery-column-3 hover-type-none\"><div class=\"fusion-gallery-image\"><a href=\"https:\/\/www.kongres-estetickej-mediciny.sk\/wp-content\/uploads\/2025\/10\/kongres2025-121-scaled.jpg\" rel=\"noreferrer\" data-rel=\"iLightbox[gallery_image_1]\" class=\"fusion-lightbox\" target=\"_self\"><img decoding=\"async\" src=\"https:\/\/www.kongres-estetickej-mediciny.sk\/wp-content\/uploads\/2025\/10\/kongres2025-121-scaled.jpg\" data-orig-src=\"https:\/\/www.kongres-estetickej-mediciny.sk\/wp-content\/uploads\/2025\/10\/kongres2025-121-scaled.jpg\" width=\"2560\" height=\"1440\" alt=\"\" title=\"kongres2025-121\" aria-label=\"kongres2025-121\" class=\"lazyload img-responsive wp-image-5973\" srcset=\"data:image\/svg+xml,%3Csvg%20xmlns%3D%27http%3A%2F%2Fwww.w3.org%2F2000%2Fsvg%27%20width%3D%272560%27%20height%3D%271440%27%20viewBox%3D%270%200%202560%201440%27%3E%3Crect%20width%3D%272560%27%20height%3D%271440%27%20fill-opacity%3D%220%22%2F%3E%3C%2Fsvg%3E\" data-srcset=\"https:\/\/www.kongres-estetickej-mediciny.sk\/wp-content\/uploads\/2025\/10\/kongres2025-121-200x112.jpg 200w, https:\/\/www.kongres-estetickej-mediciny.sk\/wp-content\/uploads\/2025\/10\/kongres2025-121-400x225.jpg 400w, https:\/\/www.kongres-estetickej-mediciny.sk\/wp-content\/uploads\/2025\/10\/kongres2025-121-600x337.jpg 600w, https:\/\/www.kongres-estetickej-mediciny.sk\/wp-content\/uploads\/2025\/10\/kongres2025-121-800x450.jpg 800w, https:\/\/www.kongres-estetickej-mediciny.sk\/wp-content\/uploads\/2025\/10\/kongres2025-121-1200x675.jpg 1200w, https:\/\/www.kongres-estetickej-mediciny.sk\/wp-content\/uploads\/2025\/10\/kongres2025-121-scaled.jpg 2560w\" data-sizes=\"auto\" data-orig-sizes=\"(min-width: 2200px) 100vw, (min-width: 824px) 387px, (min-width: 732px) 580px, (min-width: 640px) 732px, \" \/><\/a><\/div><\/div><div style=\"padding:5px;\" class=\"fusion-grid-column fusion-gallery-column fusion-gallery-column-3 hover-type-none\"><div class=\"fusion-gallery-image\"><a href=\"https:\/\/www.kongres-estetickej-mediciny.sk\/wp-content\/uploads\/2025\/10\/kongres2025-122-scaled.jpg\" rel=\"noreferrer\" data-rel=\"iLightbox[gallery_image_1]\" class=\"fusion-lightbox\" target=\"_self\"><img decoding=\"async\" src=\"https:\/\/www.kongres-estetickej-mediciny.sk\/wp-content\/uploads\/2025\/10\/kongres2025-122-scaled.jpg\" data-orig-src=\"https:\/\/www.kongres-estetickej-mediciny.sk\/wp-content\/uploads\/2025\/10\/kongres2025-122-scaled.jpg\" width=\"2560\" height=\"1440\" alt=\"\" title=\"kongres2025-122\" aria-label=\"kongres2025-122\" class=\"lazyload img-responsive wp-image-5974\" srcset=\"data:image\/svg+xml,%3Csvg%20xmlns%3D%27http%3A%2F%2Fwww.w3.org%2F2000%2Fsvg%27%20width%3D%272560%27%20height%3D%271440%27%20viewBox%3D%270%200%202560%201440%27%3E%3Crect%20width%3D%272560%27%20height%3D%271440%27%20fill-opacity%3D%220%22%2F%3E%3C%2Fsvg%3E\" data-srcset=\"https:\/\/www.kongres-estetickej-mediciny.sk\/wp-content\/uploads\/2025\/10\/kongres2025-122-200x112.jpg 200w, https:\/\/www.kongres-estetickej-mediciny.sk\/wp-content\/uploads\/2025\/10\/kongres2025-122-400x225.jpg 400w, https:\/\/www.kongres-estetickej-mediciny.sk\/wp-content\/uploads\/2025\/10\/kongres2025-122-600x337.jpg 600w, https:\/\/www.kongres-estetickej-mediciny.sk\/wp-content\/uploads\/2025\/10\/kongres2025-122-800x450.jpg 800w, https:\/\/www.kongres-estetickej-mediciny.sk\/wp-content\/uploads\/2025\/10\/kongres2025-122-1200x675.jpg 1200w, https:\/\/www.kongres-estetickej-mediciny.sk\/wp-content\/uploads\/2025\/10\/kongres2025-122-scaled.jpg 2560w\" data-sizes=\"auto\" data-orig-sizes=\"(min-width: 2200px) 100vw, (min-width: 824px) 387px, (min-width: 732px) 580px, (min-width: 640px) 732px, \" \/><\/a><\/div><\/div><div class=\"clearfix\"><\/div><div style=\"padding:5px;\" class=\"fusion-grid-column fusion-gallery-column fusion-gallery-column-3 hover-type-none\"><div class=\"fusion-gallery-image\"><a href=\"https:\/\/www.kongres-estetickej-mediciny.sk\/wp-content\/uploads\/2025\/10\/kongres2025-123-scaled.jpg\" rel=\"noreferrer\" data-rel=\"iLightbox[gallery_image_1]\" class=\"fusion-lightbox\" target=\"_self\"><img decoding=\"async\" src=\"https:\/\/www.kongres-estetickej-mediciny.sk\/wp-content\/uploads\/2025\/10\/kongres2025-123-scaled.jpg\" data-orig-src=\"https:\/\/www.kongres-estetickej-mediciny.sk\/wp-content\/uploads\/2025\/10\/kongres2025-123-scaled.jpg\" width=\"2560\" height=\"1440\" alt=\"\" title=\"kongres2025-123\" aria-label=\"kongres2025-123\" class=\"lazyload img-responsive wp-image-5975\" srcset=\"data:image\/svg+xml,%3Csvg%20xmlns%3D%27http%3A%2F%2Fwww.w3.org%2F2000%2Fsvg%27%20width%3D%272560%27%20height%3D%271440%27%20viewBox%3D%270%200%202560%201440%27%3E%3Crect%20width%3D%272560%27%20height%3D%271440%27%20fill-opacity%3D%220%22%2F%3E%3C%2Fsvg%3E\" data-srcset=\"https:\/\/www.kongres-estetickej-mediciny.sk\/wp-content\/uploads\/2025\/10\/kongres2025-123-200x112.jpg 200w, https:\/\/www.kongres-estetickej-mediciny.sk\/wp-content\/uploads\/2025\/10\/kongres2025-123-400x225.jpg 400w, https:\/\/www.kongres-estetickej-mediciny.sk\/wp-content\/uploads\/2025\/10\/kongres2025-123-600x337.jpg 600w, https:\/\/www.kongres-estetickej-mediciny.sk\/wp-content\/uploads\/2025\/10\/kongres2025-123-800x450.jpg 800w, https:\/\/www.kongres-estetickej-mediciny.sk\/wp-content\/uploads\/2025\/10\/kongres2025-123-1200x675.jpg 1200w, https:\/\/www.kongres-estetickej-mediciny.sk\/wp-content\/uploads\/2025\/10\/kongres2025-123-scaled.jpg 2560w\" data-sizes=\"auto\" data-orig-sizes=\"(min-width: 2200px) 100vw, (min-width: 824px) 387px, (min-width: 732px) 580px, (min-width: 640px) 732px, \" \/><\/a><\/div><\/div><div style=\"padding:5px;\" class=\"fusion-grid-column fusion-gallery-column fusion-gallery-column-3 hover-type-none\"><div class=\"fusion-gallery-image\"><a href=\"https:\/\/www.kongres-estetickej-mediciny.sk\/wp-content\/uploads\/2025\/10\/kongres2025-124-scaled.jpg\" rel=\"noreferrer\" data-rel=\"iLightbox[gallery_image_1]\" class=\"fusion-lightbox\" target=\"_self\"><img decoding=\"async\" src=\"https:\/\/www.kongres-estetickej-mediciny.sk\/wp-content\/uploads\/2025\/10\/kongres2025-124-scaled.jpg\" data-orig-src=\"https:\/\/www.kongres-estetickej-mediciny.sk\/wp-content\/uploads\/2025\/10\/kongres2025-124-scaled.jpg\" width=\"2560\" height=\"1440\" alt=\"\" title=\"kongres2025-124\" aria-label=\"kongres2025-124\" class=\"lazyload img-responsive wp-image-5976\" srcset=\"data:image\/svg+xml,%3Csvg%20xmlns%3D%27http%3A%2F%2Fwww.w3.org%2F2000%2Fsvg%27%20width%3D%272560%27%20height%3D%271440%27%20viewBox%3D%270%200%202560%201440%27%3E%3Crect%20width%3D%272560%27%20height%3D%271440%27%20fill-opacity%3D%220%22%2F%3E%3C%2Fsvg%3E\" data-srcset=\"https:\/\/www.kongres-estetickej-mediciny.sk\/wp-content\/uploads\/2025\/10\/kongres2025-124-200x112.jpg 200w, https:\/\/www.kongres-estetickej-mediciny.sk\/wp-content\/uploads\/2025\/10\/kongres2025-124-400x225.jpg 400w, https:\/\/www.kongres-estetickej-mediciny.sk\/wp-content\/uploads\/2025\/10\/kongres2025-124-600x337.jpg 600w, https:\/\/www.kongres-estetickej-mediciny.sk\/wp-content\/uploads\/2025\/10\/kongres2025-124-800x450.jpg 800w, https:\/\/www.kongres-estetickej-mediciny.sk\/wp-content\/uploads\/2025\/10\/kongres2025-124-1200x675.jpg 1200w, https:\/\/www.kongres-estetickej-mediciny.sk\/wp-content\/uploads\/2025\/10\/kongres2025-124-scaled.jpg 2560w\" data-sizes=\"auto\" data-orig-sizes=\"(min-width: 2200px) 100vw, (min-width: 824px) 387px, (min-width: 732px) 580px, (min-width: 640px) 732px, \" \/><\/a><\/div><\/div><div style=\"padding:5px;\" class=\"fusion-grid-column fusion-gallery-column fusion-gallery-column-3 hover-type-none\"><div class=\"fusion-gallery-image\"><a href=\"https:\/\/www.kongres-estetickej-mediciny.sk\/wp-content\/uploads\/2025\/10\/kongres2025-125-scaled.jpg\" rel=\"noreferrer\" data-rel=\"iLightbox[gallery_image_1]\" class=\"fusion-lightbox\" target=\"_self\"><img decoding=\"async\" src=\"https:\/\/www.kongres-estetickej-mediciny.sk\/wp-content\/uploads\/2025\/10\/kongres2025-125-scaled.jpg\" data-orig-src=\"https:\/\/www.kongres-estetickej-mediciny.sk\/wp-content\/uploads\/2025\/10\/kongres2025-125-scaled.jpg\" width=\"1641\" height=\"2560\" alt=\"\" title=\"kongres2025-125\" aria-label=\"kongres2025-125\" class=\"lazyload img-responsive wp-image-5977\" srcset=\"data:image\/svg+xml,%3Csvg%20xmlns%3D%27http%3A%2F%2Fwww.w3.org%2F2000%2Fsvg%27%20width%3D%271641%27%20height%3D%272560%27%20viewBox%3D%270%200%201641%202560%27%3E%3Crect%20width%3D%271641%27%20height%3D%272560%27%20fill-opacity%3D%220%22%2F%3E%3C%2Fsvg%3E\" data-srcset=\"https:\/\/www.kongres-estetickej-mediciny.sk\/wp-content\/uploads\/2025\/10\/kongres2025-125-200x312.jpg 200w, https:\/\/www.kongres-estetickej-mediciny.sk\/wp-content\/uploads\/2025\/10\/kongres2025-125-400x624.jpg 400w, https:\/\/www.kongres-estetickej-mediciny.sk\/wp-content\/uploads\/2025\/10\/kongres2025-125-600x936.jpg 600w, https:\/\/www.kongres-estetickej-mediciny.sk\/wp-content\/uploads\/2025\/10\/kongres2025-125-800x1248.jpg 800w, https:\/\/www.kongres-estetickej-mediciny.sk\/wp-content\/uploads\/2025\/10\/kongres2025-125-1200x1872.jpg 1200w, https:\/\/www.kongres-estetickej-mediciny.sk\/wp-content\/uploads\/2025\/10\/kongres2025-125-scaled.jpg 1641w\" data-sizes=\"auto\" data-orig-sizes=\"(min-width: 2200px) 100vw, (min-width: 824px) 387px, (min-width: 732px) 580px, (min-width: 640px) 732px, \" \/><\/a><\/div><\/div><div class=\"clearfix\"><\/div><div style=\"padding:5px;\" class=\"fusion-grid-column fusion-gallery-column fusion-gallery-column-3 hover-type-none\"><div class=\"fusion-gallery-image\"><a href=\"https:\/\/www.kongres-estetickej-mediciny.sk\/wp-content\/uploads\/2025\/10\/kongres2025-126-scaled.jpg\" rel=\"noreferrer\" data-rel=\"iLightbox[gallery_image_1]\" class=\"fusion-lightbox\" target=\"_self\"><img decoding=\"async\" src=\"https:\/\/www.kongres-estetickej-mediciny.sk\/wp-content\/uploads\/2025\/10\/kongres2025-126-scaled.jpg\" data-orig-src=\"https:\/\/www.kongres-estetickej-mediciny.sk\/wp-content\/uploads\/2025\/10\/kongres2025-126-scaled.jpg\" width=\"2560\" height=\"1440\" alt=\"\" title=\"kongres2025-126\" aria-label=\"kongres2025-126\" class=\"lazyload img-responsive wp-image-5978\" srcset=\"data:image\/svg+xml,%3Csvg%20xmlns%3D%27http%3A%2F%2Fwww.w3.org%2F2000%2Fsvg%27%20width%3D%272560%27%20height%3D%271440%27%20viewBox%3D%270%200%202560%201440%27%3E%3Crect%20width%3D%272560%27%20height%3D%271440%27%20fill-opacity%3D%220%22%2F%3E%3C%2Fsvg%3E\" data-srcset=\"https:\/\/www.kongres-estetickej-mediciny.sk\/wp-content\/uploads\/2025\/10\/kongres2025-126-200x112.jpg 200w, https:\/\/www.kongres-estetickej-mediciny.sk\/wp-content\/uploads\/2025\/10\/kongres2025-126-400x225.jpg 400w, https:\/\/www.kongres-estetickej-mediciny.sk\/wp-content\/uploads\/2025\/10\/kongres2025-126-600x337.jpg 600w, https:\/\/www.kongres-estetickej-mediciny.sk\/wp-content\/uploads\/2025\/10\/kongres2025-126-800x450.jpg 800w, https:\/\/www.kongres-estetickej-mediciny.sk\/wp-content\/uploads\/2025\/10\/kongres2025-126-1200x675.jpg 1200w, https:\/\/www.kongres-estetickej-mediciny.sk\/wp-content\/uploads\/2025\/10\/kongres2025-126-scaled.jpg 2560w\" data-sizes=\"auto\" data-orig-sizes=\"(min-width: 2200px) 100vw, (min-width: 824px) 387px, (min-width: 732px) 580px, (min-width: 640px) 732px, \" \/><\/a><\/div><\/div><div style=\"padding:5px;\" class=\"fusion-grid-column fusion-gallery-column fusion-gallery-column-3 hover-type-none\"><div class=\"fusion-gallery-image\"><a href=\"https:\/\/www.kongres-estetickej-mediciny.sk\/wp-content\/uploads\/2025\/10\/kongres2025-127-scaled.jpg\" rel=\"noreferrer\" data-rel=\"iLightbox[gallery_image_1]\" class=\"fusion-lightbox\" target=\"_self\"><img decoding=\"async\" src=\"https:\/\/www.kongres-estetickej-mediciny.sk\/wp-content\/uploads\/2025\/10\/kongres2025-127-scaled.jpg\" data-orig-src=\"https:\/\/www.kongres-estetickej-mediciny.sk\/wp-content\/uploads\/2025\/10\/kongres2025-127-scaled.jpg\" width=\"2560\" height=\"1440\" alt=\"\" title=\"kongres2025-127\" aria-label=\"kongres2025-127\" class=\"lazyload img-responsive wp-image-5979\" srcset=\"data:image\/svg+xml,%3Csvg%20xmlns%3D%27http%3A%2F%2Fwww.w3.org%2F2000%2Fsvg%27%20width%3D%272560%27%20height%3D%271440%27%20viewBox%3D%270%200%202560%201440%27%3E%3Crect%20width%3D%272560%27%20height%3D%271440%27%20fill-opacity%3D%220%22%2F%3E%3C%2Fsvg%3E\" data-srcset=\"https:\/\/www.kongres-estetickej-mediciny.sk\/wp-content\/uploads\/2025\/10\/kongres2025-127-200x112.jpg 200w, https:\/\/www.kongres-estetickej-mediciny.sk\/wp-content\/uploads\/2025\/10\/kongres2025-127-400x225.jpg 400w, https:\/\/www.kongres-estetickej-mediciny.sk\/wp-content\/uploads\/2025\/10\/kongres2025-127-600x337.jpg 600w, https:\/\/www.kongres-estetickej-mediciny.sk\/wp-content\/uploads\/2025\/10\/kongres2025-127-800x450.jpg 800w, https:\/\/www.kongres-estetickej-mediciny.sk\/wp-content\/uploads\/2025\/10\/kongres2025-127-1200x675.jpg 1200w, https:\/\/www.kongres-estetickej-mediciny.sk\/wp-content\/uploads\/2025\/10\/kongres2025-127-scaled.jpg 2560w\" data-sizes=\"auto\" data-orig-sizes=\"(min-width: 2200px) 100vw, (min-width: 824px) 387px, (min-width: 732px) 580px, (min-width: 640px) 732px, \" \/><\/a><\/div><\/div><div style=\"padding:5px;\" class=\"fusion-grid-column fusion-gallery-column fusion-gallery-column-3 hover-type-none\"><div class=\"fusion-gallery-image\"><a href=\"https:\/\/www.kongres-estetickej-mediciny.sk\/wp-content\/uploads\/2025\/10\/kongres2025-128-scaled.jpg\" rel=\"noreferrer\" data-rel=\"iLightbox[gallery_image_1]\" class=\"fusion-lightbox\" target=\"_self\"><img decoding=\"async\" src=\"https:\/\/www.kongres-estetickej-mediciny.sk\/wp-content\/uploads\/2025\/10\/kongres2025-128-scaled.jpg\" data-orig-src=\"https:\/\/www.kongres-estetickej-mediciny.sk\/wp-content\/uploads\/2025\/10\/kongres2025-128-scaled.jpg\" width=\"2560\" height=\"1440\" alt=\"\" title=\"kongres2025-128\" aria-label=\"kongres2025-128\" class=\"lazyload img-responsive wp-image-5980\" srcset=\"data:image\/svg+xml,%3Csvg%20xmlns%3D%27http%3A%2F%2Fwww.w3.org%2F2000%2Fsvg%27%20width%3D%272560%27%20height%3D%271440%27%20viewBox%3D%270%200%202560%201440%27%3E%3Crect%20width%3D%272560%27%20height%3D%271440%27%20fill-opacity%3D%220%22%2F%3E%3C%2Fsvg%3E\" data-srcset=\"https:\/\/www.kongres-estetickej-mediciny.sk\/wp-content\/uploads\/2025\/10\/kongres2025-128-200x112.jpg 200w, https:\/\/www.kongres-estetickej-mediciny.sk\/wp-content\/uploads\/2025\/10\/kongres2025-128-400x225.jpg 400w, https:\/\/www.kongres-estetickej-mediciny.sk\/wp-content\/uploads\/2025\/10\/kongres2025-128-600x337.jpg 600w, https:\/\/www.kongres-estetickej-mediciny.sk\/wp-content\/uploads\/2025\/10\/kongres2025-128-800x450.jpg 800w, https:\/\/www.kongres-estetickej-mediciny.sk\/wp-content\/uploads\/2025\/10\/kongres2025-128-1200x675.jpg 1200w, https:\/\/www.kongres-estetickej-mediciny.sk\/wp-content\/uploads\/2025\/10\/kongres2025-128-scaled.jpg 2560w\" data-sizes=\"auto\" data-orig-sizes=\"(min-width: 2200px) 100vw, (min-width: 824px) 387px, (min-width: 732px) 580px, (min-width: 640px) 732px, \" \/><\/a><\/div><\/div><div class=\"clearfix\"><\/div><div style=\"padding:5px;\" class=\"fusion-grid-column fusion-gallery-column fusion-gallery-column-3 hover-type-none\"><div class=\"fusion-gallery-image\"><a href=\"https:\/\/www.kongres-estetickej-mediciny.sk\/wp-content\/uploads\/2025\/10\/kongres2025-129-scaled.jpg\" rel=\"noreferrer\" data-rel=\"iLightbox[gallery_image_1]\" class=\"fusion-lightbox\" target=\"_self\"><img decoding=\"async\" src=\"https:\/\/www.kongres-estetickej-mediciny.sk\/wp-content\/uploads\/2025\/10\/kongres2025-129-scaled.jpg\" data-orig-src=\"https:\/\/www.kongres-estetickej-mediciny.sk\/wp-content\/uploads\/2025\/10\/kongres2025-129-scaled.jpg\" width=\"2560\" height=\"1440\" alt=\"\" title=\"kongres2025-129\" aria-label=\"kongres2025-129\" class=\"lazyload img-responsive wp-image-5981\" srcset=\"data:image\/svg+xml,%3Csvg%20xmlns%3D%27http%3A%2F%2Fwww.w3.org%2F2000%2Fsvg%27%20width%3D%272560%27%20height%3D%271440%27%20viewBox%3D%270%200%202560%201440%27%3E%3Crect%20width%3D%272560%27%20height%3D%271440%27%20fill-opacity%3D%220%22%2F%3E%3C%2Fsvg%3E\" data-srcset=\"https:\/\/www.kongres-estetickej-mediciny.sk\/wp-content\/uploads\/2025\/10\/kongres2025-129-200x112.jpg 200w, https:\/\/www.kongres-estetickej-mediciny.sk\/wp-content\/uploads\/2025\/10\/kongres2025-129-400x225.jpg 400w, https:\/\/www.kongres-estetickej-mediciny.sk\/wp-content\/uploads\/2025\/10\/kongres2025-129-600x337.jpg 600w, https:\/\/www.kongres-estetickej-mediciny.sk\/wp-content\/uploads\/2025\/10\/kongres2025-129-800x450.jpg 800w, https:\/\/www.kongres-estetickej-mediciny.sk\/wp-content\/uploads\/2025\/10\/kongres2025-129-1200x675.jpg 1200w, https:\/\/www.kongres-estetickej-mediciny.sk\/wp-content\/uploads\/2025\/10\/kongres2025-129-scaled.jpg 2560w\" data-sizes=\"auto\" data-orig-sizes=\"(min-width: 2200px) 100vw, (min-width: 824px) 387px, (min-width: 732px) 580px, (min-width: 640px) 732px, \" \/><\/a><\/div><\/div><div style=\"padding:5px;\" class=\"fusion-grid-column fusion-gallery-column fusion-gallery-column-3 hover-type-none\"><div class=\"fusion-gallery-image\"><a href=\"https:\/\/www.kongres-estetickej-mediciny.sk\/wp-content\/uploads\/2025\/10\/kongres2025-130-scaled.jpg\" rel=\"noreferrer\" data-rel=\"iLightbox[gallery_image_1]\" class=\"fusion-lightbox\" target=\"_self\"><img decoding=\"async\" src=\"https:\/\/www.kongres-estetickej-mediciny.sk\/wp-content\/uploads\/2025\/10\/kongres2025-130-scaled.jpg\" data-orig-src=\"https:\/\/www.kongres-estetickej-mediciny.sk\/wp-content\/uploads\/2025\/10\/kongres2025-130-scaled.jpg\" width=\"2560\" height=\"1440\" alt=\"\" title=\"kongres2025-130\" aria-label=\"kongres2025-130\" class=\"lazyload img-responsive wp-image-5982\" srcset=\"data:image\/svg+xml,%3Csvg%20xmlns%3D%27http%3A%2F%2Fwww.w3.org%2F2000%2Fsvg%27%20width%3D%272560%27%20height%3D%271440%27%20viewBox%3D%270%200%202560%201440%27%3E%3Crect%20width%3D%272560%27%20height%3D%271440%27%20fill-opacity%3D%220%22%2F%3E%3C%2Fsvg%3E\" data-srcset=\"https:\/\/www.kongres-estetickej-mediciny.sk\/wp-content\/uploads\/2025\/10\/kongres2025-130-200x112.jpg 200w, https:\/\/www.kongres-estetickej-mediciny.sk\/wp-content\/uploads\/2025\/10\/kongres2025-130-400x225.jpg 400w, https:\/\/www.kongres-estetickej-mediciny.sk\/wp-content\/uploads\/2025\/10\/kongres2025-130-600x337.jpg 600w, https:\/\/www.kongres-estetickej-mediciny.sk\/wp-content\/uploads\/2025\/10\/kongres2025-130-800x450.jpg 800w, https:\/\/www.kongres-estetickej-mediciny.sk\/wp-content\/uploads\/2025\/10\/kongres2025-130-1200x675.jpg 1200w, https:\/\/www.kongres-estetickej-mediciny.sk\/wp-content\/uploads\/2025\/10\/kongres2025-130-scaled.jpg 2560w\" data-sizes=\"auto\" data-orig-sizes=\"(min-width: 2200px) 100vw, (min-width: 824px) 387px, (min-width: 732px) 580px, (min-width: 640px) 732px, \" \/><\/a><\/div><\/div><div style=\"padding:5px;\" class=\"fusion-grid-column fusion-gallery-column fusion-gallery-column-3 hover-type-none\"><div class=\"fusion-gallery-image\"><a href=\"https:\/\/www.kongres-estetickej-mediciny.sk\/wp-content\/uploads\/2025\/10\/kongres2025-131-scaled.jpg\" rel=\"noreferrer\" data-rel=\"iLightbox[gallery_image_1]\" class=\"fusion-lightbox\" target=\"_self\"><img decoding=\"async\" src=\"https:\/\/www.kongres-estetickej-mediciny.sk\/wp-content\/uploads\/2025\/10\/kongres2025-131-scaled.jpg\" data-orig-src=\"https:\/\/www.kongres-estetickej-mediciny.sk\/wp-content\/uploads\/2025\/10\/kongres2025-131-scaled.jpg\" width=\"2560\" height=\"1440\" alt=\"\" title=\"kongres2025-131\" aria-label=\"kongres2025-131\" class=\"lazyload img-responsive wp-image-5983\" srcset=\"data:image\/svg+xml,%3Csvg%20xmlns%3D%27http%3A%2F%2Fwww.w3.org%2F2000%2Fsvg%27%20width%3D%272560%27%20height%3D%271440%27%20viewBox%3D%270%200%202560%201440%27%3E%3Crect%20width%3D%272560%27%20height%3D%271440%27%20fill-opacity%3D%220%22%2F%3E%3C%2Fsvg%3E\" data-srcset=\"https:\/\/www.kongres-estetickej-mediciny.sk\/wp-content\/uploads\/2025\/10\/kongres2025-131-200x112.jpg 200w, https:\/\/www.kongres-estetickej-mediciny.sk\/wp-content\/uploads\/2025\/10\/kongres2025-131-400x225.jpg 400w, https:\/\/www.kongres-estetickej-mediciny.sk\/wp-content\/uploads\/2025\/10\/kongres2025-131-600x337.jpg 600w, https:\/\/www.kongres-estetickej-mediciny.sk\/wp-content\/uploads\/2025\/10\/kongres2025-131-800x450.jpg 800w, https:\/\/www.kongres-estetickej-mediciny.sk\/wp-content\/uploads\/2025\/10\/kongres2025-131-1200x675.jpg 1200w, https:\/\/www.kongres-estetickej-mediciny.sk\/wp-content\/uploads\/2025\/10\/kongres2025-131-scaled.jpg 2560w\" data-sizes=\"auto\" data-orig-sizes=\"(min-width: 2200px) 100vw, (min-width: 824px) 387px, (min-width: 732px) 580px, (min-width: 640px) 732px, \" \/><\/a><\/div><\/div><div class=\"clearfix\"><\/div><div style=\"padding:5px;\" class=\"fusion-grid-column fusion-gallery-column fusion-gallery-column-3 hover-type-none\"><div class=\"fusion-gallery-image\"><a href=\"https:\/\/www.kongres-estetickej-mediciny.sk\/wp-content\/uploads\/2025\/10\/kongres2025-132-scaled.jpg\" rel=\"noreferrer\" data-rel=\"iLightbox[gallery_image_1]\" class=\"fusion-lightbox\" target=\"_self\"><img decoding=\"async\" src=\"https:\/\/www.kongres-estetickej-mediciny.sk\/wp-content\/uploads\/2025\/10\/kongres2025-132-scaled.jpg\" data-orig-src=\"https:\/\/www.kongres-estetickej-mediciny.sk\/wp-content\/uploads\/2025\/10\/kongres2025-132-scaled.jpg\" width=\"2560\" height=\"1440\" alt=\"\" title=\"kongres2025-132\" aria-label=\"kongres2025-132\" class=\"lazyload img-responsive wp-image-5984\" srcset=\"data:image\/svg+xml,%3Csvg%20xmlns%3D%27http%3A%2F%2Fwww.w3.org%2F2000%2Fsvg%27%20width%3D%272560%27%20height%3D%271440%27%20viewBox%3D%270%200%202560%201440%27%3E%3Crect%20width%3D%272560%27%20height%3D%271440%27%20fill-opacity%3D%220%22%2F%3E%3C%2Fsvg%3E\" data-srcset=\"https:\/\/www.kongres-estetickej-mediciny.sk\/wp-content\/uploads\/2025\/10\/kongres2025-132-200x112.jpg 200w, https:\/\/www.kongres-estetickej-mediciny.sk\/wp-content\/uploads\/2025\/10\/kongres2025-132-400x225.jpg 400w, https:\/\/www.kongres-estetickej-mediciny.sk\/wp-content\/uploads\/2025\/10\/kongres2025-132-600x337.jpg 600w, https:\/\/www.kongres-estetickej-mediciny.sk\/wp-content\/uploads\/2025\/10\/kongres2025-132-800x450.jpg 800w, https:\/\/www.kongres-estetickej-mediciny.sk\/wp-content\/uploads\/2025\/10\/kongres2025-132-1200x675.jpg 1200w, https:\/\/www.kongres-estetickej-mediciny.sk\/wp-content\/uploads\/2025\/10\/kongres2025-132-scaled.jpg 2560w\" data-sizes=\"auto\" data-orig-sizes=\"(min-width: 2200px) 100vw, (min-width: 824px) 387px, (min-width: 732px) 580px, (min-width: 640px) 732px, \" \/><\/a><\/div><\/div><div style=\"padding:5px;\" class=\"fusion-grid-column fusion-gallery-column fusion-gallery-column-3 hover-type-none\"><div class=\"fusion-gallery-image\"><a href=\"https:\/\/www.kongres-estetickej-mediciny.sk\/wp-content\/uploads\/2025\/10\/kongres2025-133-scaled.jpg\" rel=\"noreferrer\" data-rel=\"iLightbox[gallery_image_1]\" class=\"fusion-lightbox\" target=\"_self\"><img decoding=\"async\" src=\"https:\/\/www.kongres-estetickej-mediciny.sk\/wp-content\/uploads\/2025\/10\/kongres2025-133-scaled.jpg\" data-orig-src=\"https:\/\/www.kongres-estetickej-mediciny.sk\/wp-content\/uploads\/2025\/10\/kongres2025-133-scaled.jpg\" width=\"2560\" height=\"1439\" alt=\"\" title=\"kongres2025-133\" aria-label=\"kongres2025-133\" class=\"lazyload img-responsive wp-image-5985\" srcset=\"data:image\/svg+xml,%3Csvg%20xmlns%3D%27http%3A%2F%2Fwww.w3.org%2F2000%2Fsvg%27%20width%3D%272560%27%20height%3D%271439%27%20viewBox%3D%270%200%202560%201439%27%3E%3Crect%20width%3D%272560%27%20height%3D%271439%27%20fill-opacity%3D%220%22%2F%3E%3C%2Fsvg%3E\" data-srcset=\"https:\/\/www.kongres-estetickej-mediciny.sk\/wp-content\/uploads\/2025\/10\/kongres2025-133-200x112.jpg 200w, https:\/\/www.kongres-estetickej-mediciny.sk\/wp-content\/uploads\/2025\/10\/kongres2025-133-400x225.jpg 400w, https:\/\/www.kongres-estetickej-mediciny.sk\/wp-content\/uploads\/2025\/10\/kongres2025-133-600x337.jpg 600w, https:\/\/www.kongres-estetickej-mediciny.sk\/wp-content\/uploads\/2025\/10\/kongres2025-133-800x450.jpg 800w, https:\/\/www.kongres-estetickej-mediciny.sk\/wp-content\/uploads\/2025\/10\/kongres2025-133-1200x675.jpg 1200w, https:\/\/www.kongres-estetickej-mediciny.sk\/wp-content\/uploads\/2025\/10\/kongres2025-133-scaled.jpg 2560w\" data-sizes=\"auto\" data-orig-sizes=\"(min-width: 2200px) 100vw, (min-width: 824px) 387px, (min-width: 732px) 580px, (min-width: 640px) 732px, \" \/><\/a><\/div><\/div><div style=\"padding:5px;\" class=\"fusion-grid-column fusion-gallery-column fusion-gallery-column-3 hover-type-none\"><div class=\"fusion-gallery-image\"><a href=\"https:\/\/www.kongres-estetickej-mediciny.sk\/wp-content\/uploads\/2025\/10\/kongres2025-134-scaled.jpg\" rel=\"noreferrer\" data-rel=\"iLightbox[gallery_image_1]\" class=\"fusion-lightbox\" target=\"_self\"><img decoding=\"async\" src=\"https:\/\/www.kongres-estetickej-mediciny.sk\/wp-content\/uploads\/2025\/10\/kongres2025-134-scaled.jpg\" data-orig-src=\"https:\/\/www.kongres-estetickej-mediciny.sk\/wp-content\/uploads\/2025\/10\/kongres2025-134-scaled.jpg\" width=\"1440\" height=\"2560\" alt=\"\" title=\"kongres2025-134\" aria-label=\"kongres2025-134\" class=\"lazyload img-responsive wp-image-5986\" srcset=\"data:image\/svg+xml,%3Csvg%20xmlns%3D%27http%3A%2F%2Fwww.w3.org%2F2000%2Fsvg%27%20width%3D%271440%27%20height%3D%272560%27%20viewBox%3D%270%200%201440%202560%27%3E%3Crect%20width%3D%271440%27%20height%3D%272560%27%20fill-opacity%3D%220%22%2F%3E%3C%2Fsvg%3E\" data-srcset=\"https:\/\/www.kongres-estetickej-mediciny.sk\/wp-content\/uploads\/2025\/10\/kongres2025-134-200x356.jpg 200w, https:\/\/www.kongres-estetickej-mediciny.sk\/wp-content\/uploads\/2025\/10\/kongres2025-134-400x711.jpg 400w, https:\/\/www.kongres-estetickej-mediciny.sk\/wp-content\/uploads\/2025\/10\/kongres2025-134-600x1067.jpg 600w, https:\/\/www.kongres-estetickej-mediciny.sk\/wp-content\/uploads\/2025\/10\/kongres2025-134-800x1422.jpg 800w, https:\/\/www.kongres-estetickej-mediciny.sk\/wp-content\/uploads\/2025\/10\/kongres2025-134-1200x2134.jpg 1200w, https:\/\/www.kongres-estetickej-mediciny.sk\/wp-content\/uploads\/2025\/10\/kongres2025-134-scaled.jpg 1440w\" data-sizes=\"auto\" data-orig-sizes=\"(min-width: 2200px) 100vw, (min-width: 824px) 387px, (min-width: 732px) 580px, (min-width: 640px) 732px, \" \/><\/a><\/div><\/div><div class=\"clearfix\"><\/div><div style=\"padding:5px;\" class=\"fusion-grid-column fusion-gallery-column fusion-gallery-column-3 hover-type-none\"><div class=\"fusion-gallery-image\"><a href=\"https:\/\/www.kongres-estetickej-mediciny.sk\/wp-content\/uploads\/2025\/10\/kongres2025-135-scaled.jpg\" rel=\"noreferrer\" data-rel=\"iLightbox[gallery_image_1]\" class=\"fusion-lightbox\" target=\"_self\"><img decoding=\"async\" src=\"https:\/\/www.kongres-estetickej-mediciny.sk\/wp-content\/uploads\/2025\/10\/kongres2025-135-scaled.jpg\" data-orig-src=\"https:\/\/www.kongres-estetickej-mediciny.sk\/wp-content\/uploads\/2025\/10\/kongres2025-135-scaled.jpg\" width=\"2560\" height=\"1440\" alt=\"\" title=\"kongres2025-135\" aria-label=\"kongres2025-135\" class=\"lazyload img-responsive wp-image-5987\" srcset=\"data:image\/svg+xml,%3Csvg%20xmlns%3D%27http%3A%2F%2Fwww.w3.org%2F2000%2Fsvg%27%20width%3D%272560%27%20height%3D%271440%27%20viewBox%3D%270%200%202560%201440%27%3E%3Crect%20width%3D%272560%27%20height%3D%271440%27%20fill-opacity%3D%220%22%2F%3E%3C%2Fsvg%3E\" data-srcset=\"https:\/\/www.kongres-estetickej-mediciny.sk\/wp-content\/uploads\/2025\/10\/kongres2025-135-200x112.jpg 200w, https:\/\/www.kongres-estetickej-mediciny.sk\/wp-content\/uploads\/2025\/10\/kongres2025-135-400x225.jpg 400w, https:\/\/www.kongres-estetickej-mediciny.sk\/wp-content\/uploads\/2025\/10\/kongres2025-135-600x337.jpg 600w, https:\/\/www.kongres-estetickej-mediciny.sk\/wp-content\/uploads\/2025\/10\/kongres2025-135-800x450.jpg 800w, https:\/\/www.kongres-estetickej-mediciny.sk\/wp-content\/uploads\/2025\/10\/kongres2025-135-1200x675.jpg 1200w, https:\/\/www.kongres-estetickej-mediciny.sk\/wp-content\/uploads\/2025\/10\/kongres2025-135-scaled.jpg 2560w\" data-sizes=\"auto\" data-orig-sizes=\"(min-width: 2200px) 100vw, (min-width: 824px) 387px, (min-width: 732px) 580px, (min-width: 640px) 732px, \" \/><\/a><\/div><\/div><div style=\"padding:5px;\" class=\"fusion-grid-column fusion-gallery-column fusion-gallery-column-3 hover-type-none\"><div class=\"fusion-gallery-image\"><a href=\"https:\/\/www.kongres-estetickej-mediciny.sk\/wp-content\/uploads\/2025\/10\/kongres2025-136-scaled.jpg\" rel=\"noreferrer\" data-rel=\"iLightbox[gallery_image_1]\" class=\"fusion-lightbox\" target=\"_self\"><img decoding=\"async\" src=\"https:\/\/www.kongres-estetickej-mediciny.sk\/wp-content\/uploads\/2025\/10\/kongres2025-136-scaled.jpg\" data-orig-src=\"https:\/\/www.kongres-estetickej-mediciny.sk\/wp-content\/uploads\/2025\/10\/kongres2025-136-scaled.jpg\" width=\"2560\" height=\"1440\" alt=\"\" title=\"kongres2025-136\" aria-label=\"kongres2025-136\" class=\"lazyload img-responsive wp-image-5988\" srcset=\"data:image\/svg+xml,%3Csvg%20xmlns%3D%27http%3A%2F%2Fwww.w3.org%2F2000%2Fsvg%27%20width%3D%272560%27%20height%3D%271440%27%20viewBox%3D%270%200%202560%201440%27%3E%3Crect%20width%3D%272560%27%20height%3D%271440%27%20fill-opacity%3D%220%22%2F%3E%3C%2Fsvg%3E\" data-srcset=\"https:\/\/www.kongres-estetickej-mediciny.sk\/wp-content\/uploads\/2025\/10\/kongres2025-136-200x112.jpg 200w, https:\/\/www.kongres-estetickej-mediciny.sk\/wp-content\/uploads\/2025\/10\/kongres2025-136-400x225.jpg 400w, https:\/\/www.kongres-estetickej-mediciny.sk\/wp-content\/uploads\/2025\/10\/kongres2025-136-600x337.jpg 600w, https:\/\/www.kongres-estetickej-mediciny.sk\/wp-content\/uploads\/2025\/10\/kongres2025-136-800x450.jpg 800w, https:\/\/www.kongres-estetickej-mediciny.sk\/wp-content\/uploads\/2025\/10\/kongres2025-136-1200x675.jpg 1200w, https:\/\/www.kongres-estetickej-mediciny.sk\/wp-content\/uploads\/2025\/10\/kongres2025-136-scaled.jpg 2560w\" data-sizes=\"auto\" data-orig-sizes=\"(min-width: 2200px) 100vw, (min-width: 824px) 387px, (min-width: 732px) 580px, (min-width: 640px) 732px, \" \/><\/a><\/div><\/div><div style=\"padding:5px;\" class=\"fusion-grid-column fusion-gallery-column fusion-gallery-column-3 hover-type-none\"><div class=\"fusion-gallery-image\"><a href=\"https:\/\/www.kongres-estetickej-mediciny.sk\/wp-content\/uploads\/2025\/10\/kongres2025-137-scaled.jpg\" rel=\"noreferrer\" data-rel=\"iLightbox[gallery_image_1]\" class=\"fusion-lightbox\" target=\"_self\"><img decoding=\"async\" src=\"https:\/\/www.kongres-estetickej-mediciny.sk\/wp-content\/uploads\/2025\/10\/kongres2025-137-scaled.jpg\" data-orig-src=\"https:\/\/www.kongres-estetickej-mediciny.sk\/wp-content\/uploads\/2025\/10\/kongres2025-137-scaled.jpg\" width=\"2560\" height=\"1440\" alt=\"\" title=\"kongres2025-137\" aria-label=\"kongres2025-137\" class=\"lazyload img-responsive wp-image-5989\" srcset=\"data:image\/svg+xml,%3Csvg%20xmlns%3D%27http%3A%2F%2Fwww.w3.org%2F2000%2Fsvg%27%20width%3D%272560%27%20height%3D%271440%27%20viewBox%3D%270%200%202560%201440%27%3E%3Crect%20width%3D%272560%27%20height%3D%271440%27%20fill-opacity%3D%220%22%2F%3E%3C%2Fsvg%3E\" data-srcset=\"https:\/\/www.kongres-estetickej-mediciny.sk\/wp-content\/uploads\/2025\/10\/kongres2025-137-200x112.jpg 200w, https:\/\/www.kongres-estetickej-mediciny.sk\/wp-content\/uploads\/2025\/10\/kongres2025-137-400x225.jpg 400w, https:\/\/www.kongres-estetickej-mediciny.sk\/wp-content\/uploads\/2025\/10\/kongres2025-137-600x337.jpg 600w, https:\/\/www.kongres-estetickej-mediciny.sk\/wp-content\/uploads\/2025\/10\/kongres2025-137-800x450.jpg 800w, https:\/\/www.kongres-estetickej-mediciny.sk\/wp-content\/uploads\/2025\/10\/kongres2025-137-1200x675.jpg 1200w, https:\/\/www.kongres-estetickej-mediciny.sk\/wp-content\/uploads\/2025\/10\/kongres2025-137-scaled.jpg 2560w\" data-sizes=\"auto\" data-orig-sizes=\"(min-width: 2200px) 100vw, (min-width: 824px) 387px, (min-width: 732px) 580px, (min-width: 640px) 732px, \" \/><\/a><\/div><\/div><div class=\"clearfix\"><\/div><div style=\"padding:5px;\" class=\"fusion-grid-column fusion-gallery-column fusion-gallery-column-3 hover-type-none\"><div class=\"fusion-gallery-image\"><a href=\"https:\/\/www.kongres-estetickej-mediciny.sk\/wp-content\/uploads\/2025\/10\/kongres2025-138-scaled.jpg\" rel=\"noreferrer\" data-rel=\"iLightbox[gallery_image_1]\" class=\"fusion-lightbox\" target=\"_self\"><img decoding=\"async\" src=\"https:\/\/www.kongres-estetickej-mediciny.sk\/wp-content\/uploads\/2025\/10\/kongres2025-138-scaled.jpg\" data-orig-src=\"https:\/\/www.kongres-estetickej-mediciny.sk\/wp-content\/uploads\/2025\/10\/kongres2025-138-scaled.jpg\" width=\"2560\" height=\"1440\" alt=\"\" title=\"kongres2025-138\" aria-label=\"kongres2025-138\" class=\"lazyload img-responsive wp-image-5990\" srcset=\"data:image\/svg+xml,%3Csvg%20xmlns%3D%27http%3A%2F%2Fwww.w3.org%2F2000%2Fsvg%27%20width%3D%272560%27%20height%3D%271440%27%20viewBox%3D%270%200%202560%201440%27%3E%3Crect%20width%3D%272560%27%20height%3D%271440%27%20fill-opacity%3D%220%22%2F%3E%3C%2Fsvg%3E\" data-srcset=\"https:\/\/www.kongres-estetickej-mediciny.sk\/wp-content\/uploads\/2025\/10\/kongres2025-138-200x112.jpg 200w, https:\/\/www.kongres-estetickej-mediciny.sk\/wp-content\/uploads\/2025\/10\/kongres2025-138-400x225.jpg 400w, https:\/\/www.kongres-estetickej-mediciny.sk\/wp-content\/uploads\/2025\/10\/kongres2025-138-600x337.jpg 600w, https:\/\/www.kongres-estetickej-mediciny.sk\/wp-content\/uploads\/2025\/10\/kongres2025-138-800x450.jpg 800w, https:\/\/www.kongres-estetickej-mediciny.sk\/wp-content\/uploads\/2025\/10\/kongres2025-138-1200x675.jpg 1200w, https:\/\/www.kongres-estetickej-mediciny.sk\/wp-content\/uploads\/2025\/10\/kongres2025-138-scaled.jpg 2560w\" data-sizes=\"auto\" data-orig-sizes=\"(min-width: 2200px) 100vw, (min-width: 824px) 387px, (min-width: 732px) 580px, (min-width: 640px) 732px, \" \/><\/a><\/div><\/div><div style=\"padding:5px;\" class=\"fusion-grid-column fusion-gallery-column fusion-gallery-column-3 hover-type-none\"><div class=\"fusion-gallery-image\"><a href=\"https:\/\/www.kongres-estetickej-mediciny.sk\/wp-content\/uploads\/2025\/10\/kongres2025-139-scaled.jpg\" rel=\"noreferrer\" data-rel=\"iLightbox[gallery_image_1]\" class=\"fusion-lightbox\" target=\"_self\"><img decoding=\"async\" src=\"https:\/\/www.kongres-estetickej-mediciny.sk\/wp-content\/uploads\/2025\/10\/kongres2025-139-scaled.jpg\" data-orig-src=\"https:\/\/www.kongres-estetickej-mediciny.sk\/wp-content\/uploads\/2025\/10\/kongres2025-139-scaled.jpg\" width=\"2560\" height=\"1440\" alt=\"\" title=\"kongres2025-139\" aria-label=\"kongres2025-139\" class=\"lazyload img-responsive wp-image-5991\" srcset=\"data:image\/svg+xml,%3Csvg%20xmlns%3D%27http%3A%2F%2Fwww.w3.org%2F2000%2Fsvg%27%20width%3D%272560%27%20height%3D%271440%27%20viewBox%3D%270%200%202560%201440%27%3E%3Crect%20width%3D%272560%27%20height%3D%271440%27%20fill-opacity%3D%220%22%2F%3E%3C%2Fsvg%3E\" data-srcset=\"https:\/\/www.kongres-estetickej-mediciny.sk\/wp-content\/uploads\/2025\/10\/kongres2025-139-200x112.jpg 200w, https:\/\/www.kongres-estetickej-mediciny.sk\/wp-content\/uploads\/2025\/10\/kongres2025-139-400x225.jpg 400w, https:\/\/www.kongres-estetickej-mediciny.sk\/wp-content\/uploads\/2025\/10\/kongres2025-139-600x337.jpg 600w, https:\/\/www.kongres-estetickej-mediciny.sk\/wp-content\/uploads\/2025\/10\/kongres2025-139-800x450.jpg 800w, https:\/\/www.kongres-estetickej-mediciny.sk\/wp-content\/uploads\/2025\/10\/kongres2025-139-1200x675.jpg 1200w, https:\/\/www.kongres-estetickej-mediciny.sk\/wp-content\/uploads\/2025\/10\/kongres2025-139-scaled.jpg 2560w\" data-sizes=\"auto\" data-orig-sizes=\"(min-width: 2200px) 100vw, (min-width: 824px) 387px, (min-width: 732px) 580px, (min-width: 640px) 732px, \" \/><\/a><\/div><\/div><div style=\"padding:5px;\" class=\"fusion-grid-column fusion-gallery-column fusion-gallery-column-3 hover-type-none\"><div class=\"fusion-gallery-image\"><a href=\"https:\/\/www.kongres-estetickej-mediciny.sk\/wp-content\/uploads\/2025\/10\/kongres2025-140-scaled.jpg\" rel=\"noreferrer\" data-rel=\"iLightbox[gallery_image_1]\" class=\"fusion-lightbox\" target=\"_self\"><img decoding=\"async\" src=\"https:\/\/www.kongres-estetickej-mediciny.sk\/wp-content\/uploads\/2025\/10\/kongres2025-140-scaled.jpg\" data-orig-src=\"https:\/\/www.kongres-estetickej-mediciny.sk\/wp-content\/uploads\/2025\/10\/kongres2025-140-scaled.jpg\" width=\"2560\" height=\"1440\" alt=\"\" title=\"kongres2025-140\" aria-label=\"kongres2025-140\" class=\"lazyload img-responsive wp-image-5992\" srcset=\"data:image\/svg+xml,%3Csvg%20xmlns%3D%27http%3A%2F%2Fwww.w3.org%2F2000%2Fsvg%27%20width%3D%272560%27%20height%3D%271440%27%20viewBox%3D%270%200%202560%201440%27%3E%3Crect%20width%3D%272560%27%20height%3D%271440%27%20fill-opacity%3D%220%22%2F%3E%3C%2Fsvg%3E\" data-srcset=\"https:\/\/www.kongres-estetickej-mediciny.sk\/wp-content\/uploads\/2025\/10\/kongres2025-140-200x112.jpg 200w, https:\/\/www.kongres-estetickej-mediciny.sk\/wp-content\/uploads\/2025\/10\/kongres2025-140-400x225.jpg 400w, https:\/\/www.kongres-estetickej-mediciny.sk\/wp-content\/uploads\/2025\/10\/kongres2025-140-600x337.jpg 600w, https:\/\/www.kongres-estetickej-mediciny.sk\/wp-content\/uploads\/2025\/10\/kongres2025-140-800x450.jpg 800w, https:\/\/www.kongres-estetickej-mediciny.sk\/wp-content\/uploads\/2025\/10\/kongres2025-140-1200x675.jpg 1200w, https:\/\/www.kongres-estetickej-mediciny.sk\/wp-content\/uploads\/2025\/10\/kongres2025-140-scaled.jpg 2560w\" data-sizes=\"auto\" data-orig-sizes=\"(min-width: 2200px) 100vw, (min-width: 824px) 387px, (min-width: 732px) 580px, (min-width: 640px) 732px, \" \/><\/a><\/div><\/div><div class=\"clearfix\"><\/div><div style=\"padding:5px;\" class=\"fusion-grid-column fusion-gallery-column fusion-gallery-column-3 hover-type-none\"><div class=\"fusion-gallery-image\"><a href=\"https:\/\/www.kongres-estetickej-mediciny.sk\/wp-content\/uploads\/2025\/10\/kongres2025-141-scaled.jpg\" rel=\"noreferrer\" data-rel=\"iLightbox[gallery_image_1]\" class=\"fusion-lightbox\" target=\"_self\"><img decoding=\"async\" src=\"https:\/\/www.kongres-estetickej-mediciny.sk\/wp-content\/uploads\/2025\/10\/kongres2025-141-scaled.jpg\" data-orig-src=\"https:\/\/www.kongres-estetickej-mediciny.sk\/wp-content\/uploads\/2025\/10\/kongres2025-141-scaled.jpg\" width=\"1599\" height=\"2560\" alt=\"\" title=\"kongres2025-141\" aria-label=\"kongres2025-141\" class=\"lazyload img-responsive wp-image-5993\" srcset=\"data:image\/svg+xml,%3Csvg%20xmlns%3D%27http%3A%2F%2Fwww.w3.org%2F2000%2Fsvg%27%20width%3D%271599%27%20height%3D%272560%27%20viewBox%3D%270%200%201599%202560%27%3E%3Crect%20width%3D%271599%27%20height%3D%272560%27%20fill-opacity%3D%220%22%2F%3E%3C%2Fsvg%3E\" data-srcset=\"https:\/\/www.kongres-estetickej-mediciny.sk\/wp-content\/uploads\/2025\/10\/kongres2025-141-200x320.jpg 200w, https:\/\/www.kongres-estetickej-mediciny.sk\/wp-content\/uploads\/2025\/10\/kongres2025-141-400x640.jpg 400w, https:\/\/www.kongres-estetickej-mediciny.sk\/wp-content\/uploads\/2025\/10\/kongres2025-141-600x960.jpg 600w, https:\/\/www.kongres-estetickej-mediciny.sk\/wp-content\/uploads\/2025\/10\/kongres2025-141-800x1281.jpg 800w, https:\/\/www.kongres-estetickej-mediciny.sk\/wp-content\/uploads\/2025\/10\/kongres2025-141-1200x1921.jpg 1200w, https:\/\/www.kongres-estetickej-mediciny.sk\/wp-content\/uploads\/2025\/10\/kongres2025-141-scaled.jpg 1599w\" data-sizes=\"auto\" data-orig-sizes=\"(min-width: 2200px) 100vw, (min-width: 824px) 387px, (min-width: 732px) 580px, (min-width: 640px) 732px, \" \/><\/a><\/div><\/div><div style=\"padding:5px;\" class=\"fusion-grid-column fusion-gallery-column fusion-gallery-column-3 hover-type-none\"><div class=\"fusion-gallery-image\"><a href=\"https:\/\/www.kongres-estetickej-mediciny.sk\/wp-content\/uploads\/2025\/10\/kongres2025-142-scaled.jpg\" rel=\"noreferrer\" data-rel=\"iLightbox[gallery_image_1]\" class=\"fusion-lightbox\" target=\"_self\"><img decoding=\"async\" src=\"https:\/\/www.kongres-estetickej-mediciny.sk\/wp-content\/uploads\/2025\/10\/kongres2025-142-scaled.jpg\" data-orig-src=\"https:\/\/www.kongres-estetickej-mediciny.sk\/wp-content\/uploads\/2025\/10\/kongres2025-142-scaled.jpg\" width=\"2560\" height=\"1440\" alt=\"\" title=\"kongres2025-142\" aria-label=\"kongres2025-142\" class=\"lazyload img-responsive wp-image-5994\" srcset=\"data:image\/svg+xml,%3Csvg%20xmlns%3D%27http%3A%2F%2Fwww.w3.org%2F2000%2Fsvg%27%20width%3D%272560%27%20height%3D%271440%27%20viewBox%3D%270%200%202560%201440%27%3E%3Crect%20width%3D%272560%27%20height%3D%271440%27%20fill-opacity%3D%220%22%2F%3E%3C%2Fsvg%3E\" data-srcset=\"https:\/\/www.kongres-estetickej-mediciny.sk\/wp-content\/uploads\/2025\/10\/kongres2025-142-200x112.jpg 200w, https:\/\/www.kongres-estetickej-mediciny.sk\/wp-content\/uploads\/2025\/10\/kongres2025-142-400x225.jpg 400w, https:\/\/www.kongres-estetickej-mediciny.sk\/wp-content\/uploads\/2025\/10\/kongres2025-142-600x337.jpg 600w, https:\/\/www.kongres-estetickej-mediciny.sk\/wp-content\/uploads\/2025\/10\/kongres2025-142-800x450.jpg 800w, https:\/\/www.kongres-estetickej-mediciny.sk\/wp-content\/uploads\/2025\/10\/kongres2025-142-1200x675.jpg 1200w, https:\/\/www.kongres-estetickej-mediciny.sk\/wp-content\/uploads\/2025\/10\/kongres2025-142-scaled.jpg 2560w\" data-sizes=\"auto\" data-orig-sizes=\"(min-width: 2200px) 100vw, (min-width: 824px) 387px, (min-width: 732px) 580px, (min-width: 640px) 732px, \" \/><\/a><\/div><\/div><div style=\"padding:5px;\" class=\"fusion-grid-column fusion-gallery-column fusion-gallery-column-3 hover-type-none\"><div class=\"fusion-gallery-image\"><a href=\"https:\/\/www.kongres-estetickej-mediciny.sk\/wp-content\/uploads\/2025\/10\/kongres2025-143-scaled.jpg\" rel=\"noreferrer\" data-rel=\"iLightbox[gallery_image_1]\" class=\"fusion-lightbox\" target=\"_self\"><img decoding=\"async\" src=\"https:\/\/www.kongres-estetickej-mediciny.sk\/wp-content\/uploads\/2025\/10\/kongres2025-143-scaled.jpg\" data-orig-src=\"https:\/\/www.kongres-estetickej-mediciny.sk\/wp-content\/uploads\/2025\/10\/kongres2025-143-scaled.jpg\" width=\"1643\" height=\"2560\" alt=\"\" title=\"kongres2025-143\" aria-label=\"kongres2025-143\" class=\"lazyload img-responsive wp-image-5995\" srcset=\"data:image\/svg+xml,%3Csvg%20xmlns%3D%27http%3A%2F%2Fwww.w3.org%2F2000%2Fsvg%27%20width%3D%271643%27%20height%3D%272560%27%20viewBox%3D%270%200%201643%202560%27%3E%3Crect%20width%3D%271643%27%20height%3D%272560%27%20fill-opacity%3D%220%22%2F%3E%3C%2Fsvg%3E\" data-srcset=\"https:\/\/www.kongres-estetickej-mediciny.sk\/wp-content\/uploads\/2025\/10\/kongres2025-143-200x312.jpg 200w, https:\/\/www.kongres-estetickej-mediciny.sk\/wp-content\/uploads\/2025\/10\/kongres2025-143-400x623.jpg 400w, https:\/\/www.kongres-estetickej-mediciny.sk\/wp-content\/uploads\/2025\/10\/kongres2025-143-600x935.jpg 600w, https:\/\/www.kongres-estetickej-mediciny.sk\/wp-content\/uploads\/2025\/10\/kongres2025-143-800x1247.jpg 800w, https:\/\/www.kongres-estetickej-mediciny.sk\/wp-content\/uploads\/2025\/10\/kongres2025-143-1200x1870.jpg 1200w, https:\/\/www.kongres-estetickej-mediciny.sk\/wp-content\/uploads\/2025\/10\/kongres2025-143-scaled.jpg 1643w\" data-sizes=\"auto\" data-orig-sizes=\"(min-width: 2200px) 100vw, (min-width: 824px) 387px, (min-width: 732px) 580px, (min-width: 640px) 732px, \" \/><\/a><\/div><\/div><div class=\"clearfix\"><\/div><div style=\"padding:5px;\" class=\"fusion-grid-column fusion-gallery-column fusion-gallery-column-3 hover-type-none\"><div class=\"fusion-gallery-image\"><a href=\"https:\/\/www.kongres-estetickej-mediciny.sk\/wp-content\/uploads\/2025\/10\/kongres2025-144-scaled.jpg\" rel=\"noreferrer\" data-rel=\"iLightbox[gallery_image_1]\" class=\"fusion-lightbox\" target=\"_self\"><img decoding=\"async\" src=\"https:\/\/www.kongres-estetickej-mediciny.sk\/wp-content\/uploads\/2025\/10\/kongres2025-144-scaled.jpg\" data-orig-src=\"https:\/\/www.kongres-estetickej-mediciny.sk\/wp-content\/uploads\/2025\/10\/kongres2025-144-scaled.jpg\" width=\"2560\" height=\"1440\" alt=\"\" title=\"kongres2025-144\" aria-label=\"kongres2025-144\" class=\"lazyload img-responsive wp-image-5996\" srcset=\"data:image\/svg+xml,%3Csvg%20xmlns%3D%27http%3A%2F%2Fwww.w3.org%2F2000%2Fsvg%27%20width%3D%272560%27%20height%3D%271440%27%20viewBox%3D%270%200%202560%201440%27%3E%3Crect%20width%3D%272560%27%20height%3D%271440%27%20fill-opacity%3D%220%22%2F%3E%3C%2Fsvg%3E\" data-srcset=\"https:\/\/www.kongres-estetickej-mediciny.sk\/wp-content\/uploads\/2025\/10\/kongres2025-144-200x112.jpg 200w, https:\/\/www.kongres-estetickej-mediciny.sk\/wp-content\/uploads\/2025\/10\/kongres2025-144-400x225.jpg 400w, https:\/\/www.kongres-estetickej-mediciny.sk\/wp-content\/uploads\/2025\/10\/kongres2025-144-600x337.jpg 600w, https:\/\/www.kongres-estetickej-mediciny.sk\/wp-content\/uploads\/2025\/10\/kongres2025-144-800x450.jpg 800w, https:\/\/www.kongres-estetickej-mediciny.sk\/wp-content\/uploads\/2025\/10\/kongres2025-144-1200x675.jpg 1200w, https:\/\/www.kongres-estetickej-mediciny.sk\/wp-content\/uploads\/2025\/10\/kongres2025-144-scaled.jpg 2560w\" data-sizes=\"auto\" data-orig-sizes=\"(min-width: 2200px) 100vw, (min-width: 824px) 387px, (min-width: 732px) 580px, (min-width: 640px) 732px, \" \/><\/a><\/div><\/div><div style=\"padding:5px;\" class=\"fusion-grid-column fusion-gallery-column fusion-gallery-column-3 hover-type-none\"><div class=\"fusion-gallery-image\"><a href=\"https:\/\/www.kongres-estetickej-mediciny.sk\/wp-content\/uploads\/2025\/10\/kongres2025-145-scaled.jpg\" rel=\"noreferrer\" data-rel=\"iLightbox[gallery_image_1]\" class=\"fusion-lightbox\" target=\"_self\"><img decoding=\"async\" src=\"https:\/\/www.kongres-estetickej-mediciny.sk\/wp-content\/uploads\/2025\/10\/kongres2025-145-scaled.jpg\" data-orig-src=\"https:\/\/www.kongres-estetickej-mediciny.sk\/wp-content\/uploads\/2025\/10\/kongres2025-145-scaled.jpg\" width=\"2560\" height=\"1440\" alt=\"\" title=\"kongres2025-145\" aria-label=\"kongres2025-145\" class=\"lazyload img-responsive wp-image-5997\" srcset=\"data:image\/svg+xml,%3Csvg%20xmlns%3D%27http%3A%2F%2Fwww.w3.org%2F2000%2Fsvg%27%20width%3D%272560%27%20height%3D%271440%27%20viewBox%3D%270%200%202560%201440%27%3E%3Crect%20width%3D%272560%27%20height%3D%271440%27%20fill-opacity%3D%220%22%2F%3E%3C%2Fsvg%3E\" data-srcset=\"https:\/\/www.kongres-estetickej-mediciny.sk\/wp-content\/uploads\/2025\/10\/kongres2025-145-200x112.jpg 200w, https:\/\/www.kongres-estetickej-mediciny.sk\/wp-content\/uploads\/2025\/10\/kongres2025-145-400x225.jpg 400w, https:\/\/www.kongres-estetickej-mediciny.sk\/wp-content\/uploads\/2025\/10\/kongres2025-145-600x337.jpg 600w, https:\/\/www.kongres-estetickej-mediciny.sk\/wp-content\/uploads\/2025\/10\/kongres2025-145-800x450.jpg 800w, https:\/\/www.kongres-estetickej-mediciny.sk\/wp-content\/uploads\/2025\/10\/kongres2025-145-1200x675.jpg 1200w, https:\/\/www.kongres-estetickej-mediciny.sk\/wp-content\/uploads\/2025\/10\/kongres2025-145-scaled.jpg 2560w\" data-sizes=\"auto\" data-orig-sizes=\"(min-width: 2200px) 100vw, (min-width: 824px) 387px, (min-width: 732px) 580px, (min-width: 640px) 732px, \" \/><\/a><\/div><\/div><div style=\"padding:5px;\" class=\"fusion-grid-column fusion-gallery-column fusion-gallery-column-3 hover-type-none\"><div class=\"fusion-gallery-image\"><a href=\"https:\/\/www.kongres-estetickej-mediciny.sk\/wp-content\/uploads\/2025\/10\/kongres2025-146-scaled.jpg\" rel=\"noreferrer\" data-rel=\"iLightbox[gallery_image_1]\" class=\"fusion-lightbox\" target=\"_self\"><img decoding=\"async\" src=\"https:\/\/www.kongres-estetickej-mediciny.sk\/wp-content\/uploads\/2025\/10\/kongres2025-146-scaled.jpg\" data-orig-src=\"https:\/\/www.kongres-estetickej-mediciny.sk\/wp-content\/uploads\/2025\/10\/kongres2025-146-scaled.jpg\" width=\"2560\" height=\"1440\" alt=\"\" title=\"kongres2025-146\" aria-label=\"kongres2025-146\" class=\"lazyload img-responsive wp-image-5998\" srcset=\"data:image\/svg+xml,%3Csvg%20xmlns%3D%27http%3A%2F%2Fwww.w3.org%2F2000%2Fsvg%27%20width%3D%272560%27%20height%3D%271440%27%20viewBox%3D%270%200%202560%201440%27%3E%3Crect%20width%3D%272560%27%20height%3D%271440%27%20fill-opacity%3D%220%22%2F%3E%3C%2Fsvg%3E\" data-srcset=\"https:\/\/www.kongres-estetickej-mediciny.sk\/wp-content\/uploads\/2025\/10\/kongres2025-146-200x112.jpg 200w, https:\/\/www.kongres-estetickej-mediciny.sk\/wp-content\/uploads\/2025\/10\/kongres2025-146-400x225.jpg 400w, https:\/\/www.kongres-estetickej-mediciny.sk\/wp-content\/uploads\/2025\/10\/kongres2025-146-600x337.jpg 600w, https:\/\/www.kongres-estetickej-mediciny.sk\/wp-content\/uploads\/2025\/10\/kongres2025-146-800x450.jpg 800w, https:\/\/www.kongres-estetickej-mediciny.sk\/wp-content\/uploads\/2025\/10\/kongres2025-146-1200x675.jpg 1200w, https:\/\/www.kongres-estetickej-mediciny.sk\/wp-content\/uploads\/2025\/10\/kongres2025-146-scaled.jpg 2560w\" data-sizes=\"auto\" data-orig-sizes=\"(min-width: 2200px) 100vw, (min-width: 824px) 387px, (min-width: 732px) 580px, (min-width: 640px) 732px, \" \/><\/a><\/div><\/div><div class=\"clearfix\"><\/div><div style=\"padding:5px;\" class=\"fusion-grid-column fusion-gallery-column fusion-gallery-column-3 hover-type-none\"><div class=\"fusion-gallery-image\"><a href=\"https:\/\/www.kongres-estetickej-mediciny.sk\/wp-content\/uploads\/2025\/10\/kongres2025-147-scaled.jpg\" rel=\"noreferrer\" data-rel=\"iLightbox[gallery_image_1]\" class=\"fusion-lightbox\" target=\"_self\"><img decoding=\"async\" src=\"https:\/\/www.kongres-estetickej-mediciny.sk\/wp-content\/uploads\/2025\/10\/kongres2025-147-scaled.jpg\" data-orig-src=\"https:\/\/www.kongres-estetickej-mediciny.sk\/wp-content\/uploads\/2025\/10\/kongres2025-147-scaled.jpg\" width=\"2560\" height=\"1440\" alt=\"\" title=\"kongres2025-147\" aria-label=\"kongres2025-147\" class=\"lazyload img-responsive wp-image-5999\" srcset=\"data:image\/svg+xml,%3Csvg%20xmlns%3D%27http%3A%2F%2Fwww.w3.org%2F2000%2Fsvg%27%20width%3D%272560%27%20height%3D%271440%27%20viewBox%3D%270%200%202560%201440%27%3E%3Crect%20width%3D%272560%27%20height%3D%271440%27%20fill-opacity%3D%220%22%2F%3E%3C%2Fsvg%3E\" data-srcset=\"https:\/\/www.kongres-estetickej-mediciny.sk\/wp-content\/uploads\/2025\/10\/kongres2025-147-200x112.jpg 200w, https:\/\/www.kongres-estetickej-mediciny.sk\/wp-content\/uploads\/2025\/10\/kongres2025-147-400x225.jpg 400w, https:\/\/www.kongres-estetickej-mediciny.sk\/wp-content\/uploads\/2025\/10\/kongres2025-147-600x337.jpg 600w, https:\/\/www.kongres-estetickej-mediciny.sk\/wp-content\/uploads\/2025\/10\/kongres2025-147-800x450.jpg 800w, https:\/\/www.kongres-estetickej-mediciny.sk\/wp-content\/uploads\/2025\/10\/kongres2025-147-1200x675.jpg 1200w, https:\/\/www.kongres-estetickej-mediciny.sk\/wp-content\/uploads\/2025\/10\/kongres2025-147-scaled.jpg 2560w\" data-sizes=\"auto\" data-orig-sizes=\"(min-width: 2200px) 100vw, (min-width: 824px) 387px, (min-width: 732px) 580px, (min-width: 640px) 732px, \" \/><\/a><\/div><\/div><div style=\"padding:5px;\" class=\"fusion-grid-column fusion-gallery-column fusion-gallery-column-3 hover-type-none\"><div class=\"fusion-gallery-image\"><a href=\"https:\/\/www.kongres-estetickej-mediciny.sk\/wp-content\/uploads\/2025\/10\/kongres2025-148-scaled.jpg\" rel=\"noreferrer\" data-rel=\"iLightbox[gallery_image_1]\" class=\"fusion-lightbox\" target=\"_self\"><img decoding=\"async\" src=\"https:\/\/www.kongres-estetickej-mediciny.sk\/wp-content\/uploads\/2025\/10\/kongres2025-148-scaled.jpg\" data-orig-src=\"https:\/\/www.kongres-estetickej-mediciny.sk\/wp-content\/uploads\/2025\/10\/kongres2025-148-scaled.jpg\" width=\"2560\" height=\"1440\" alt=\"\" title=\"kongres2025-148\" aria-label=\"kongres2025-148\" class=\"lazyload img-responsive wp-image-6000\" srcset=\"data:image\/svg+xml,%3Csvg%20xmlns%3D%27http%3A%2F%2Fwww.w3.org%2F2000%2Fsvg%27%20width%3D%272560%27%20height%3D%271440%27%20viewBox%3D%270%200%202560%201440%27%3E%3Crect%20width%3D%272560%27%20height%3D%271440%27%20fill-opacity%3D%220%22%2F%3E%3C%2Fsvg%3E\" data-srcset=\"https:\/\/www.kongres-estetickej-mediciny.sk\/wp-content\/uploads\/2025\/10\/kongres2025-148-200x112.jpg 200w, https:\/\/www.kongres-estetickej-mediciny.sk\/wp-content\/uploads\/2025\/10\/kongres2025-148-400x225.jpg 400w, https:\/\/www.kongres-estetickej-mediciny.sk\/wp-content\/uploads\/2025\/10\/kongres2025-148-600x337.jpg 600w, https:\/\/www.kongres-estetickej-mediciny.sk\/wp-content\/uploads\/2025\/10\/kongres2025-148-800x450.jpg 800w, https:\/\/www.kongres-estetickej-mediciny.sk\/wp-content\/uploads\/2025\/10\/kongres2025-148-1200x675.jpg 1200w, https:\/\/www.kongres-estetickej-mediciny.sk\/wp-content\/uploads\/2025\/10\/kongres2025-148-scaled.jpg 2560w\" data-sizes=\"auto\" data-orig-sizes=\"(min-width: 2200px) 100vw, (min-width: 824px) 387px, (min-width: 732px) 580px, (min-width: 640px) 732px, \" \/><\/a><\/div><\/div><div style=\"padding:5px;\" class=\"fusion-grid-column fusion-gallery-column fusion-gallery-column-3 hover-type-none\"><div class=\"fusion-gallery-image\"><a href=\"https:\/\/www.kongres-estetickej-mediciny.sk\/wp-content\/uploads\/2025\/10\/kongres2025-149-scaled.jpg\" rel=\"noreferrer\" data-rel=\"iLightbox[gallery_image_1]\" class=\"fusion-lightbox\" target=\"_self\"><img decoding=\"async\" src=\"https:\/\/www.kongres-estetickej-mediciny.sk\/wp-content\/uploads\/2025\/10\/kongres2025-149-scaled.jpg\" data-orig-src=\"https:\/\/www.kongres-estetickej-mediciny.sk\/wp-content\/uploads\/2025\/10\/kongres2025-149-scaled.jpg\" width=\"2560\" height=\"1440\" alt=\"\" title=\"kongres2025-149\" aria-label=\"kongres2025-149\" class=\"lazyload img-responsive wp-image-6001\" srcset=\"data:image\/svg+xml,%3Csvg%20xmlns%3D%27http%3A%2F%2Fwww.w3.org%2F2000%2Fsvg%27%20width%3D%272560%27%20height%3D%271440%27%20viewBox%3D%270%200%202560%201440%27%3E%3Crect%20width%3D%272560%27%20height%3D%271440%27%20fill-opacity%3D%220%22%2F%3E%3C%2Fsvg%3E\" data-srcset=\"https:\/\/www.kongres-estetickej-mediciny.sk\/wp-content\/uploads\/2025\/10\/kongres2025-149-200x112.jpg 200w, https:\/\/www.kongres-estetickej-mediciny.sk\/wp-content\/uploads\/2025\/10\/kongres2025-149-400x225.jpg 400w, https:\/\/www.kongres-estetickej-mediciny.sk\/wp-content\/uploads\/2025\/10\/kongres2025-149-600x337.jpg 600w, https:\/\/www.kongres-estetickej-mediciny.sk\/wp-content\/uploads\/2025\/10\/kongres2025-149-800x450.jpg 800w, https:\/\/www.kongres-estetickej-mediciny.sk\/wp-content\/uploads\/2025\/10\/kongres2025-149-1200x675.jpg 1200w, https:\/\/www.kongres-estetickej-mediciny.sk\/wp-content\/uploads\/2025\/10\/kongres2025-149-scaled.jpg 2560w\" data-sizes=\"auto\" data-orig-sizes=\"(min-width: 2200px) 100vw, (min-width: 824px) 387px, (min-width: 732px) 580px, (min-width: 640px) 732px, \" \/><\/a><\/div><\/div><div class=\"clearfix\"><\/div><div style=\"padding:5px;\" class=\"fusion-grid-column fusion-gallery-column fusion-gallery-column-3 hover-type-none\"><div class=\"fusion-gallery-image\"><a href=\"https:\/\/www.kongres-estetickej-mediciny.sk\/wp-content\/uploads\/2025\/10\/kongres2025-150-scaled.jpg\" rel=\"noreferrer\" data-rel=\"iLightbox[gallery_image_1]\" class=\"fusion-lightbox\" target=\"_self\"><img decoding=\"async\" src=\"https:\/\/www.kongres-estetickej-mediciny.sk\/wp-content\/uploads\/2025\/10\/kongres2025-150-scaled.jpg\" data-orig-src=\"https:\/\/www.kongres-estetickej-mediciny.sk\/wp-content\/uploads\/2025\/10\/kongres2025-150-scaled.jpg\" width=\"2560\" height=\"1440\" alt=\"\" title=\"kongres2025-150\" aria-label=\"kongres2025-150\" class=\"lazyload img-responsive wp-image-6002\" srcset=\"data:image\/svg+xml,%3Csvg%20xmlns%3D%27http%3A%2F%2Fwww.w3.org%2F2000%2Fsvg%27%20width%3D%272560%27%20height%3D%271440%27%20viewBox%3D%270%200%202560%201440%27%3E%3Crect%20width%3D%272560%27%20height%3D%271440%27%20fill-opacity%3D%220%22%2F%3E%3C%2Fsvg%3E\" data-srcset=\"https:\/\/www.kongres-estetickej-mediciny.sk\/wp-content\/uploads\/2025\/10\/kongres2025-150-200x112.jpg 200w, https:\/\/www.kongres-estetickej-mediciny.sk\/wp-content\/uploads\/2025\/10\/kongres2025-150-400x225.jpg 400w, https:\/\/www.kongres-estetickej-mediciny.sk\/wp-content\/uploads\/2025\/10\/kongres2025-150-600x337.jpg 600w, https:\/\/www.kongres-estetickej-mediciny.sk\/wp-content\/uploads\/2025\/10\/kongres2025-150-800x450.jpg 800w, https:\/\/www.kongres-estetickej-mediciny.sk\/wp-content\/uploads\/2025\/10\/kongres2025-150-1200x675.jpg 1200w, https:\/\/www.kongres-estetickej-mediciny.sk\/wp-content\/uploads\/2025\/10\/kongres2025-150-scaled.jpg 2560w\" data-sizes=\"auto\" data-orig-sizes=\"(min-width: 2200px) 100vw, (min-width: 824px) 387px, (min-width: 732px) 580px, (min-width: 640px) 732px, \" \/><\/a><\/div><\/div><div style=\"padding:5px;\" class=\"fusion-grid-column fusion-gallery-column fusion-gallery-column-3 hover-type-none\"><div class=\"fusion-gallery-image\"><a href=\"https:\/\/www.kongres-estetickej-mediciny.sk\/wp-content\/uploads\/2025\/10\/kongres2025-151-scaled.jpg\" rel=\"noreferrer\" data-rel=\"iLightbox[gallery_image_1]\" class=\"fusion-lightbox\" target=\"_self\"><img decoding=\"async\" src=\"https:\/\/www.kongres-estetickej-mediciny.sk\/wp-content\/uploads\/2025\/10\/kongres2025-151-scaled.jpg\" data-orig-src=\"https:\/\/www.kongres-estetickej-mediciny.sk\/wp-content\/uploads\/2025\/10\/kongres2025-151-scaled.jpg\" width=\"2560\" height=\"1440\" alt=\"\" title=\"kongres2025-151\" aria-label=\"kongres2025-151\" class=\"lazyload img-responsive wp-image-6003\" srcset=\"data:image\/svg+xml,%3Csvg%20xmlns%3D%27http%3A%2F%2Fwww.w3.org%2F2000%2Fsvg%27%20width%3D%272560%27%20height%3D%271440%27%20viewBox%3D%270%200%202560%201440%27%3E%3Crect%20width%3D%272560%27%20height%3D%271440%27%20fill-opacity%3D%220%22%2F%3E%3C%2Fsvg%3E\" data-srcset=\"https:\/\/www.kongres-estetickej-mediciny.sk\/wp-content\/uploads\/2025\/10\/kongres2025-151-200x112.jpg 200w, https:\/\/www.kongres-estetickej-mediciny.sk\/wp-content\/uploads\/2025\/10\/kongres2025-151-400x225.jpg 400w, https:\/\/www.kongres-estetickej-mediciny.sk\/wp-content\/uploads\/2025\/10\/kongres2025-151-600x337.jpg 600w, https:\/\/www.kongres-estetickej-mediciny.sk\/wp-content\/uploads\/2025\/10\/kongres2025-151-800x450.jpg 800w, https:\/\/www.kongres-estetickej-mediciny.sk\/wp-content\/uploads\/2025\/10\/kongres2025-151-1200x675.jpg 1200w, https:\/\/www.kongres-estetickej-mediciny.sk\/wp-content\/uploads\/2025\/10\/kongres2025-151-scaled.jpg 2560w\" data-sizes=\"auto\" data-orig-sizes=\"(min-width: 2200px) 100vw, (min-width: 824px) 387px, (min-width: 732px) 580px, (min-width: 640px) 732px, \" \/><\/a><\/div><\/div><div style=\"padding:5px;\" class=\"fusion-grid-column fusion-gallery-column fusion-gallery-column-3 hover-type-none\"><div class=\"fusion-gallery-image\"><a href=\"https:\/\/www.kongres-estetickej-mediciny.sk\/wp-content\/uploads\/2025\/10\/kongres2025-152-scaled.jpg\" rel=\"noreferrer\" data-rel=\"iLightbox[gallery_image_1]\" class=\"fusion-lightbox\" target=\"_self\"><img decoding=\"async\" src=\"https:\/\/www.kongres-estetickej-mediciny.sk\/wp-content\/uploads\/2025\/10\/kongres2025-152-scaled.jpg\" data-orig-src=\"https:\/\/www.kongres-estetickej-mediciny.sk\/wp-content\/uploads\/2025\/10\/kongres2025-152-scaled.jpg\" width=\"2560\" height=\"1440\" alt=\"\" title=\"kongres2025-152\" aria-label=\"kongres2025-152\" class=\"lazyload img-responsive wp-image-6004\" srcset=\"data:image\/svg+xml,%3Csvg%20xmlns%3D%27http%3A%2F%2Fwww.w3.org%2F2000%2Fsvg%27%20width%3D%272560%27%20height%3D%271440%27%20viewBox%3D%270%200%202560%201440%27%3E%3Crect%20width%3D%272560%27%20height%3D%271440%27%20fill-opacity%3D%220%22%2F%3E%3C%2Fsvg%3E\" data-srcset=\"https:\/\/www.kongres-estetickej-mediciny.sk\/wp-content\/uploads\/2025\/10\/kongres2025-152-200x112.jpg 200w, https:\/\/www.kongres-estetickej-mediciny.sk\/wp-content\/uploads\/2025\/10\/kongres2025-152-400x225.jpg 400w, https:\/\/www.kongres-estetickej-mediciny.sk\/wp-content\/uploads\/2025\/10\/kongres2025-152-600x337.jpg 600w, https:\/\/www.kongres-estetickej-mediciny.sk\/wp-content\/uploads\/2025\/10\/kongres2025-152-800x450.jpg 800w, https:\/\/www.kongres-estetickej-mediciny.sk\/wp-content\/uploads\/2025\/10\/kongres2025-152-1200x675.jpg 1200w, https:\/\/www.kongres-estetickej-mediciny.sk\/wp-content\/uploads\/2025\/10\/kongres2025-152-scaled.jpg 2560w\" data-sizes=\"auto\" data-orig-sizes=\"(min-width: 2200px) 100vw, (min-width: 824px) 387px, (min-width: 732px) 580px, (min-width: 640px) 732px, \" \/><\/a><\/div><\/div><div class=\"clearfix\"><\/div><div style=\"padding:5px;\" class=\"fusion-grid-column fusion-gallery-column fusion-gallery-column-3 hover-type-none\"><div class=\"fusion-gallery-image\"><a href=\"https:\/\/www.kongres-estetickej-mediciny.sk\/wp-content\/uploads\/2025\/10\/kongres2025-153-scaled.jpg\" rel=\"noreferrer\" data-rel=\"iLightbox[gallery_image_1]\" class=\"fusion-lightbox\" target=\"_self\"><img decoding=\"async\" src=\"https:\/\/www.kongres-estetickej-mediciny.sk\/wp-content\/uploads\/2025\/10\/kongres2025-153-scaled.jpg\" data-orig-src=\"https:\/\/www.kongres-estetickej-mediciny.sk\/wp-content\/uploads\/2025\/10\/kongres2025-153-scaled.jpg\" width=\"2560\" height=\"1440\" alt=\"\" title=\"kongres2025-153\" aria-label=\"kongres2025-153\" class=\"lazyload img-responsive wp-image-6005\" srcset=\"data:image\/svg+xml,%3Csvg%20xmlns%3D%27http%3A%2F%2Fwww.w3.org%2F2000%2Fsvg%27%20width%3D%272560%27%20height%3D%271440%27%20viewBox%3D%270%200%202560%201440%27%3E%3Crect%20width%3D%272560%27%20height%3D%271440%27%20fill-opacity%3D%220%22%2F%3E%3C%2Fsvg%3E\" data-srcset=\"https:\/\/www.kongres-estetickej-mediciny.sk\/wp-content\/uploads\/2025\/10\/kongres2025-153-200x112.jpg 200w, https:\/\/www.kongres-estetickej-mediciny.sk\/wp-content\/uploads\/2025\/10\/kongres2025-153-400x225.jpg 400w, https:\/\/www.kongres-estetickej-mediciny.sk\/wp-content\/uploads\/2025\/10\/kongres2025-153-600x337.jpg 600w, https:\/\/www.kongres-estetickej-mediciny.sk\/wp-content\/uploads\/2025\/10\/kongres2025-153-800x450.jpg 800w, https:\/\/www.kongres-estetickej-mediciny.sk\/wp-content\/uploads\/2025\/10\/kongres2025-153-1200x675.jpg 1200w, https:\/\/www.kongres-estetickej-mediciny.sk\/wp-content\/uploads\/2025\/10\/kongres2025-153-scaled.jpg 2560w\" data-sizes=\"auto\" data-orig-sizes=\"(min-width: 2200px) 100vw, (min-width: 824px) 387px, (min-width: 732px) 580px, (min-width: 640px) 732px, \" \/><\/a><\/div><\/div><div style=\"padding:5px;\" class=\"fusion-grid-column fusion-gallery-column fusion-gallery-column-3 hover-type-none\"><div class=\"fusion-gallery-image\"><a href=\"https:\/\/www.kongres-estetickej-mediciny.sk\/wp-content\/uploads\/2025\/10\/kongres2025-154-scaled.jpg\" rel=\"noreferrer\" data-rel=\"iLightbox[gallery_image_1]\" class=\"fusion-lightbox\" target=\"_self\"><img decoding=\"async\" src=\"https:\/\/www.kongres-estetickej-mediciny.sk\/wp-content\/uploads\/2025\/10\/kongres2025-154-scaled.jpg\" data-orig-src=\"https:\/\/www.kongres-estetickej-mediciny.sk\/wp-content\/uploads\/2025\/10\/kongres2025-154-scaled.jpg\" width=\"2560\" height=\"1440\" alt=\"\" title=\"kongres2025-154\" aria-label=\"kongres2025-154\" class=\"lazyload img-responsive wp-image-6006\" srcset=\"data:image\/svg+xml,%3Csvg%20xmlns%3D%27http%3A%2F%2Fwww.w3.org%2F2000%2Fsvg%27%20width%3D%272560%27%20height%3D%271440%27%20viewBox%3D%270%200%202560%201440%27%3E%3Crect%20width%3D%272560%27%20height%3D%271440%27%20fill-opacity%3D%220%22%2F%3E%3C%2Fsvg%3E\" data-srcset=\"https:\/\/www.kongres-estetickej-mediciny.sk\/wp-content\/uploads\/2025\/10\/kongres2025-154-200x112.jpg 200w, https:\/\/www.kongres-estetickej-mediciny.sk\/wp-content\/uploads\/2025\/10\/kongres2025-154-400x225.jpg 400w, https:\/\/www.kongres-estetickej-mediciny.sk\/wp-content\/uploads\/2025\/10\/kongres2025-154-600x337.jpg 600w, https:\/\/www.kongres-estetickej-mediciny.sk\/wp-content\/uploads\/2025\/10\/kongres2025-154-800x450.jpg 800w, https:\/\/www.kongres-estetickej-mediciny.sk\/wp-content\/uploads\/2025\/10\/kongres2025-154-1200x675.jpg 1200w, https:\/\/www.kongres-estetickej-mediciny.sk\/wp-content\/uploads\/2025\/10\/kongres2025-154-scaled.jpg 2560w\" data-sizes=\"auto\" data-orig-sizes=\"(min-width: 2200px) 100vw, (min-width: 824px) 387px, (min-width: 732px) 580px, (min-width: 640px) 732px, \" \/><\/a><\/div><\/div><div style=\"padding:5px;\" class=\"fusion-grid-column fusion-gallery-column fusion-gallery-column-3 hover-type-none\"><div class=\"fusion-gallery-image\"><a href=\"https:\/\/www.kongres-estetickej-mediciny.sk\/wp-content\/uploads\/2025\/10\/kongres2025-155-scaled.jpg\" rel=\"noreferrer\" data-rel=\"iLightbox[gallery_image_1]\" class=\"fusion-lightbox\" target=\"_self\"><img decoding=\"async\" src=\"https:\/\/www.kongres-estetickej-mediciny.sk\/wp-content\/uploads\/2025\/10\/kongres2025-155-scaled.jpg\" data-orig-src=\"https:\/\/www.kongres-estetickej-mediciny.sk\/wp-content\/uploads\/2025\/10\/kongres2025-155-scaled.jpg\" width=\"2560\" height=\"1440\" alt=\"\" title=\"kongres2025-155\" aria-label=\"kongres2025-155\" class=\"lazyload img-responsive wp-image-6007\" srcset=\"data:image\/svg+xml,%3Csvg%20xmlns%3D%27http%3A%2F%2Fwww.w3.org%2F2000%2Fsvg%27%20width%3D%272560%27%20height%3D%271440%27%20viewBox%3D%270%200%202560%201440%27%3E%3Crect%20width%3D%272560%27%20height%3D%271440%27%20fill-opacity%3D%220%22%2F%3E%3C%2Fsvg%3E\" data-srcset=\"https:\/\/www.kongres-estetickej-mediciny.sk\/wp-content\/uploads\/2025\/10\/kongres2025-155-200x112.jpg 200w, https:\/\/www.kongres-estetickej-mediciny.sk\/wp-content\/uploads\/2025\/10\/kongres2025-155-400x225.jpg 400w, https:\/\/www.kongres-estetickej-mediciny.sk\/wp-content\/uploads\/2025\/10\/kongres2025-155-600x337.jpg 600w, https:\/\/www.kongres-estetickej-mediciny.sk\/wp-content\/uploads\/2025\/10\/kongres2025-155-800x450.jpg 800w, https:\/\/www.kongres-estetickej-mediciny.sk\/wp-content\/uploads\/2025\/10\/kongres2025-155-1200x675.jpg 1200w, https:\/\/www.kongres-estetickej-mediciny.sk\/wp-content\/uploads\/2025\/10\/kongres2025-155-scaled.jpg 2560w\" data-sizes=\"auto\" data-orig-sizes=\"(min-width: 2200px) 100vw, (min-width: 824px) 387px, (min-width: 732px) 580px, (min-width: 640px) 732px, \" \/><\/a><\/div><\/div><div class=\"clearfix\"><\/div><div style=\"padding:5px;\" class=\"fusion-grid-column fusion-gallery-column fusion-gallery-column-3 hover-type-none\"><div class=\"fusion-gallery-image\"><a href=\"https:\/\/www.kongres-estetickej-mediciny.sk\/wp-content\/uploads\/2025\/10\/kongres2025-156-scaled.jpg\" rel=\"noreferrer\" data-rel=\"iLightbox[gallery_image_1]\" class=\"fusion-lightbox\" target=\"_self\"><img decoding=\"async\" src=\"https:\/\/www.kongres-estetickej-mediciny.sk\/wp-content\/uploads\/2025\/10\/kongres2025-156-scaled.jpg\" data-orig-src=\"https:\/\/www.kongres-estetickej-mediciny.sk\/wp-content\/uploads\/2025\/10\/kongres2025-156-scaled.jpg\" width=\"2560\" height=\"1440\" alt=\"\" title=\"kongres2025-156\" aria-label=\"kongres2025-156\" class=\"lazyload img-responsive wp-image-6008\" srcset=\"data:image\/svg+xml,%3Csvg%20xmlns%3D%27http%3A%2F%2Fwww.w3.org%2F2000%2Fsvg%27%20width%3D%272560%27%20height%3D%271440%27%20viewBox%3D%270%200%202560%201440%27%3E%3Crect%20width%3D%272560%27%20height%3D%271440%27%20fill-opacity%3D%220%22%2F%3E%3C%2Fsvg%3E\" data-srcset=\"https:\/\/www.kongres-estetickej-mediciny.sk\/wp-content\/uploads\/2025\/10\/kongres2025-156-200x112.jpg 200w, https:\/\/www.kongres-estetickej-mediciny.sk\/wp-content\/uploads\/2025\/10\/kongres2025-156-400x225.jpg 400w, https:\/\/www.kongres-estetickej-mediciny.sk\/wp-content\/uploads\/2025\/10\/kongres2025-156-600x337.jpg 600w, https:\/\/www.kongres-estetickej-mediciny.sk\/wp-content\/uploads\/2025\/10\/kongres2025-156-800x450.jpg 800w, https:\/\/www.kongres-estetickej-mediciny.sk\/wp-content\/uploads\/2025\/10\/kongres2025-156-1200x675.jpg 1200w, https:\/\/www.kongres-estetickej-mediciny.sk\/wp-content\/uploads\/2025\/10\/kongres2025-156-scaled.jpg 2560w\" data-sizes=\"auto\" data-orig-sizes=\"(min-width: 2200px) 100vw, (min-width: 824px) 387px, (min-width: 732px) 580px, (min-width: 640px) 732px, \" \/><\/a><\/div><\/div><div style=\"padding:5px;\" class=\"fusion-grid-column fusion-gallery-column fusion-gallery-column-3 hover-type-none\"><div class=\"fusion-gallery-image\"><a href=\"https:\/\/www.kongres-estetickej-mediciny.sk\/wp-content\/uploads\/2025\/10\/kongres2025-157-scaled.jpg\" rel=\"noreferrer\" data-rel=\"iLightbox[gallery_image_1]\" class=\"fusion-lightbox\" target=\"_self\"><img decoding=\"async\" src=\"https:\/\/www.kongres-estetickej-mediciny.sk\/wp-content\/uploads\/2025\/10\/kongres2025-157-scaled.jpg\" data-orig-src=\"https:\/\/www.kongres-estetickej-mediciny.sk\/wp-content\/uploads\/2025\/10\/kongres2025-157-scaled.jpg\" width=\"2560\" height=\"1440\" alt=\"\" title=\"kongres2025-157\" aria-label=\"kongres2025-157\" class=\"lazyload img-responsive wp-image-6009\" srcset=\"data:image\/svg+xml,%3Csvg%20xmlns%3D%27http%3A%2F%2Fwww.w3.org%2F2000%2Fsvg%27%20width%3D%272560%27%20height%3D%271440%27%20viewBox%3D%270%200%202560%201440%27%3E%3Crect%20width%3D%272560%27%20height%3D%271440%27%20fill-opacity%3D%220%22%2F%3E%3C%2Fsvg%3E\" data-srcset=\"https:\/\/www.kongres-estetickej-mediciny.sk\/wp-content\/uploads\/2025\/10\/kongres2025-157-200x112.jpg 200w, https:\/\/www.kongres-estetickej-mediciny.sk\/wp-content\/uploads\/2025\/10\/kongres2025-157-400x225.jpg 400w, https:\/\/www.kongres-estetickej-mediciny.sk\/wp-content\/uploads\/2025\/10\/kongres2025-157-600x337.jpg 600w, https:\/\/www.kongres-estetickej-mediciny.sk\/wp-content\/uploads\/2025\/10\/kongres2025-157-800x450.jpg 800w, https:\/\/www.kongres-estetickej-mediciny.sk\/wp-content\/uploads\/2025\/10\/kongres2025-157-1200x675.jpg 1200w, https:\/\/www.kongres-estetickej-mediciny.sk\/wp-content\/uploads\/2025\/10\/kongres2025-157-scaled.jpg 2560w\" data-sizes=\"auto\" data-orig-sizes=\"(min-width: 2200px) 100vw, (min-width: 824px) 387px, (min-width: 732px) 580px, (min-width: 640px) 732px, \" \/><\/a><\/div><\/div><div style=\"padding:5px;\" class=\"fusion-grid-column fusion-gallery-column fusion-gallery-column-3 hover-type-none\"><div class=\"fusion-gallery-image\"><a href=\"https:\/\/www.kongres-estetickej-mediciny.sk\/wp-content\/uploads\/2025\/10\/kongres2025-158-scaled.jpg\" rel=\"noreferrer\" data-rel=\"iLightbox[gallery_image_1]\" class=\"fusion-lightbox\" target=\"_self\"><img decoding=\"async\" src=\"https:\/\/www.kongres-estetickej-mediciny.sk\/wp-content\/uploads\/2025\/10\/kongres2025-158-scaled.jpg\" data-orig-src=\"https:\/\/www.kongres-estetickej-mediciny.sk\/wp-content\/uploads\/2025\/10\/kongres2025-158-scaled.jpg\" width=\"2560\" height=\"1440\" alt=\"\" title=\"kongres2025-158\" aria-label=\"kongres2025-158\" class=\"lazyload img-responsive wp-image-6010\" srcset=\"data:image\/svg+xml,%3Csvg%20xmlns%3D%27http%3A%2F%2Fwww.w3.org%2F2000%2Fsvg%27%20width%3D%272560%27%20height%3D%271440%27%20viewBox%3D%270%200%202560%201440%27%3E%3Crect%20width%3D%272560%27%20height%3D%271440%27%20fill-opacity%3D%220%22%2F%3E%3C%2Fsvg%3E\" data-srcset=\"https:\/\/www.kongres-estetickej-mediciny.sk\/wp-content\/uploads\/2025\/10\/kongres2025-158-200x112.jpg 200w, https:\/\/www.kongres-estetickej-mediciny.sk\/wp-content\/uploads\/2025\/10\/kongres2025-158-400x225.jpg 400w, https:\/\/www.kongres-estetickej-mediciny.sk\/wp-content\/uploads\/2025\/10\/kongres2025-158-600x337.jpg 600w, https:\/\/www.kongres-estetickej-mediciny.sk\/wp-content\/uploads\/2025\/10\/kongres2025-158-800x450.jpg 800w, https:\/\/www.kongres-estetickej-mediciny.sk\/wp-content\/uploads\/2025\/10\/kongres2025-158-1200x675.jpg 1200w, https:\/\/www.kongres-estetickej-mediciny.sk\/wp-content\/uploads\/2025\/10\/kongres2025-158-scaled.jpg 2560w\" data-sizes=\"auto\" data-orig-sizes=\"(min-width: 2200px) 100vw, (min-width: 824px) 387px, (min-width: 732px) 580px, (min-width: 640px) 732px, \" \/><\/a><\/div><\/div><div class=\"clearfix\"><\/div><div style=\"padding:5px;\" class=\"fusion-grid-column fusion-gallery-column fusion-gallery-column-3 hover-type-none\"><div class=\"fusion-gallery-image\"><a href=\"https:\/\/www.kongres-estetickej-mediciny.sk\/wp-content\/uploads\/2025\/10\/kongres2025-159-scaled.jpg\" rel=\"noreferrer\" data-rel=\"iLightbox[gallery_image_1]\" class=\"fusion-lightbox\" target=\"_self\"><img decoding=\"async\" src=\"https:\/\/www.kongres-estetickej-mediciny.sk\/wp-content\/uploads\/2025\/10\/kongres2025-159-scaled.jpg\" data-orig-src=\"https:\/\/www.kongres-estetickej-mediciny.sk\/wp-content\/uploads\/2025\/10\/kongres2025-159-scaled.jpg\" width=\"2560\" height=\"1440\" alt=\"\" title=\"kongres2025-159\" aria-label=\"kongres2025-159\" class=\"lazyload img-responsive wp-image-6011\" srcset=\"data:image\/svg+xml,%3Csvg%20xmlns%3D%27http%3A%2F%2Fwww.w3.org%2F2000%2Fsvg%27%20width%3D%272560%27%20height%3D%271440%27%20viewBox%3D%270%200%202560%201440%27%3E%3Crect%20width%3D%272560%27%20height%3D%271440%27%20fill-opacity%3D%220%22%2F%3E%3C%2Fsvg%3E\" data-srcset=\"https:\/\/www.kongres-estetickej-mediciny.sk\/wp-content\/uploads\/2025\/10\/kongres2025-159-200x112.jpg 200w, https:\/\/www.kongres-estetickej-mediciny.sk\/wp-content\/uploads\/2025\/10\/kongres2025-159-400x225.jpg 400w, https:\/\/www.kongres-estetickej-mediciny.sk\/wp-content\/uploads\/2025\/10\/kongres2025-159-600x337.jpg 600w, https:\/\/www.kongres-estetickej-mediciny.sk\/wp-content\/uploads\/2025\/10\/kongres2025-159-800x450.jpg 800w, https:\/\/www.kongres-estetickej-mediciny.sk\/wp-content\/uploads\/2025\/10\/kongres2025-159-1200x675.jpg 1200w, https:\/\/www.kongres-estetickej-mediciny.sk\/wp-content\/uploads\/2025\/10\/kongres2025-159-scaled.jpg 2560w\" data-sizes=\"auto\" data-orig-sizes=\"(min-width: 2200px) 100vw, (min-width: 824px) 387px, (min-width: 732px) 580px, (min-width: 640px) 732px, \" \/><\/a><\/div><\/div><div style=\"padding:5px;\" class=\"fusion-grid-column fusion-gallery-column fusion-gallery-column-3 hover-type-none\"><div class=\"fusion-gallery-image\"><a href=\"https:\/\/www.kongres-estetickej-mediciny.sk\/wp-content\/uploads\/2025\/10\/kongres2025-160-scaled.jpg\" rel=\"noreferrer\" data-rel=\"iLightbox[gallery_image_1]\" class=\"fusion-lightbox\" target=\"_self\"><img decoding=\"async\" src=\"https:\/\/www.kongres-estetickej-mediciny.sk\/wp-content\/uploads\/2025\/10\/kongres2025-160-scaled.jpg\" data-orig-src=\"https:\/\/www.kongres-estetickej-mediciny.sk\/wp-content\/uploads\/2025\/10\/kongres2025-160-scaled.jpg\" width=\"2560\" height=\"1440\" alt=\"\" title=\"kongres2025-160\" aria-label=\"kongres2025-160\" class=\"lazyload img-responsive wp-image-6012\" srcset=\"data:image\/svg+xml,%3Csvg%20xmlns%3D%27http%3A%2F%2Fwww.w3.org%2F2000%2Fsvg%27%20width%3D%272560%27%20height%3D%271440%27%20viewBox%3D%270%200%202560%201440%27%3E%3Crect%20width%3D%272560%27%20height%3D%271440%27%20fill-opacity%3D%220%22%2F%3E%3C%2Fsvg%3E\" data-srcset=\"https:\/\/www.kongres-estetickej-mediciny.sk\/wp-content\/uploads\/2025\/10\/kongres2025-160-200x112.jpg 200w, https:\/\/www.kongres-estetickej-mediciny.sk\/wp-content\/uploads\/2025\/10\/kongres2025-160-400x225.jpg 400w, https:\/\/www.kongres-estetickej-mediciny.sk\/wp-content\/uploads\/2025\/10\/kongres2025-160-600x337.jpg 600w, https:\/\/www.kongres-estetickej-mediciny.sk\/wp-content\/uploads\/2025\/10\/kongres2025-160-800x450.jpg 800w, https:\/\/www.kongres-estetickej-mediciny.sk\/wp-content\/uploads\/2025\/10\/kongres2025-160-1200x675.jpg 1200w, https:\/\/www.kongres-estetickej-mediciny.sk\/wp-content\/uploads\/2025\/10\/kongres2025-160-scaled.jpg 2560w\" data-sizes=\"auto\" data-orig-sizes=\"(min-width: 2200px) 100vw, (min-width: 824px) 387px, (min-width: 732px) 580px, (min-width: 640px) 732px, \" \/><\/a><\/div><\/div><div style=\"padding:5px;\" class=\"fusion-grid-column fusion-gallery-column fusion-gallery-column-3 hover-type-none\"><div class=\"fusion-gallery-image\"><a href=\"https:\/\/www.kongres-estetickej-mediciny.sk\/wp-content\/uploads\/2025\/10\/kongres2025-161-scaled.jpg\" rel=\"noreferrer\" data-rel=\"iLightbox[gallery_image_1]\" class=\"fusion-lightbox\" target=\"_self\"><img decoding=\"async\" src=\"https:\/\/www.kongres-estetickej-mediciny.sk\/wp-content\/uploads\/2025\/10\/kongres2025-161-scaled.jpg\" data-orig-src=\"https:\/\/www.kongres-estetickej-mediciny.sk\/wp-content\/uploads\/2025\/10\/kongres2025-161-scaled.jpg\" width=\"2560\" height=\"1440\" alt=\"\" title=\"kongres2025-161\" aria-label=\"kongres2025-161\" class=\"lazyload img-responsive wp-image-6013\" srcset=\"data:image\/svg+xml,%3Csvg%20xmlns%3D%27http%3A%2F%2Fwww.w3.org%2F2000%2Fsvg%27%20width%3D%272560%27%20height%3D%271440%27%20viewBox%3D%270%200%202560%201440%27%3E%3Crect%20width%3D%272560%27%20height%3D%271440%27%20fill-opacity%3D%220%22%2F%3E%3C%2Fsvg%3E\" data-srcset=\"https:\/\/www.kongres-estetickej-mediciny.sk\/wp-content\/uploads\/2025\/10\/kongres2025-161-200x112.jpg 200w, https:\/\/www.kongres-estetickej-mediciny.sk\/wp-content\/uploads\/2025\/10\/kongres2025-161-400x225.jpg 400w, https:\/\/www.kongres-estetickej-mediciny.sk\/wp-content\/uploads\/2025\/10\/kongres2025-161-600x337.jpg 600w, https:\/\/www.kongres-estetickej-mediciny.sk\/wp-content\/uploads\/2025\/10\/kongres2025-161-800x450.jpg 800w, https:\/\/www.kongres-estetickej-mediciny.sk\/wp-content\/uploads\/2025\/10\/kongres2025-161-1200x675.jpg 1200w, https:\/\/www.kongres-estetickej-mediciny.sk\/wp-content\/uploads\/2025\/10\/kongres2025-161-scaled.jpg 2560w\" data-sizes=\"auto\" data-orig-sizes=\"(min-width: 2200px) 100vw, (min-width: 824px) 387px, (min-width: 732px) 580px, (min-width: 640px) 732px, \" \/><\/a><\/div><\/div><div class=\"clearfix\"><\/div><div style=\"padding:5px;\" class=\"fusion-grid-column fusion-gallery-column fusion-gallery-column-3 hover-type-none\"><div class=\"fusion-gallery-image\"><a href=\"https:\/\/www.kongres-estetickej-mediciny.sk\/wp-content\/uploads\/2025\/10\/kongres2025-162-scaled.jpg\" rel=\"noreferrer\" data-rel=\"iLightbox[gallery_image_1]\" class=\"fusion-lightbox\" target=\"_self\"><img decoding=\"async\" src=\"https:\/\/www.kongres-estetickej-mediciny.sk\/wp-content\/uploads\/2025\/10\/kongres2025-162-scaled.jpg\" data-orig-src=\"https:\/\/www.kongres-estetickej-mediciny.sk\/wp-content\/uploads\/2025\/10\/kongres2025-162-scaled.jpg\" width=\"2560\" height=\"1440\" alt=\"\" title=\"kongres2025-162\" aria-label=\"kongres2025-162\" class=\"lazyload img-responsive wp-image-6014\" srcset=\"data:image\/svg+xml,%3Csvg%20xmlns%3D%27http%3A%2F%2Fwww.w3.org%2F2000%2Fsvg%27%20width%3D%272560%27%20height%3D%271440%27%20viewBox%3D%270%200%202560%201440%27%3E%3Crect%20width%3D%272560%27%20height%3D%271440%27%20fill-opacity%3D%220%22%2F%3E%3C%2Fsvg%3E\" data-srcset=\"https:\/\/www.kongres-estetickej-mediciny.sk\/wp-content\/uploads\/2025\/10\/kongres2025-162-200x112.jpg 200w, https:\/\/www.kongres-estetickej-mediciny.sk\/wp-content\/uploads\/2025\/10\/kongres2025-162-400x225.jpg 400w, https:\/\/www.kongres-estetickej-mediciny.sk\/wp-content\/uploads\/2025\/10\/kongres2025-162-600x337.jpg 600w, https:\/\/www.kongres-estetickej-mediciny.sk\/wp-content\/uploads\/2025\/10\/kongres2025-162-800x450.jpg 800w, https:\/\/www.kongres-estetickej-mediciny.sk\/wp-content\/uploads\/2025\/10\/kongres2025-162-1200x675.jpg 1200w, https:\/\/www.kongres-estetickej-mediciny.sk\/wp-content\/uploads\/2025\/10\/kongres2025-162-scaled.jpg 2560w\" data-sizes=\"auto\" data-orig-sizes=\"(min-width: 2200px) 100vw, (min-width: 824px) 387px, (min-width: 732px) 580px, (min-width: 640px) 732px, \" \/><\/a><\/div><\/div><div style=\"padding:5px;\" class=\"fusion-grid-column fusion-gallery-column fusion-gallery-column-3 hover-type-none\"><div class=\"fusion-gallery-image\"><a href=\"https:\/\/www.kongres-estetickej-mediciny.sk\/wp-content\/uploads\/2025\/10\/kongres2025-163-scaled.jpg\" rel=\"noreferrer\" data-rel=\"iLightbox[gallery_image_1]\" class=\"fusion-lightbox\" target=\"_self\"><img decoding=\"async\" src=\"https:\/\/www.kongres-estetickej-mediciny.sk\/wp-content\/uploads\/2025\/10\/kongres2025-163-scaled.jpg\" data-orig-src=\"https:\/\/www.kongres-estetickej-mediciny.sk\/wp-content\/uploads\/2025\/10\/kongres2025-163-scaled.jpg\" width=\"1560\" height=\"2560\" alt=\"\" title=\"kongres2025-163\" aria-label=\"kongres2025-163\" class=\"lazyload img-responsive wp-image-6015\" srcset=\"data:image\/svg+xml,%3Csvg%20xmlns%3D%27http%3A%2F%2Fwww.w3.org%2F2000%2Fsvg%27%20width%3D%271560%27%20height%3D%272560%27%20viewBox%3D%270%200%201560%202560%27%3E%3Crect%20width%3D%271560%27%20height%3D%272560%27%20fill-opacity%3D%220%22%2F%3E%3C%2Fsvg%3E\" data-srcset=\"https:\/\/www.kongres-estetickej-mediciny.sk\/wp-content\/uploads\/2025\/10\/kongres2025-163-200x328.jpg 200w, https:\/\/www.kongres-estetickej-mediciny.sk\/wp-content\/uploads\/2025\/10\/kongres2025-163-400x656.jpg 400w, https:\/\/www.kongres-estetickej-mediciny.sk\/wp-content\/uploads\/2025\/10\/kongres2025-163-600x984.jpg 600w, https:\/\/www.kongres-estetickej-mediciny.sk\/wp-content\/uploads\/2025\/10\/kongres2025-163-800x1313.jpg 800w, https:\/\/www.kongres-estetickej-mediciny.sk\/wp-content\/uploads\/2025\/10\/kongres2025-163-1200x1969.jpg 1200w, https:\/\/www.kongres-estetickej-mediciny.sk\/wp-content\/uploads\/2025\/10\/kongres2025-163-scaled.jpg 1560w\" data-sizes=\"auto\" data-orig-sizes=\"(min-width: 2200px) 100vw, (min-width: 824px) 387px, (min-width: 732px) 580px, (min-width: 640px) 732px, \" \/><\/a><\/div><\/div><div style=\"padding:5px;\" class=\"fusion-grid-column fusion-gallery-column fusion-gallery-column-3 hover-type-none\"><div class=\"fusion-gallery-image\"><a href=\"https:\/\/www.kongres-estetickej-mediciny.sk\/wp-content\/uploads\/2025\/10\/kongres2025-164-scaled.jpg\" rel=\"noreferrer\" data-rel=\"iLightbox[gallery_image_1]\" class=\"fusion-lightbox\" target=\"_self\"><img decoding=\"async\" src=\"https:\/\/www.kongres-estetickej-mediciny.sk\/wp-content\/uploads\/2025\/10\/kongres2025-164-scaled.jpg\" data-orig-src=\"https:\/\/www.kongres-estetickej-mediciny.sk\/wp-content\/uploads\/2025\/10\/kongres2025-164-scaled.jpg\" width=\"2560\" height=\"1440\" alt=\"\" title=\"kongres2025-164\" aria-label=\"kongres2025-164\" class=\"lazyload img-responsive wp-image-6016\" srcset=\"data:image\/svg+xml,%3Csvg%20xmlns%3D%27http%3A%2F%2Fwww.w3.org%2F2000%2Fsvg%27%20width%3D%272560%27%20height%3D%271440%27%20viewBox%3D%270%200%202560%201440%27%3E%3Crect%20width%3D%272560%27%20height%3D%271440%27%20fill-opacity%3D%220%22%2F%3E%3C%2Fsvg%3E\" data-srcset=\"https:\/\/www.kongres-estetickej-mediciny.sk\/wp-content\/uploads\/2025\/10\/kongres2025-164-200x112.jpg 200w, https:\/\/www.kongres-estetickej-mediciny.sk\/wp-content\/uploads\/2025\/10\/kongres2025-164-400x225.jpg 400w, https:\/\/www.kongres-estetickej-mediciny.sk\/wp-content\/uploads\/2025\/10\/kongres2025-164-600x337.jpg 600w, https:\/\/www.kongres-estetickej-mediciny.sk\/wp-content\/uploads\/2025\/10\/kongres2025-164-800x450.jpg 800w, https:\/\/www.kongres-estetickej-mediciny.sk\/wp-content\/uploads\/2025\/10\/kongres2025-164-1200x675.jpg 1200w, https:\/\/www.kongres-estetickej-mediciny.sk\/wp-content\/uploads\/2025\/10\/kongres2025-164-scaled.jpg 2560w\" data-sizes=\"auto\" data-orig-sizes=\"(min-width: 2200px) 100vw, (min-width: 824px) 387px, (min-width: 732px) 580px, (min-width: 640px) 732px, \" \/><\/a><\/div><\/div><div class=\"clearfix\"><\/div><div style=\"padding:5px;\" class=\"fusion-grid-column fusion-gallery-column fusion-gallery-column-3 hover-type-none\"><div class=\"fusion-gallery-image\"><a href=\"https:\/\/www.kongres-estetickej-mediciny.sk\/wp-content\/uploads\/2025\/10\/kongres2025-165-scaled.jpg\" rel=\"noreferrer\" data-rel=\"iLightbox[gallery_image_1]\" class=\"fusion-lightbox\" target=\"_self\"><img decoding=\"async\" src=\"https:\/\/www.kongres-estetickej-mediciny.sk\/wp-content\/uploads\/2025\/10\/kongres2025-165-scaled.jpg\" data-orig-src=\"https:\/\/www.kongres-estetickej-mediciny.sk\/wp-content\/uploads\/2025\/10\/kongres2025-165-scaled.jpg\" width=\"2560\" height=\"1440\" alt=\"\" title=\"kongres2025-165\" aria-label=\"kongres2025-165\" class=\"lazyload img-responsive wp-image-6017\" srcset=\"data:image\/svg+xml,%3Csvg%20xmlns%3D%27http%3A%2F%2Fwww.w3.org%2F2000%2Fsvg%27%20width%3D%272560%27%20height%3D%271440%27%20viewBox%3D%270%200%202560%201440%27%3E%3Crect%20width%3D%272560%27%20height%3D%271440%27%20fill-opacity%3D%220%22%2F%3E%3C%2Fsvg%3E\" data-srcset=\"https:\/\/www.kongres-estetickej-mediciny.sk\/wp-content\/uploads\/2025\/10\/kongres2025-165-200x112.jpg 200w, https:\/\/www.kongres-estetickej-mediciny.sk\/wp-content\/uploads\/2025\/10\/kongres2025-165-400x225.jpg 400w, https:\/\/www.kongres-estetickej-mediciny.sk\/wp-content\/uploads\/2025\/10\/kongres2025-165-600x337.jpg 600w, https:\/\/www.kongres-estetickej-mediciny.sk\/wp-content\/uploads\/2025\/10\/kongres2025-165-800x450.jpg 800w, https:\/\/www.kongres-estetickej-mediciny.sk\/wp-content\/uploads\/2025\/10\/kongres2025-165-1200x675.jpg 1200w, https:\/\/www.kongres-estetickej-mediciny.sk\/wp-content\/uploads\/2025\/10\/kongres2025-165-scaled.jpg 2560w\" data-sizes=\"auto\" data-orig-sizes=\"(min-width: 2200px) 100vw, (min-width: 824px) 387px, (min-width: 732px) 580px, (min-width: 640px) 732px, \" \/><\/a><\/div><\/div><div style=\"padding:5px;\" class=\"fusion-grid-column fusion-gallery-column fusion-gallery-column-3 hover-type-none\"><div class=\"fusion-gallery-image\"><a href=\"https:\/\/www.kongres-estetickej-mediciny.sk\/wp-content\/uploads\/2025\/10\/kongres2025-166-scaled.jpg\" rel=\"noreferrer\" data-rel=\"iLightbox[gallery_image_1]\" class=\"fusion-lightbox\" target=\"_self\"><img decoding=\"async\" src=\"https:\/\/www.kongres-estetickej-mediciny.sk\/wp-content\/uploads\/2025\/10\/kongres2025-166-scaled.jpg\" data-orig-src=\"https:\/\/www.kongres-estetickej-mediciny.sk\/wp-content\/uploads\/2025\/10\/kongres2025-166-scaled.jpg\" width=\"1673\" height=\"2560\" alt=\"\" title=\"kongres2025-166\" aria-label=\"kongres2025-166\" class=\"lazyload img-responsive wp-image-6018\" srcset=\"data:image\/svg+xml,%3Csvg%20xmlns%3D%27http%3A%2F%2Fwww.w3.org%2F2000%2Fsvg%27%20width%3D%271673%27%20height%3D%272560%27%20viewBox%3D%270%200%201673%202560%27%3E%3Crect%20width%3D%271673%27%20height%3D%272560%27%20fill-opacity%3D%220%22%2F%3E%3C%2Fsvg%3E\" data-srcset=\"https:\/\/www.kongres-estetickej-mediciny.sk\/wp-content\/uploads\/2025\/10\/kongres2025-166-200x306.jpg 200w, https:\/\/www.kongres-estetickej-mediciny.sk\/wp-content\/uploads\/2025\/10\/kongres2025-166-400x612.jpg 400w, https:\/\/www.kongres-estetickej-mediciny.sk\/wp-content\/uploads\/2025\/10\/kongres2025-166-600x918.jpg 600w, https:\/\/www.kongres-estetickej-mediciny.sk\/wp-content\/uploads\/2025\/10\/kongres2025-166-800x1224.jpg 800w, https:\/\/www.kongres-estetickej-mediciny.sk\/wp-content\/uploads\/2025\/10\/kongres2025-166-1200x1836.jpg 1200w, https:\/\/www.kongres-estetickej-mediciny.sk\/wp-content\/uploads\/2025\/10\/kongres2025-166-scaled.jpg 1673w\" data-sizes=\"auto\" data-orig-sizes=\"(min-width: 2200px) 100vw, (min-width: 824px) 387px, (min-width: 732px) 580px, (min-width: 640px) 732px, \" \/><\/a><\/div><\/div><div style=\"padding:5px;\" class=\"fusion-grid-column fusion-gallery-column fusion-gallery-column-3 hover-type-none\"><div class=\"fusion-gallery-image\"><a href=\"https:\/\/www.kongres-estetickej-mediciny.sk\/wp-content\/uploads\/2025\/10\/kongres2025-scaled.jpg\" rel=\"noreferrer\" data-rel=\"iLightbox[gallery_image_1]\" class=\"fusion-lightbox\" target=\"_self\"><img decoding=\"async\" src=\"https:\/\/www.kongres-estetickej-mediciny.sk\/wp-content\/uploads\/2025\/10\/kongres2025-scaled.jpg\" data-orig-src=\"https:\/\/www.kongres-estetickej-mediciny.sk\/wp-content\/uploads\/2025\/10\/kongres2025-scaled.jpg\" width=\"2560\" height=\"1321\" alt=\"\" title=\"kongres2025\" aria-label=\"kongres2025\" class=\"lazyload img-responsive wp-image-6019\" srcset=\"data:image\/svg+xml,%3Csvg%20xmlns%3D%27http%3A%2F%2Fwww.w3.org%2F2000%2Fsvg%27%20width%3D%272560%27%20height%3D%271321%27%20viewBox%3D%270%200%202560%201321%27%3E%3Crect%20width%3D%272560%27%20height%3D%271321%27%20fill-opacity%3D%220%22%2F%3E%3C%2Fsvg%3E\" data-srcset=\"https:\/\/www.kongres-estetickej-mediciny.sk\/wp-content\/uploads\/2025\/10\/kongres2025-200x103.jpg 200w, https:\/\/www.kongres-estetickej-mediciny.sk\/wp-content\/uploads\/2025\/10\/kongres2025-400x206.jpg 400w, https:\/\/www.kongres-estetickej-mediciny.sk\/wp-content\/uploads\/2025\/10\/kongres2025-600x310.jpg 600w, https:\/\/www.kongres-estetickej-mediciny.sk\/wp-content\/uploads\/2025\/10\/kongres2025-800x413.jpg 800w, https:\/\/www.kongres-estetickej-mediciny.sk\/wp-content\/uploads\/2025\/10\/kongres2025-1200x619.jpg 1200w, https:\/\/www.kongres-estetickej-mediciny.sk\/wp-content\/uploads\/2025\/10\/kongres2025-scaled.jpg 2560w\" data-sizes=\"auto\" data-orig-sizes=\"(min-width: 2200px) 100vw, (min-width: 824px) 387px, (min-width: 732px) 580px, (min-width: 640px) 732px, \" \/><\/a><\/div><\/div><div class=\"clearfix\"><\/div><div style=\"padding:5px;\" class=\"fusion-grid-column fusion-gallery-column fusion-gallery-column-3 hover-type-none\"><div class=\"fusion-gallery-image\"><a href=\"https:\/\/www.kongres-estetickej-mediciny.sk\/wp-content\/uploads\/2025\/10\/kongresprogram2025-2-scaled.jpg\" rel=\"noreferrer\" data-rel=\"iLightbox[gallery_image_1]\" class=\"fusion-lightbox\" target=\"_self\"><img decoding=\"async\" src=\"https:\/\/www.kongres-estetickej-mediciny.sk\/wp-content\/uploads\/2025\/10\/kongresprogram2025-2-scaled.jpg\" data-orig-src=\"https:\/\/www.kongres-estetickej-mediciny.sk\/wp-content\/uploads\/2025\/10\/kongresprogram2025-2-scaled.jpg\" width=\"2560\" height=\"1441\" alt=\"\" title=\"kongresprogram2025-2\" aria-label=\"kongresprogram2025-2\" class=\"lazyload img-responsive wp-image-6024\" srcset=\"data:image\/svg+xml,%3Csvg%20xmlns%3D%27http%3A%2F%2Fwww.w3.org%2F2000%2Fsvg%27%20width%3D%272560%27%20height%3D%271441%27%20viewBox%3D%270%200%202560%201441%27%3E%3Crect%20width%3D%272560%27%20height%3D%271441%27%20fill-opacity%3D%220%22%2F%3E%3C%2Fsvg%3E\" data-srcset=\"https:\/\/www.kongres-estetickej-mediciny.sk\/wp-content\/uploads\/2025\/10\/kongresprogram2025-2-200x113.jpg 200w, https:\/\/www.kongres-estetickej-mediciny.sk\/wp-content\/uploads\/2025\/10\/kongresprogram2025-2-400x225.jpg 400w, https:\/\/www.kongres-estetickej-mediciny.sk\/wp-content\/uploads\/2025\/10\/kongresprogram2025-2-600x338.jpg 600w, https:\/\/www.kongres-estetickej-mediciny.sk\/wp-content\/uploads\/2025\/10\/kongresprogram2025-2-800x450.jpg 800w, https:\/\/www.kongres-estetickej-mediciny.sk\/wp-content\/uploads\/2025\/10\/kongresprogram2025-2-1200x676.jpg 1200w, https:\/\/www.kongres-estetickej-mediciny.sk\/wp-content\/uploads\/2025\/10\/kongresprogram2025-2-scaled.jpg 2560w\" data-sizes=\"auto\" data-orig-sizes=\"(min-width: 2200px) 100vw, (min-width: 824px) 387px, (min-width: 732px) 580px, (min-width: 640px) 732px, \" \/><\/a><\/div><\/div><div style=\"padding:5px;\" class=\"fusion-grid-column fusion-gallery-column fusion-gallery-column-3 hover-type-none\"><div class=\"fusion-gallery-image\"><a href=\"https:\/\/www.kongres-estetickej-mediciny.sk\/wp-content\/uploads\/2025\/10\/kongresprogram2025-scaled.jpg\" rel=\"noreferrer\" data-rel=\"iLightbox[gallery_image_1]\" class=\"fusion-lightbox\" target=\"_self\"><img decoding=\"async\" src=\"https:\/\/www.kongres-estetickej-mediciny.sk\/wp-content\/uploads\/2025\/10\/kongresprogram2025-scaled.jpg\" data-orig-src=\"https:\/\/www.kongres-estetickej-mediciny.sk\/wp-content\/uploads\/2025\/10\/kongresprogram2025-scaled.jpg\" width=\"2560\" height=\"1441\" alt=\"\" title=\"kongresprogram2025\" aria-label=\"kongresprogram2025\" class=\"lazyload img-responsive wp-image-6084\" srcset=\"data:image\/svg+xml,%3Csvg%20xmlns%3D%27http%3A%2F%2Fwww.w3.org%2F2000%2Fsvg%27%20width%3D%272560%27%20height%3D%271441%27%20viewBox%3D%270%200%202560%201441%27%3E%3Crect%20width%3D%272560%27%20height%3D%271441%27%20fill-opacity%3D%220%22%2F%3E%3C%2Fsvg%3E\" data-srcset=\"https:\/\/www.kongres-estetickej-mediciny.sk\/wp-content\/uploads\/2025\/10\/kongresprogram2025-200x113.jpg 200w, https:\/\/www.kongres-estetickej-mediciny.sk\/wp-content\/uploads\/2025\/10\/kongresprogram2025-400x225.jpg 400w, https:\/\/www.kongres-estetickej-mediciny.sk\/wp-content\/uploads\/2025\/10\/kongresprogram2025-600x338.jpg 600w, https:\/\/www.kongres-estetickej-mediciny.sk\/wp-content\/uploads\/2025\/10\/kongresprogram2025-800x450.jpg 800w, https:\/\/www.kongres-estetickej-mediciny.sk\/wp-content\/uploads\/2025\/10\/kongresprogram2025-1200x676.jpg 1200w, https:\/\/www.kongres-estetickej-mediciny.sk\/wp-content\/uploads\/2025\/10\/kongresprogram2025-scaled.jpg 2560w\" data-sizes=\"auto\" data-orig-sizes=\"(min-width: 2200px) 100vw, (min-width: 824px) 387px, (min-width: 732px) 580px, (min-width: 640px) 732px, \" \/><\/a><\/div><\/div><div style=\"padding:5px;\" class=\"fusion-grid-column fusion-gallery-column fusion-gallery-column-3 hover-type-none\"><div class=\"fusion-gallery-image\"><a href=\"https:\/\/www.kongres-estetickej-mediciny.sk\/wp-content\/uploads\/2025\/10\/kongresprogram2025-60-scaled.jpg\" rel=\"noreferrer\" data-rel=\"iLightbox[gallery_image_1]\" class=\"fusion-lightbox\" target=\"_self\"><img decoding=\"async\" src=\"https:\/\/www.kongres-estetickej-mediciny.sk\/wp-content\/uploads\/2025\/10\/kongresprogram2025-60-scaled.jpg\" data-orig-src=\"https:\/\/www.kongres-estetickej-mediciny.sk\/wp-content\/uploads\/2025\/10\/kongresprogram2025-60-scaled.jpg\" width=\"2560\" height=\"1440\" alt=\"\" title=\"kongresprogram2025-60\" aria-label=\"kongresprogram2025-60\" class=\"lazyload img-responsive wp-image-6083\" srcset=\"data:image\/svg+xml,%3Csvg%20xmlns%3D%27http%3A%2F%2Fwww.w3.org%2F2000%2Fsvg%27%20width%3D%272560%27%20height%3D%271440%27%20viewBox%3D%270%200%202560%201440%27%3E%3Crect%20width%3D%272560%27%20height%3D%271440%27%20fill-opacity%3D%220%22%2F%3E%3C%2Fsvg%3E\" data-srcset=\"https:\/\/www.kongres-estetickej-mediciny.sk\/wp-content\/uploads\/2025\/10\/kongresprogram2025-60-200x113.jpg 200w, https:\/\/www.kongres-estetickej-mediciny.sk\/wp-content\/uploads\/2025\/10\/kongresprogram2025-60-400x225.jpg 400w, https:\/\/www.kongres-estetickej-mediciny.sk\/wp-content\/uploads\/2025\/10\/kongresprogram2025-60-600x338.jpg 600w, https:\/\/www.kongres-estetickej-mediciny.sk\/wp-content\/uploads\/2025\/10\/kongresprogram2025-60-800x450.jpg 800w, https:\/\/www.kongres-estetickej-mediciny.sk\/wp-content\/uploads\/2025\/10\/kongresprogram2025-60-1200x675.jpg 1200w, https:\/\/www.kongres-estetickej-mediciny.sk\/wp-content\/uploads\/2025\/10\/kongresprogram2025-60-scaled.jpg 2560w\" data-sizes=\"auto\" data-orig-sizes=\"(min-width: 2200px) 100vw, (min-width: 824px) 387px, (min-width: 732px) 580px, (min-width: 640px) 732px, \" \/><\/a><\/div><\/div><div class=\"clearfix\"><\/div><div style=\"padding:5px;\" class=\"fusion-grid-column fusion-gallery-column fusion-gallery-column-3 hover-type-none\"><div class=\"fusion-gallery-image\"><a href=\"https:\/\/www.kongres-estetickej-mediciny.sk\/wp-content\/uploads\/2025\/10\/kongresprogram2025-59-scaled.jpg\" rel=\"noreferrer\" data-rel=\"iLightbox[gallery_image_1]\" class=\"fusion-lightbox\" target=\"_self\"><img decoding=\"async\" src=\"https:\/\/www.kongres-estetickej-mediciny.sk\/wp-content\/uploads\/2025\/10\/kongresprogram2025-59-scaled.jpg\" data-orig-src=\"https:\/\/www.kongres-estetickej-mediciny.sk\/wp-content\/uploads\/2025\/10\/kongresprogram2025-59-scaled.jpg\" width=\"2560\" height=\"1440\" alt=\"\" title=\"kongresprogram2025-59\" aria-label=\"kongresprogram2025-59\" class=\"lazyload img-responsive wp-image-6082\" srcset=\"data:image\/svg+xml,%3Csvg%20xmlns%3D%27http%3A%2F%2Fwww.w3.org%2F2000%2Fsvg%27%20width%3D%272560%27%20height%3D%271440%27%20viewBox%3D%270%200%202560%201440%27%3E%3Crect%20width%3D%272560%27%20height%3D%271440%27%20fill-opacity%3D%220%22%2F%3E%3C%2Fsvg%3E\" data-srcset=\"https:\/\/www.kongres-estetickej-mediciny.sk\/wp-content\/uploads\/2025\/10\/kongresprogram2025-59-200x113.jpg 200w, https:\/\/www.kongres-estetickej-mediciny.sk\/wp-content\/uploads\/2025\/10\/kongresprogram2025-59-400x225.jpg 400w, https:\/\/www.kongres-estetickej-mediciny.sk\/wp-content\/uploads\/2025\/10\/kongresprogram2025-59-600x338.jpg 600w, https:\/\/www.kongres-estetickej-mediciny.sk\/wp-content\/uploads\/2025\/10\/kongresprogram2025-59-800x450.jpg 800w, https:\/\/www.kongres-estetickej-mediciny.sk\/wp-content\/uploads\/2025\/10\/kongresprogram2025-59-1200x675.jpg 1200w, https:\/\/www.kongres-estetickej-mediciny.sk\/wp-content\/uploads\/2025\/10\/kongresprogram2025-59-scaled.jpg 2560w\" data-sizes=\"auto\" data-orig-sizes=\"(min-width: 2200px) 100vw, (min-width: 824px) 387px, (min-width: 732px) 580px, (min-width: 640px) 732px, \" \/><\/a><\/div><\/div><div style=\"padding:5px;\" class=\"fusion-grid-column fusion-gallery-column fusion-gallery-column-3 hover-type-none\"><div class=\"fusion-gallery-image\"><a href=\"https:\/\/www.kongres-estetickej-mediciny.sk\/wp-content\/uploads\/2025\/10\/kongresprogram2025-58-scaled.jpg\" rel=\"noreferrer\" data-rel=\"iLightbox[gallery_image_1]\" class=\"fusion-lightbox\" target=\"_self\"><img decoding=\"async\" src=\"https:\/\/www.kongres-estetickej-mediciny.sk\/wp-content\/uploads\/2025\/10\/kongresprogram2025-58-scaled.jpg\" data-orig-src=\"https:\/\/www.kongres-estetickej-mediciny.sk\/wp-content\/uploads\/2025\/10\/kongresprogram2025-58-scaled.jpg\" width=\"2560\" height=\"1440\" alt=\"\" title=\"kongresprogram2025-58\" aria-label=\"kongresprogram2025-58\" class=\"lazyload img-responsive wp-image-6081\" srcset=\"data:image\/svg+xml,%3Csvg%20xmlns%3D%27http%3A%2F%2Fwww.w3.org%2F2000%2Fsvg%27%20width%3D%272560%27%20height%3D%271440%27%20viewBox%3D%270%200%202560%201440%27%3E%3Crect%20width%3D%272560%27%20height%3D%271440%27%20fill-opacity%3D%220%22%2F%3E%3C%2Fsvg%3E\" data-srcset=\"https:\/\/www.kongres-estetickej-mediciny.sk\/wp-content\/uploads\/2025\/10\/kongresprogram2025-58-200x113.jpg 200w, https:\/\/www.kongres-estetickej-mediciny.sk\/wp-content\/uploads\/2025\/10\/kongresprogram2025-58-400x225.jpg 400w, https:\/\/www.kongres-estetickej-mediciny.sk\/wp-content\/uploads\/2025\/10\/kongresprogram2025-58-600x338.jpg 600w, https:\/\/www.kongres-estetickej-mediciny.sk\/wp-content\/uploads\/2025\/10\/kongresprogram2025-58-800x450.jpg 800w, https:\/\/www.kongres-estetickej-mediciny.sk\/wp-content\/uploads\/2025\/10\/kongresprogram2025-58-1200x675.jpg 1200w, https:\/\/www.kongres-estetickej-mediciny.sk\/wp-content\/uploads\/2025\/10\/kongresprogram2025-58-scaled.jpg 2560w\" data-sizes=\"auto\" data-orig-sizes=\"(min-width: 2200px) 100vw, (min-width: 824px) 387px, (min-width: 732px) 580px, (min-width: 640px) 732px, \" \/><\/a><\/div><\/div><div style=\"padding:5px;\" class=\"fusion-grid-column fusion-gallery-column fusion-gallery-column-3 hover-type-none\"><div class=\"fusion-gallery-image\"><a href=\"https:\/\/www.kongres-estetickej-mediciny.sk\/wp-content\/uploads\/2025\/10\/kongresprogram2025-57-scaled.jpg\" rel=\"noreferrer\" data-rel=\"iLightbox[gallery_image_1]\" class=\"fusion-lightbox\" target=\"_self\"><img decoding=\"async\" src=\"https:\/\/www.kongres-estetickej-mediciny.sk\/wp-content\/uploads\/2025\/10\/kongresprogram2025-57-scaled.jpg\" data-orig-src=\"https:\/\/www.kongres-estetickej-mediciny.sk\/wp-content\/uploads\/2025\/10\/kongresprogram2025-57-scaled.jpg\" width=\"2560\" height=\"1440\" alt=\"\" title=\"kongresprogram2025-57\" aria-label=\"kongresprogram2025-57\" class=\"lazyload img-responsive wp-image-6080\" srcset=\"data:image\/svg+xml,%3Csvg%20xmlns%3D%27http%3A%2F%2Fwww.w3.org%2F2000%2Fsvg%27%20width%3D%272560%27%20height%3D%271440%27%20viewBox%3D%270%200%202560%201440%27%3E%3Crect%20width%3D%272560%27%20height%3D%271440%27%20fill-opacity%3D%220%22%2F%3E%3C%2Fsvg%3E\" data-srcset=\"https:\/\/www.kongres-estetickej-mediciny.sk\/wp-content\/uploads\/2025\/10\/kongresprogram2025-57-200x113.jpg 200w, https:\/\/www.kongres-estetickej-mediciny.sk\/wp-content\/uploads\/2025\/10\/kongresprogram2025-57-400x225.jpg 400w, https:\/\/www.kongres-estetickej-mediciny.sk\/wp-content\/uploads\/2025\/10\/kongresprogram2025-57-600x338.jpg 600w, https:\/\/www.kongres-estetickej-mediciny.sk\/wp-content\/uploads\/2025\/10\/kongresprogram2025-57-800x450.jpg 800w, https:\/\/www.kongres-estetickej-mediciny.sk\/wp-content\/uploads\/2025\/10\/kongresprogram2025-57-1200x675.jpg 1200w, https:\/\/www.kongres-estetickej-mediciny.sk\/wp-content\/uploads\/2025\/10\/kongresprogram2025-57-scaled.jpg 2560w\" data-sizes=\"auto\" data-orig-sizes=\"(min-width: 2200px) 100vw, (min-width: 824px) 387px, (min-width: 732px) 580px, (min-width: 640px) 732px, \" \/><\/a><\/div><\/div><div class=\"clearfix\"><\/div><div style=\"padding:5px;\" class=\"fusion-grid-column fusion-gallery-column fusion-gallery-column-3 hover-type-none\"><div class=\"fusion-gallery-image\"><a href=\"https:\/\/www.kongres-estetickej-mediciny.sk\/wp-content\/uploads\/2025\/10\/kongresprogram2025-56-scaled.jpg\" rel=\"noreferrer\" data-rel=\"iLightbox[gallery_image_1]\" class=\"fusion-lightbox\" target=\"_self\"><img decoding=\"async\" src=\"https:\/\/www.kongres-estetickej-mediciny.sk\/wp-content\/uploads\/2025\/10\/kongresprogram2025-56-scaled.jpg\" data-orig-src=\"https:\/\/www.kongres-estetickej-mediciny.sk\/wp-content\/uploads\/2025\/10\/kongresprogram2025-56-scaled.jpg\" width=\"2560\" height=\"1440\" alt=\"\" title=\"kongresprogram2025-56\" aria-label=\"kongresprogram2025-56\" class=\"lazyload img-responsive wp-image-6079\" srcset=\"data:image\/svg+xml,%3Csvg%20xmlns%3D%27http%3A%2F%2Fwww.w3.org%2F2000%2Fsvg%27%20width%3D%272560%27%20height%3D%271440%27%20viewBox%3D%270%200%202560%201440%27%3E%3Crect%20width%3D%272560%27%20height%3D%271440%27%20fill-opacity%3D%220%22%2F%3E%3C%2Fsvg%3E\" data-srcset=\"https:\/\/www.kongres-estetickej-mediciny.sk\/wp-content\/uploads\/2025\/10\/kongresprogram2025-56-200x113.jpg 200w, https:\/\/www.kongres-estetickej-mediciny.sk\/wp-content\/uploads\/2025\/10\/kongresprogram2025-56-400x225.jpg 400w, https:\/\/www.kongres-estetickej-mediciny.sk\/wp-content\/uploads\/2025\/10\/kongresprogram2025-56-600x338.jpg 600w, https:\/\/www.kongres-estetickej-mediciny.sk\/wp-content\/uploads\/2025\/10\/kongresprogram2025-56-800x450.jpg 800w, https:\/\/www.kongres-estetickej-mediciny.sk\/wp-content\/uploads\/2025\/10\/kongresprogram2025-56-1200x675.jpg 1200w, https:\/\/www.kongres-estetickej-mediciny.sk\/wp-content\/uploads\/2025\/10\/kongresprogram2025-56-scaled.jpg 2560w\" data-sizes=\"auto\" data-orig-sizes=\"(min-width: 2200px) 100vw, (min-width: 824px) 387px, (min-width: 732px) 580px, (min-width: 640px) 732px, \" \/><\/a><\/div><\/div><div style=\"padding:5px;\" class=\"fusion-grid-column fusion-gallery-column fusion-gallery-column-3 hover-type-none\"><div class=\"fusion-gallery-image\"><a href=\"https:\/\/www.kongres-estetickej-mediciny.sk\/wp-content\/uploads\/2025\/10\/kongresprogram2025-55-scaled.jpg\" rel=\"noreferrer\" data-rel=\"iLightbox[gallery_image_1]\" class=\"fusion-lightbox\" target=\"_self\"><img decoding=\"async\" src=\"https:\/\/www.kongres-estetickej-mediciny.sk\/wp-content\/uploads\/2025\/10\/kongresprogram2025-55-scaled.jpg\" data-orig-src=\"https:\/\/www.kongres-estetickej-mediciny.sk\/wp-content\/uploads\/2025\/10\/kongresprogram2025-55-scaled.jpg\" width=\"2560\" height=\"1440\" alt=\"\" title=\"kongresprogram2025-55\" aria-label=\"kongresprogram2025-55\" class=\"lazyload img-responsive wp-image-6078\" srcset=\"data:image\/svg+xml,%3Csvg%20xmlns%3D%27http%3A%2F%2Fwww.w3.org%2F2000%2Fsvg%27%20width%3D%272560%27%20height%3D%271440%27%20viewBox%3D%270%200%202560%201440%27%3E%3Crect%20width%3D%272560%27%20height%3D%271440%27%20fill-opacity%3D%220%22%2F%3E%3C%2Fsvg%3E\" data-srcset=\"https:\/\/www.kongres-estetickej-mediciny.sk\/wp-content\/uploads\/2025\/10\/kongresprogram2025-55-200x113.jpg 200w, https:\/\/www.kongres-estetickej-mediciny.sk\/wp-content\/uploads\/2025\/10\/kongresprogram2025-55-400x225.jpg 400w, https:\/\/www.kongres-estetickej-mediciny.sk\/wp-content\/uploads\/2025\/10\/kongresprogram2025-55-600x338.jpg 600w, https:\/\/www.kongres-estetickej-mediciny.sk\/wp-content\/uploads\/2025\/10\/kongresprogram2025-55-800x450.jpg 800w, https:\/\/www.kongres-estetickej-mediciny.sk\/wp-content\/uploads\/2025\/10\/kongresprogram2025-55-1200x675.jpg 1200w, https:\/\/www.kongres-estetickej-mediciny.sk\/wp-content\/uploads\/2025\/10\/kongresprogram2025-55-scaled.jpg 2560w\" data-sizes=\"auto\" data-orig-sizes=\"(min-width: 2200px) 100vw, (min-width: 824px) 387px, (min-width: 732px) 580px, (min-width: 640px) 732px, \" \/><\/a><\/div><\/div><div style=\"padding:5px;\" class=\"fusion-grid-column fusion-gallery-column fusion-gallery-column-3 hover-type-none\"><div class=\"fusion-gallery-image\"><a href=\"https:\/\/www.kongres-estetickej-mediciny.sk\/wp-content\/uploads\/2025\/10\/kongresprogram2025-54-scaled.jpg\" rel=\"noreferrer\" data-rel=\"iLightbox[gallery_image_1]\" class=\"fusion-lightbox\" target=\"_self\"><img decoding=\"async\" src=\"https:\/\/www.kongres-estetickej-mediciny.sk\/wp-content\/uploads\/2025\/10\/kongresprogram2025-54-scaled.jpg\" data-orig-src=\"https:\/\/www.kongres-estetickej-mediciny.sk\/wp-content\/uploads\/2025\/10\/kongresprogram2025-54-scaled.jpg\" width=\"2560\" height=\"1354\" alt=\"\" title=\"kongresprogram2025-54\" aria-label=\"kongresprogram2025-54\" class=\"lazyload img-responsive wp-image-6077\" srcset=\"data:image\/svg+xml,%3Csvg%20xmlns%3D%27http%3A%2F%2Fwww.w3.org%2F2000%2Fsvg%27%20width%3D%272560%27%20height%3D%271354%27%20viewBox%3D%270%200%202560%201354%27%3E%3Crect%20width%3D%272560%27%20height%3D%271354%27%20fill-opacity%3D%220%22%2F%3E%3C%2Fsvg%3E\" data-srcset=\"https:\/\/www.kongres-estetickej-mediciny.sk\/wp-content\/uploads\/2025\/10\/kongresprogram2025-54-200x106.jpg 200w, https:\/\/www.kongres-estetickej-mediciny.sk\/wp-content\/uploads\/2025\/10\/kongresprogram2025-54-400x212.jpg 400w, https:\/\/www.kongres-estetickej-mediciny.sk\/wp-content\/uploads\/2025\/10\/kongresprogram2025-54-600x317.jpg 600w, https:\/\/www.kongres-estetickej-mediciny.sk\/wp-content\/uploads\/2025\/10\/kongresprogram2025-54-800x423.jpg 800w, https:\/\/www.kongres-estetickej-mediciny.sk\/wp-content\/uploads\/2025\/10\/kongresprogram2025-54-1200x635.jpg 1200w, https:\/\/www.kongres-estetickej-mediciny.sk\/wp-content\/uploads\/2025\/10\/kongresprogram2025-54-scaled.jpg 2560w\" data-sizes=\"auto\" data-orig-sizes=\"(min-width: 2200px) 100vw, (min-width: 824px) 387px, (min-width: 732px) 580px, (min-width: 640px) 732px, \" \/><\/a><\/div><\/div><div class=\"clearfix\"><\/div><div style=\"padding:5px;\" class=\"fusion-grid-column fusion-gallery-column fusion-gallery-column-3 hover-type-none\"><div class=\"fusion-gallery-image\"><a href=\"https:\/\/www.kongres-estetickej-mediciny.sk\/wp-content\/uploads\/2025\/10\/kongresprogram2025-53-scaled.jpg\" rel=\"noreferrer\" data-rel=\"iLightbox[gallery_image_1]\" class=\"fusion-lightbox\" target=\"_self\"><img decoding=\"async\" src=\"https:\/\/www.kongres-estetickej-mediciny.sk\/wp-content\/uploads\/2025\/10\/kongresprogram2025-53-scaled.jpg\" data-orig-src=\"https:\/\/www.kongres-estetickej-mediciny.sk\/wp-content\/uploads\/2025\/10\/kongresprogram2025-53-scaled.jpg\" width=\"1440\" height=\"2560\" alt=\"\" title=\"kongresprogram2025-53\" aria-label=\"kongresprogram2025-53\" class=\"lazyload img-responsive wp-image-6076\" srcset=\"data:image\/svg+xml,%3Csvg%20xmlns%3D%27http%3A%2F%2Fwww.w3.org%2F2000%2Fsvg%27%20width%3D%271440%27%20height%3D%272560%27%20viewBox%3D%270%200%201440%202560%27%3E%3Crect%20width%3D%271440%27%20height%3D%272560%27%20fill-opacity%3D%220%22%2F%3E%3C%2Fsvg%3E\" data-srcset=\"https:\/\/www.kongres-estetickej-mediciny.sk\/wp-content\/uploads\/2025\/10\/kongresprogram2025-53-200x355.jpg 200w, https:\/\/www.kongres-estetickej-mediciny.sk\/wp-content\/uploads\/2025\/10\/kongresprogram2025-53-400x711.jpg 400w, https:\/\/www.kongres-estetickej-mediciny.sk\/wp-content\/uploads\/2025\/10\/kongresprogram2025-53-600x1066.jpg 600w, https:\/\/www.kongres-estetickej-mediciny.sk\/wp-content\/uploads\/2025\/10\/kongresprogram2025-53-800x1422.jpg 800w, https:\/\/www.kongres-estetickej-mediciny.sk\/wp-content\/uploads\/2025\/10\/kongresprogram2025-53-1200x2133.jpg 1200w, https:\/\/www.kongres-estetickej-mediciny.sk\/wp-content\/uploads\/2025\/10\/kongresprogram2025-53-scaled.jpg 1440w\" data-sizes=\"auto\" data-orig-sizes=\"(min-width: 2200px) 100vw, (min-width: 824px) 387px, (min-width: 732px) 580px, (min-width: 640px) 732px, \" \/><\/a><\/div><\/div><div style=\"padding:5px;\" class=\"fusion-grid-column fusion-gallery-column fusion-gallery-column-3 hover-type-none\"><div class=\"fusion-gallery-image\"><a href=\"https:\/\/www.kongres-estetickej-mediciny.sk\/wp-content\/uploads\/2025\/10\/kongresprogram2025-52-scaled.jpg\" rel=\"noreferrer\" data-rel=\"iLightbox[gallery_image_1]\" class=\"fusion-lightbox\" target=\"_self\"><img decoding=\"async\" src=\"https:\/\/www.kongres-estetickej-mediciny.sk\/wp-content\/uploads\/2025\/10\/kongresprogram2025-52-scaled.jpg\" data-orig-src=\"https:\/\/www.kongres-estetickej-mediciny.sk\/wp-content\/uploads\/2025\/10\/kongresprogram2025-52-scaled.jpg\" width=\"1765\" height=\"2560\" alt=\"\" title=\"kongresprogram2025-52\" aria-label=\"kongresprogram2025-52\" class=\"lazyload img-responsive wp-image-6075\" srcset=\"data:image\/svg+xml,%3Csvg%20xmlns%3D%27http%3A%2F%2Fwww.w3.org%2F2000%2Fsvg%27%20width%3D%271765%27%20height%3D%272560%27%20viewBox%3D%270%200%201765%202560%27%3E%3Crect%20width%3D%271765%27%20height%3D%272560%27%20fill-opacity%3D%220%22%2F%3E%3C%2Fsvg%3E\" data-srcset=\"https:\/\/www.kongres-estetickej-mediciny.sk\/wp-content\/uploads\/2025\/10\/kongresprogram2025-52-200x290.jpg 200w, https:\/\/www.kongres-estetickej-mediciny.sk\/wp-content\/uploads\/2025\/10\/kongresprogram2025-52-400x580.jpg 400w, https:\/\/www.kongres-estetickej-mediciny.sk\/wp-content\/uploads\/2025\/10\/kongresprogram2025-52-600x870.jpg 600w, https:\/\/www.kongres-estetickej-mediciny.sk\/wp-content\/uploads\/2025\/10\/kongresprogram2025-52-800x1160.jpg 800w, https:\/\/www.kongres-estetickej-mediciny.sk\/wp-content\/uploads\/2025\/10\/kongresprogram2025-52-1200x1740.jpg 1200w, https:\/\/www.kongres-estetickej-mediciny.sk\/wp-content\/uploads\/2025\/10\/kongresprogram2025-52-scaled.jpg 1765w\" data-sizes=\"auto\" data-orig-sizes=\"(min-width: 2200px) 100vw, (min-width: 824px) 387px, (min-width: 732px) 580px, (min-width: 640px) 732px, \" \/><\/a><\/div><\/div><div style=\"padding:5px;\" class=\"fusion-grid-column fusion-gallery-column fusion-gallery-column-3 hover-type-none\"><div class=\"fusion-gallery-image\"><a href=\"https:\/\/www.kongres-estetickej-mediciny.sk\/wp-content\/uploads\/2025\/10\/kongresprogram2025-51-scaled.jpg\" rel=\"noreferrer\" data-rel=\"iLightbox[gallery_image_1]\" class=\"fusion-lightbox\" target=\"_self\"><img decoding=\"async\" src=\"https:\/\/www.kongres-estetickej-mediciny.sk\/wp-content\/uploads\/2025\/10\/kongresprogram2025-51-scaled.jpg\" data-orig-src=\"https:\/\/www.kongres-estetickej-mediciny.sk\/wp-content\/uploads\/2025\/10\/kongresprogram2025-51-scaled.jpg\" width=\"1644\" height=\"2560\" alt=\"\" title=\"kongresprogram2025-51\" aria-label=\"kongresprogram2025-51\" class=\"lazyload img-responsive wp-image-6074\" srcset=\"data:image\/svg+xml,%3Csvg%20xmlns%3D%27http%3A%2F%2Fwww.w3.org%2F2000%2Fsvg%27%20width%3D%271644%27%20height%3D%272560%27%20viewBox%3D%270%200%201644%202560%27%3E%3Crect%20width%3D%271644%27%20height%3D%272560%27%20fill-opacity%3D%220%22%2F%3E%3C%2Fsvg%3E\" data-srcset=\"https:\/\/www.kongres-estetickej-mediciny.sk\/wp-content\/uploads\/2025\/10\/kongresprogram2025-51-200x311.jpg 200w, https:\/\/www.kongres-estetickej-mediciny.sk\/wp-content\/uploads\/2025\/10\/kongresprogram2025-51-400x623.jpg 400w, https:\/\/www.kongres-estetickej-mediciny.sk\/wp-content\/uploads\/2025\/10\/kongresprogram2025-51-600x934.jpg 600w, https:\/\/www.kongres-estetickej-mediciny.sk\/wp-content\/uploads\/2025\/10\/kongresprogram2025-51-800x1246.jpg 800w, https:\/\/www.kongres-estetickej-mediciny.sk\/wp-content\/uploads\/2025\/10\/kongresprogram2025-51-1200x1868.jpg 1200w, https:\/\/www.kongres-estetickej-mediciny.sk\/wp-content\/uploads\/2025\/10\/kongresprogram2025-51-scaled.jpg 1644w\" data-sizes=\"auto\" data-orig-sizes=\"(min-width: 2200px) 100vw, (min-width: 824px) 387px, (min-width: 732px) 580px, (min-width: 640px) 732px, \" \/><\/a><\/div><\/div><div class=\"clearfix\"><\/div><div style=\"padding:5px;\" class=\"fusion-grid-column fusion-gallery-column fusion-gallery-column-3 hover-type-none\"><div class=\"fusion-gallery-image\"><a href=\"https:\/\/www.kongres-estetickej-mediciny.sk\/wp-content\/uploads\/2025\/10\/kongresprogram2025-50-scaled.jpg\" rel=\"noreferrer\" data-rel=\"iLightbox[gallery_image_1]\" class=\"fusion-lightbox\" target=\"_self\"><img decoding=\"async\" src=\"https:\/\/www.kongres-estetickej-mediciny.sk\/wp-content\/uploads\/2025\/10\/kongresprogram2025-50-scaled.jpg\" data-orig-src=\"https:\/\/www.kongres-estetickej-mediciny.sk\/wp-content\/uploads\/2025\/10\/kongresprogram2025-50-scaled.jpg\" width=\"2560\" height=\"1440\" alt=\"\" title=\"kongresprogram2025-50\" aria-label=\"kongresprogram2025-50\" class=\"lazyload img-responsive wp-image-6073\" srcset=\"data:image\/svg+xml,%3Csvg%20xmlns%3D%27http%3A%2F%2Fwww.w3.org%2F2000%2Fsvg%27%20width%3D%272560%27%20height%3D%271440%27%20viewBox%3D%270%200%202560%201440%27%3E%3Crect%20width%3D%272560%27%20height%3D%271440%27%20fill-opacity%3D%220%22%2F%3E%3C%2Fsvg%3E\" data-srcset=\"https:\/\/www.kongres-estetickej-mediciny.sk\/wp-content\/uploads\/2025\/10\/kongresprogram2025-50-200x113.jpg 200w, https:\/\/www.kongres-estetickej-mediciny.sk\/wp-content\/uploads\/2025\/10\/kongresprogram2025-50-400x225.jpg 400w, https:\/\/www.kongres-estetickej-mediciny.sk\/wp-content\/uploads\/2025\/10\/kongresprogram2025-50-600x338.jpg 600w, https:\/\/www.kongres-estetickej-mediciny.sk\/wp-content\/uploads\/2025\/10\/kongresprogram2025-50-800x450.jpg 800w, https:\/\/www.kongres-estetickej-mediciny.sk\/wp-content\/uploads\/2025\/10\/kongresprogram2025-50-1200x675.jpg 1200w, https:\/\/www.kongres-estetickej-mediciny.sk\/wp-content\/uploads\/2025\/10\/kongresprogram2025-50-scaled.jpg 2560w\" data-sizes=\"auto\" data-orig-sizes=\"(min-width: 2200px) 100vw, (min-width: 824px) 387px, (min-width: 732px) 580px, (min-width: 640px) 732px, \" \/><\/a><\/div><\/div><div style=\"padding:5px;\" class=\"fusion-grid-column fusion-gallery-column fusion-gallery-column-3 hover-type-none\"><div class=\"fusion-gallery-image\"><a href=\"https:\/\/www.kongres-estetickej-mediciny.sk\/wp-content\/uploads\/2025\/10\/kongresprogram2025-49-scaled.jpg\" rel=\"noreferrer\" data-rel=\"iLightbox[gallery_image_1]\" class=\"fusion-lightbox\" target=\"_self\"><img decoding=\"async\" src=\"https:\/\/www.kongres-estetickej-mediciny.sk\/wp-content\/uploads\/2025\/10\/kongresprogram2025-49-scaled.jpg\" data-orig-src=\"https:\/\/www.kongres-estetickej-mediciny.sk\/wp-content\/uploads\/2025\/10\/kongresprogram2025-49-scaled.jpg\" width=\"2560\" height=\"1301\" alt=\"\" title=\"kongresprogram2025-49\" aria-label=\"kongresprogram2025-49\" class=\"lazyload img-responsive wp-image-6072\" srcset=\"data:image\/svg+xml,%3Csvg%20xmlns%3D%27http%3A%2F%2Fwww.w3.org%2F2000%2Fsvg%27%20width%3D%272560%27%20height%3D%271301%27%20viewBox%3D%270%200%202560%201301%27%3E%3Crect%20width%3D%272560%27%20height%3D%271301%27%20fill-opacity%3D%220%22%2F%3E%3C%2Fsvg%3E\" data-srcset=\"https:\/\/www.kongres-estetickej-mediciny.sk\/wp-content\/uploads\/2025\/10\/kongresprogram2025-49-200x102.jpg 200w, https:\/\/www.kongres-estetickej-mediciny.sk\/wp-content\/uploads\/2025\/10\/kongresprogram2025-49-400x203.jpg 400w, https:\/\/www.kongres-estetickej-mediciny.sk\/wp-content\/uploads\/2025\/10\/kongresprogram2025-49-600x305.jpg 600w, https:\/\/www.kongres-estetickej-mediciny.sk\/wp-content\/uploads\/2025\/10\/kongresprogram2025-49-800x407.jpg 800w, https:\/\/www.kongres-estetickej-mediciny.sk\/wp-content\/uploads\/2025\/10\/kongresprogram2025-49-1200x610.jpg 1200w, https:\/\/www.kongres-estetickej-mediciny.sk\/wp-content\/uploads\/2025\/10\/kongresprogram2025-49-scaled.jpg 2560w\" data-sizes=\"auto\" data-orig-sizes=\"(min-width: 2200px) 100vw, (min-width: 824px) 387px, (min-width: 732px) 580px, (min-width: 640px) 732px, \" \/><\/a><\/div><\/div><div style=\"padding:5px;\" class=\"fusion-grid-column fusion-gallery-column fusion-gallery-column-3 hover-type-none\"><div class=\"fusion-gallery-image\"><a href=\"https:\/\/www.kongres-estetickej-mediciny.sk\/wp-content\/uploads\/2025\/10\/kongresprogram2025-48-scaled.jpg\" rel=\"noreferrer\" data-rel=\"iLightbox[gallery_image_1]\" class=\"fusion-lightbox\" target=\"_self\"><img decoding=\"async\" src=\"https:\/\/www.kongres-estetickej-mediciny.sk\/wp-content\/uploads\/2025\/10\/kongresprogram2025-48-scaled.jpg\" data-orig-src=\"https:\/\/www.kongres-estetickej-mediciny.sk\/wp-content\/uploads\/2025\/10\/kongresprogram2025-48-scaled.jpg\" width=\"2560\" height=\"1394\" alt=\"\" title=\"kongresprogram2025-48\" aria-label=\"kongresprogram2025-48\" class=\"lazyload img-responsive wp-image-6071\" srcset=\"data:image\/svg+xml,%3Csvg%20xmlns%3D%27http%3A%2F%2Fwww.w3.org%2F2000%2Fsvg%27%20width%3D%272560%27%20height%3D%271394%27%20viewBox%3D%270%200%202560%201394%27%3E%3Crect%20width%3D%272560%27%20height%3D%271394%27%20fill-opacity%3D%220%22%2F%3E%3C%2Fsvg%3E\" data-srcset=\"https:\/\/www.kongres-estetickej-mediciny.sk\/wp-content\/uploads\/2025\/10\/kongresprogram2025-48-200x109.jpg 200w, https:\/\/www.kongres-estetickej-mediciny.sk\/wp-content\/uploads\/2025\/10\/kongresprogram2025-48-400x218.jpg 400w, https:\/\/www.kongres-estetickej-mediciny.sk\/wp-content\/uploads\/2025\/10\/kongresprogram2025-48-600x327.jpg 600w, https:\/\/www.kongres-estetickej-mediciny.sk\/wp-content\/uploads\/2025\/10\/kongresprogram2025-48-800x436.jpg 800w, https:\/\/www.kongres-estetickej-mediciny.sk\/wp-content\/uploads\/2025\/10\/kongresprogram2025-48-1200x654.jpg 1200w, https:\/\/www.kongres-estetickej-mediciny.sk\/wp-content\/uploads\/2025\/10\/kongresprogram2025-48-scaled.jpg 2560w\" data-sizes=\"auto\" data-orig-sizes=\"(min-width: 2200px) 100vw, (min-width: 824px) 387px, (min-width: 732px) 580px, (min-width: 640px) 732px, \" \/><\/a><\/div><\/div><div class=\"clearfix\"><\/div><div style=\"padding:5px;\" class=\"fusion-grid-column fusion-gallery-column fusion-gallery-column-3 hover-type-none\"><div class=\"fusion-gallery-image\"><a href=\"https:\/\/www.kongres-estetickej-mediciny.sk\/wp-content\/uploads\/2025\/10\/kongresprogram2025-47-scaled.jpg\" rel=\"noreferrer\" data-rel=\"iLightbox[gallery_image_1]\" class=\"fusion-lightbox\" target=\"_self\"><img decoding=\"async\" src=\"https:\/\/www.kongres-estetickej-mediciny.sk\/wp-content\/uploads\/2025\/10\/kongresprogram2025-47-scaled.jpg\" data-orig-src=\"https:\/\/www.kongres-estetickej-mediciny.sk\/wp-content\/uploads\/2025\/10\/kongresprogram2025-47-scaled.jpg\" width=\"2560\" height=\"1440\" alt=\"\" title=\"kongresprogram2025-47\" aria-label=\"kongresprogram2025-47\" class=\"lazyload img-responsive wp-image-6070\" srcset=\"data:image\/svg+xml,%3Csvg%20xmlns%3D%27http%3A%2F%2Fwww.w3.org%2F2000%2Fsvg%27%20width%3D%272560%27%20height%3D%271440%27%20viewBox%3D%270%200%202560%201440%27%3E%3Crect%20width%3D%272560%27%20height%3D%271440%27%20fill-opacity%3D%220%22%2F%3E%3C%2Fsvg%3E\" data-srcset=\"https:\/\/www.kongres-estetickej-mediciny.sk\/wp-content\/uploads\/2025\/10\/kongresprogram2025-47-200x113.jpg 200w, https:\/\/www.kongres-estetickej-mediciny.sk\/wp-content\/uploads\/2025\/10\/kongresprogram2025-47-400x225.jpg 400w, https:\/\/www.kongres-estetickej-mediciny.sk\/wp-content\/uploads\/2025\/10\/kongresprogram2025-47-600x338.jpg 600w, https:\/\/www.kongres-estetickej-mediciny.sk\/wp-content\/uploads\/2025\/10\/kongresprogram2025-47-800x450.jpg 800w, https:\/\/www.kongres-estetickej-mediciny.sk\/wp-content\/uploads\/2025\/10\/kongresprogram2025-47-1200x675.jpg 1200w, https:\/\/www.kongres-estetickej-mediciny.sk\/wp-content\/uploads\/2025\/10\/kongresprogram2025-47-scaled.jpg 2560w\" data-sizes=\"auto\" data-orig-sizes=\"(min-width: 2200px) 100vw, (min-width: 824px) 387px, (min-width: 732px) 580px, (min-width: 640px) 732px, \" \/><\/a><\/div><\/div><div style=\"padding:5px;\" class=\"fusion-grid-column fusion-gallery-column fusion-gallery-column-3 hover-type-none\"><div class=\"fusion-gallery-image\"><a href=\"https:\/\/www.kongres-estetickej-mediciny.sk\/wp-content\/uploads\/2025\/10\/kongresprogram2025-46-scaled.jpg\" rel=\"noreferrer\" data-rel=\"iLightbox[gallery_image_1]\" class=\"fusion-lightbox\" target=\"_self\"><img decoding=\"async\" src=\"https:\/\/www.kongres-estetickej-mediciny.sk\/wp-content\/uploads\/2025\/10\/kongresprogram2025-46-scaled.jpg\" data-orig-src=\"https:\/\/www.kongres-estetickej-mediciny.sk\/wp-content\/uploads\/2025\/10\/kongresprogram2025-46-scaled.jpg\" width=\"2560\" height=\"1440\" alt=\"\" title=\"kongresprogram2025-46\" aria-label=\"kongresprogram2025-46\" class=\"lazyload img-responsive wp-image-6069\" srcset=\"data:image\/svg+xml,%3Csvg%20xmlns%3D%27http%3A%2F%2Fwww.w3.org%2F2000%2Fsvg%27%20width%3D%272560%27%20height%3D%271440%27%20viewBox%3D%270%200%202560%201440%27%3E%3Crect%20width%3D%272560%27%20height%3D%271440%27%20fill-opacity%3D%220%22%2F%3E%3C%2Fsvg%3E\" data-srcset=\"https:\/\/www.kongres-estetickej-mediciny.sk\/wp-content\/uploads\/2025\/10\/kongresprogram2025-46-200x113.jpg 200w, https:\/\/www.kongres-estetickej-mediciny.sk\/wp-content\/uploads\/2025\/10\/kongresprogram2025-46-400x225.jpg 400w, https:\/\/www.kongres-estetickej-mediciny.sk\/wp-content\/uploads\/2025\/10\/kongresprogram2025-46-600x338.jpg 600w, https:\/\/www.kongres-estetickej-mediciny.sk\/wp-content\/uploads\/2025\/10\/kongresprogram2025-46-800x450.jpg 800w, https:\/\/www.kongres-estetickej-mediciny.sk\/wp-content\/uploads\/2025\/10\/kongresprogram2025-46-1200x675.jpg 1200w, https:\/\/www.kongres-estetickej-mediciny.sk\/wp-content\/uploads\/2025\/10\/kongresprogram2025-46-scaled.jpg 2560w\" data-sizes=\"auto\" data-orig-sizes=\"(min-width: 2200px) 100vw, (min-width: 824px) 387px, (min-width: 732px) 580px, (min-width: 640px) 732px, \" \/><\/a><\/div><\/div><div style=\"padding:5px;\" class=\"fusion-grid-column fusion-gallery-column fusion-gallery-column-3 hover-type-none\"><div class=\"fusion-gallery-image\"><a href=\"https:\/\/www.kongres-estetickej-mediciny.sk\/wp-content\/uploads\/2025\/10\/kongresprogram2025-45-scaled.jpg\" rel=\"noreferrer\" data-rel=\"iLightbox[gallery_image_1]\" class=\"fusion-lightbox\" target=\"_self\"><img decoding=\"async\" src=\"https:\/\/www.kongres-estetickej-mediciny.sk\/wp-content\/uploads\/2025\/10\/kongresprogram2025-45-scaled.jpg\" data-orig-src=\"https:\/\/www.kongres-estetickej-mediciny.sk\/wp-content\/uploads\/2025\/10\/kongresprogram2025-45-scaled.jpg\" width=\"2560\" height=\"1440\" alt=\"\" title=\"kongresprogram2025-45\" aria-label=\"kongresprogram2025-45\" class=\"lazyload img-responsive wp-image-6068\" srcset=\"data:image\/svg+xml,%3Csvg%20xmlns%3D%27http%3A%2F%2Fwww.w3.org%2F2000%2Fsvg%27%20width%3D%272560%27%20height%3D%271440%27%20viewBox%3D%270%200%202560%201440%27%3E%3Crect%20width%3D%272560%27%20height%3D%271440%27%20fill-opacity%3D%220%22%2F%3E%3C%2Fsvg%3E\" data-srcset=\"https:\/\/www.kongres-estetickej-mediciny.sk\/wp-content\/uploads\/2025\/10\/kongresprogram2025-45-200x113.jpg 200w, https:\/\/www.kongres-estetickej-mediciny.sk\/wp-content\/uploads\/2025\/10\/kongresprogram2025-45-400x225.jpg 400w, https:\/\/www.kongres-estetickej-mediciny.sk\/wp-content\/uploads\/2025\/10\/kongresprogram2025-45-600x338.jpg 600w, https:\/\/www.kongres-estetickej-mediciny.sk\/wp-content\/uploads\/2025\/10\/kongresprogram2025-45-800x450.jpg 800w, https:\/\/www.kongres-estetickej-mediciny.sk\/wp-content\/uploads\/2025\/10\/kongresprogram2025-45-1200x675.jpg 1200w, https:\/\/www.kongres-estetickej-mediciny.sk\/wp-content\/uploads\/2025\/10\/kongresprogram2025-45-scaled.jpg 2560w\" data-sizes=\"auto\" data-orig-sizes=\"(min-width: 2200px) 100vw, (min-width: 824px) 387px, (min-width: 732px) 580px, (min-width: 640px) 732px, \" \/><\/a><\/div><\/div><div class=\"clearfix\"><\/div><div style=\"padding:5px;\" class=\"fusion-grid-column fusion-gallery-column fusion-gallery-column-3 hover-type-none\"><div class=\"fusion-gallery-image\"><a href=\"https:\/\/www.kongres-estetickej-mediciny.sk\/wp-content\/uploads\/2025\/10\/kongresprogram2025-44-scaled.jpg\" rel=\"noreferrer\" data-rel=\"iLightbox[gallery_image_1]\" class=\"fusion-lightbox\" target=\"_self\"><img decoding=\"async\" src=\"https:\/\/www.kongres-estetickej-mediciny.sk\/wp-content\/uploads\/2025\/10\/kongresprogram2025-44-scaled.jpg\" data-orig-src=\"https:\/\/www.kongres-estetickej-mediciny.sk\/wp-content\/uploads\/2025\/10\/kongresprogram2025-44-scaled.jpg\" width=\"2560\" height=\"1440\" alt=\"\" title=\"kongresprogram2025-44\" aria-label=\"kongresprogram2025-44\" class=\"lazyload img-responsive wp-image-6067\" srcset=\"data:image\/svg+xml,%3Csvg%20xmlns%3D%27http%3A%2F%2Fwww.w3.org%2F2000%2Fsvg%27%20width%3D%272560%27%20height%3D%271440%27%20viewBox%3D%270%200%202560%201440%27%3E%3Crect%20width%3D%272560%27%20height%3D%271440%27%20fill-opacity%3D%220%22%2F%3E%3C%2Fsvg%3E\" data-srcset=\"https:\/\/www.kongres-estetickej-mediciny.sk\/wp-content\/uploads\/2025\/10\/kongresprogram2025-44-200x113.jpg 200w, https:\/\/www.kongres-estetickej-mediciny.sk\/wp-content\/uploads\/2025\/10\/kongresprogram2025-44-400x225.jpg 400w, https:\/\/www.kongres-estetickej-mediciny.sk\/wp-content\/uploads\/2025\/10\/kongresprogram2025-44-600x338.jpg 600w, https:\/\/www.kongres-estetickej-mediciny.sk\/wp-content\/uploads\/2025\/10\/kongresprogram2025-44-800x450.jpg 800w, https:\/\/www.kongres-estetickej-mediciny.sk\/wp-content\/uploads\/2025\/10\/kongresprogram2025-44-1200x675.jpg 1200w, https:\/\/www.kongres-estetickej-mediciny.sk\/wp-content\/uploads\/2025\/10\/kongresprogram2025-44-scaled.jpg 2560w\" data-sizes=\"auto\" data-orig-sizes=\"(min-width: 2200px) 100vw, (min-width: 824px) 387px, (min-width: 732px) 580px, (min-width: 640px) 732px, \" \/><\/a><\/div><\/div><div style=\"padding:5px;\" class=\"fusion-grid-column fusion-gallery-column fusion-gallery-column-3 hover-type-none\"><div class=\"fusion-gallery-image\"><a href=\"https:\/\/www.kongres-estetickej-mediciny.sk\/wp-content\/uploads\/2025\/10\/kongresprogram2025-43-scaled.jpg\" rel=\"noreferrer\" data-rel=\"iLightbox[gallery_image_1]\" class=\"fusion-lightbox\" target=\"_self\"><img decoding=\"async\" src=\"https:\/\/www.kongres-estetickej-mediciny.sk\/wp-content\/uploads\/2025\/10\/kongresprogram2025-43-scaled.jpg\" data-orig-src=\"https:\/\/www.kongres-estetickej-mediciny.sk\/wp-content\/uploads\/2025\/10\/kongresprogram2025-43-scaled.jpg\" width=\"2560\" height=\"1440\" alt=\"\" title=\"kongresprogram2025-43\" aria-label=\"kongresprogram2025-43\" class=\"lazyload img-responsive wp-image-6066\" srcset=\"data:image\/svg+xml,%3Csvg%20xmlns%3D%27http%3A%2F%2Fwww.w3.org%2F2000%2Fsvg%27%20width%3D%272560%27%20height%3D%271440%27%20viewBox%3D%270%200%202560%201440%27%3E%3Crect%20width%3D%272560%27%20height%3D%271440%27%20fill-opacity%3D%220%22%2F%3E%3C%2Fsvg%3E\" data-srcset=\"https:\/\/www.kongres-estetickej-mediciny.sk\/wp-content\/uploads\/2025\/10\/kongresprogram2025-43-200x113.jpg 200w, https:\/\/www.kongres-estetickej-mediciny.sk\/wp-content\/uploads\/2025\/10\/kongresprogram2025-43-400x225.jpg 400w, https:\/\/www.kongres-estetickej-mediciny.sk\/wp-content\/uploads\/2025\/10\/kongresprogram2025-43-600x338.jpg 600w, https:\/\/www.kongres-estetickej-mediciny.sk\/wp-content\/uploads\/2025\/10\/kongresprogram2025-43-800x450.jpg 800w, https:\/\/www.kongres-estetickej-mediciny.sk\/wp-content\/uploads\/2025\/10\/kongresprogram2025-43-1200x675.jpg 1200w, https:\/\/www.kongres-estetickej-mediciny.sk\/wp-content\/uploads\/2025\/10\/kongresprogram2025-43-scaled.jpg 2560w\" data-sizes=\"auto\" data-orig-sizes=\"(min-width: 2200px) 100vw, (min-width: 824px) 387px, (min-width: 732px) 580px, (min-width: 640px) 732px, \" \/><\/a><\/div><\/div><div style=\"padding:5px;\" class=\"fusion-grid-column fusion-gallery-column fusion-gallery-column-3 hover-type-none\"><div class=\"fusion-gallery-image\"><a href=\"https:\/\/www.kongres-estetickej-mediciny.sk\/wp-content\/uploads\/2025\/10\/kongresprogram2025-42-scaled.jpg\" rel=\"noreferrer\" data-rel=\"iLightbox[gallery_image_1]\" class=\"fusion-lightbox\" target=\"_self\"><img decoding=\"async\" src=\"https:\/\/www.kongres-estetickej-mediciny.sk\/wp-content\/uploads\/2025\/10\/kongresprogram2025-42-scaled.jpg\" data-orig-src=\"https:\/\/www.kongres-estetickej-mediciny.sk\/wp-content\/uploads\/2025\/10\/kongresprogram2025-42-scaled.jpg\" width=\"2560\" height=\"1440\" alt=\"\" title=\"kongresprogram2025-42\" aria-label=\"kongresprogram2025-42\" class=\"lazyload img-responsive wp-image-6065\" srcset=\"data:image\/svg+xml,%3Csvg%20xmlns%3D%27http%3A%2F%2Fwww.w3.org%2F2000%2Fsvg%27%20width%3D%272560%27%20height%3D%271440%27%20viewBox%3D%270%200%202560%201440%27%3E%3Crect%20width%3D%272560%27%20height%3D%271440%27%20fill-opacity%3D%220%22%2F%3E%3C%2Fsvg%3E\" data-srcset=\"https:\/\/www.kongres-estetickej-mediciny.sk\/wp-content\/uploads\/2025\/10\/kongresprogram2025-42-200x113.jpg 200w, https:\/\/www.kongres-estetickej-mediciny.sk\/wp-content\/uploads\/2025\/10\/kongresprogram2025-42-400x225.jpg 400w, https:\/\/www.kongres-estetickej-mediciny.sk\/wp-content\/uploads\/2025\/10\/kongresprogram2025-42-600x338.jpg 600w, https:\/\/www.kongres-estetickej-mediciny.sk\/wp-content\/uploads\/2025\/10\/kongresprogram2025-42-800x450.jpg 800w, https:\/\/www.kongres-estetickej-mediciny.sk\/wp-content\/uploads\/2025\/10\/kongresprogram2025-42-1200x675.jpg 1200w, https:\/\/www.kongres-estetickej-mediciny.sk\/wp-content\/uploads\/2025\/10\/kongresprogram2025-42-scaled.jpg 2560w\" data-sizes=\"auto\" data-orig-sizes=\"(min-width: 2200px) 100vw, (min-width: 824px) 387px, (min-width: 732px) 580px, (min-width: 640px) 732px, \" \/><\/a><\/div><\/div><div class=\"clearfix\"><\/div><div style=\"padding:5px;\" class=\"fusion-grid-column fusion-gallery-column fusion-gallery-column-3 hover-type-none\"><div class=\"fusion-gallery-image\"><a href=\"https:\/\/www.kongres-estetickej-mediciny.sk\/wp-content\/uploads\/2025\/10\/kongresprogram2025-41-scaled.jpg\" rel=\"noreferrer\" data-rel=\"iLightbox[gallery_image_1]\" class=\"fusion-lightbox\" target=\"_self\"><img decoding=\"async\" src=\"https:\/\/www.kongres-estetickej-mediciny.sk\/wp-content\/uploads\/2025\/10\/kongresprogram2025-41-scaled.jpg\" data-orig-src=\"https:\/\/www.kongres-estetickej-mediciny.sk\/wp-content\/uploads\/2025\/10\/kongresprogram2025-41-scaled.jpg\" width=\"2560\" height=\"1440\" alt=\"\" title=\"kongresprogram2025-41\" aria-label=\"kongresprogram2025-41\" class=\"lazyload img-responsive wp-image-6064\" srcset=\"data:image\/svg+xml,%3Csvg%20xmlns%3D%27http%3A%2F%2Fwww.w3.org%2F2000%2Fsvg%27%20width%3D%272560%27%20height%3D%271440%27%20viewBox%3D%270%200%202560%201440%27%3E%3Crect%20width%3D%272560%27%20height%3D%271440%27%20fill-opacity%3D%220%22%2F%3E%3C%2Fsvg%3E\" data-srcset=\"https:\/\/www.kongres-estetickej-mediciny.sk\/wp-content\/uploads\/2025\/10\/kongresprogram2025-41-200x113.jpg 200w, https:\/\/www.kongres-estetickej-mediciny.sk\/wp-content\/uploads\/2025\/10\/kongresprogram2025-41-400x225.jpg 400w, https:\/\/www.kongres-estetickej-mediciny.sk\/wp-content\/uploads\/2025\/10\/kongresprogram2025-41-600x338.jpg 600w, https:\/\/www.kongres-estetickej-mediciny.sk\/wp-content\/uploads\/2025\/10\/kongresprogram2025-41-800x450.jpg 800w, https:\/\/www.kongres-estetickej-mediciny.sk\/wp-content\/uploads\/2025\/10\/kongresprogram2025-41-1200x675.jpg 1200w, https:\/\/www.kongres-estetickej-mediciny.sk\/wp-content\/uploads\/2025\/10\/kongresprogram2025-41-scaled.jpg 2560w\" data-sizes=\"auto\" data-orig-sizes=\"(min-width: 2200px) 100vw, (min-width: 824px) 387px, (min-width: 732px) 580px, (min-width: 640px) 732px, \" \/><\/a><\/div><\/div><div style=\"padding:5px;\" class=\"fusion-grid-column fusion-gallery-column fusion-gallery-column-3 hover-type-none\"><div class=\"fusion-gallery-image\"><a href=\"https:\/\/www.kongres-estetickej-mediciny.sk\/wp-content\/uploads\/2025\/10\/kongresprogram2025-40-scaled.jpg\" rel=\"noreferrer\" data-rel=\"iLightbox[gallery_image_1]\" class=\"fusion-lightbox\" target=\"_self\"><img decoding=\"async\" src=\"https:\/\/www.kongres-estetickej-mediciny.sk\/wp-content\/uploads\/2025\/10\/kongresprogram2025-40-scaled.jpg\" data-orig-src=\"https:\/\/www.kongres-estetickej-mediciny.sk\/wp-content\/uploads\/2025\/10\/kongresprogram2025-40-scaled.jpg\" width=\"1695\" height=\"2560\" alt=\"\" title=\"kongresprogram2025-40\" aria-label=\"kongresprogram2025-40\" class=\"lazyload img-responsive wp-image-6063\" srcset=\"data:image\/svg+xml,%3Csvg%20xmlns%3D%27http%3A%2F%2Fwww.w3.org%2F2000%2Fsvg%27%20width%3D%271695%27%20height%3D%272560%27%20viewBox%3D%270%200%201695%202560%27%3E%3Crect%20width%3D%271695%27%20height%3D%272560%27%20fill-opacity%3D%220%22%2F%3E%3C%2Fsvg%3E\" data-srcset=\"https:\/\/www.kongres-estetickej-mediciny.sk\/wp-content\/uploads\/2025\/10\/kongresprogram2025-40-200x302.jpg 200w, https:\/\/www.kongres-estetickej-mediciny.sk\/wp-content\/uploads\/2025\/10\/kongresprogram2025-40-400x604.jpg 400w, https:\/\/www.kongres-estetickej-mediciny.sk\/wp-content\/uploads\/2025\/10\/kongresprogram2025-40-600x906.jpg 600w, https:\/\/www.kongres-estetickej-mediciny.sk\/wp-content\/uploads\/2025\/10\/kongresprogram2025-40-800x1208.jpg 800w, https:\/\/www.kongres-estetickej-mediciny.sk\/wp-content\/uploads\/2025\/10\/kongresprogram2025-40-1200x1813.jpg 1200w, https:\/\/www.kongres-estetickej-mediciny.sk\/wp-content\/uploads\/2025\/10\/kongresprogram2025-40-scaled.jpg 1695w\" data-sizes=\"auto\" data-orig-sizes=\"(min-width: 2200px) 100vw, (min-width: 824px) 387px, (min-width: 732px) 580px, (min-width: 640px) 732px, \" \/><\/a><\/div><\/div><div style=\"padding:5px;\" class=\"fusion-grid-column fusion-gallery-column fusion-gallery-column-3 hover-type-none\"><div class=\"fusion-gallery-image\"><a href=\"https:\/\/www.kongres-estetickej-mediciny.sk\/wp-content\/uploads\/2025\/10\/kongresprogram2025-39.jpg\" rel=\"noreferrer\" data-rel=\"iLightbox[gallery_image_1]\" class=\"fusion-lightbox\" target=\"_self\"><img decoding=\"async\" src=\"https:\/\/www.kongres-estetickej-mediciny.sk\/wp-content\/uploads\/2025\/10\/kongresprogram2025-39.jpg\" data-orig-src=\"https:\/\/www.kongres-estetickej-mediciny.sk\/wp-content\/uploads\/2025\/10\/kongresprogram2025-39.jpg\" width=\"1861\" height=\"2514\" alt=\"\" title=\"kongresprogram2025-39\" aria-label=\"kongresprogram2025-39\" class=\"lazyload img-responsive wp-image-6062\" srcset=\"data:image\/svg+xml,%3Csvg%20xmlns%3D%27http%3A%2F%2Fwww.w3.org%2F2000%2Fsvg%27%20width%3D%271861%27%20height%3D%272514%27%20viewBox%3D%270%200%201861%202514%27%3E%3Crect%20width%3D%271861%27%20height%3D%272514%27%20fill-opacity%3D%220%22%2F%3E%3C%2Fsvg%3E\" data-srcset=\"https:\/\/www.kongres-estetickej-mediciny.sk\/wp-content\/uploads\/2025\/10\/kongresprogram2025-39-200x270.jpg 200w, https:\/\/www.kongres-estetickej-mediciny.sk\/wp-content\/uploads\/2025\/10\/kongresprogram2025-39-400x540.jpg 400w, https:\/\/www.kongres-estetickej-mediciny.sk\/wp-content\/uploads\/2025\/10\/kongresprogram2025-39-600x811.jpg 600w, https:\/\/www.kongres-estetickej-mediciny.sk\/wp-content\/uploads\/2025\/10\/kongresprogram2025-39-800x1081.jpg 800w, https:\/\/www.kongres-estetickej-mediciny.sk\/wp-content\/uploads\/2025\/10\/kongresprogram2025-39-1200x1621.jpg 1200w, https:\/\/www.kongres-estetickej-mediciny.sk\/wp-content\/uploads\/2025\/10\/kongresprogram2025-39.jpg 1861w\" data-sizes=\"auto\" data-orig-sizes=\"(min-width: 2200px) 100vw, (min-width: 824px) 387px, (min-width: 732px) 580px, (min-width: 640px) 732px, \" \/><\/a><\/div><\/div><div class=\"clearfix\"><\/div><div style=\"padding:5px;\" class=\"fusion-grid-column fusion-gallery-column fusion-gallery-column-3 hover-type-none\"><div class=\"fusion-gallery-image\"><a href=\"https:\/\/www.kongres-estetickej-mediciny.sk\/wp-content\/uploads\/2025\/10\/kongresprogram2025-38.jpg\" rel=\"noreferrer\" data-rel=\"iLightbox[gallery_image_1]\" class=\"fusion-lightbox\" target=\"_self\"><img decoding=\"async\" src=\"https:\/\/www.kongres-estetickej-mediciny.sk\/wp-content\/uploads\/2025\/10\/kongresprogram2025-38.jpg\" data-orig-src=\"https:\/\/www.kongres-estetickej-mediciny.sk\/wp-content\/uploads\/2025\/10\/kongresprogram2025-38.jpg\" width=\"1365\" height=\"1934\" alt=\"\" title=\"kongresprogram2025-38\" aria-label=\"kongresprogram2025-38\" class=\"lazyload img-responsive wp-image-6061\" srcset=\"data:image\/svg+xml,%3Csvg%20xmlns%3D%27http%3A%2F%2Fwww.w3.org%2F2000%2Fsvg%27%20width%3D%271365%27%20height%3D%271934%27%20viewBox%3D%270%200%201365%201934%27%3E%3Crect%20width%3D%271365%27%20height%3D%271934%27%20fill-opacity%3D%220%22%2F%3E%3C%2Fsvg%3E\" data-srcset=\"https:\/\/www.kongres-estetickej-mediciny.sk\/wp-content\/uploads\/2025\/10\/kongresprogram2025-38-200x283.jpg 200w, https:\/\/www.kongres-estetickej-mediciny.sk\/wp-content\/uploads\/2025\/10\/kongresprogram2025-38-400x567.jpg 400w, https:\/\/www.kongres-estetickej-mediciny.sk\/wp-content\/uploads\/2025\/10\/kongresprogram2025-38-600x850.jpg 600w, https:\/\/www.kongres-estetickej-mediciny.sk\/wp-content\/uploads\/2025\/10\/kongresprogram2025-38-800x1133.jpg 800w, https:\/\/www.kongres-estetickej-mediciny.sk\/wp-content\/uploads\/2025\/10\/kongresprogram2025-38-1200x1700.jpg 1200w, https:\/\/www.kongres-estetickej-mediciny.sk\/wp-content\/uploads\/2025\/10\/kongresprogram2025-38.jpg 1365w\" data-sizes=\"auto\" data-orig-sizes=\"(min-width: 2200px) 100vw, (min-width: 824px) 387px, (min-width: 732px) 580px, (min-width: 640px) 732px, \" \/><\/a><\/div><\/div><div style=\"padding:5px;\" class=\"fusion-grid-column fusion-gallery-column fusion-gallery-column-3 hover-type-none\"><div class=\"fusion-gallery-image\"><a href=\"https:\/\/www.kongres-estetickej-mediciny.sk\/wp-content\/uploads\/2025\/10\/kongresprogram2025-37-scaled.jpg\" rel=\"noreferrer\" data-rel=\"iLightbox[gallery_image_1]\" class=\"fusion-lightbox\" target=\"_self\"><img decoding=\"async\" src=\"https:\/\/www.kongres-estetickej-mediciny.sk\/wp-content\/uploads\/2025\/10\/kongresprogram2025-37-scaled.jpg\" data-orig-src=\"https:\/\/www.kongres-estetickej-mediciny.sk\/wp-content\/uploads\/2025\/10\/kongresprogram2025-37-scaled.jpg\" width=\"2560\" height=\"1440\" alt=\"\" title=\"kongresprogram2025-37\" aria-label=\"kongresprogram2025-37\" class=\"lazyload img-responsive wp-image-6060\" srcset=\"data:image\/svg+xml,%3Csvg%20xmlns%3D%27http%3A%2F%2Fwww.w3.org%2F2000%2Fsvg%27%20width%3D%272560%27%20height%3D%271440%27%20viewBox%3D%270%200%202560%201440%27%3E%3Crect%20width%3D%272560%27%20height%3D%271440%27%20fill-opacity%3D%220%22%2F%3E%3C%2Fsvg%3E\" data-srcset=\"https:\/\/www.kongres-estetickej-mediciny.sk\/wp-content\/uploads\/2025\/10\/kongresprogram2025-37-200x113.jpg 200w, https:\/\/www.kongres-estetickej-mediciny.sk\/wp-content\/uploads\/2025\/10\/kongresprogram2025-37-400x225.jpg 400w, https:\/\/www.kongres-estetickej-mediciny.sk\/wp-content\/uploads\/2025\/10\/kongresprogram2025-37-600x338.jpg 600w, https:\/\/www.kongres-estetickej-mediciny.sk\/wp-content\/uploads\/2025\/10\/kongresprogram2025-37-800x450.jpg 800w, https:\/\/www.kongres-estetickej-mediciny.sk\/wp-content\/uploads\/2025\/10\/kongresprogram2025-37-1200x675.jpg 1200w, https:\/\/www.kongres-estetickej-mediciny.sk\/wp-content\/uploads\/2025\/10\/kongresprogram2025-37-scaled.jpg 2560w\" data-sizes=\"auto\" data-orig-sizes=\"(min-width: 2200px) 100vw, (min-width: 824px) 387px, (min-width: 732px) 580px, (min-width: 640px) 732px, \" \/><\/a><\/div><\/div><div style=\"padding:5px;\" class=\"fusion-grid-column fusion-gallery-column fusion-gallery-column-3 hover-type-none\"><div class=\"fusion-gallery-image\"><a href=\"https:\/\/www.kongres-estetickej-mediciny.sk\/wp-content\/uploads\/2025\/10\/kongresprogram2025-36-scaled.jpg\" rel=\"noreferrer\" data-rel=\"iLightbox[gallery_image_1]\" class=\"fusion-lightbox\" target=\"_self\"><img decoding=\"async\" src=\"https:\/\/www.kongres-estetickej-mediciny.sk\/wp-content\/uploads\/2025\/10\/kongresprogram2025-36-scaled.jpg\" data-orig-src=\"https:\/\/www.kongres-estetickej-mediciny.sk\/wp-content\/uploads\/2025\/10\/kongresprogram2025-36-scaled.jpg\" width=\"2560\" height=\"1440\" alt=\"\" title=\"kongresprogram2025-36\" aria-label=\"kongresprogram2025-36\" class=\"lazyload img-responsive wp-image-6059\" srcset=\"data:image\/svg+xml,%3Csvg%20xmlns%3D%27http%3A%2F%2Fwww.w3.org%2F2000%2Fsvg%27%20width%3D%272560%27%20height%3D%271440%27%20viewBox%3D%270%200%202560%201440%27%3E%3Crect%20width%3D%272560%27%20height%3D%271440%27%20fill-opacity%3D%220%22%2F%3E%3C%2Fsvg%3E\" data-srcset=\"https:\/\/www.kongres-estetickej-mediciny.sk\/wp-content\/uploads\/2025\/10\/kongresprogram2025-36-200x113.jpg 200w, https:\/\/www.kongres-estetickej-mediciny.sk\/wp-content\/uploads\/2025\/10\/kongresprogram2025-36-400x225.jpg 400w, https:\/\/www.kongres-estetickej-mediciny.sk\/wp-content\/uploads\/2025\/10\/kongresprogram2025-36-600x338.jpg 600w, https:\/\/www.kongres-estetickej-mediciny.sk\/wp-content\/uploads\/2025\/10\/kongresprogram2025-36-800x450.jpg 800w, https:\/\/www.kongres-estetickej-mediciny.sk\/wp-content\/uploads\/2025\/10\/kongresprogram2025-36-1200x675.jpg 1200w, https:\/\/www.kongres-estetickej-mediciny.sk\/wp-content\/uploads\/2025\/10\/kongresprogram2025-36-scaled.jpg 2560w\" data-sizes=\"auto\" data-orig-sizes=\"(min-width: 2200px) 100vw, (min-width: 824px) 387px, (min-width: 732px) 580px, (min-width: 640px) 732px, \" \/><\/a><\/div><\/div><div class=\"clearfix\"><\/div><div style=\"padding:5px;\" class=\"fusion-grid-column fusion-gallery-column fusion-gallery-column-3 hover-type-none\"><div class=\"fusion-gallery-image\"><a href=\"https:\/\/www.kongres-estetickej-mediciny.sk\/wp-content\/uploads\/2025\/10\/kongresprogram2025-35-scaled.jpg\" rel=\"noreferrer\" data-rel=\"iLightbox[gallery_image_1]\" class=\"fusion-lightbox\" target=\"_self\"><img decoding=\"async\" src=\"https:\/\/www.kongres-estetickej-mediciny.sk\/wp-content\/uploads\/2025\/10\/kongresprogram2025-35-scaled.jpg\" data-orig-src=\"https:\/\/www.kongres-estetickej-mediciny.sk\/wp-content\/uploads\/2025\/10\/kongresprogram2025-35-scaled.jpg\" width=\"2560\" height=\"1440\" alt=\"\" title=\"kongresprogram2025-35\" aria-label=\"kongresprogram2025-35\" class=\"lazyload img-responsive wp-image-6058\" srcset=\"data:image\/svg+xml,%3Csvg%20xmlns%3D%27http%3A%2F%2Fwww.w3.org%2F2000%2Fsvg%27%20width%3D%272560%27%20height%3D%271440%27%20viewBox%3D%270%200%202560%201440%27%3E%3Crect%20width%3D%272560%27%20height%3D%271440%27%20fill-opacity%3D%220%22%2F%3E%3C%2Fsvg%3E\" data-srcset=\"https:\/\/www.kongres-estetickej-mediciny.sk\/wp-content\/uploads\/2025\/10\/kongresprogram2025-35-200x113.jpg 200w, https:\/\/www.kongres-estetickej-mediciny.sk\/wp-content\/uploads\/2025\/10\/kongresprogram2025-35-400x225.jpg 400w, https:\/\/www.kongres-estetickej-mediciny.sk\/wp-content\/uploads\/2025\/10\/kongresprogram2025-35-600x338.jpg 600w, https:\/\/www.kongres-estetickej-mediciny.sk\/wp-content\/uploads\/2025\/10\/kongresprogram2025-35-800x450.jpg 800w, https:\/\/www.kongres-estetickej-mediciny.sk\/wp-content\/uploads\/2025\/10\/kongresprogram2025-35-1200x675.jpg 1200w, https:\/\/www.kongres-estetickej-mediciny.sk\/wp-content\/uploads\/2025\/10\/kongresprogram2025-35-scaled.jpg 2560w\" data-sizes=\"auto\" data-orig-sizes=\"(min-width: 2200px) 100vw, (min-width: 824px) 387px, (min-width: 732px) 580px, (min-width: 640px) 732px, \" \/><\/a><\/div><\/div><div style=\"padding:5px;\" class=\"fusion-grid-column fusion-gallery-column fusion-gallery-column-3 hover-type-none\"><div class=\"fusion-gallery-image\"><a href=\"https:\/\/www.kongres-estetickej-mediciny.sk\/wp-content\/uploads\/2025\/10\/kongresprogram2025-34-scaled.jpg\" rel=\"noreferrer\" data-rel=\"iLightbox[gallery_image_1]\" class=\"fusion-lightbox\" target=\"_self\"><img decoding=\"async\" src=\"https:\/\/www.kongres-estetickej-mediciny.sk\/wp-content\/uploads\/2025\/10\/kongresprogram2025-34-scaled.jpg\" data-orig-src=\"https:\/\/www.kongres-estetickej-mediciny.sk\/wp-content\/uploads\/2025\/10\/kongresprogram2025-34-scaled.jpg\" width=\"2560\" height=\"1440\" alt=\"\" title=\"kongresprogram2025-34\" aria-label=\"kongresprogram2025-34\" class=\"lazyload img-responsive wp-image-6057\" srcset=\"data:image\/svg+xml,%3Csvg%20xmlns%3D%27http%3A%2F%2Fwww.w3.org%2F2000%2Fsvg%27%20width%3D%272560%27%20height%3D%271440%27%20viewBox%3D%270%200%202560%201440%27%3E%3Crect%20width%3D%272560%27%20height%3D%271440%27%20fill-opacity%3D%220%22%2F%3E%3C%2Fsvg%3E\" data-srcset=\"https:\/\/www.kongres-estetickej-mediciny.sk\/wp-content\/uploads\/2025\/10\/kongresprogram2025-34-200x113.jpg 200w, https:\/\/www.kongres-estetickej-mediciny.sk\/wp-content\/uploads\/2025\/10\/kongresprogram2025-34-400x225.jpg 400w, https:\/\/www.kongres-estetickej-mediciny.sk\/wp-content\/uploads\/2025\/10\/kongresprogram2025-34-600x338.jpg 600w, https:\/\/www.kongres-estetickej-mediciny.sk\/wp-content\/uploads\/2025\/10\/kongresprogram2025-34-800x450.jpg 800w, https:\/\/www.kongres-estetickej-mediciny.sk\/wp-content\/uploads\/2025\/10\/kongresprogram2025-34-1200x675.jpg 1200w, https:\/\/www.kongres-estetickej-mediciny.sk\/wp-content\/uploads\/2025\/10\/kongresprogram2025-34-scaled.jpg 2560w\" data-sizes=\"auto\" data-orig-sizes=\"(min-width: 2200px) 100vw, (min-width: 824px) 387px, (min-width: 732px) 580px, (min-width: 640px) 732px, \" \/><\/a><\/div><\/div><div style=\"padding:5px;\" class=\"fusion-grid-column fusion-gallery-column fusion-gallery-column-3 hover-type-none\"><div class=\"fusion-gallery-image\"><a href=\"https:\/\/www.kongres-estetickej-mediciny.sk\/wp-content\/uploads\/2025\/10\/kongresprogram2025-33-scaled.jpg\" rel=\"noreferrer\" data-rel=\"iLightbox[gallery_image_1]\" class=\"fusion-lightbox\" target=\"_self\"><img decoding=\"async\" src=\"https:\/\/www.kongres-estetickej-mediciny.sk\/wp-content\/uploads\/2025\/10\/kongresprogram2025-33-scaled.jpg\" data-orig-src=\"https:\/\/www.kongres-estetickej-mediciny.sk\/wp-content\/uploads\/2025\/10\/kongresprogram2025-33-scaled.jpg\" width=\"2560\" height=\"1440\" alt=\"\" title=\"kongresprogram2025-33\" aria-label=\"kongresprogram2025-33\" class=\"lazyload img-responsive wp-image-6056\" srcset=\"data:image\/svg+xml,%3Csvg%20xmlns%3D%27http%3A%2F%2Fwww.w3.org%2F2000%2Fsvg%27%20width%3D%272560%27%20height%3D%271440%27%20viewBox%3D%270%200%202560%201440%27%3E%3Crect%20width%3D%272560%27%20height%3D%271440%27%20fill-opacity%3D%220%22%2F%3E%3C%2Fsvg%3E\" data-srcset=\"https:\/\/www.kongres-estetickej-mediciny.sk\/wp-content\/uploads\/2025\/10\/kongresprogram2025-33-200x113.jpg 200w, https:\/\/www.kongres-estetickej-mediciny.sk\/wp-content\/uploads\/2025\/10\/kongresprogram2025-33-400x225.jpg 400w, https:\/\/www.kongres-estetickej-mediciny.sk\/wp-content\/uploads\/2025\/10\/kongresprogram2025-33-600x338.jpg 600w, https:\/\/www.kongres-estetickej-mediciny.sk\/wp-content\/uploads\/2025\/10\/kongresprogram2025-33-800x450.jpg 800w, https:\/\/www.kongres-estetickej-mediciny.sk\/wp-content\/uploads\/2025\/10\/kongresprogram2025-33-1200x675.jpg 1200w, https:\/\/www.kongres-estetickej-mediciny.sk\/wp-content\/uploads\/2025\/10\/kongresprogram2025-33-scaled.jpg 2560w\" data-sizes=\"auto\" data-orig-sizes=\"(min-width: 2200px) 100vw, (min-width: 824px) 387px, (min-width: 732px) 580px, (min-width: 640px) 732px, \" \/><\/a><\/div><\/div><div class=\"clearfix\"><\/div><div style=\"padding:5px;\" class=\"fusion-grid-column fusion-gallery-column fusion-gallery-column-3 hover-type-none\"><div class=\"fusion-gallery-image\"><a href=\"https:\/\/www.kongres-estetickej-mediciny.sk\/wp-content\/uploads\/2025\/10\/kongresprogram2025-32-scaled.jpg\" rel=\"noreferrer\" data-rel=\"iLightbox[gallery_image_1]\" class=\"fusion-lightbox\" target=\"_self\"><img decoding=\"async\" src=\"https:\/\/www.kongres-estetickej-mediciny.sk\/wp-content\/uploads\/2025\/10\/kongresprogram2025-32-scaled.jpg\" data-orig-src=\"https:\/\/www.kongres-estetickej-mediciny.sk\/wp-content\/uploads\/2025\/10\/kongresprogram2025-32-scaled.jpg\" width=\"2560\" height=\"1440\" alt=\"\" title=\"kongresprogram2025-32\" aria-label=\"kongresprogram2025-32\" class=\"lazyload img-responsive wp-image-6055\" srcset=\"data:image\/svg+xml,%3Csvg%20xmlns%3D%27http%3A%2F%2Fwww.w3.org%2F2000%2Fsvg%27%20width%3D%272560%27%20height%3D%271440%27%20viewBox%3D%270%200%202560%201440%27%3E%3Crect%20width%3D%272560%27%20height%3D%271440%27%20fill-opacity%3D%220%22%2F%3E%3C%2Fsvg%3E\" data-srcset=\"https:\/\/www.kongres-estetickej-mediciny.sk\/wp-content\/uploads\/2025\/10\/kongresprogram2025-32-200x113.jpg 200w, https:\/\/www.kongres-estetickej-mediciny.sk\/wp-content\/uploads\/2025\/10\/kongresprogram2025-32-400x225.jpg 400w, https:\/\/www.kongres-estetickej-mediciny.sk\/wp-content\/uploads\/2025\/10\/kongresprogram2025-32-600x338.jpg 600w, https:\/\/www.kongres-estetickej-mediciny.sk\/wp-content\/uploads\/2025\/10\/kongresprogram2025-32-800x450.jpg 800w, https:\/\/www.kongres-estetickej-mediciny.sk\/wp-content\/uploads\/2025\/10\/kongresprogram2025-32-1200x675.jpg 1200w, https:\/\/www.kongres-estetickej-mediciny.sk\/wp-content\/uploads\/2025\/10\/kongresprogram2025-32-scaled.jpg 2560w\" data-sizes=\"auto\" data-orig-sizes=\"(min-width: 2200px) 100vw, (min-width: 824px) 387px, (min-width: 732px) 580px, (min-width: 640px) 732px, \" \/><\/a><\/div><\/div><div style=\"padding:5px;\" class=\"fusion-grid-column fusion-gallery-column fusion-gallery-column-3 hover-type-none\"><div class=\"fusion-gallery-image\"><a href=\"https:\/\/www.kongres-estetickej-mediciny.sk\/wp-content\/uploads\/2025\/10\/kongresprogram2025-31-scaled.jpg\" rel=\"noreferrer\" data-rel=\"iLightbox[gallery_image_1]\" class=\"fusion-lightbox\" target=\"_self\"><img decoding=\"async\" src=\"https:\/\/www.kongres-estetickej-mediciny.sk\/wp-content\/uploads\/2025\/10\/kongresprogram2025-31-scaled.jpg\" data-orig-src=\"https:\/\/www.kongres-estetickej-mediciny.sk\/wp-content\/uploads\/2025\/10\/kongresprogram2025-31-scaled.jpg\" width=\"2560\" height=\"1441\" alt=\"\" title=\"kongresprogram2025-31\" aria-label=\"kongresprogram2025-31\" class=\"lazyload img-responsive wp-image-6054\" srcset=\"data:image\/svg+xml,%3Csvg%20xmlns%3D%27http%3A%2F%2Fwww.w3.org%2F2000%2Fsvg%27%20width%3D%272560%27%20height%3D%271441%27%20viewBox%3D%270%200%202560%201441%27%3E%3Crect%20width%3D%272560%27%20height%3D%271441%27%20fill-opacity%3D%220%22%2F%3E%3C%2Fsvg%3E\" data-srcset=\"https:\/\/www.kongres-estetickej-mediciny.sk\/wp-content\/uploads\/2025\/10\/kongresprogram2025-31-200x113.jpg 200w, https:\/\/www.kongres-estetickej-mediciny.sk\/wp-content\/uploads\/2025\/10\/kongresprogram2025-31-400x225.jpg 400w, https:\/\/www.kongres-estetickej-mediciny.sk\/wp-content\/uploads\/2025\/10\/kongresprogram2025-31-600x338.jpg 600w, https:\/\/www.kongres-estetickej-mediciny.sk\/wp-content\/uploads\/2025\/10\/kongresprogram2025-31-800x450.jpg 800w, https:\/\/www.kongres-estetickej-mediciny.sk\/wp-content\/uploads\/2025\/10\/kongresprogram2025-31-1200x675.jpg 1200w, https:\/\/www.kongres-estetickej-mediciny.sk\/wp-content\/uploads\/2025\/10\/kongresprogram2025-31-scaled.jpg 2560w\" data-sizes=\"auto\" data-orig-sizes=\"(min-width: 2200px) 100vw, (min-width: 824px) 387px, (min-width: 732px) 580px, (min-width: 640px) 732px, \" \/><\/a><\/div><\/div><div style=\"padding:5px;\" class=\"fusion-grid-column fusion-gallery-column fusion-gallery-column-3 hover-type-none\"><div class=\"fusion-gallery-image\"><a href=\"https:\/\/www.kongres-estetickej-mediciny.sk\/wp-content\/uploads\/2025\/10\/kongresprogram2025-30-scaled.jpg\" rel=\"noreferrer\" data-rel=\"iLightbox[gallery_image_1]\" class=\"fusion-lightbox\" target=\"_self\"><img decoding=\"async\" src=\"https:\/\/www.kongres-estetickej-mediciny.sk\/wp-content\/uploads\/2025\/10\/kongresprogram2025-30-scaled.jpg\" data-orig-src=\"https:\/\/www.kongres-estetickej-mediciny.sk\/wp-content\/uploads\/2025\/10\/kongresprogram2025-30-scaled.jpg\" width=\"2560\" height=\"1441\" alt=\"\" title=\"kongresprogram2025-30\" aria-label=\"kongresprogram2025-30\" class=\"lazyload img-responsive wp-image-6053\" srcset=\"data:image\/svg+xml,%3Csvg%20xmlns%3D%27http%3A%2F%2Fwww.w3.org%2F2000%2Fsvg%27%20width%3D%272560%27%20height%3D%271441%27%20viewBox%3D%270%200%202560%201441%27%3E%3Crect%20width%3D%272560%27%20height%3D%271441%27%20fill-opacity%3D%220%22%2F%3E%3C%2Fsvg%3E\" data-srcset=\"https:\/\/www.kongres-estetickej-mediciny.sk\/wp-content\/uploads\/2025\/10\/kongresprogram2025-30-200x113.jpg 200w, https:\/\/www.kongres-estetickej-mediciny.sk\/wp-content\/uploads\/2025\/10\/kongresprogram2025-30-400x225.jpg 400w, https:\/\/www.kongres-estetickej-mediciny.sk\/wp-content\/uploads\/2025\/10\/kongresprogram2025-30-600x338.jpg 600w, https:\/\/www.kongres-estetickej-mediciny.sk\/wp-content\/uploads\/2025\/10\/kongresprogram2025-30-800x450.jpg 800w, https:\/\/www.kongres-estetickej-mediciny.sk\/wp-content\/uploads\/2025\/10\/kongresprogram2025-30-1200x676.jpg 1200w, https:\/\/www.kongres-estetickej-mediciny.sk\/wp-content\/uploads\/2025\/10\/kongresprogram2025-30-scaled.jpg 2560w\" data-sizes=\"auto\" data-orig-sizes=\"(min-width: 2200px) 100vw, (min-width: 824px) 387px, (min-width: 732px) 580px, (min-width: 640px) 732px, \" \/><\/a><\/div><\/div><div class=\"clearfix\"><\/div><div style=\"padding:5px;\" class=\"fusion-grid-column fusion-gallery-column fusion-gallery-column-3 hover-type-none\"><div class=\"fusion-gallery-image\"><a href=\"https:\/\/www.kongres-estetickej-mediciny.sk\/wp-content\/uploads\/2025\/10\/kongresprogram2025-29-scaled.jpg\" rel=\"noreferrer\" data-rel=\"iLightbox[gallery_image_1]\" class=\"fusion-lightbox\" target=\"_self\"><img decoding=\"async\" src=\"https:\/\/www.kongres-estetickej-mediciny.sk\/wp-content\/uploads\/2025\/10\/kongresprogram2025-29-scaled.jpg\" data-orig-src=\"https:\/\/www.kongres-estetickej-mediciny.sk\/wp-content\/uploads\/2025\/10\/kongresprogram2025-29-scaled.jpg\" width=\"2560\" height=\"1441\" alt=\"\" title=\"kongresprogram2025-29\" aria-label=\"kongresprogram2025-29\" class=\"lazyload img-responsive wp-image-6052\" srcset=\"data:image\/svg+xml,%3Csvg%20xmlns%3D%27http%3A%2F%2Fwww.w3.org%2F2000%2Fsvg%27%20width%3D%272560%27%20height%3D%271441%27%20viewBox%3D%270%200%202560%201441%27%3E%3Crect%20width%3D%272560%27%20height%3D%271441%27%20fill-opacity%3D%220%22%2F%3E%3C%2Fsvg%3E\" data-srcset=\"https:\/\/www.kongres-estetickej-mediciny.sk\/wp-content\/uploads\/2025\/10\/kongresprogram2025-29-200x113.jpg 200w, https:\/\/www.kongres-estetickej-mediciny.sk\/wp-content\/uploads\/2025\/10\/kongresprogram2025-29-400x225.jpg 400w, https:\/\/www.kongres-estetickej-mediciny.sk\/wp-content\/uploads\/2025\/10\/kongresprogram2025-29-600x338.jpg 600w, https:\/\/www.kongres-estetickej-mediciny.sk\/wp-content\/uploads\/2025\/10\/kongresprogram2025-29-800x450.jpg 800w, https:\/\/www.kongres-estetickej-mediciny.sk\/wp-content\/uploads\/2025\/10\/kongresprogram2025-29-1200x675.jpg 1200w, https:\/\/www.kongres-estetickej-mediciny.sk\/wp-content\/uploads\/2025\/10\/kongresprogram2025-29-scaled.jpg 2560w\" data-sizes=\"auto\" data-orig-sizes=\"(min-width: 2200px) 100vw, (min-width: 824px) 387px, (min-width: 732px) 580px, (min-width: 640px) 732px, \" \/><\/a><\/div><\/div><div style=\"padding:5px;\" class=\"fusion-grid-column fusion-gallery-column fusion-gallery-column-3 hover-type-none\"><div class=\"fusion-gallery-image\"><a href=\"https:\/\/www.kongres-estetickej-mediciny.sk\/wp-content\/uploads\/2025\/10\/kongresprogram2025-28-scaled.jpg\" rel=\"noreferrer\" data-rel=\"iLightbox[gallery_image_1]\" class=\"fusion-lightbox\" target=\"_self\"><img decoding=\"async\" src=\"https:\/\/www.kongres-estetickej-mediciny.sk\/wp-content\/uploads\/2025\/10\/kongresprogram2025-28-scaled.jpg\" data-orig-src=\"https:\/\/www.kongres-estetickej-mediciny.sk\/wp-content\/uploads\/2025\/10\/kongresprogram2025-28-scaled.jpg\" width=\"2560\" height=\"1441\" alt=\"\" title=\"kongresprogram2025-28\" aria-label=\"kongresprogram2025-28\" class=\"lazyload img-responsive wp-image-6051\" srcset=\"data:image\/svg+xml,%3Csvg%20xmlns%3D%27http%3A%2F%2Fwww.w3.org%2F2000%2Fsvg%27%20width%3D%272560%27%20height%3D%271441%27%20viewBox%3D%270%200%202560%201441%27%3E%3Crect%20width%3D%272560%27%20height%3D%271441%27%20fill-opacity%3D%220%22%2F%3E%3C%2Fsvg%3E\" data-srcset=\"https:\/\/www.kongres-estetickej-mediciny.sk\/wp-content\/uploads\/2025\/10\/kongresprogram2025-28-200x113.jpg 200w, https:\/\/www.kongres-estetickej-mediciny.sk\/wp-content\/uploads\/2025\/10\/kongresprogram2025-28-400x225.jpg 400w, https:\/\/www.kongres-estetickej-mediciny.sk\/wp-content\/uploads\/2025\/10\/kongresprogram2025-28-600x338.jpg 600w, https:\/\/www.kongres-estetickej-mediciny.sk\/wp-content\/uploads\/2025\/10\/kongresprogram2025-28-800x450.jpg 800w, https:\/\/www.kongres-estetickej-mediciny.sk\/wp-content\/uploads\/2025\/10\/kongresprogram2025-28-1200x676.jpg 1200w, https:\/\/www.kongres-estetickej-mediciny.sk\/wp-content\/uploads\/2025\/10\/kongresprogram2025-28-scaled.jpg 2560w\" data-sizes=\"auto\" data-orig-sizes=\"(min-width: 2200px) 100vw, (min-width: 824px) 387px, (min-width: 732px) 580px, (min-width: 640px) 732px, \" \/><\/a><\/div><\/div><div style=\"padding:5px;\" class=\"fusion-grid-column fusion-gallery-column fusion-gallery-column-3 hover-type-none\"><div class=\"fusion-gallery-image\"><a href=\"https:\/\/www.kongres-estetickej-mediciny.sk\/wp-content\/uploads\/2025\/10\/kongresprogram2025-27-scaled.jpg\" rel=\"noreferrer\" data-rel=\"iLightbox[gallery_image_1]\" class=\"fusion-lightbox\" target=\"_self\"><img decoding=\"async\" src=\"https:\/\/www.kongres-estetickej-mediciny.sk\/wp-content\/uploads\/2025\/10\/kongresprogram2025-27-scaled.jpg\" data-orig-src=\"https:\/\/www.kongres-estetickej-mediciny.sk\/wp-content\/uploads\/2025\/10\/kongresprogram2025-27-scaled.jpg\" width=\"2560\" height=\"1441\" alt=\"\" title=\"kongresprogram2025-27\" aria-label=\"kongresprogram2025-27\" class=\"lazyload img-responsive wp-image-6050\" srcset=\"data:image\/svg+xml,%3Csvg%20xmlns%3D%27http%3A%2F%2Fwww.w3.org%2F2000%2Fsvg%27%20width%3D%272560%27%20height%3D%271441%27%20viewBox%3D%270%200%202560%201441%27%3E%3Crect%20width%3D%272560%27%20height%3D%271441%27%20fill-opacity%3D%220%22%2F%3E%3C%2Fsvg%3E\" data-srcset=\"https:\/\/www.kongres-estetickej-mediciny.sk\/wp-content\/uploads\/2025\/10\/kongresprogram2025-27-200x113.jpg 200w, https:\/\/www.kongres-estetickej-mediciny.sk\/wp-content\/uploads\/2025\/10\/kongresprogram2025-27-400x225.jpg 400w, https:\/\/www.kongres-estetickej-mediciny.sk\/wp-content\/uploads\/2025\/10\/kongresprogram2025-27-600x338.jpg 600w, https:\/\/www.kongres-estetickej-mediciny.sk\/wp-content\/uploads\/2025\/10\/kongresprogram2025-27-800x450.jpg 800w, https:\/\/www.kongres-estetickej-mediciny.sk\/wp-content\/uploads\/2025\/10\/kongresprogram2025-27-1200x676.jpg 1200w, https:\/\/www.kongres-estetickej-mediciny.sk\/wp-content\/uploads\/2025\/10\/kongresprogram2025-27-scaled.jpg 2560w\" data-sizes=\"auto\" data-orig-sizes=\"(min-width: 2200px) 100vw, (min-width: 824px) 387px, (min-width: 732px) 580px, (min-width: 640px) 732px, \" \/><\/a><\/div><\/div><div class=\"clearfix\"><\/div><div style=\"padding:5px;\" class=\"fusion-grid-column fusion-gallery-column fusion-gallery-column-3 hover-type-none\"><div class=\"fusion-gallery-image\"><a href=\"https:\/\/www.kongres-estetickej-mediciny.sk\/wp-content\/uploads\/2025\/10\/kongresprogram2025-26-scaled.jpg\" rel=\"noreferrer\" data-rel=\"iLightbox[gallery_image_1]\" class=\"fusion-lightbox\" target=\"_self\"><img decoding=\"async\" src=\"https:\/\/www.kongres-estetickej-mediciny.sk\/wp-content\/uploads\/2025\/10\/kongresprogram2025-26-scaled.jpg\" data-orig-src=\"https:\/\/www.kongres-estetickej-mediciny.sk\/wp-content\/uploads\/2025\/10\/kongresprogram2025-26-scaled.jpg\" width=\"2560\" height=\"1441\" alt=\"\" title=\"kongresprogram2025-26\" aria-label=\"kongresprogram2025-26\" class=\"lazyload img-responsive wp-image-6049\" srcset=\"data:image\/svg+xml,%3Csvg%20xmlns%3D%27http%3A%2F%2Fwww.w3.org%2F2000%2Fsvg%27%20width%3D%272560%27%20height%3D%271441%27%20viewBox%3D%270%200%202560%201441%27%3E%3Crect%20width%3D%272560%27%20height%3D%271441%27%20fill-opacity%3D%220%22%2F%3E%3C%2Fsvg%3E\" data-srcset=\"https:\/\/www.kongres-estetickej-mediciny.sk\/wp-content\/uploads\/2025\/10\/kongresprogram2025-26-200x113.jpg 200w, https:\/\/www.kongres-estetickej-mediciny.sk\/wp-content\/uploads\/2025\/10\/kongresprogram2025-26-400x225.jpg 400w, https:\/\/www.kongres-estetickej-mediciny.sk\/wp-content\/uploads\/2025\/10\/kongresprogram2025-26-600x338.jpg 600w, https:\/\/www.kongres-estetickej-mediciny.sk\/wp-content\/uploads\/2025\/10\/kongresprogram2025-26-800x450.jpg 800w, https:\/\/www.kongres-estetickej-mediciny.sk\/wp-content\/uploads\/2025\/10\/kongresprogram2025-26-1200x676.jpg 1200w, https:\/\/www.kongres-estetickej-mediciny.sk\/wp-content\/uploads\/2025\/10\/kongresprogram2025-26-scaled.jpg 2560w\" data-sizes=\"auto\" data-orig-sizes=\"(min-width: 2200px) 100vw, (min-width: 824px) 387px, (min-width: 732px) 580px, (min-width: 640px) 732px, \" \/><\/a><\/div><\/div><div style=\"padding:5px;\" class=\"fusion-grid-column fusion-gallery-column fusion-gallery-column-3 hover-type-none\"><div class=\"fusion-gallery-image\"><a href=\"https:\/\/www.kongres-estetickej-mediciny.sk\/wp-content\/uploads\/2025\/10\/kongresprogram2025-25-scaled.jpg\" rel=\"noreferrer\" data-rel=\"iLightbox[gallery_image_1]\" class=\"fusion-lightbox\" target=\"_self\"><img decoding=\"async\" src=\"https:\/\/www.kongres-estetickej-mediciny.sk\/wp-content\/uploads\/2025\/10\/kongresprogram2025-25-scaled.jpg\" data-orig-src=\"https:\/\/www.kongres-estetickej-mediciny.sk\/wp-content\/uploads\/2025\/10\/kongresprogram2025-25-scaled.jpg\" width=\"2560\" height=\"1441\" alt=\"\" title=\"kongresprogram2025-25\" aria-label=\"kongresprogram2025-25\" class=\"lazyload img-responsive wp-image-6048\" srcset=\"data:image\/svg+xml,%3Csvg%20xmlns%3D%27http%3A%2F%2Fwww.w3.org%2F2000%2Fsvg%27%20width%3D%272560%27%20height%3D%271441%27%20viewBox%3D%270%200%202560%201441%27%3E%3Crect%20width%3D%272560%27%20height%3D%271441%27%20fill-opacity%3D%220%22%2F%3E%3C%2Fsvg%3E\" data-srcset=\"https:\/\/www.kongres-estetickej-mediciny.sk\/wp-content\/uploads\/2025\/10\/kongresprogram2025-25-200x113.jpg 200w, https:\/\/www.kongres-estetickej-mediciny.sk\/wp-content\/uploads\/2025\/10\/kongresprogram2025-25-400x225.jpg 400w, https:\/\/www.kongres-estetickej-mediciny.sk\/wp-content\/uploads\/2025\/10\/kongresprogram2025-25-600x338.jpg 600w, https:\/\/www.kongres-estetickej-mediciny.sk\/wp-content\/uploads\/2025\/10\/kongresprogram2025-25-800x450.jpg 800w, https:\/\/www.kongres-estetickej-mediciny.sk\/wp-content\/uploads\/2025\/10\/kongresprogram2025-25-1200x676.jpg 1200w, https:\/\/www.kongres-estetickej-mediciny.sk\/wp-content\/uploads\/2025\/10\/kongresprogram2025-25-scaled.jpg 2560w\" data-sizes=\"auto\" data-orig-sizes=\"(min-width: 2200px) 100vw, (min-width: 824px) 387px, (min-width: 732px) 580px, (min-width: 640px) 732px, \" \/><\/a><\/div><\/div><div style=\"padding:5px;\" class=\"fusion-grid-column fusion-gallery-column fusion-gallery-column-3 hover-type-none\"><div class=\"fusion-gallery-image\"><a href=\"https:\/\/www.kongres-estetickej-mediciny.sk\/wp-content\/uploads\/2025\/10\/kongresprogram2025-24-scaled.jpg\" rel=\"noreferrer\" data-rel=\"iLightbox[gallery_image_1]\" class=\"fusion-lightbox\" target=\"_self\"><img decoding=\"async\" src=\"https:\/\/www.kongres-estetickej-mediciny.sk\/wp-content\/uploads\/2025\/10\/kongresprogram2025-24-scaled.jpg\" data-orig-src=\"https:\/\/www.kongres-estetickej-mediciny.sk\/wp-content\/uploads\/2025\/10\/kongresprogram2025-24-scaled.jpg\" width=\"2560\" height=\"1441\" alt=\"\" title=\"kongresprogram2025-24\" aria-label=\"kongresprogram2025-24\" class=\"lazyload img-responsive wp-image-6047\" srcset=\"data:image\/svg+xml,%3Csvg%20xmlns%3D%27http%3A%2F%2Fwww.w3.org%2F2000%2Fsvg%27%20width%3D%272560%27%20height%3D%271441%27%20viewBox%3D%270%200%202560%201441%27%3E%3Crect%20width%3D%272560%27%20height%3D%271441%27%20fill-opacity%3D%220%22%2F%3E%3C%2Fsvg%3E\" data-srcset=\"https:\/\/www.kongres-estetickej-mediciny.sk\/wp-content\/uploads\/2025\/10\/kongresprogram2025-24-200x113.jpg 200w, https:\/\/www.kongres-estetickej-mediciny.sk\/wp-content\/uploads\/2025\/10\/kongresprogram2025-24-400x225.jpg 400w, https:\/\/www.kongres-estetickej-mediciny.sk\/wp-content\/uploads\/2025\/10\/kongresprogram2025-24-600x338.jpg 600w, https:\/\/www.kongres-estetickej-mediciny.sk\/wp-content\/uploads\/2025\/10\/kongresprogram2025-24-800x450.jpg 800w, https:\/\/www.kongres-estetickej-mediciny.sk\/wp-content\/uploads\/2025\/10\/kongresprogram2025-24-1200x676.jpg 1200w, https:\/\/www.kongres-estetickej-mediciny.sk\/wp-content\/uploads\/2025\/10\/kongresprogram2025-24-scaled.jpg 2560w\" data-sizes=\"auto\" data-orig-sizes=\"(min-width: 2200px) 100vw, (min-width: 824px) 387px, (min-width: 732px) 580px, (min-width: 640px) 732px, \" \/><\/a><\/div><\/div><div class=\"clearfix\"><\/div><div style=\"padding:5px;\" class=\"fusion-grid-column fusion-gallery-column fusion-gallery-column-3 hover-type-none\"><div class=\"fusion-gallery-image\"><a href=\"https:\/\/www.kongres-estetickej-mediciny.sk\/wp-content\/uploads\/2025\/10\/kongresprogram2025-23-scaled.jpg\" rel=\"noreferrer\" data-rel=\"iLightbox[gallery_image_1]\" class=\"fusion-lightbox\" target=\"_self\"><img decoding=\"async\" src=\"https:\/\/www.kongres-estetickej-mediciny.sk\/wp-content\/uploads\/2025\/10\/kongresprogram2025-23-scaled.jpg\" data-orig-src=\"https:\/\/www.kongres-estetickej-mediciny.sk\/wp-content\/uploads\/2025\/10\/kongresprogram2025-23-scaled.jpg\" width=\"2560\" height=\"1441\" alt=\"\" title=\"kongresprogram2025-23\" aria-label=\"kongresprogram2025-23\" class=\"lazyload img-responsive wp-image-6046\" srcset=\"data:image\/svg+xml,%3Csvg%20xmlns%3D%27http%3A%2F%2Fwww.w3.org%2F2000%2Fsvg%27%20width%3D%272560%27%20height%3D%271441%27%20viewBox%3D%270%200%202560%201441%27%3E%3Crect%20width%3D%272560%27%20height%3D%271441%27%20fill-opacity%3D%220%22%2F%3E%3C%2Fsvg%3E\" data-srcset=\"https:\/\/www.kongres-estetickej-mediciny.sk\/wp-content\/uploads\/2025\/10\/kongresprogram2025-23-200x113.jpg 200w, https:\/\/www.kongres-estetickej-mediciny.sk\/wp-content\/uploads\/2025\/10\/kongresprogram2025-23-400x225.jpg 400w, https:\/\/www.kongres-estetickej-mediciny.sk\/wp-content\/uploads\/2025\/10\/kongresprogram2025-23-600x338.jpg 600w, https:\/\/www.kongres-estetickej-mediciny.sk\/wp-content\/uploads\/2025\/10\/kongresprogram2025-23-800x450.jpg 800w, https:\/\/www.kongres-estetickej-mediciny.sk\/wp-content\/uploads\/2025\/10\/kongresprogram2025-23-1200x676.jpg 1200w, https:\/\/www.kongres-estetickej-mediciny.sk\/wp-content\/uploads\/2025\/10\/kongresprogram2025-23-scaled.jpg 2560w\" data-sizes=\"auto\" data-orig-sizes=\"(min-width: 2200px) 100vw, (min-width: 824px) 387px, (min-width: 732px) 580px, (min-width: 640px) 732px, \" \/><\/a><\/div><\/div><div style=\"padding:5px;\" class=\"fusion-grid-column fusion-gallery-column fusion-gallery-column-3 hover-type-none\"><div class=\"fusion-gallery-image\"><a href=\"https:\/\/www.kongres-estetickej-mediciny.sk\/wp-content\/uploads\/2025\/10\/kongresprogram2025-22-scaled.jpg\" rel=\"noreferrer\" data-rel=\"iLightbox[gallery_image_1]\" class=\"fusion-lightbox\" target=\"_self\"><img decoding=\"async\" src=\"https:\/\/www.kongres-estetickej-mediciny.sk\/wp-content\/uploads\/2025\/10\/kongresprogram2025-22-scaled.jpg\" data-orig-src=\"https:\/\/www.kongres-estetickej-mediciny.sk\/wp-content\/uploads\/2025\/10\/kongresprogram2025-22-scaled.jpg\" width=\"2560\" height=\"1441\" alt=\"\" title=\"kongresprogram2025-22\" aria-label=\"kongresprogram2025-22\" class=\"lazyload img-responsive wp-image-6045\" srcset=\"data:image\/svg+xml,%3Csvg%20xmlns%3D%27http%3A%2F%2Fwww.w3.org%2F2000%2Fsvg%27%20width%3D%272560%27%20height%3D%271441%27%20viewBox%3D%270%200%202560%201441%27%3E%3Crect%20width%3D%272560%27%20height%3D%271441%27%20fill-opacity%3D%220%22%2F%3E%3C%2Fsvg%3E\" data-srcset=\"https:\/\/www.kongres-estetickej-mediciny.sk\/wp-content\/uploads\/2025\/10\/kongresprogram2025-22-200x113.jpg 200w, https:\/\/www.kongres-estetickej-mediciny.sk\/wp-content\/uploads\/2025\/10\/kongresprogram2025-22-400x225.jpg 400w, https:\/\/www.kongres-estetickej-mediciny.sk\/wp-content\/uploads\/2025\/10\/kongresprogram2025-22-600x338.jpg 600w, https:\/\/www.kongres-estetickej-mediciny.sk\/wp-content\/uploads\/2025\/10\/kongresprogram2025-22-800x450.jpg 800w, https:\/\/www.kongres-estetickej-mediciny.sk\/wp-content\/uploads\/2025\/10\/kongresprogram2025-22-1200x676.jpg 1200w, https:\/\/www.kongres-estetickej-mediciny.sk\/wp-content\/uploads\/2025\/10\/kongresprogram2025-22-scaled.jpg 2560w\" data-sizes=\"auto\" data-orig-sizes=\"(min-width: 2200px) 100vw, (min-width: 824px) 387px, (min-width: 732px) 580px, (min-width: 640px) 732px, \" \/><\/a><\/div><\/div><div style=\"padding:5px;\" class=\"fusion-grid-column fusion-gallery-column fusion-gallery-column-3 hover-type-none\"><div class=\"fusion-gallery-image\"><a href=\"https:\/\/www.kongres-estetickej-mediciny.sk\/wp-content\/uploads\/2025\/10\/kongresprogram2025-21-scaled.jpg\" rel=\"noreferrer\" data-rel=\"iLightbox[gallery_image_1]\" class=\"fusion-lightbox\" target=\"_self\"><img decoding=\"async\" src=\"https:\/\/www.kongres-estetickej-mediciny.sk\/wp-content\/uploads\/2025\/10\/kongresprogram2025-21-scaled.jpg\" data-orig-src=\"https:\/\/www.kongres-estetickej-mediciny.sk\/wp-content\/uploads\/2025\/10\/kongresprogram2025-21-scaled.jpg\" width=\"2560\" height=\"1441\" alt=\"\" title=\"kongresprogram2025-21\" aria-label=\"kongresprogram2025-21\" class=\"lazyload img-responsive wp-image-6044\" srcset=\"data:image\/svg+xml,%3Csvg%20xmlns%3D%27http%3A%2F%2Fwww.w3.org%2F2000%2Fsvg%27%20width%3D%272560%27%20height%3D%271441%27%20viewBox%3D%270%200%202560%201441%27%3E%3Crect%20width%3D%272560%27%20height%3D%271441%27%20fill-opacity%3D%220%22%2F%3E%3C%2Fsvg%3E\" data-srcset=\"https:\/\/www.kongres-estetickej-mediciny.sk\/wp-content\/uploads\/2025\/10\/kongresprogram2025-21-200x113.jpg 200w, https:\/\/www.kongres-estetickej-mediciny.sk\/wp-content\/uploads\/2025\/10\/kongresprogram2025-21-400x225.jpg 400w, https:\/\/www.kongres-estetickej-mediciny.sk\/wp-content\/uploads\/2025\/10\/kongresprogram2025-21-600x338.jpg 600w, https:\/\/www.kongres-estetickej-mediciny.sk\/wp-content\/uploads\/2025\/10\/kongresprogram2025-21-800x450.jpg 800w, https:\/\/www.kongres-estetickej-mediciny.sk\/wp-content\/uploads\/2025\/10\/kongresprogram2025-21-1200x676.jpg 1200w, https:\/\/www.kongres-estetickej-mediciny.sk\/wp-content\/uploads\/2025\/10\/kongresprogram2025-21-scaled.jpg 2560w\" data-sizes=\"auto\" data-orig-sizes=\"(min-width: 2200px) 100vw, (min-width: 824px) 387px, (min-width: 732px) 580px, (min-width: 640px) 732px, \" \/><\/a><\/div><\/div><div class=\"clearfix\"><\/div><div style=\"padding:5px;\" class=\"fusion-grid-column fusion-gallery-column fusion-gallery-column-3 hover-type-none\"><div class=\"fusion-gallery-image\"><a href=\"https:\/\/www.kongres-estetickej-mediciny.sk\/wp-content\/uploads\/2025\/10\/kongresprogram2025-20-scaled.jpg\" rel=\"noreferrer\" data-rel=\"iLightbox[gallery_image_1]\" class=\"fusion-lightbox\" target=\"_self\"><img decoding=\"async\" src=\"https:\/\/www.kongres-estetickej-mediciny.sk\/wp-content\/uploads\/2025\/10\/kongresprogram2025-20-scaled.jpg\" data-orig-src=\"https:\/\/www.kongres-estetickej-mediciny.sk\/wp-content\/uploads\/2025\/10\/kongresprogram2025-20-scaled.jpg\" width=\"2560\" height=\"1441\" alt=\"\" title=\"kongresprogram2025-20\" aria-label=\"kongresprogram2025-20\" class=\"lazyload img-responsive wp-image-6043\" srcset=\"data:image\/svg+xml,%3Csvg%20xmlns%3D%27http%3A%2F%2Fwww.w3.org%2F2000%2Fsvg%27%20width%3D%272560%27%20height%3D%271441%27%20viewBox%3D%270%200%202560%201441%27%3E%3Crect%20width%3D%272560%27%20height%3D%271441%27%20fill-opacity%3D%220%22%2F%3E%3C%2Fsvg%3E\" data-srcset=\"https:\/\/www.kongres-estetickej-mediciny.sk\/wp-content\/uploads\/2025\/10\/kongresprogram2025-20-200x113.jpg 200w, https:\/\/www.kongres-estetickej-mediciny.sk\/wp-content\/uploads\/2025\/10\/kongresprogram2025-20-400x225.jpg 400w, https:\/\/www.kongres-estetickej-mediciny.sk\/wp-content\/uploads\/2025\/10\/kongresprogram2025-20-600x338.jpg 600w, https:\/\/www.kongres-estetickej-mediciny.sk\/wp-content\/uploads\/2025\/10\/kongresprogram2025-20-800x450.jpg 800w, https:\/\/www.kongres-estetickej-mediciny.sk\/wp-content\/uploads\/2025\/10\/kongresprogram2025-20-1200x676.jpg 1200w, https:\/\/www.kongres-estetickej-mediciny.sk\/wp-content\/uploads\/2025\/10\/kongresprogram2025-20-scaled.jpg 2560w\" data-sizes=\"auto\" data-orig-sizes=\"(min-width: 2200px) 100vw, (min-width: 824px) 387px, (min-width: 732px) 580px, (min-width: 640px) 732px, \" \/><\/a><\/div><\/div><div style=\"padding:5px;\" class=\"fusion-grid-column fusion-gallery-column fusion-gallery-column-3 hover-type-none\"><div class=\"fusion-gallery-image\"><a href=\"https:\/\/www.kongres-estetickej-mediciny.sk\/wp-content\/uploads\/2025\/10\/kongresprogram2025-19-scaled.jpg\" rel=\"noreferrer\" data-rel=\"iLightbox[gallery_image_1]\" class=\"fusion-lightbox\" target=\"_self\"><img decoding=\"async\" src=\"https:\/\/www.kongres-estetickej-mediciny.sk\/wp-content\/uploads\/2025\/10\/kongresprogram2025-19-scaled.jpg\" data-orig-src=\"https:\/\/www.kongres-estetickej-mediciny.sk\/wp-content\/uploads\/2025\/10\/kongresprogram2025-19-scaled.jpg\" width=\"2560\" height=\"1441\" alt=\"\" title=\"kongresprogram2025-19\" aria-label=\"kongresprogram2025-19\" class=\"lazyload img-responsive wp-image-6042\" srcset=\"data:image\/svg+xml,%3Csvg%20xmlns%3D%27http%3A%2F%2Fwww.w3.org%2F2000%2Fsvg%27%20width%3D%272560%27%20height%3D%271441%27%20viewBox%3D%270%200%202560%201441%27%3E%3Crect%20width%3D%272560%27%20height%3D%271441%27%20fill-opacity%3D%220%22%2F%3E%3C%2Fsvg%3E\" data-srcset=\"https:\/\/www.kongres-estetickej-mediciny.sk\/wp-content\/uploads\/2025\/10\/kongresprogram2025-19-200x113.jpg 200w, https:\/\/www.kongres-estetickej-mediciny.sk\/wp-content\/uploads\/2025\/10\/kongresprogram2025-19-400x225.jpg 400w, https:\/\/www.kongres-estetickej-mediciny.sk\/wp-content\/uploads\/2025\/10\/kongresprogram2025-19-600x338.jpg 600w, https:\/\/www.kongres-estetickej-mediciny.sk\/wp-content\/uploads\/2025\/10\/kongresprogram2025-19-800x450.jpg 800w, https:\/\/www.kongres-estetickej-mediciny.sk\/wp-content\/uploads\/2025\/10\/kongresprogram2025-19-1200x676.jpg 1200w, https:\/\/www.kongres-estetickej-mediciny.sk\/wp-content\/uploads\/2025\/10\/kongresprogram2025-19-scaled.jpg 2560w\" data-sizes=\"auto\" data-orig-sizes=\"(min-width: 2200px) 100vw, (min-width: 824px) 387px, (min-width: 732px) 580px, (min-width: 640px) 732px, \" \/><\/a><\/div><\/div><div style=\"padding:5px;\" class=\"fusion-grid-column fusion-gallery-column fusion-gallery-column-3 hover-type-none\"><div class=\"fusion-gallery-image\"><a href=\"https:\/\/www.kongres-estetickej-mediciny.sk\/wp-content\/uploads\/2025\/10\/kongresprogram2025-18-scaled.jpg\" rel=\"noreferrer\" data-rel=\"iLightbox[gallery_image_1]\" class=\"fusion-lightbox\" target=\"_self\"><img decoding=\"async\" src=\"https:\/\/www.kongres-estetickej-mediciny.sk\/wp-content\/uploads\/2025\/10\/kongresprogram2025-18-scaled.jpg\" data-orig-src=\"https:\/\/www.kongres-estetickej-mediciny.sk\/wp-content\/uploads\/2025\/10\/kongresprogram2025-18-scaled.jpg\" width=\"2560\" height=\"1441\" alt=\"\" title=\"kongresprogram2025-18\" aria-label=\"kongresprogram2025-18\" class=\"lazyload img-responsive wp-image-6041\" srcset=\"data:image\/svg+xml,%3Csvg%20xmlns%3D%27http%3A%2F%2Fwww.w3.org%2F2000%2Fsvg%27%20width%3D%272560%27%20height%3D%271441%27%20viewBox%3D%270%200%202560%201441%27%3E%3Crect%20width%3D%272560%27%20height%3D%271441%27%20fill-opacity%3D%220%22%2F%3E%3C%2Fsvg%3E\" data-srcset=\"https:\/\/www.kongres-estetickej-mediciny.sk\/wp-content\/uploads\/2025\/10\/kongresprogram2025-18-200x113.jpg 200w, https:\/\/www.kongres-estetickej-mediciny.sk\/wp-content\/uploads\/2025\/10\/kongresprogram2025-18-400x225.jpg 400w, https:\/\/www.kongres-estetickej-mediciny.sk\/wp-content\/uploads\/2025\/10\/kongresprogram2025-18-600x338.jpg 600w, https:\/\/www.kongres-estetickej-mediciny.sk\/wp-content\/uploads\/2025\/10\/kongresprogram2025-18-800x450.jpg 800w, https:\/\/www.kongres-estetickej-mediciny.sk\/wp-content\/uploads\/2025\/10\/kongresprogram2025-18-1200x676.jpg 1200w, https:\/\/www.kongres-estetickej-mediciny.sk\/wp-content\/uploads\/2025\/10\/kongresprogram2025-18-scaled.jpg 2560w\" data-sizes=\"auto\" data-orig-sizes=\"(min-width: 2200px) 100vw, (min-width: 824px) 387px, (min-width: 732px) 580px, (min-width: 640px) 732px, \" \/><\/a><\/div><\/div><div class=\"clearfix\"><\/div><div style=\"padding:5px;\" class=\"fusion-grid-column fusion-gallery-column fusion-gallery-column-3 hover-type-none\"><div class=\"fusion-gallery-image\"><a href=\"https:\/\/www.kongres-estetickej-mediciny.sk\/wp-content\/uploads\/2025\/10\/kongresprogram2025-17-scaled.jpg\" rel=\"noreferrer\" data-rel=\"iLightbox[gallery_image_1]\" class=\"fusion-lightbox\" target=\"_self\"><img decoding=\"async\" src=\"https:\/\/www.kongres-estetickej-mediciny.sk\/wp-content\/uploads\/2025\/10\/kongresprogram2025-17-scaled.jpg\" data-orig-src=\"https:\/\/www.kongres-estetickej-mediciny.sk\/wp-content\/uploads\/2025\/10\/kongresprogram2025-17-scaled.jpg\" width=\"2560\" height=\"1441\" alt=\"\" title=\"kongresprogram2025-17\" aria-label=\"kongresprogram2025-17\" class=\"lazyload img-responsive wp-image-6040\" srcset=\"data:image\/svg+xml,%3Csvg%20xmlns%3D%27http%3A%2F%2Fwww.w3.org%2F2000%2Fsvg%27%20width%3D%272560%27%20height%3D%271441%27%20viewBox%3D%270%200%202560%201441%27%3E%3Crect%20width%3D%272560%27%20height%3D%271441%27%20fill-opacity%3D%220%22%2F%3E%3C%2Fsvg%3E\" data-srcset=\"https:\/\/www.kongres-estetickej-mediciny.sk\/wp-content\/uploads\/2025\/10\/kongresprogram2025-17-200x113.jpg 200w, https:\/\/www.kongres-estetickej-mediciny.sk\/wp-content\/uploads\/2025\/10\/kongresprogram2025-17-400x225.jpg 400w, https:\/\/www.kongres-estetickej-mediciny.sk\/wp-content\/uploads\/2025\/10\/kongresprogram2025-17-600x338.jpg 600w, https:\/\/www.kongres-estetickej-mediciny.sk\/wp-content\/uploads\/2025\/10\/kongresprogram2025-17-800x450.jpg 800w, https:\/\/www.kongres-estetickej-mediciny.sk\/wp-content\/uploads\/2025\/10\/kongresprogram2025-17-1200x676.jpg 1200w, https:\/\/www.kongres-estetickej-mediciny.sk\/wp-content\/uploads\/2025\/10\/kongresprogram2025-17-scaled.jpg 2560w\" data-sizes=\"auto\" data-orig-sizes=\"(min-width: 2200px) 100vw, (min-width: 824px) 387px, (min-width: 732px) 580px, (min-width: 640px) 732px, \" \/><\/a><\/div><\/div><div style=\"padding:5px;\" class=\"fusion-grid-column fusion-gallery-column fusion-gallery-column-3 hover-type-none\"><div class=\"fusion-gallery-image\"><a href=\"https:\/\/www.kongres-estetickej-mediciny.sk\/wp-content\/uploads\/2025\/10\/kongresprogram2025-16-scaled.jpg\" rel=\"noreferrer\" data-rel=\"iLightbox[gallery_image_1]\" class=\"fusion-lightbox\" target=\"_self\"><img decoding=\"async\" src=\"https:\/\/www.kongres-estetickej-mediciny.sk\/wp-content\/uploads\/2025\/10\/kongresprogram2025-16-scaled.jpg\" data-orig-src=\"https:\/\/www.kongres-estetickej-mediciny.sk\/wp-content\/uploads\/2025\/10\/kongresprogram2025-16-scaled.jpg\" width=\"1441\" height=\"2560\" alt=\"\" title=\"kongresprogram2025-16\" aria-label=\"kongresprogram2025-16\" class=\"lazyload img-responsive wp-image-6039\" srcset=\"data:image\/svg+xml,%3Csvg%20xmlns%3D%27http%3A%2F%2Fwww.w3.org%2F2000%2Fsvg%27%20width%3D%271441%27%20height%3D%272560%27%20viewBox%3D%270%200%201441%202560%27%3E%3Crect%20width%3D%271441%27%20height%3D%272560%27%20fill-opacity%3D%220%22%2F%3E%3C%2Fsvg%3E\" data-srcset=\"https:\/\/www.kongres-estetickej-mediciny.sk\/wp-content\/uploads\/2025\/10\/kongresprogram2025-16-200x355.jpg 200w, https:\/\/www.kongres-estetickej-mediciny.sk\/wp-content\/uploads\/2025\/10\/kongresprogram2025-16-400x710.jpg 400w, https:\/\/www.kongres-estetickej-mediciny.sk\/wp-content\/uploads\/2025\/10\/kongresprogram2025-16-600x1066.jpg 600w, https:\/\/www.kongres-estetickej-mediciny.sk\/wp-content\/uploads\/2025\/10\/kongresprogram2025-16-800x1421.jpg 800w, https:\/\/www.kongres-estetickej-mediciny.sk\/wp-content\/uploads\/2025\/10\/kongresprogram2025-16-1200x2131.jpg 1200w, https:\/\/www.kongres-estetickej-mediciny.sk\/wp-content\/uploads\/2025\/10\/kongresprogram2025-16-scaled.jpg 1441w\" data-sizes=\"auto\" data-orig-sizes=\"(min-width: 2200px) 100vw, (min-width: 824px) 387px, (min-width: 732px) 580px, (min-width: 640px) 732px, \" \/><\/a><\/div><\/div><div style=\"padding:5px;\" class=\"fusion-grid-column fusion-gallery-column fusion-gallery-column-3 hover-type-none\"><div class=\"fusion-gallery-image\"><a href=\"https:\/\/www.kongres-estetickej-mediciny.sk\/wp-content\/uploads\/2025\/10\/kongresprogram2025-15-scaled.jpg\" rel=\"noreferrer\" data-rel=\"iLightbox[gallery_image_1]\" class=\"fusion-lightbox\" target=\"_self\"><img decoding=\"async\" src=\"https:\/\/www.kongres-estetickej-mediciny.sk\/wp-content\/uploads\/2025\/10\/kongresprogram2025-15-scaled.jpg\" data-orig-src=\"https:\/\/www.kongres-estetickej-mediciny.sk\/wp-content\/uploads\/2025\/10\/kongresprogram2025-15-scaled.jpg\" width=\"2560\" height=\"1441\" alt=\"\" title=\"kongresprogram2025-15\" aria-label=\"kongresprogram2025-15\" class=\"lazyload img-responsive wp-image-6038\" srcset=\"data:image\/svg+xml,%3Csvg%20xmlns%3D%27http%3A%2F%2Fwww.w3.org%2F2000%2Fsvg%27%20width%3D%272560%27%20height%3D%271441%27%20viewBox%3D%270%200%202560%201441%27%3E%3Crect%20width%3D%272560%27%20height%3D%271441%27%20fill-opacity%3D%220%22%2F%3E%3C%2Fsvg%3E\" data-srcset=\"https:\/\/www.kongres-estetickej-mediciny.sk\/wp-content\/uploads\/2025\/10\/kongresprogram2025-15-200x113.jpg 200w, https:\/\/www.kongres-estetickej-mediciny.sk\/wp-content\/uploads\/2025\/10\/kongresprogram2025-15-400x225.jpg 400w, https:\/\/www.kongres-estetickej-mediciny.sk\/wp-content\/uploads\/2025\/10\/kongresprogram2025-15-600x338.jpg 600w, https:\/\/www.kongres-estetickej-mediciny.sk\/wp-content\/uploads\/2025\/10\/kongresprogram2025-15-800x450.jpg 800w, https:\/\/www.kongres-estetickej-mediciny.sk\/wp-content\/uploads\/2025\/10\/kongresprogram2025-15-1200x676.jpg 1200w, https:\/\/www.kongres-estetickej-mediciny.sk\/wp-content\/uploads\/2025\/10\/kongresprogram2025-15-scaled.jpg 2560w\" data-sizes=\"auto\" data-orig-sizes=\"(min-width: 2200px) 100vw, (min-width: 824px) 387px, (min-width: 732px) 580px, (min-width: 640px) 732px, \" \/><\/a><\/div><\/div><div class=\"clearfix\"><\/div><div style=\"padding:5px;\" class=\"fusion-grid-column fusion-gallery-column fusion-gallery-column-3 hover-type-none\"><div class=\"fusion-gallery-image\"><a href=\"https:\/\/www.kongres-estetickej-mediciny.sk\/wp-content\/uploads\/2025\/10\/kongresprogram2025-14-scaled.jpg\" rel=\"noreferrer\" data-rel=\"iLightbox[gallery_image_1]\" class=\"fusion-lightbox\" target=\"_self\"><img decoding=\"async\" src=\"https:\/\/www.kongres-estetickej-mediciny.sk\/wp-content\/uploads\/2025\/10\/kongresprogram2025-14-scaled.jpg\" data-orig-src=\"https:\/\/www.kongres-estetickej-mediciny.sk\/wp-content\/uploads\/2025\/10\/kongresprogram2025-14-scaled.jpg\" width=\"2560\" height=\"1441\" alt=\"\" title=\"kongresprogram2025-14\" aria-label=\"kongresprogram2025-14\" class=\"lazyload img-responsive wp-image-6037\" srcset=\"data:image\/svg+xml,%3Csvg%20xmlns%3D%27http%3A%2F%2Fwww.w3.org%2F2000%2Fsvg%27%20width%3D%272560%27%20height%3D%271441%27%20viewBox%3D%270%200%202560%201441%27%3E%3Crect%20width%3D%272560%27%20height%3D%271441%27%20fill-opacity%3D%220%22%2F%3E%3C%2Fsvg%3E\" data-srcset=\"https:\/\/www.kongres-estetickej-mediciny.sk\/wp-content\/uploads\/2025\/10\/kongresprogram2025-14-200x113.jpg 200w, https:\/\/www.kongres-estetickej-mediciny.sk\/wp-content\/uploads\/2025\/10\/kongresprogram2025-14-400x225.jpg 400w, https:\/\/www.kongres-estetickej-mediciny.sk\/wp-content\/uploads\/2025\/10\/kongresprogram2025-14-600x338.jpg 600w, https:\/\/www.kongres-estetickej-mediciny.sk\/wp-content\/uploads\/2025\/10\/kongresprogram2025-14-800x450.jpg 800w, https:\/\/www.kongres-estetickej-mediciny.sk\/wp-content\/uploads\/2025\/10\/kongresprogram2025-14-1200x676.jpg 1200w, https:\/\/www.kongres-estetickej-mediciny.sk\/wp-content\/uploads\/2025\/10\/kongresprogram2025-14-scaled.jpg 2560w\" data-sizes=\"auto\" data-orig-sizes=\"(min-width: 2200px) 100vw, (min-width: 824px) 387px, (min-width: 732px) 580px, (min-width: 640px) 732px, \" \/><\/a><\/div><\/div><div style=\"padding:5px;\" class=\"fusion-grid-column fusion-gallery-column fusion-gallery-column-3 hover-type-none\"><div class=\"fusion-gallery-image\"><a href=\"https:\/\/www.kongres-estetickej-mediciny.sk\/wp-content\/uploads\/2025\/10\/kongresprogram2025-13-scaled.jpg\" rel=\"noreferrer\" data-rel=\"iLightbox[gallery_image_1]\" class=\"fusion-lightbox\" target=\"_self\"><img decoding=\"async\" src=\"https:\/\/www.kongres-estetickej-mediciny.sk\/wp-content\/uploads\/2025\/10\/kongresprogram2025-13-scaled.jpg\" data-orig-src=\"https:\/\/www.kongres-estetickej-mediciny.sk\/wp-content\/uploads\/2025\/10\/kongresprogram2025-13-scaled.jpg\" width=\"2560\" height=\"1441\" alt=\"\" title=\"kongresprogram2025-13\" aria-label=\"kongresprogram2025-13\" class=\"lazyload img-responsive wp-image-6036\" srcset=\"data:image\/svg+xml,%3Csvg%20xmlns%3D%27http%3A%2F%2Fwww.w3.org%2F2000%2Fsvg%27%20width%3D%272560%27%20height%3D%271441%27%20viewBox%3D%270%200%202560%201441%27%3E%3Crect%20width%3D%272560%27%20height%3D%271441%27%20fill-opacity%3D%220%22%2F%3E%3C%2Fsvg%3E\" data-srcset=\"https:\/\/www.kongres-estetickej-mediciny.sk\/wp-content\/uploads\/2025\/10\/kongresprogram2025-13-200x113.jpg 200w, https:\/\/www.kongres-estetickej-mediciny.sk\/wp-content\/uploads\/2025\/10\/kongresprogram2025-13-400x225.jpg 400w, https:\/\/www.kongres-estetickej-mediciny.sk\/wp-content\/uploads\/2025\/10\/kongresprogram2025-13-600x338.jpg 600w, https:\/\/www.kongres-estetickej-mediciny.sk\/wp-content\/uploads\/2025\/10\/kongresprogram2025-13-800x450.jpg 800w, https:\/\/www.kongres-estetickej-mediciny.sk\/wp-content\/uploads\/2025\/10\/kongresprogram2025-13-1200x676.jpg 1200w, https:\/\/www.kongres-estetickej-mediciny.sk\/wp-content\/uploads\/2025\/10\/kongresprogram2025-13-scaled.jpg 2560w\" data-sizes=\"auto\" data-orig-sizes=\"(min-width: 2200px) 100vw, (min-width: 824px) 387px, (min-width: 732px) 580px, (min-width: 640px) 732px, \" \/><\/a><\/div><\/div><div style=\"padding:5px;\" class=\"fusion-grid-column fusion-gallery-column fusion-gallery-column-3 hover-type-none\"><div class=\"fusion-gallery-image\"><a href=\"https:\/\/www.kongres-estetickej-mediciny.sk\/wp-content\/uploads\/2025\/10\/kongresprogram2025-12-scaled.jpg\" rel=\"noreferrer\" data-rel=\"iLightbox[gallery_image_1]\" class=\"fusion-lightbox\" target=\"_self\"><img decoding=\"async\" src=\"https:\/\/www.kongres-estetickej-mediciny.sk\/wp-content\/uploads\/2025\/10\/kongresprogram2025-12-scaled.jpg\" data-orig-src=\"https:\/\/www.kongres-estetickej-mediciny.sk\/wp-content\/uploads\/2025\/10\/kongresprogram2025-12-scaled.jpg\" width=\"2560\" height=\"1441\" alt=\"\" title=\"kongresprogram2025-12\" aria-label=\"kongresprogram2025-12\" class=\"lazyload img-responsive wp-image-6035\" srcset=\"data:image\/svg+xml,%3Csvg%20xmlns%3D%27http%3A%2F%2Fwww.w3.org%2F2000%2Fsvg%27%20width%3D%272560%27%20height%3D%271441%27%20viewBox%3D%270%200%202560%201441%27%3E%3Crect%20width%3D%272560%27%20height%3D%271441%27%20fill-opacity%3D%220%22%2F%3E%3C%2Fsvg%3E\" data-srcset=\"https:\/\/www.kongres-estetickej-mediciny.sk\/wp-content\/uploads\/2025\/10\/kongresprogram2025-12-200x113.jpg 200w, https:\/\/www.kongres-estetickej-mediciny.sk\/wp-content\/uploads\/2025\/10\/kongresprogram2025-12-400x225.jpg 400w, https:\/\/www.kongres-estetickej-mediciny.sk\/wp-content\/uploads\/2025\/10\/kongresprogram2025-12-600x338.jpg 600w, https:\/\/www.kongres-estetickej-mediciny.sk\/wp-content\/uploads\/2025\/10\/kongresprogram2025-12-800x450.jpg 800w, https:\/\/www.kongres-estetickej-mediciny.sk\/wp-content\/uploads\/2025\/10\/kongresprogram2025-12-1200x676.jpg 1200w, https:\/\/www.kongres-estetickej-mediciny.sk\/wp-content\/uploads\/2025\/10\/kongresprogram2025-12-scaled.jpg 2560w\" data-sizes=\"auto\" data-orig-sizes=\"(min-width: 2200px) 100vw, (min-width: 824px) 387px, (min-width: 732px) 580px, (min-width: 640px) 732px, \" \/><\/a><\/div><\/div><div class=\"clearfix\"><\/div><div style=\"padding:5px;\" class=\"fusion-grid-column fusion-gallery-column fusion-gallery-column-3 hover-type-none\"><div class=\"fusion-gallery-image\"><a href=\"https:\/\/www.kongres-estetickej-mediciny.sk\/wp-content\/uploads\/2025\/10\/kongresprogram2025-11-scaled.jpg\" rel=\"noreferrer\" data-rel=\"iLightbox[gallery_image_1]\" class=\"fusion-lightbox\" target=\"_self\"><img decoding=\"async\" src=\"https:\/\/www.kongres-estetickej-mediciny.sk\/wp-content\/uploads\/2025\/10\/kongresprogram2025-11-scaled.jpg\" data-orig-src=\"https:\/\/www.kongres-estetickej-mediciny.sk\/wp-content\/uploads\/2025\/10\/kongresprogram2025-11-scaled.jpg\" width=\"2560\" height=\"1441\" alt=\"\" title=\"kongresprogram2025-11\" aria-label=\"kongresprogram2025-11\" class=\"lazyload img-responsive wp-image-6034\" srcset=\"data:image\/svg+xml,%3Csvg%20xmlns%3D%27http%3A%2F%2Fwww.w3.org%2F2000%2Fsvg%27%20width%3D%272560%27%20height%3D%271441%27%20viewBox%3D%270%200%202560%201441%27%3E%3Crect%20width%3D%272560%27%20height%3D%271441%27%20fill-opacity%3D%220%22%2F%3E%3C%2Fsvg%3E\" data-srcset=\"https:\/\/www.kongres-estetickej-mediciny.sk\/wp-content\/uploads\/2025\/10\/kongresprogram2025-11-200x113.jpg 200w, https:\/\/www.kongres-estetickej-mediciny.sk\/wp-content\/uploads\/2025\/10\/kongresprogram2025-11-400x225.jpg 400w, https:\/\/www.kongres-estetickej-mediciny.sk\/wp-content\/uploads\/2025\/10\/kongresprogram2025-11-600x338.jpg 600w, https:\/\/www.kongres-estetickej-mediciny.sk\/wp-content\/uploads\/2025\/10\/kongresprogram2025-11-800x450.jpg 800w, https:\/\/www.kongres-estetickej-mediciny.sk\/wp-content\/uploads\/2025\/10\/kongresprogram2025-11-1200x676.jpg 1200w, https:\/\/www.kongres-estetickej-mediciny.sk\/wp-content\/uploads\/2025\/10\/kongresprogram2025-11-scaled.jpg 2560w\" data-sizes=\"auto\" data-orig-sizes=\"(min-width: 2200px) 100vw, (min-width: 824px) 387px, (min-width: 732px) 580px, (min-width: 640px) 732px, \" \/><\/a><\/div><\/div><div style=\"padding:5px;\" class=\"fusion-grid-column fusion-gallery-column fusion-gallery-column-3 hover-type-none\"><div class=\"fusion-gallery-image\"><a href=\"https:\/\/www.kongres-estetickej-mediciny.sk\/wp-content\/uploads\/2025\/10\/kongresprogram2025-10-scaled.jpg\" rel=\"noreferrer\" data-rel=\"iLightbox[gallery_image_1]\" class=\"fusion-lightbox\" target=\"_self\"><img decoding=\"async\" src=\"https:\/\/www.kongres-estetickej-mediciny.sk\/wp-content\/uploads\/2025\/10\/kongresprogram2025-10-scaled.jpg\" data-orig-src=\"https:\/\/www.kongres-estetickej-mediciny.sk\/wp-content\/uploads\/2025\/10\/kongresprogram2025-10-scaled.jpg\" width=\"2560\" height=\"1441\" alt=\"\" title=\"kongresprogram2025-10\" aria-label=\"kongresprogram2025-10\" class=\"lazyload img-responsive wp-image-6033\" srcset=\"data:image\/svg+xml,%3Csvg%20xmlns%3D%27http%3A%2F%2Fwww.w3.org%2F2000%2Fsvg%27%20width%3D%272560%27%20height%3D%271441%27%20viewBox%3D%270%200%202560%201441%27%3E%3Crect%20width%3D%272560%27%20height%3D%271441%27%20fill-opacity%3D%220%22%2F%3E%3C%2Fsvg%3E\" data-srcset=\"https:\/\/www.kongres-estetickej-mediciny.sk\/wp-content\/uploads\/2025\/10\/kongresprogram2025-10-200x113.jpg 200w, https:\/\/www.kongres-estetickej-mediciny.sk\/wp-content\/uploads\/2025\/10\/kongresprogram2025-10-400x225.jpg 400w, https:\/\/www.kongres-estetickej-mediciny.sk\/wp-content\/uploads\/2025\/10\/kongresprogram2025-10-600x338.jpg 600w, https:\/\/www.kongres-estetickej-mediciny.sk\/wp-content\/uploads\/2025\/10\/kongresprogram2025-10-800x450.jpg 800w, https:\/\/www.kongres-estetickej-mediciny.sk\/wp-content\/uploads\/2025\/10\/kongresprogram2025-10-1200x676.jpg 1200w, https:\/\/www.kongres-estetickej-mediciny.sk\/wp-content\/uploads\/2025\/10\/kongresprogram2025-10-scaled.jpg 2560w\" data-sizes=\"auto\" data-orig-sizes=\"(min-width: 2200px) 100vw, (min-width: 824px) 387px, (min-width: 732px) 580px, (min-width: 640px) 732px, \" \/><\/a><\/div><\/div><div style=\"padding:5px;\" class=\"fusion-grid-column fusion-gallery-column fusion-gallery-column-3 hover-type-none\"><div class=\"fusion-gallery-image\"><a href=\"https:\/\/www.kongres-estetickej-mediciny.sk\/wp-content\/uploads\/2025\/10\/kongresprogram2025-9-scaled.jpg\" rel=\"noreferrer\" data-rel=\"iLightbox[gallery_image_1]\" class=\"fusion-lightbox\" target=\"_self\"><img decoding=\"async\" src=\"https:\/\/www.kongres-estetickej-mediciny.sk\/wp-content\/uploads\/2025\/10\/kongresprogram2025-9-scaled.jpg\" data-orig-src=\"https:\/\/www.kongres-estetickej-mediciny.sk\/wp-content\/uploads\/2025\/10\/kongresprogram2025-9-scaled.jpg\" width=\"2560\" height=\"1441\" alt=\"\" title=\"kongresprogram2025-9\" aria-label=\"kongresprogram2025-9\" class=\"lazyload img-responsive wp-image-6032\" srcset=\"data:image\/svg+xml,%3Csvg%20xmlns%3D%27http%3A%2F%2Fwww.w3.org%2F2000%2Fsvg%27%20width%3D%272560%27%20height%3D%271441%27%20viewBox%3D%270%200%202560%201441%27%3E%3Crect%20width%3D%272560%27%20height%3D%271441%27%20fill-opacity%3D%220%22%2F%3E%3C%2Fsvg%3E\" data-srcset=\"https:\/\/www.kongres-estetickej-mediciny.sk\/wp-content\/uploads\/2025\/10\/kongresprogram2025-9-200x113.jpg 200w, https:\/\/www.kongres-estetickej-mediciny.sk\/wp-content\/uploads\/2025\/10\/kongresprogram2025-9-400x225.jpg 400w, https:\/\/www.kongres-estetickej-mediciny.sk\/wp-content\/uploads\/2025\/10\/kongresprogram2025-9-600x338.jpg 600w, https:\/\/www.kongres-estetickej-mediciny.sk\/wp-content\/uploads\/2025\/10\/kongresprogram2025-9-800x450.jpg 800w, https:\/\/www.kongres-estetickej-mediciny.sk\/wp-content\/uploads\/2025\/10\/kongresprogram2025-9-1200x676.jpg 1200w, https:\/\/www.kongres-estetickej-mediciny.sk\/wp-content\/uploads\/2025\/10\/kongresprogram2025-9-scaled.jpg 2560w\" data-sizes=\"auto\" data-orig-sizes=\"(min-width: 2200px) 100vw, (min-width: 824px) 387px, (min-width: 732px) 580px, (min-width: 640px) 732px, \" \/><\/a><\/div><\/div><div class=\"clearfix\"><\/div><div style=\"padding:5px;\" class=\"fusion-grid-column fusion-gallery-column fusion-gallery-column-3 hover-type-none\"><div class=\"fusion-gallery-image\"><a href=\"https:\/\/www.kongres-estetickej-mediciny.sk\/wp-content\/uploads\/2025\/10\/kongresprogram2025-8-scaled.jpg\" rel=\"noreferrer\" data-rel=\"iLightbox[gallery_image_1]\" class=\"fusion-lightbox\" target=\"_self\"><img decoding=\"async\" src=\"https:\/\/www.kongres-estetickej-mediciny.sk\/wp-content\/uploads\/2025\/10\/kongresprogram2025-8-scaled.jpg\" data-orig-src=\"https:\/\/www.kongres-estetickej-mediciny.sk\/wp-content\/uploads\/2025\/10\/kongresprogram2025-8-scaled.jpg\" width=\"2560\" height=\"1441\" alt=\"\" title=\"kongresprogram2025-8\" aria-label=\"kongresprogram2025-8\" class=\"lazyload img-responsive wp-image-6031\" srcset=\"data:image\/svg+xml,%3Csvg%20xmlns%3D%27http%3A%2F%2Fwww.w3.org%2F2000%2Fsvg%27%20width%3D%272560%27%20height%3D%271441%27%20viewBox%3D%270%200%202560%201441%27%3E%3Crect%20width%3D%272560%27%20height%3D%271441%27%20fill-opacity%3D%220%22%2F%3E%3C%2Fsvg%3E\" data-srcset=\"https:\/\/www.kongres-estetickej-mediciny.sk\/wp-content\/uploads\/2025\/10\/kongresprogram2025-8-200x113.jpg 200w, https:\/\/www.kongres-estetickej-mediciny.sk\/wp-content\/uploads\/2025\/10\/kongresprogram2025-8-400x225.jpg 400w, https:\/\/www.kongres-estetickej-mediciny.sk\/wp-content\/uploads\/2025\/10\/kongresprogram2025-8-600x338.jpg 600w, https:\/\/www.kongres-estetickej-mediciny.sk\/wp-content\/uploads\/2025\/10\/kongresprogram2025-8-800x450.jpg 800w, https:\/\/www.kongres-estetickej-mediciny.sk\/wp-content\/uploads\/2025\/10\/kongresprogram2025-8-1200x676.jpg 1200w, https:\/\/www.kongres-estetickej-mediciny.sk\/wp-content\/uploads\/2025\/10\/kongresprogram2025-8-scaled.jpg 2560w\" data-sizes=\"auto\" data-orig-sizes=\"(min-width: 2200px) 100vw, (min-width: 824px) 387px, (min-width: 732px) 580px, (min-width: 640px) 732px, \" \/><\/a><\/div><\/div><div style=\"padding:5px;\" class=\"fusion-grid-column fusion-gallery-column fusion-gallery-column-3 hover-type-none\"><div class=\"fusion-gallery-image\"><a href=\"https:\/\/www.kongres-estetickej-mediciny.sk\/wp-content\/uploads\/2025\/10\/kongresprogram2025-7-scaled.jpg\" rel=\"noreferrer\" data-rel=\"iLightbox[gallery_image_1]\" class=\"fusion-lightbox\" target=\"_self\"><img decoding=\"async\" src=\"https:\/\/www.kongres-estetickej-mediciny.sk\/wp-content\/uploads\/2025\/10\/kongresprogram2025-7-scaled.jpg\" data-orig-src=\"https:\/\/www.kongres-estetickej-mediciny.sk\/wp-content\/uploads\/2025\/10\/kongresprogram2025-7-scaled.jpg\" width=\"2560\" height=\"1441\" alt=\"\" title=\"kongresprogram2025-7\" aria-label=\"kongresprogram2025-7\" class=\"lazyload img-responsive wp-image-6030\" srcset=\"data:image\/svg+xml,%3Csvg%20xmlns%3D%27http%3A%2F%2Fwww.w3.org%2F2000%2Fsvg%27%20width%3D%272560%27%20height%3D%271441%27%20viewBox%3D%270%200%202560%201441%27%3E%3Crect%20width%3D%272560%27%20height%3D%271441%27%20fill-opacity%3D%220%22%2F%3E%3C%2Fsvg%3E\" data-srcset=\"https:\/\/www.kongres-estetickej-mediciny.sk\/wp-content\/uploads\/2025\/10\/kongresprogram2025-7-200x113.jpg 200w, https:\/\/www.kongres-estetickej-mediciny.sk\/wp-content\/uploads\/2025\/10\/kongresprogram2025-7-400x225.jpg 400w, https:\/\/www.kongres-estetickej-mediciny.sk\/wp-content\/uploads\/2025\/10\/kongresprogram2025-7-600x338.jpg 600w, https:\/\/www.kongres-estetickej-mediciny.sk\/wp-content\/uploads\/2025\/10\/kongresprogram2025-7-800x450.jpg 800w, https:\/\/www.kongres-estetickej-mediciny.sk\/wp-content\/uploads\/2025\/10\/kongresprogram2025-7-1200x676.jpg 1200w, https:\/\/www.kongres-estetickej-mediciny.sk\/wp-content\/uploads\/2025\/10\/kongresprogram2025-7-scaled.jpg 2560w\" data-sizes=\"auto\" data-orig-sizes=\"(min-width: 2200px) 100vw, (min-width: 824px) 387px, (min-width: 732px) 580px, (min-width: 640px) 732px, \" \/><\/a><\/div><\/div><div style=\"padding:5px;\" class=\"fusion-grid-column fusion-gallery-column fusion-gallery-column-3 hover-type-none\"><div class=\"fusion-gallery-image\"><a href=\"https:\/\/www.kongres-estetickej-mediciny.sk\/wp-content\/uploads\/2025\/10\/kongresprogram2025-6-scaled.jpg\" rel=\"noreferrer\" data-rel=\"iLightbox[gallery_image_1]\" class=\"fusion-lightbox\" target=\"_self\"><img decoding=\"async\" src=\"https:\/\/www.kongres-estetickej-mediciny.sk\/wp-content\/uploads\/2025\/10\/kongresprogram2025-6-scaled.jpg\" data-orig-src=\"https:\/\/www.kongres-estetickej-mediciny.sk\/wp-content\/uploads\/2025\/10\/kongresprogram2025-6-scaled.jpg\" width=\"2560\" height=\"1441\" alt=\"\" title=\"kongresprogram2025-6\" aria-label=\"kongresprogram2025-6\" class=\"lazyload img-responsive wp-image-6029\" srcset=\"data:image\/svg+xml,%3Csvg%20xmlns%3D%27http%3A%2F%2Fwww.w3.org%2F2000%2Fsvg%27%20width%3D%272560%27%20height%3D%271441%27%20viewBox%3D%270%200%202560%201441%27%3E%3Crect%20width%3D%272560%27%20height%3D%271441%27%20fill-opacity%3D%220%22%2F%3E%3C%2Fsvg%3E\" data-srcset=\"https:\/\/www.kongres-estetickej-mediciny.sk\/wp-content\/uploads\/2025\/10\/kongresprogram2025-6-200x113.jpg 200w, https:\/\/www.kongres-estetickej-mediciny.sk\/wp-content\/uploads\/2025\/10\/kongresprogram2025-6-400x225.jpg 400w, https:\/\/www.kongres-estetickej-mediciny.sk\/wp-content\/uploads\/2025\/10\/kongresprogram2025-6-600x338.jpg 600w, https:\/\/www.kongres-estetickej-mediciny.sk\/wp-content\/uploads\/2025\/10\/kongresprogram2025-6-800x450.jpg 800w, https:\/\/www.kongres-estetickej-mediciny.sk\/wp-content\/uploads\/2025\/10\/kongresprogram2025-6-1200x676.jpg 1200w, https:\/\/www.kongres-estetickej-mediciny.sk\/wp-content\/uploads\/2025\/10\/kongresprogram2025-6-scaled.jpg 2560w\" data-sizes=\"auto\" data-orig-sizes=\"(min-width: 2200px) 100vw, (min-width: 824px) 387px, (min-width: 732px) 580px, (min-width: 640px) 732px, \" \/><\/a><\/div><\/div><div class=\"clearfix\"><\/div><div style=\"padding:5px;\" class=\"fusion-grid-column fusion-gallery-column fusion-gallery-column-3 hover-type-none\"><div class=\"fusion-gallery-image\"><a href=\"https:\/\/www.kongres-estetickej-mediciny.sk\/wp-content\/uploads\/2025\/10\/kongresprogram2025-5-scaled.jpg\" rel=\"noreferrer\" data-rel=\"iLightbox[gallery_image_1]\" class=\"fusion-lightbox\" target=\"_self\"><img decoding=\"async\" src=\"https:\/\/www.kongres-estetickej-mediciny.sk\/wp-content\/uploads\/2025\/10\/kongresprogram2025-5-scaled.jpg\" data-orig-src=\"https:\/\/www.kongres-estetickej-mediciny.sk\/wp-content\/uploads\/2025\/10\/kongresprogram2025-5-scaled.jpg\" width=\"2560\" height=\"1441\" alt=\"\" title=\"kongresprogram2025-5\" aria-label=\"kongresprogram2025-5\" class=\"lazyload img-responsive wp-image-6028\" srcset=\"data:image\/svg+xml,%3Csvg%20xmlns%3D%27http%3A%2F%2Fwww.w3.org%2F2000%2Fsvg%27%20width%3D%272560%27%20height%3D%271441%27%20viewBox%3D%270%200%202560%201441%27%3E%3Crect%20width%3D%272560%27%20height%3D%271441%27%20fill-opacity%3D%220%22%2F%3E%3C%2Fsvg%3E\" data-srcset=\"https:\/\/www.kongres-estetickej-mediciny.sk\/wp-content\/uploads\/2025\/10\/kongresprogram2025-5-200x113.jpg 200w, https:\/\/www.kongres-estetickej-mediciny.sk\/wp-content\/uploads\/2025\/10\/kongresprogram2025-5-400x225.jpg 400w, https:\/\/www.kongres-estetickej-mediciny.sk\/wp-content\/uploads\/2025\/10\/kongresprogram2025-5-600x338.jpg 600w, https:\/\/www.kongres-estetickej-mediciny.sk\/wp-content\/uploads\/2025\/10\/kongresprogram2025-5-800x450.jpg 800w, https:\/\/www.kongres-estetickej-mediciny.sk\/wp-content\/uploads\/2025\/10\/kongresprogram2025-5-1200x676.jpg 1200w, https:\/\/www.kongres-estetickej-mediciny.sk\/wp-content\/uploads\/2025\/10\/kongresprogram2025-5-scaled.jpg 2560w\" data-sizes=\"auto\" data-orig-sizes=\"(min-width: 2200px) 100vw, (min-width: 824px) 387px, (min-width: 732px) 580px, (min-width: 640px) 732px, \" \/><\/a><\/div><\/div><div style=\"padding:5px;\" class=\"fusion-grid-column fusion-gallery-column fusion-gallery-column-3 hover-type-none\"><div class=\"fusion-gallery-image\"><a href=\"https:\/\/www.kongres-estetickej-mediciny.sk\/wp-content\/uploads\/2025\/10\/kongresprogram2025-4-scaled.jpg\" rel=\"noreferrer\" data-rel=\"iLightbox[gallery_image_1]\" class=\"fusion-lightbox\" target=\"_self\"><img decoding=\"async\" src=\"https:\/\/www.kongres-estetickej-mediciny.sk\/wp-content\/uploads\/2025\/10\/kongresprogram2025-4-scaled.jpg\" data-orig-src=\"https:\/\/www.kongres-estetickej-mediciny.sk\/wp-content\/uploads\/2025\/10\/kongresprogram2025-4-scaled.jpg\" width=\"2560\" height=\"1441\" alt=\"\" title=\"kongresprogram2025-4\" aria-label=\"kongresprogram2025-4\" class=\"lazyload img-responsive wp-image-6027\" srcset=\"data:image\/svg+xml,%3Csvg%20xmlns%3D%27http%3A%2F%2Fwww.w3.org%2F2000%2Fsvg%27%20width%3D%272560%27%20height%3D%271441%27%20viewBox%3D%270%200%202560%201441%27%3E%3Crect%20width%3D%272560%27%20height%3D%271441%27%20fill-opacity%3D%220%22%2F%3E%3C%2Fsvg%3E\" data-srcset=\"https:\/\/www.kongres-estetickej-mediciny.sk\/wp-content\/uploads\/2025\/10\/kongresprogram2025-4-200x113.jpg 200w, https:\/\/www.kongres-estetickej-mediciny.sk\/wp-content\/uploads\/2025\/10\/kongresprogram2025-4-400x225.jpg 400w, https:\/\/www.kongres-estetickej-mediciny.sk\/wp-content\/uploads\/2025\/10\/kongresprogram2025-4-600x338.jpg 600w, https:\/\/www.kongres-estetickej-mediciny.sk\/wp-content\/uploads\/2025\/10\/kongresprogram2025-4-800x450.jpg 800w, https:\/\/www.kongres-estetickej-mediciny.sk\/wp-content\/uploads\/2025\/10\/kongresprogram2025-4-1200x676.jpg 1200w, https:\/\/www.kongres-estetickej-mediciny.sk\/wp-content\/uploads\/2025\/10\/kongresprogram2025-4-scaled.jpg 2560w\" data-sizes=\"auto\" data-orig-sizes=\"(min-width: 2200px) 100vw, (min-width: 824px) 387px, (min-width: 732px) 580px, (min-width: 640px) 732px, \" \/><\/a><\/div><\/div><div style=\"padding:5px;\" class=\"fusion-grid-column fusion-gallery-column fusion-gallery-column-3 hover-type-none\"><div class=\"fusion-gallery-image\"><a href=\"https:\/\/www.kongres-estetickej-mediciny.sk\/wp-content\/uploads\/2025\/10\/kongresprogram2025-3-scaled.jpg\" rel=\"noreferrer\" data-rel=\"iLightbox[gallery_image_1]\" class=\"fusion-lightbox\" target=\"_self\"><img decoding=\"async\" src=\"https:\/\/www.kongres-estetickej-mediciny.sk\/wp-content\/uploads\/2025\/10\/kongresprogram2025-3-scaled.jpg\" data-orig-src=\"https:\/\/www.kongres-estetickej-mediciny.sk\/wp-content\/uploads\/2025\/10\/kongresprogram2025-3-scaled.jpg\" width=\"2560\" height=\"1441\" alt=\"\" title=\"kongresprogram2025-3\" aria-label=\"kongresprogram2025-3\" class=\"lazyload img-responsive wp-image-6025\" srcset=\"data:image\/svg+xml,%3Csvg%20xmlns%3D%27http%3A%2F%2Fwww.w3.org%2F2000%2Fsvg%27%20width%3D%272560%27%20height%3D%271441%27%20viewBox%3D%270%200%202560%201441%27%3E%3Crect%20width%3D%272560%27%20height%3D%271441%27%20fill-opacity%3D%220%22%2F%3E%3C%2Fsvg%3E\" data-srcset=\"https:\/\/www.kongres-estetickej-mediciny.sk\/wp-content\/uploads\/2025\/10\/kongresprogram2025-3-200x113.jpg 200w, https:\/\/www.kongres-estetickej-mediciny.sk\/wp-content\/uploads\/2025\/10\/kongresprogram2025-3-400x225.jpg 400w, https:\/\/www.kongres-estetickej-mediciny.sk\/wp-content\/uploads\/2025\/10\/kongresprogram2025-3-600x338.jpg 600w, https:\/\/www.kongres-estetickej-mediciny.sk\/wp-content\/uploads\/2025\/10\/kongresprogram2025-3-800x450.jpg 800w, https:\/\/www.kongres-estetickej-mediciny.sk\/wp-content\/uploads\/2025\/10\/kongresprogram2025-3-1200x676.jpg 1200w, https:\/\/www.kongres-estetickej-mediciny.sk\/wp-content\/uploads\/2025\/10\/kongresprogram2025-3-scaled.jpg 2560w\" data-sizes=\"auto\" data-orig-sizes=\"(min-width: 2200px) 100vw, (min-width: 824px) 387px, (min-width: 732px) 580px, (min-width: 640px) 732px, \" \/><\/a><\/div><\/div><div class=\"clearfix\"><\/div><div style=\"padding:5px;\" class=\"fusion-grid-column fusion-gallery-column fusion-gallery-column-3 hover-type-none\"><div class=\"fusion-gallery-image\"><a href=\"https:\/\/www.kongres-estetickej-mediciny.sk\/wp-content\/uploads\/2025\/10\/Still-2025-09-30-095101_1.9.1.jpg\" rel=\"noreferrer\" data-rel=\"iLightbox[gallery_image_1]\" class=\"fusion-lightbox\" target=\"_self\"><img decoding=\"async\" src=\"https:\/\/www.kongres-estetickej-mediciny.sk\/wp-content\/uploads\/2025\/10\/Still-2025-09-30-095101_1.9.1.jpg\" data-orig-src=\"https:\/\/www.kongres-estetickej-mediciny.sk\/wp-content\/uploads\/2025\/10\/Still-2025-09-30-095101_1.9.1.jpg\" width=\"1920\" height=\"1080\" alt=\"\" title=\"Still 2025-09-30 095101_1.9.1\" aria-label=\"Still 2025-09-30 095101_1.9.1\" class=\"lazyload img-responsive wp-image-6086\" srcset=\"data:image\/svg+xml,%3Csvg%20xmlns%3D%27http%3A%2F%2Fwww.w3.org%2F2000%2Fsvg%27%20width%3D%271920%27%20height%3D%271080%27%20viewBox%3D%270%200%201920%201080%27%3E%3Crect%20width%3D%271920%27%20height%3D%271080%27%20fill-opacity%3D%220%22%2F%3E%3C%2Fsvg%3E\" data-srcset=\"https:\/\/www.kongres-estetickej-mediciny.sk\/wp-content\/uploads\/2025\/10\/Still-2025-09-30-095101_1.9.1-200x113.jpg 200w, https:\/\/www.kongres-estetickej-mediciny.sk\/wp-content\/uploads\/2025\/10\/Still-2025-09-30-095101_1.9.1-400x225.jpg 400w, https:\/\/www.kongres-estetickej-mediciny.sk\/wp-content\/uploads\/2025\/10\/Still-2025-09-30-095101_1.9.1-600x338.jpg 600w, https:\/\/www.kongres-estetickej-mediciny.sk\/wp-content\/uploads\/2025\/10\/Still-2025-09-30-095101_1.9.1-800x450.jpg 800w, https:\/\/www.kongres-estetickej-mediciny.sk\/wp-content\/uploads\/2025\/10\/Still-2025-09-30-095101_1.9.1-1200x675.jpg 1200w, https:\/\/www.kongres-estetickej-mediciny.sk\/wp-content\/uploads\/2025\/10\/Still-2025-09-30-095101_1.9.1.jpg 1920w\" data-sizes=\"auto\" data-orig-sizes=\"(min-width: 2200px) 100vw, (min-width: 824px) 387px, (min-width: 732px) 580px, (min-width: 640px) 732px, \" \/><\/a><\/div><\/div><div style=\"padding:5px;\" class=\"fusion-grid-column fusion-gallery-column fusion-gallery-column-3 hover-type-none\"><div class=\"fusion-gallery-image\"><a href=\"https:\/\/www.kongres-estetickej-mediciny.sk\/wp-content\/uploads\/2025\/10\/Still-2025-09-30-095101_1.9.2.jpg\" rel=\"noreferrer\" data-rel=\"iLightbox[gallery_image_1]\" class=\"fusion-lightbox\" target=\"_self\"><img decoding=\"async\" src=\"https:\/\/www.kongres-estetickej-mediciny.sk\/wp-content\/uploads\/2025\/10\/Still-2025-09-30-095101_1.9.2.jpg\" data-orig-src=\"https:\/\/www.kongres-estetickej-mediciny.sk\/wp-content\/uploads\/2025\/10\/Still-2025-09-30-095101_1.9.2.jpg\" width=\"1920\" height=\"1080\" alt=\"\" title=\"Still 2025-09-30 095101_1.9.2\" aria-label=\"Still 2025-09-30 095101_1.9.2\" class=\"lazyload img-responsive wp-image-6087\" srcset=\"data:image\/svg+xml,%3Csvg%20xmlns%3D%27http%3A%2F%2Fwww.w3.org%2F2000%2Fsvg%27%20width%3D%271920%27%20height%3D%271080%27%20viewBox%3D%270%200%201920%201080%27%3E%3Crect%20width%3D%271920%27%20height%3D%271080%27%20fill-opacity%3D%220%22%2F%3E%3C%2Fsvg%3E\" data-srcset=\"https:\/\/www.kongres-estetickej-mediciny.sk\/wp-content\/uploads\/2025\/10\/Still-2025-09-30-095101_1.9.2-200x113.jpg 200w, https:\/\/www.kongres-estetickej-mediciny.sk\/wp-content\/uploads\/2025\/10\/Still-2025-09-30-095101_1.9.2-400x225.jpg 400w, https:\/\/www.kongres-estetickej-mediciny.sk\/wp-content\/uploads\/2025\/10\/Still-2025-09-30-095101_1.9.2-600x338.jpg 600w, https:\/\/www.kongres-estetickej-mediciny.sk\/wp-content\/uploads\/2025\/10\/Still-2025-09-30-095101_1.9.2-800x450.jpg 800w, https:\/\/www.kongres-estetickej-mediciny.sk\/wp-content\/uploads\/2025\/10\/Still-2025-09-30-095101_1.9.2-1200x675.jpg 1200w, https:\/\/www.kongres-estetickej-mediciny.sk\/wp-content\/uploads\/2025\/10\/Still-2025-09-30-095101_1.9.2.jpg 1920w\" data-sizes=\"auto\" data-orig-sizes=\"(min-width: 2200px) 100vw, (min-width: 824px) 387px, (min-width: 732px) 580px, (min-width: 640px) 732px, \" \/><\/a><\/div><\/div><div style=\"padding:5px;\" class=\"fusion-grid-column fusion-gallery-column fusion-gallery-column-3 hover-type-none\"><div class=\"fusion-gallery-image\"><a href=\"https:\/\/www.kongres-estetickej-mediciny.sk\/wp-content\/uploads\/2025\/10\/Still-2025-09-30-095101_1.9.3.jpg\" rel=\"noreferrer\" data-rel=\"iLightbox[gallery_image_1]\" class=\"fusion-lightbox\" target=\"_self\"><img decoding=\"async\" src=\"https:\/\/www.kongres-estetickej-mediciny.sk\/wp-content\/uploads\/2025\/10\/Still-2025-09-30-095101_1.9.3.jpg\" data-orig-src=\"https:\/\/www.kongres-estetickej-mediciny.sk\/wp-content\/uploads\/2025\/10\/Still-2025-09-30-095101_1.9.3.jpg\" width=\"1920\" height=\"1080\" alt=\"\" title=\"Still 2025-09-30 095101_1.9.3\" aria-label=\"Still 2025-09-30 095101_1.9.3\" class=\"lazyload img-responsive wp-image-6088\" srcset=\"data:image\/svg+xml,%3Csvg%20xmlns%3D%27http%3A%2F%2Fwww.w3.org%2F2000%2Fsvg%27%20width%3D%271920%27%20height%3D%271080%27%20viewBox%3D%270%200%201920%201080%27%3E%3Crect%20width%3D%271920%27%20height%3D%271080%27%20fill-opacity%3D%220%22%2F%3E%3C%2Fsvg%3E\" data-srcset=\"https:\/\/www.kongres-estetickej-mediciny.sk\/wp-content\/uploads\/2025\/10\/Still-2025-09-30-095101_1.9.3-200x113.jpg 200w, https:\/\/www.kongres-estetickej-mediciny.sk\/wp-content\/uploads\/2025\/10\/Still-2025-09-30-095101_1.9.3-400x225.jpg 400w, https:\/\/www.kongres-estetickej-mediciny.sk\/wp-content\/uploads\/2025\/10\/Still-2025-09-30-095101_1.9.3-600x338.jpg 600w, https:\/\/www.kongres-estetickej-mediciny.sk\/wp-content\/uploads\/2025\/10\/Still-2025-09-30-095101_1.9.3-800x450.jpg 800w, https:\/\/www.kongres-estetickej-mediciny.sk\/wp-content\/uploads\/2025\/10\/Still-2025-09-30-095101_1.9.3-1200x675.jpg 1200w, https:\/\/www.kongres-estetickej-mediciny.sk\/wp-content\/uploads\/2025\/10\/Still-2025-09-30-095101_1.9.3.jpg 1920w\" data-sizes=\"auto\" data-orig-sizes=\"(min-width: 2200px) 100vw, (min-width: 824px) 387px, (min-width: 732px) 580px, (min-width: 640px) 732px, \" \/><\/a><\/div><\/div><div class=\"clearfix\"><\/div><div style=\"padding:5px;\" class=\"fusion-grid-column fusion-gallery-column fusion-gallery-column-3 hover-type-none\"><div class=\"fusion-gallery-image\"><a href=\"https:\/\/www.kongres-estetickej-mediciny.sk\/wp-content\/uploads\/2025\/10\/Still-2025-09-30-095101_1.10.1.jpg\" rel=\"noreferrer\" data-rel=\"iLightbox[gallery_image_1]\" class=\"fusion-lightbox\" target=\"_self\"><img decoding=\"async\" src=\"https:\/\/www.kongres-estetickej-mediciny.sk\/wp-content\/uploads\/2025\/10\/Still-2025-09-30-095101_1.10.1.jpg\" data-orig-src=\"https:\/\/www.kongres-estetickej-mediciny.sk\/wp-content\/uploads\/2025\/10\/Still-2025-09-30-095101_1.10.1.jpg\" width=\"1920\" height=\"1080\" alt=\"\" title=\"Still 2025-09-30 095101_1.10.1\" aria-label=\"Still 2025-09-30 095101_1.10.1\" class=\"lazyload img-responsive wp-image-6089\" srcset=\"data:image\/svg+xml,%3Csvg%20xmlns%3D%27http%3A%2F%2Fwww.w3.org%2F2000%2Fsvg%27%20width%3D%271920%27%20height%3D%271080%27%20viewBox%3D%270%200%201920%201080%27%3E%3Crect%20width%3D%271920%27%20height%3D%271080%27%20fill-opacity%3D%220%22%2F%3E%3C%2Fsvg%3E\" data-srcset=\"https:\/\/www.kongres-estetickej-mediciny.sk\/wp-content\/uploads\/2025\/10\/Still-2025-09-30-095101_1.10.1-200x113.jpg 200w, https:\/\/www.kongres-estetickej-mediciny.sk\/wp-content\/uploads\/2025\/10\/Still-2025-09-30-095101_1.10.1-400x225.jpg 400w, https:\/\/www.kongres-estetickej-mediciny.sk\/wp-content\/uploads\/2025\/10\/Still-2025-09-30-095101_1.10.1-600x338.jpg 600w, https:\/\/www.kongres-estetickej-mediciny.sk\/wp-content\/uploads\/2025\/10\/Still-2025-09-30-095101_1.10.1-800x450.jpg 800w, https:\/\/www.kongres-estetickej-mediciny.sk\/wp-content\/uploads\/2025\/10\/Still-2025-09-30-095101_1.10.1-1200x675.jpg 1200w, https:\/\/www.kongres-estetickej-mediciny.sk\/wp-content\/uploads\/2025\/10\/Still-2025-09-30-095101_1.10.1.jpg 1920w\" data-sizes=\"auto\" data-orig-sizes=\"(min-width: 2200px) 100vw, (min-width: 824px) 387px, (min-width: 732px) 580px, (min-width: 640px) 732px, \" \/><\/a><\/div><\/div><div style=\"padding:5px;\" class=\"fusion-grid-column fusion-gallery-column fusion-gallery-column-3 hover-type-none\"><div class=\"fusion-gallery-image\"><a href=\"https:\/\/www.kongres-estetickej-mediciny.sk\/wp-content\/uploads\/2025\/10\/Still-2025-09-30-095101_1.10.2.jpg\" rel=\"noreferrer\" data-rel=\"iLightbox[gallery_image_1]\" class=\"fusion-lightbox\" target=\"_self\"><img decoding=\"async\" src=\"https:\/\/www.kongres-estetickej-mediciny.sk\/wp-content\/uploads\/2025\/10\/Still-2025-09-30-095101_1.10.2.jpg\" data-orig-src=\"https:\/\/www.kongres-estetickej-mediciny.sk\/wp-content\/uploads\/2025\/10\/Still-2025-09-30-095101_1.10.2.jpg\" width=\"1920\" height=\"1080\" alt=\"\" title=\"Still 2025-09-30 095101_1.10.2\" aria-label=\"Still 2025-09-30 095101_1.10.2\" class=\"lazyload img-responsive wp-image-6090\" srcset=\"data:image\/svg+xml,%3Csvg%20xmlns%3D%27http%3A%2F%2Fwww.w3.org%2F2000%2Fsvg%27%20width%3D%271920%27%20height%3D%271080%27%20viewBox%3D%270%200%201920%201080%27%3E%3Crect%20width%3D%271920%27%20height%3D%271080%27%20fill-opacity%3D%220%22%2F%3E%3C%2Fsvg%3E\" data-srcset=\"https:\/\/www.kongres-estetickej-mediciny.sk\/wp-content\/uploads\/2025\/10\/Still-2025-09-30-095101_1.10.2-200x113.jpg 200w, https:\/\/www.kongres-estetickej-mediciny.sk\/wp-content\/uploads\/2025\/10\/Still-2025-09-30-095101_1.10.2-400x225.jpg 400w, https:\/\/www.kongres-estetickej-mediciny.sk\/wp-content\/uploads\/2025\/10\/Still-2025-09-30-095101_1.10.2-600x338.jpg 600w, https:\/\/www.kongres-estetickej-mediciny.sk\/wp-content\/uploads\/2025\/10\/Still-2025-09-30-095101_1.10.2-800x450.jpg 800w, https:\/\/www.kongres-estetickej-mediciny.sk\/wp-content\/uploads\/2025\/10\/Still-2025-09-30-095101_1.10.2-1200x675.jpg 1200w, https:\/\/www.kongres-estetickej-mediciny.sk\/wp-content\/uploads\/2025\/10\/Still-2025-09-30-095101_1.10.2.jpg 1920w\" data-sizes=\"auto\" data-orig-sizes=\"(min-width: 2200px) 100vw, (min-width: 824px) 387px, (min-width: 732px) 580px, (min-width: 640px) 732px, \" \/><\/a><\/div><\/div><div style=\"padding:5px;\" class=\"fusion-grid-column fusion-gallery-column fusion-gallery-column-3 hover-type-none\"><div class=\"fusion-gallery-image\"><a href=\"https:\/\/www.kongres-estetickej-mediciny.sk\/wp-content\/uploads\/2025\/10\/Still-2025-09-30-095101_1.10.3.jpg\" rel=\"noreferrer\" data-rel=\"iLightbox[gallery_image_1]\" class=\"fusion-lightbox\" target=\"_self\"><img decoding=\"async\" src=\"https:\/\/www.kongres-estetickej-mediciny.sk\/wp-content\/uploads\/2025\/10\/Still-2025-09-30-095101_1.10.3.jpg\" data-orig-src=\"https:\/\/www.kongres-estetickej-mediciny.sk\/wp-content\/uploads\/2025\/10\/Still-2025-09-30-095101_1.10.3.jpg\" width=\"1920\" height=\"1080\" alt=\"\" title=\"Still 2025-09-30 095101_1.10.3\" aria-label=\"Still 2025-09-30 095101_1.10.3\" class=\"lazyload img-responsive wp-image-6091\" srcset=\"data:image\/svg+xml,%3Csvg%20xmlns%3D%27http%3A%2F%2Fwww.w3.org%2F2000%2Fsvg%27%20width%3D%271920%27%20height%3D%271080%27%20viewBox%3D%270%200%201920%201080%27%3E%3Crect%20width%3D%271920%27%20height%3D%271080%27%20fill-opacity%3D%220%22%2F%3E%3C%2Fsvg%3E\" data-srcset=\"https:\/\/www.kongres-estetickej-mediciny.sk\/wp-content\/uploads\/2025\/10\/Still-2025-09-30-095101_1.10.3-200x113.jpg 200w, https:\/\/www.kongres-estetickej-mediciny.sk\/wp-content\/uploads\/2025\/10\/Still-2025-09-30-095101_1.10.3-400x225.jpg 400w, https:\/\/www.kongres-estetickej-mediciny.sk\/wp-content\/uploads\/2025\/10\/Still-2025-09-30-095101_1.10.3-600x338.jpg 600w, https:\/\/www.kongres-estetickej-mediciny.sk\/wp-content\/uploads\/2025\/10\/Still-2025-09-30-095101_1.10.3-800x450.jpg 800w, https:\/\/www.kongres-estetickej-mediciny.sk\/wp-content\/uploads\/2025\/10\/Still-2025-09-30-095101_1.10.3-1200x675.jpg 1200w, https:\/\/www.kongres-estetickej-mediciny.sk\/wp-content\/uploads\/2025\/10\/Still-2025-09-30-095101_1.10.3.jpg 1920w\" data-sizes=\"auto\" data-orig-sizes=\"(min-width: 2200px) 100vw, (min-width: 824px) 387px, (min-width: 732px) 580px, (min-width: 640px) 732px, \" \/><\/a><\/div><\/div><div class=\"clearfix\"><\/div><div style=\"padding:5px;\" class=\"fusion-grid-column fusion-gallery-column fusion-gallery-column-3 hover-type-none\"><div class=\"fusion-gallery-image\"><a href=\"https:\/\/www.kongres-estetickej-mediciny.sk\/wp-content\/uploads\/2025\/10\/Still-2025-09-30-095101_1.10.4.jpg\" rel=\"noreferrer\" data-rel=\"iLightbox[gallery_image_1]\" class=\"fusion-lightbox\" target=\"_self\"><img decoding=\"async\" src=\"https:\/\/www.kongres-estetickej-mediciny.sk\/wp-content\/uploads\/2025\/10\/Still-2025-09-30-095101_1.10.4.jpg\" data-orig-src=\"https:\/\/www.kongres-estetickej-mediciny.sk\/wp-content\/uploads\/2025\/10\/Still-2025-09-30-095101_1.10.4.jpg\" width=\"1920\" height=\"1080\" alt=\"\" title=\"Still 2025-09-30 095101_1.10.4\" aria-label=\"Still 2025-09-30 095101_1.10.4\" class=\"lazyload img-responsive wp-image-6092\" srcset=\"data:image\/svg+xml,%3Csvg%20xmlns%3D%27http%3A%2F%2Fwww.w3.org%2F2000%2Fsvg%27%20width%3D%271920%27%20height%3D%271080%27%20viewBox%3D%270%200%201920%201080%27%3E%3Crect%20width%3D%271920%27%20height%3D%271080%27%20fill-opacity%3D%220%22%2F%3E%3C%2Fsvg%3E\" data-srcset=\"https:\/\/www.kongres-estetickej-mediciny.sk\/wp-content\/uploads\/2025\/10\/Still-2025-09-30-095101_1.10.4-200x113.jpg 200w, https:\/\/www.kongres-estetickej-mediciny.sk\/wp-content\/uploads\/2025\/10\/Still-2025-09-30-095101_1.10.4-400x225.jpg 400w, https:\/\/www.kongres-estetickej-mediciny.sk\/wp-content\/uploads\/2025\/10\/Still-2025-09-30-095101_1.10.4-600x338.jpg 600w, https:\/\/www.kongres-estetickej-mediciny.sk\/wp-content\/uploads\/2025\/10\/Still-2025-09-30-095101_1.10.4-800x450.jpg 800w, https:\/\/www.kongres-estetickej-mediciny.sk\/wp-content\/uploads\/2025\/10\/Still-2025-09-30-095101_1.10.4-1200x675.jpg 1200w, https:\/\/www.kongres-estetickej-mediciny.sk\/wp-content\/uploads\/2025\/10\/Still-2025-09-30-095101_1.10.4.jpg 1920w\" data-sizes=\"auto\" data-orig-sizes=\"(min-width: 2200px) 100vw, (min-width: 824px) 387px, (min-width: 732px) 580px, (min-width: 640px) 732px, \" \/><\/a><\/div><\/div><div style=\"padding:5px;\" class=\"fusion-grid-column fusion-gallery-column fusion-gallery-column-3 hover-type-none\"><div class=\"fusion-gallery-image\"><a href=\"https:\/\/www.kongres-estetickej-mediciny.sk\/wp-content\/uploads\/2025\/10\/kongresprogram2025-3-1-scaled.jpg\" rel=\"noreferrer\" data-rel=\"iLightbox[gallery_image_1]\" class=\"fusion-lightbox\" target=\"_self\"><img decoding=\"async\" src=\"https:\/\/www.kongres-estetickej-mediciny.sk\/wp-content\/uploads\/2025\/10\/kongresprogram2025-3-1-scaled.jpg\" data-orig-src=\"https:\/\/www.kongres-estetickej-mediciny.sk\/wp-content\/uploads\/2025\/10\/kongresprogram2025-3-1-scaled.jpg\" width=\"2560\" height=\"1441\" alt=\"\" title=\"kongresprogram2025-3\" aria-label=\"kongresprogram2025-3\" class=\"lazyload img-responsive wp-image-6094\" srcset=\"data:image\/svg+xml,%3Csvg%20xmlns%3D%27http%3A%2F%2Fwww.w3.org%2F2000%2Fsvg%27%20width%3D%272560%27%20height%3D%271441%27%20viewBox%3D%270%200%202560%201441%27%3E%3Crect%20width%3D%272560%27%20height%3D%271441%27%20fill-opacity%3D%220%22%2F%3E%3C%2Fsvg%3E\" data-srcset=\"https:\/\/www.kongres-estetickej-mediciny.sk\/wp-content\/uploads\/2025\/10\/kongresprogram2025-3-1-200x113.jpg 200w, https:\/\/www.kongres-estetickej-mediciny.sk\/wp-content\/uploads\/2025\/10\/kongresprogram2025-3-1-400x225.jpg 400w, https:\/\/www.kongres-estetickej-mediciny.sk\/wp-content\/uploads\/2025\/10\/kongresprogram2025-3-1-600x338.jpg 600w, https:\/\/www.kongres-estetickej-mediciny.sk\/wp-content\/uploads\/2025\/10\/kongresprogram2025-3-1-800x450.jpg 800w, https:\/\/www.kongres-estetickej-mediciny.sk\/wp-content\/uploads\/2025\/10\/kongresprogram2025-3-1-1200x676.jpg 1200w, https:\/\/www.kongres-estetickej-mediciny.sk\/wp-content\/uploads\/2025\/10\/kongresprogram2025-3-1-scaled.jpg 2560w\" data-sizes=\"auto\" data-orig-sizes=\"(min-width: 2200px) 100vw, (min-width: 824px) 387px, (min-width: 732px) 580px, (min-width: 640px) 732px, \" \/><\/a><\/div><\/div><div style=\"padding:5px;\" class=\"fusion-grid-column fusion-gallery-column fusion-gallery-column-3 hover-type-none\"><div class=\"fusion-gallery-image\"><a href=\"https:\/\/www.kongres-estetickej-mediciny.sk\/wp-content\/uploads\/2025\/10\/kongresprogram2025-4-1-scaled.jpg\" rel=\"noreferrer\" data-rel=\"iLightbox[gallery_image_1]\" class=\"fusion-lightbox\" target=\"_self\"><img decoding=\"async\" src=\"https:\/\/www.kongres-estetickej-mediciny.sk\/wp-content\/uploads\/2025\/10\/kongresprogram2025-4-1-scaled.jpg\" data-orig-src=\"https:\/\/www.kongres-estetickej-mediciny.sk\/wp-content\/uploads\/2025\/10\/kongresprogram2025-4-1-scaled.jpg\" width=\"2560\" height=\"1441\" alt=\"\" title=\"kongresprogram2025-4\" aria-label=\"kongresprogram2025-4\" class=\"lazyload img-responsive wp-image-6095\" srcset=\"data:image\/svg+xml,%3Csvg%20xmlns%3D%27http%3A%2F%2Fwww.w3.org%2F2000%2Fsvg%27%20width%3D%272560%27%20height%3D%271441%27%20viewBox%3D%270%200%202560%201441%27%3E%3Crect%20width%3D%272560%27%20height%3D%271441%27%20fill-opacity%3D%220%22%2F%3E%3C%2Fsvg%3E\" data-srcset=\"https:\/\/www.kongres-estetickej-mediciny.sk\/wp-content\/uploads\/2025\/10\/kongresprogram2025-4-1-200x113.jpg 200w, https:\/\/www.kongres-estetickej-mediciny.sk\/wp-content\/uploads\/2025\/10\/kongresprogram2025-4-1-400x225.jpg 400w, https:\/\/www.kongres-estetickej-mediciny.sk\/wp-content\/uploads\/2025\/10\/kongresprogram2025-4-1-600x338.jpg 600w, https:\/\/www.kongres-estetickej-mediciny.sk\/wp-content\/uploads\/2025\/10\/kongresprogram2025-4-1-800x450.jpg 800w, https:\/\/www.kongres-estetickej-mediciny.sk\/wp-content\/uploads\/2025\/10\/kongresprogram2025-4-1-1200x676.jpg 1200w, https:\/\/www.kongres-estetickej-mediciny.sk\/wp-content\/uploads\/2025\/10\/kongresprogram2025-4-1-scaled.jpg 2560w\" data-sizes=\"auto\" data-orig-sizes=\"(min-width: 2200px) 100vw, (min-width: 824px) 387px, (min-width: 732px) 580px, (min-width: 640px) 732px, \" \/><\/a><\/div><\/div><div class=\"clearfix\"><\/div><div style=\"padding:5px;\" class=\"fusion-grid-column fusion-gallery-column fusion-gallery-column-3 hover-type-none\"><div class=\"fusion-gallery-image\"><a href=\"https:\/\/www.kongres-estetickej-mediciny.sk\/wp-content\/uploads\/2025\/10\/kongresprogram2025-5-1.jpg\" rel=\"noreferrer\" data-rel=\"iLightbox[gallery_image_1]\" class=\"fusion-lightbox\" target=\"_self\"><img decoding=\"async\" src=\"https:\/\/www.kongres-estetickej-mediciny.sk\/wp-content\/uploads\/2025\/10\/kongresprogram2025-5-1.jpg\" data-orig-src=\"https:\/\/www.kongres-estetickej-mediciny.sk\/wp-content\/uploads\/2025\/10\/kongresprogram2025-5-1.jpg\" width=\"1807\" height=\"2420\" alt=\"\" title=\"kongresprogram2025-5\" aria-label=\"kongresprogram2025-5\" class=\"lazyload img-responsive wp-image-6096\" srcset=\"data:image\/svg+xml,%3Csvg%20xmlns%3D%27http%3A%2F%2Fwww.w3.org%2F2000%2Fsvg%27%20width%3D%271807%27%20height%3D%272420%27%20viewBox%3D%270%200%201807%202420%27%3E%3Crect%20width%3D%271807%27%20height%3D%272420%27%20fill-opacity%3D%220%22%2F%3E%3C%2Fsvg%3E\" data-srcset=\"https:\/\/www.kongres-estetickej-mediciny.sk\/wp-content\/uploads\/2025\/10\/kongresprogram2025-5-1-200x268.jpg 200w, https:\/\/www.kongres-estetickej-mediciny.sk\/wp-content\/uploads\/2025\/10\/kongresprogram2025-5-1-400x536.jpg 400w, https:\/\/www.kongres-estetickej-mediciny.sk\/wp-content\/uploads\/2025\/10\/kongresprogram2025-5-1-600x804.jpg 600w, https:\/\/www.kongres-estetickej-mediciny.sk\/wp-content\/uploads\/2025\/10\/kongresprogram2025-5-1-800x1071.jpg 800w, https:\/\/www.kongres-estetickej-mediciny.sk\/wp-content\/uploads\/2025\/10\/kongresprogram2025-5-1-1200x1607.jpg 1200w, https:\/\/www.kongres-estetickej-mediciny.sk\/wp-content\/uploads\/2025\/10\/kongresprogram2025-5-1.jpg 1807w\" data-sizes=\"auto\" data-orig-sizes=\"(min-width: 2200px) 100vw, (min-width: 824px) 387px, (min-width: 732px) 580px, (min-width: 640px) 732px, \" \/><\/a><\/div><\/div><div style=\"padding:5px;\" class=\"fusion-grid-column fusion-gallery-column fusion-gallery-column-3 hover-type-none\"><div class=\"fusion-gallery-image\"><a href=\"https:\/\/www.kongres-estetickej-mediciny.sk\/wp-content\/uploads\/2025\/10\/kongresprogram2025-6-1-scaled.jpg\" rel=\"noreferrer\" data-rel=\"iLightbox[gallery_image_1]\" class=\"fusion-lightbox\" target=\"_self\"><img decoding=\"async\" src=\"https:\/\/www.kongres-estetickej-mediciny.sk\/wp-content\/uploads\/2025\/10\/kongresprogram2025-6-1-scaled.jpg\" data-orig-src=\"https:\/\/www.kongres-estetickej-mediciny.sk\/wp-content\/uploads\/2025\/10\/kongresprogram2025-6-1-scaled.jpg\" width=\"2560\" height=\"1441\" alt=\"\" title=\"kongresprogram2025-6\" aria-label=\"kongresprogram2025-6\" class=\"lazyload img-responsive wp-image-6097\" srcset=\"data:image\/svg+xml,%3Csvg%20xmlns%3D%27http%3A%2F%2Fwww.w3.org%2F2000%2Fsvg%27%20width%3D%272560%27%20height%3D%271441%27%20viewBox%3D%270%200%202560%201441%27%3E%3Crect%20width%3D%272560%27%20height%3D%271441%27%20fill-opacity%3D%220%22%2F%3E%3C%2Fsvg%3E\" data-srcset=\"https:\/\/www.kongres-estetickej-mediciny.sk\/wp-content\/uploads\/2025\/10\/kongresprogram2025-6-1-200x113.jpg 200w, https:\/\/www.kongres-estetickej-mediciny.sk\/wp-content\/uploads\/2025\/10\/kongresprogram2025-6-1-400x225.jpg 400w, https:\/\/www.kongres-estetickej-mediciny.sk\/wp-content\/uploads\/2025\/10\/kongresprogram2025-6-1-600x338.jpg 600w, https:\/\/www.kongres-estetickej-mediciny.sk\/wp-content\/uploads\/2025\/10\/kongresprogram2025-6-1-800x450.jpg 800w, https:\/\/www.kongres-estetickej-mediciny.sk\/wp-content\/uploads\/2025\/10\/kongresprogram2025-6-1-1200x676.jpg 1200w, https:\/\/www.kongres-estetickej-mediciny.sk\/wp-content\/uploads\/2025\/10\/kongresprogram2025-6-1-scaled.jpg 2560w\" data-sizes=\"auto\" data-orig-sizes=\"(min-width: 2200px) 100vw, (min-width: 824px) 387px, (min-width: 732px) 580px, (min-width: 640px) 732px, \" \/><\/a><\/div><\/div><div style=\"padding:5px;\" class=\"fusion-grid-column fusion-gallery-column fusion-gallery-column-3 hover-type-none\"><div class=\"fusion-gallery-image\"><a href=\"https:\/\/www.kongres-estetickej-mediciny.sk\/wp-content\/uploads\/2025\/10\/kongresprogram2025-7-1-scaled.jpg\" rel=\"noreferrer\" data-rel=\"iLightbox[gallery_image_1]\" class=\"fusion-lightbox\" target=\"_self\"><img decoding=\"async\" src=\"https:\/\/www.kongres-estetickej-mediciny.sk\/wp-content\/uploads\/2025\/10\/kongresprogram2025-7-1-scaled.jpg\" data-orig-src=\"https:\/\/www.kongres-estetickej-mediciny.sk\/wp-content\/uploads\/2025\/10\/kongresprogram2025-7-1-scaled.jpg\" width=\"2560\" height=\"1441\" alt=\"\" title=\"kongresprogram2025-7\" aria-label=\"kongresprogram2025-7\" class=\"lazyload img-responsive wp-image-6098\" srcset=\"data:image\/svg+xml,%3Csvg%20xmlns%3D%27http%3A%2F%2Fwww.w3.org%2F2000%2Fsvg%27%20width%3D%272560%27%20height%3D%271441%27%20viewBox%3D%270%200%202560%201441%27%3E%3Crect%20width%3D%272560%27%20height%3D%271441%27%20fill-opacity%3D%220%22%2F%3E%3C%2Fsvg%3E\" data-srcset=\"https:\/\/www.kongres-estetickej-mediciny.sk\/wp-content\/uploads\/2025\/10\/kongresprogram2025-7-1-200x113.jpg 200w, https:\/\/www.kongres-estetickej-mediciny.sk\/wp-content\/uploads\/2025\/10\/kongresprogram2025-7-1-400x225.jpg 400w, https:\/\/www.kongres-estetickej-mediciny.sk\/wp-content\/uploads\/2025\/10\/kongresprogram2025-7-1-600x338.jpg 600w, https:\/\/www.kongres-estetickej-mediciny.sk\/wp-content\/uploads\/2025\/10\/kongresprogram2025-7-1-800x450.jpg 800w, https:\/\/www.kongres-estetickej-mediciny.sk\/wp-content\/uploads\/2025\/10\/kongresprogram2025-7-1-1200x676.jpg 1200w, https:\/\/www.kongres-estetickej-mediciny.sk\/wp-content\/uploads\/2025\/10\/kongresprogram2025-7-1-scaled.jpg 2560w\" data-sizes=\"auto\" data-orig-sizes=\"(min-width: 2200px) 100vw, (min-width: 824px) 387px, (min-width: 732px) 580px, (min-width: 640px) 732px, \" \/><\/a><\/div><\/div><div class=\"clearfix\"><\/div><div style=\"padding:5px;\" class=\"fusion-grid-column fusion-gallery-column fusion-gallery-column-3 hover-type-none\"><div class=\"fusion-gallery-image\"><a href=\"https:\/\/www.kongres-estetickej-mediciny.sk\/wp-content\/uploads\/2025\/10\/kongresprogram2025-8-1-scaled.jpg\" rel=\"noreferrer\" data-rel=\"iLightbox[gallery_image_1]\" class=\"fusion-lightbox\" target=\"_self\"><img decoding=\"async\" src=\"https:\/\/www.kongres-estetickej-mediciny.sk\/wp-content\/uploads\/2025\/10\/kongresprogram2025-8-1-scaled.jpg\" data-orig-src=\"https:\/\/www.kongres-estetickej-mediciny.sk\/wp-content\/uploads\/2025\/10\/kongresprogram2025-8-1-scaled.jpg\" width=\"2560\" height=\"1441\" alt=\"\" title=\"kongresprogram2025-8\" aria-label=\"kongresprogram2025-8\" class=\"lazyload img-responsive wp-image-6099\" srcset=\"data:image\/svg+xml,%3Csvg%20xmlns%3D%27http%3A%2F%2Fwww.w3.org%2F2000%2Fsvg%27%20width%3D%272560%27%20height%3D%271441%27%20viewBox%3D%270%200%202560%201441%27%3E%3Crect%20width%3D%272560%27%20height%3D%271441%27%20fill-opacity%3D%220%22%2F%3E%3C%2Fsvg%3E\" data-srcset=\"https:\/\/www.kongres-estetickej-mediciny.sk\/wp-content\/uploads\/2025\/10\/kongresprogram2025-8-1-200x113.jpg 200w, https:\/\/www.kongres-estetickej-mediciny.sk\/wp-content\/uploads\/2025\/10\/kongresprogram2025-8-1-400x225.jpg 400w, https:\/\/www.kongres-estetickej-mediciny.sk\/wp-content\/uploads\/2025\/10\/kongresprogram2025-8-1-600x338.jpg 600w, https:\/\/www.kongres-estetickej-mediciny.sk\/wp-content\/uploads\/2025\/10\/kongresprogram2025-8-1-800x450.jpg 800w, https:\/\/www.kongres-estetickej-mediciny.sk\/wp-content\/uploads\/2025\/10\/kongresprogram2025-8-1-1200x676.jpg 1200w, https:\/\/www.kongres-estetickej-mediciny.sk\/wp-content\/uploads\/2025\/10\/kongresprogram2025-8-1-scaled.jpg 2560w\" data-sizes=\"auto\" data-orig-sizes=\"(min-width: 2200px) 100vw, (min-width: 824px) 387px, (min-width: 732px) 580px, (min-width: 640px) 732px, \" \/><\/a><\/div><\/div><div style=\"padding:5px;\" class=\"fusion-grid-column fusion-gallery-column fusion-gallery-column-3 hover-type-none\"><div class=\"fusion-gallery-image\"><a href=\"https:\/\/www.kongres-estetickej-mediciny.sk\/wp-content\/uploads\/2025\/10\/kongresprogram2025-9-1-scaled.jpg\" rel=\"noreferrer\" data-rel=\"iLightbox[gallery_image_1]\" class=\"fusion-lightbox\" target=\"_self\"><img decoding=\"async\" src=\"https:\/\/www.kongres-estetickej-mediciny.sk\/wp-content\/uploads\/2025\/10\/kongresprogram2025-9-1-scaled.jpg\" data-orig-src=\"https:\/\/www.kongres-estetickej-mediciny.sk\/wp-content\/uploads\/2025\/10\/kongresprogram2025-9-1-scaled.jpg\" width=\"2560\" height=\"1441\" alt=\"\" title=\"kongresprogram2025-9\" aria-label=\"kongresprogram2025-9\" class=\"lazyload img-responsive wp-image-6100\" srcset=\"data:image\/svg+xml,%3Csvg%20xmlns%3D%27http%3A%2F%2Fwww.w3.org%2F2000%2Fsvg%27%20width%3D%272560%27%20height%3D%271441%27%20viewBox%3D%270%200%202560%201441%27%3E%3Crect%20width%3D%272560%27%20height%3D%271441%27%20fill-opacity%3D%220%22%2F%3E%3C%2Fsvg%3E\" data-srcset=\"https:\/\/www.kongres-estetickej-mediciny.sk\/wp-content\/uploads\/2025\/10\/kongresprogram2025-9-1-200x113.jpg 200w, https:\/\/www.kongres-estetickej-mediciny.sk\/wp-content\/uploads\/2025\/10\/kongresprogram2025-9-1-400x225.jpg 400w, https:\/\/www.kongres-estetickej-mediciny.sk\/wp-content\/uploads\/2025\/10\/kongresprogram2025-9-1-600x338.jpg 600w, https:\/\/www.kongres-estetickej-mediciny.sk\/wp-content\/uploads\/2025\/10\/kongresprogram2025-9-1-800x450.jpg 800w, https:\/\/www.kongres-estetickej-mediciny.sk\/wp-content\/uploads\/2025\/10\/kongresprogram2025-9-1-1200x676.jpg 1200w, https:\/\/www.kongres-estetickej-mediciny.sk\/wp-content\/uploads\/2025\/10\/kongresprogram2025-9-1-scaled.jpg 2560w\" data-sizes=\"auto\" data-orig-sizes=\"(min-width: 2200px) 100vw, (min-width: 824px) 387px, (min-width: 732px) 580px, (min-width: 640px) 732px, \" \/><\/a><\/div><\/div><div style=\"padding:5px;\" class=\"fusion-grid-column fusion-gallery-column fusion-gallery-column-3 hover-type-none\"><div class=\"fusion-gallery-image\"><a href=\"https:\/\/www.kongres-estetickej-mediciny.sk\/wp-content\/uploads\/2025\/10\/kongresprogram2025-10-1.jpg\" rel=\"noreferrer\" data-rel=\"iLightbox[gallery_image_1]\" class=\"fusion-lightbox\" target=\"_self\"><img decoding=\"async\" src=\"https:\/\/www.kongres-estetickej-mediciny.sk\/wp-content\/uploads\/2025\/10\/kongresprogram2025-10-1.jpg\" data-orig-src=\"https:\/\/www.kongres-estetickej-mediciny.sk\/wp-content\/uploads\/2025\/10\/kongresprogram2025-10-1.jpg\" width=\"1861\" height=\"2303\" alt=\"\" title=\"kongresprogram2025-10\" aria-label=\"kongresprogram2025-10\" class=\"lazyload img-responsive wp-image-6101\" srcset=\"data:image\/svg+xml,%3Csvg%20xmlns%3D%27http%3A%2F%2Fwww.w3.org%2F2000%2Fsvg%27%20width%3D%271861%27%20height%3D%272303%27%20viewBox%3D%270%200%201861%202303%27%3E%3Crect%20width%3D%271861%27%20height%3D%272303%27%20fill-opacity%3D%220%22%2F%3E%3C%2Fsvg%3E\" data-srcset=\"https:\/\/www.kongres-estetickej-mediciny.sk\/wp-content\/uploads\/2025\/10\/kongresprogram2025-10-1-200x248.jpg 200w, https:\/\/www.kongres-estetickej-mediciny.sk\/wp-content\/uploads\/2025\/10\/kongresprogram2025-10-1-400x495.jpg 400w, https:\/\/www.kongres-estetickej-mediciny.sk\/wp-content\/uploads\/2025\/10\/kongresprogram2025-10-1-600x743.jpg 600w, https:\/\/www.kongres-estetickej-mediciny.sk\/wp-content\/uploads\/2025\/10\/kongresprogram2025-10-1-800x990.jpg 800w, https:\/\/www.kongres-estetickej-mediciny.sk\/wp-content\/uploads\/2025\/10\/kongresprogram2025-10-1-1200x1485.jpg 1200w, https:\/\/www.kongres-estetickej-mediciny.sk\/wp-content\/uploads\/2025\/10\/kongresprogram2025-10-1.jpg 1861w\" data-sizes=\"auto\" data-orig-sizes=\"(min-width: 2200px) 100vw, (min-width: 824px) 387px, (min-width: 732px) 580px, (min-width: 640px) 732px, \" \/><\/a><\/div><\/div><div class=\"clearfix\"><\/div><div style=\"padding:5px;\" class=\"fusion-grid-column fusion-gallery-column fusion-gallery-column-3 hover-type-none\"><div class=\"fusion-gallery-image\"><a href=\"https:\/\/www.kongres-estetickej-mediciny.sk\/wp-content\/uploads\/2025\/10\/kongresprogram2025-11-1-scaled.jpg\" rel=\"noreferrer\" data-rel=\"iLightbox[gallery_image_1]\" class=\"fusion-lightbox\" target=\"_self\"><img decoding=\"async\" src=\"https:\/\/www.kongres-estetickej-mediciny.sk\/wp-content\/uploads\/2025\/10\/kongresprogram2025-11-1-scaled.jpg\" data-orig-src=\"https:\/\/www.kongres-estetickej-mediciny.sk\/wp-content\/uploads\/2025\/10\/kongresprogram2025-11-1-scaled.jpg\" width=\"2560\" height=\"1361\" alt=\"\" title=\"kongresprogram2025-11\" aria-label=\"kongresprogram2025-11\" class=\"lazyload img-responsive wp-image-6102\" srcset=\"data:image\/svg+xml,%3Csvg%20xmlns%3D%27http%3A%2F%2Fwww.w3.org%2F2000%2Fsvg%27%20width%3D%272560%27%20height%3D%271361%27%20viewBox%3D%270%200%202560%201361%27%3E%3Crect%20width%3D%272560%27%20height%3D%271361%27%20fill-opacity%3D%220%22%2F%3E%3C%2Fsvg%3E\" data-srcset=\"https:\/\/www.kongres-estetickej-mediciny.sk\/wp-content\/uploads\/2025\/10\/kongresprogram2025-11-1-200x106.jpg 200w, https:\/\/www.kongres-estetickej-mediciny.sk\/wp-content\/uploads\/2025\/10\/kongresprogram2025-11-1-400x213.jpg 400w, https:\/\/www.kongres-estetickej-mediciny.sk\/wp-content\/uploads\/2025\/10\/kongresprogram2025-11-1-600x319.jpg 600w, https:\/\/www.kongres-estetickej-mediciny.sk\/wp-content\/uploads\/2025\/10\/kongresprogram2025-11-1-800x425.jpg 800w, https:\/\/www.kongres-estetickej-mediciny.sk\/wp-content\/uploads\/2025\/10\/kongresprogram2025-11-1-1200x638.jpg 1200w, https:\/\/www.kongres-estetickej-mediciny.sk\/wp-content\/uploads\/2025\/10\/kongresprogram2025-11-1-scaled.jpg 2560w\" data-sizes=\"auto\" data-orig-sizes=\"(min-width: 2200px) 100vw, (min-width: 824px) 387px, (min-width: 732px) 580px, (min-width: 640px) 732px, \" \/><\/a><\/div><\/div><div style=\"padding:5px;\" class=\"fusion-grid-column fusion-gallery-column fusion-gallery-column-3 hover-type-none\"><div class=\"fusion-gallery-image\"><a href=\"https:\/\/www.kongres-estetickej-mediciny.sk\/wp-content\/uploads\/2025\/10\/kongresprogram2025-12-1-scaled.jpg\" rel=\"noreferrer\" data-rel=\"iLightbox[gallery_image_1]\" class=\"fusion-lightbox\" target=\"_self\"><img decoding=\"async\" src=\"https:\/\/www.kongres-estetickej-mediciny.sk\/wp-content\/uploads\/2025\/10\/kongresprogram2025-12-1-scaled.jpg\" data-orig-src=\"https:\/\/www.kongres-estetickej-mediciny.sk\/wp-content\/uploads\/2025\/10\/kongresprogram2025-12-1-scaled.jpg\" width=\"2560\" height=\"1441\" alt=\"\" title=\"kongresprogram2025-12\" aria-label=\"kongresprogram2025-12\" class=\"lazyload img-responsive wp-image-6103\" srcset=\"data:image\/svg+xml,%3Csvg%20xmlns%3D%27http%3A%2F%2Fwww.w3.org%2F2000%2Fsvg%27%20width%3D%272560%27%20height%3D%271441%27%20viewBox%3D%270%200%202560%201441%27%3E%3Crect%20width%3D%272560%27%20height%3D%271441%27%20fill-opacity%3D%220%22%2F%3E%3C%2Fsvg%3E\" data-srcset=\"https:\/\/www.kongres-estetickej-mediciny.sk\/wp-content\/uploads\/2025\/10\/kongresprogram2025-12-1-200x113.jpg 200w, https:\/\/www.kongres-estetickej-mediciny.sk\/wp-content\/uploads\/2025\/10\/kongresprogram2025-12-1-400x225.jpg 400w, https:\/\/www.kongres-estetickej-mediciny.sk\/wp-content\/uploads\/2025\/10\/kongresprogram2025-12-1-600x338.jpg 600w, https:\/\/www.kongres-estetickej-mediciny.sk\/wp-content\/uploads\/2025\/10\/kongresprogram2025-12-1-800x450.jpg 800w, https:\/\/www.kongres-estetickej-mediciny.sk\/wp-content\/uploads\/2025\/10\/kongresprogram2025-12-1-1200x676.jpg 1200w, https:\/\/www.kongres-estetickej-mediciny.sk\/wp-content\/uploads\/2025\/10\/kongresprogram2025-12-1-scaled.jpg 2560w\" data-sizes=\"auto\" data-orig-sizes=\"(min-width: 2200px) 100vw, (min-width: 824px) 387px, (min-width: 732px) 580px, (min-width: 640px) 732px, \" \/><\/a><\/div><\/div><div style=\"padding:5px;\" class=\"fusion-grid-column fusion-gallery-column fusion-gallery-column-3 hover-type-none\"><div class=\"fusion-gallery-image\"><a href=\"https:\/\/www.kongres-estetickej-mediciny.sk\/wp-content\/uploads\/2025\/10\/kongresprogram2025-13-1-scaled.jpg\" rel=\"noreferrer\" data-rel=\"iLightbox[gallery_image_1]\" class=\"fusion-lightbox\" target=\"_self\"><img decoding=\"async\" src=\"https:\/\/www.kongres-estetickej-mediciny.sk\/wp-content\/uploads\/2025\/10\/kongresprogram2025-13-1-scaled.jpg\" data-orig-src=\"https:\/\/www.kongres-estetickej-mediciny.sk\/wp-content\/uploads\/2025\/10\/kongresprogram2025-13-1-scaled.jpg\" width=\"1749\" height=\"2560\" alt=\"\" title=\"kongresprogram2025-13\" aria-label=\"kongresprogram2025-13\" class=\"lazyload img-responsive wp-image-6104\" srcset=\"data:image\/svg+xml,%3Csvg%20xmlns%3D%27http%3A%2F%2Fwww.w3.org%2F2000%2Fsvg%27%20width%3D%271749%27%20height%3D%272560%27%20viewBox%3D%270%200%201749%202560%27%3E%3Crect%20width%3D%271749%27%20height%3D%272560%27%20fill-opacity%3D%220%22%2F%3E%3C%2Fsvg%3E\" data-srcset=\"https:\/\/www.kongres-estetickej-mediciny.sk\/wp-content\/uploads\/2025\/10\/kongresprogram2025-13-1-200x293.jpg 200w, https:\/\/www.kongres-estetickej-mediciny.sk\/wp-content\/uploads\/2025\/10\/kongresprogram2025-13-1-400x585.jpg 400w, https:\/\/www.kongres-estetickej-mediciny.sk\/wp-content\/uploads\/2025\/10\/kongresprogram2025-13-1-600x878.jpg 600w, https:\/\/www.kongres-estetickej-mediciny.sk\/wp-content\/uploads\/2025\/10\/kongresprogram2025-13-1-800x1171.jpg 800w, https:\/\/www.kongres-estetickej-mediciny.sk\/wp-content\/uploads\/2025\/10\/kongresprogram2025-13-1-1200x1756.jpg 1200w, https:\/\/www.kongres-estetickej-mediciny.sk\/wp-content\/uploads\/2025\/10\/kongresprogram2025-13-1-scaled.jpg 1749w\" data-sizes=\"auto\" data-orig-sizes=\"(min-width: 2200px) 100vw, (min-width: 824px) 387px, (min-width: 732px) 580px, (min-width: 640px) 732px, \" \/><\/a><\/div><\/div><div class=\"clearfix\"><\/div><div style=\"padding:5px;\" class=\"fusion-grid-column fusion-gallery-column fusion-gallery-column-3 hover-type-none\"><div class=\"fusion-gallery-image\"><a href=\"https:\/\/www.kongres-estetickej-mediciny.sk\/wp-content\/uploads\/2025\/10\/kongresprogram2025-14-1-scaled.jpg\" rel=\"noreferrer\" data-rel=\"iLightbox[gallery_image_1]\" class=\"fusion-lightbox\" target=\"_self\"><img decoding=\"async\" src=\"https:\/\/www.kongres-estetickej-mediciny.sk\/wp-content\/uploads\/2025\/10\/kongresprogram2025-14-1-scaled.jpg\" data-orig-src=\"https:\/\/www.kongres-estetickej-mediciny.sk\/wp-content\/uploads\/2025\/10\/kongresprogram2025-14-1-scaled.jpg\" width=\"2560\" height=\"1441\" alt=\"\" title=\"kongresprogram2025-14\" aria-label=\"kongresprogram2025-14\" class=\"lazyload img-responsive wp-image-6105\" srcset=\"data:image\/svg+xml,%3Csvg%20xmlns%3D%27http%3A%2F%2Fwww.w3.org%2F2000%2Fsvg%27%20width%3D%272560%27%20height%3D%271441%27%20viewBox%3D%270%200%202560%201441%27%3E%3Crect%20width%3D%272560%27%20height%3D%271441%27%20fill-opacity%3D%220%22%2F%3E%3C%2Fsvg%3E\" data-srcset=\"https:\/\/www.kongres-estetickej-mediciny.sk\/wp-content\/uploads\/2025\/10\/kongresprogram2025-14-1-200x113.jpg 200w, https:\/\/www.kongres-estetickej-mediciny.sk\/wp-content\/uploads\/2025\/10\/kongresprogram2025-14-1-400x225.jpg 400w, https:\/\/www.kongres-estetickej-mediciny.sk\/wp-content\/uploads\/2025\/10\/kongresprogram2025-14-1-600x338.jpg 600w, https:\/\/www.kongres-estetickej-mediciny.sk\/wp-content\/uploads\/2025\/10\/kongresprogram2025-14-1-800x450.jpg 800w, https:\/\/www.kongres-estetickej-mediciny.sk\/wp-content\/uploads\/2025\/10\/kongresprogram2025-14-1-1200x676.jpg 1200w, https:\/\/www.kongres-estetickej-mediciny.sk\/wp-content\/uploads\/2025\/10\/kongresprogram2025-14-1-scaled.jpg 2560w\" data-sizes=\"auto\" data-orig-sizes=\"(min-width: 2200px) 100vw, (min-width: 824px) 387px, (min-width: 732px) 580px, (min-width: 640px) 732px, \" \/><\/a><\/div><\/div><div style=\"padding:5px;\" class=\"fusion-grid-column fusion-gallery-column fusion-gallery-column-3 hover-type-none\"><div class=\"fusion-gallery-image\"><a href=\"https:\/\/www.kongres-estetickej-mediciny.sk\/wp-content\/uploads\/2025\/10\/kongresprogram2025-15-1-scaled.jpg\" rel=\"noreferrer\" data-rel=\"iLightbox[gallery_image_1]\" class=\"fusion-lightbox\" target=\"_self\"><img decoding=\"async\" src=\"https:\/\/www.kongres-estetickej-mediciny.sk\/wp-content\/uploads\/2025\/10\/kongresprogram2025-15-1-scaled.jpg\" data-orig-src=\"https:\/\/www.kongres-estetickej-mediciny.sk\/wp-content\/uploads\/2025\/10\/kongresprogram2025-15-1-scaled.jpg\" width=\"2560\" height=\"1441\" alt=\"\" title=\"kongresprogram2025-15\" aria-label=\"kongresprogram2025-15\" class=\"lazyload img-responsive wp-image-6106\" srcset=\"data:image\/svg+xml,%3Csvg%20xmlns%3D%27http%3A%2F%2Fwww.w3.org%2F2000%2Fsvg%27%20width%3D%272560%27%20height%3D%271441%27%20viewBox%3D%270%200%202560%201441%27%3E%3Crect%20width%3D%272560%27%20height%3D%271441%27%20fill-opacity%3D%220%22%2F%3E%3C%2Fsvg%3E\" data-srcset=\"https:\/\/www.kongres-estetickej-mediciny.sk\/wp-content\/uploads\/2025\/10\/kongresprogram2025-15-1-200x113.jpg 200w, https:\/\/www.kongres-estetickej-mediciny.sk\/wp-content\/uploads\/2025\/10\/kongresprogram2025-15-1-400x225.jpg 400w, https:\/\/www.kongres-estetickej-mediciny.sk\/wp-content\/uploads\/2025\/10\/kongresprogram2025-15-1-600x338.jpg 600w, https:\/\/www.kongres-estetickej-mediciny.sk\/wp-content\/uploads\/2025\/10\/kongresprogram2025-15-1-800x450.jpg 800w, https:\/\/www.kongres-estetickej-mediciny.sk\/wp-content\/uploads\/2025\/10\/kongresprogram2025-15-1-1200x676.jpg 1200w, https:\/\/www.kongres-estetickej-mediciny.sk\/wp-content\/uploads\/2025\/10\/kongresprogram2025-15-1-scaled.jpg 2560w\" data-sizes=\"auto\" data-orig-sizes=\"(min-width: 2200px) 100vw, (min-width: 824px) 387px, (min-width: 732px) 580px, (min-width: 640px) 732px, \" \/><\/a><\/div><\/div><div style=\"padding:5px;\" class=\"fusion-grid-column fusion-gallery-column fusion-gallery-column-3 hover-type-none\"><div class=\"fusion-gallery-image\"><a href=\"https:\/\/www.kongres-estetickej-mediciny.sk\/wp-content\/uploads\/2025\/10\/kongresprogram2025-16-1-scaled.jpg\" rel=\"noreferrer\" data-rel=\"iLightbox[gallery_image_1]\" class=\"fusion-lightbox\" target=\"_self\"><img decoding=\"async\" src=\"https:\/\/www.kongres-estetickej-mediciny.sk\/wp-content\/uploads\/2025\/10\/kongresprogram2025-16-1-scaled.jpg\" data-orig-src=\"https:\/\/www.kongres-estetickej-mediciny.sk\/wp-content\/uploads\/2025\/10\/kongresprogram2025-16-1-scaled.jpg\" width=\"2560\" height=\"1441\" alt=\"\" title=\"kongresprogram2025-16\" aria-label=\"kongresprogram2025-16\" class=\"lazyload img-responsive wp-image-6107\" srcset=\"data:image\/svg+xml,%3Csvg%20xmlns%3D%27http%3A%2F%2Fwww.w3.org%2F2000%2Fsvg%27%20width%3D%272560%27%20height%3D%271441%27%20viewBox%3D%270%200%202560%201441%27%3E%3Crect%20width%3D%272560%27%20height%3D%271441%27%20fill-opacity%3D%220%22%2F%3E%3C%2Fsvg%3E\" data-srcset=\"https:\/\/www.kongres-estetickej-mediciny.sk\/wp-content\/uploads\/2025\/10\/kongresprogram2025-16-1-200x113.jpg 200w, https:\/\/www.kongres-estetickej-mediciny.sk\/wp-content\/uploads\/2025\/10\/kongresprogram2025-16-1-400x225.jpg 400w, https:\/\/www.kongres-estetickej-mediciny.sk\/wp-content\/uploads\/2025\/10\/kongresprogram2025-16-1-600x338.jpg 600w, https:\/\/www.kongres-estetickej-mediciny.sk\/wp-content\/uploads\/2025\/10\/kongresprogram2025-16-1-800x450.jpg 800w, https:\/\/www.kongres-estetickej-mediciny.sk\/wp-content\/uploads\/2025\/10\/kongresprogram2025-16-1-1200x676.jpg 1200w, https:\/\/www.kongres-estetickej-mediciny.sk\/wp-content\/uploads\/2025\/10\/kongresprogram2025-16-1-scaled.jpg 2560w\" data-sizes=\"auto\" data-orig-sizes=\"(min-width: 2200px) 100vw, (min-width: 824px) 387px, (min-width: 732px) 580px, (min-width: 640px) 732px, \" \/><\/a><\/div><\/div><div class=\"clearfix\"><\/div><div style=\"padding:5px;\" class=\"fusion-grid-column fusion-gallery-column fusion-gallery-column-3 hover-type-none\"><div class=\"fusion-gallery-image\"><a href=\"https:\/\/www.kongres-estetickej-mediciny.sk\/wp-content\/uploads\/2025\/10\/kongresprogram2025-17-1-scaled.jpg\" rel=\"noreferrer\" data-rel=\"iLightbox[gallery_image_1]\" class=\"fusion-lightbox\" target=\"_self\"><img decoding=\"async\" src=\"https:\/\/www.kongres-estetickej-mediciny.sk\/wp-content\/uploads\/2025\/10\/kongresprogram2025-17-1-scaled.jpg\" data-orig-src=\"https:\/\/www.kongres-estetickej-mediciny.sk\/wp-content\/uploads\/2025\/10\/kongresprogram2025-17-1-scaled.jpg\" width=\"2560\" height=\"1441\" alt=\"\" title=\"kongresprogram2025-17\" aria-label=\"kongresprogram2025-17\" class=\"lazyload img-responsive wp-image-6108\" srcset=\"data:image\/svg+xml,%3Csvg%20xmlns%3D%27http%3A%2F%2Fwww.w3.org%2F2000%2Fsvg%27%20width%3D%272560%27%20height%3D%271441%27%20viewBox%3D%270%200%202560%201441%27%3E%3Crect%20width%3D%272560%27%20height%3D%271441%27%20fill-opacity%3D%220%22%2F%3E%3C%2Fsvg%3E\" data-srcset=\"https:\/\/www.kongres-estetickej-mediciny.sk\/wp-content\/uploads\/2025\/10\/kongresprogram2025-17-1-200x113.jpg 200w, https:\/\/www.kongres-estetickej-mediciny.sk\/wp-content\/uploads\/2025\/10\/kongresprogram2025-17-1-400x225.jpg 400w, https:\/\/www.kongres-estetickej-mediciny.sk\/wp-content\/uploads\/2025\/10\/kongresprogram2025-17-1-600x338.jpg 600w, https:\/\/www.kongres-estetickej-mediciny.sk\/wp-content\/uploads\/2025\/10\/kongresprogram2025-17-1-800x450.jpg 800w, https:\/\/www.kongres-estetickej-mediciny.sk\/wp-content\/uploads\/2025\/10\/kongresprogram2025-17-1-1200x676.jpg 1200w, https:\/\/www.kongres-estetickej-mediciny.sk\/wp-content\/uploads\/2025\/10\/kongresprogram2025-17-1-scaled.jpg 2560w\" data-sizes=\"auto\" data-orig-sizes=\"(min-width: 2200px) 100vw, (min-width: 824px) 387px, (min-width: 732px) 580px, (min-width: 640px) 732px, \" \/><\/a><\/div><\/div><div style=\"padding:5px;\" class=\"fusion-grid-column fusion-gallery-column fusion-gallery-column-3 hover-type-none\"><div class=\"fusion-gallery-image\"><a href=\"https:\/\/www.kongres-estetickej-mediciny.sk\/wp-content\/uploads\/2025\/10\/kongresprogram2025-24-1-scaled.jpg\" rel=\"noreferrer\" data-rel=\"iLightbox[gallery_image_1]\" class=\"fusion-lightbox\" target=\"_self\"><img decoding=\"async\" src=\"https:\/\/www.kongres-estetickej-mediciny.sk\/wp-content\/uploads\/2025\/10\/kongresprogram2025-24-1-scaled.jpg\" data-orig-src=\"https:\/\/www.kongres-estetickej-mediciny.sk\/wp-content\/uploads\/2025\/10\/kongresprogram2025-24-1-scaled.jpg\" width=\"2560\" height=\"1440\" alt=\"\" title=\"kongresprogram2025-24\" aria-label=\"kongresprogram2025-24\" class=\"lazyload img-responsive wp-image-6109\" srcset=\"data:image\/svg+xml,%3Csvg%20xmlns%3D%27http%3A%2F%2Fwww.w3.org%2F2000%2Fsvg%27%20width%3D%272560%27%20height%3D%271440%27%20viewBox%3D%270%200%202560%201440%27%3E%3Crect%20width%3D%272560%27%20height%3D%271440%27%20fill-opacity%3D%220%22%2F%3E%3C%2Fsvg%3E\" data-srcset=\"https:\/\/www.kongres-estetickej-mediciny.sk\/wp-content\/uploads\/2025\/10\/kongresprogram2025-24-1-200x112.jpg 200w, https:\/\/www.kongres-estetickej-mediciny.sk\/wp-content\/uploads\/2025\/10\/kongresprogram2025-24-1-400x225.jpg 400w, https:\/\/www.kongres-estetickej-mediciny.sk\/wp-content\/uploads\/2025\/10\/kongresprogram2025-24-1-600x337.jpg 600w, https:\/\/www.kongres-estetickej-mediciny.sk\/wp-content\/uploads\/2025\/10\/kongresprogram2025-24-1-800x450.jpg 800w, https:\/\/www.kongres-estetickej-mediciny.sk\/wp-content\/uploads\/2025\/10\/kongresprogram2025-24-1-1200x675.jpg 1200w, https:\/\/www.kongres-estetickej-mediciny.sk\/wp-content\/uploads\/2025\/10\/kongresprogram2025-24-1-scaled.jpg 2560w\" data-sizes=\"auto\" data-orig-sizes=\"(min-width: 2200px) 100vw, (min-width: 824px) 387px, (min-width: 732px) 580px, (min-width: 640px) 732px, \" \/><\/a><\/div><\/div><div style=\"padding:5px;\" class=\"fusion-grid-column fusion-gallery-column fusion-gallery-column-3 hover-type-none\"><div class=\"fusion-gallery-image\"><a href=\"https:\/\/www.kongres-estetickej-mediciny.sk\/wp-content\/uploads\/2025\/10\/kongresprogram2025-25-1-scaled.jpg\" rel=\"noreferrer\" data-rel=\"iLightbox[gallery_image_1]\" class=\"fusion-lightbox\" target=\"_self\"><img decoding=\"async\" src=\"https:\/\/www.kongres-estetickej-mediciny.sk\/wp-content\/uploads\/2025\/10\/kongresprogram2025-25-1-scaled.jpg\" data-orig-src=\"https:\/\/www.kongres-estetickej-mediciny.sk\/wp-content\/uploads\/2025\/10\/kongresprogram2025-25-1-scaled.jpg\" width=\"2560\" height=\"1440\" alt=\"\" title=\"kongresprogram2025-25\" aria-label=\"kongresprogram2025-25\" class=\"lazyload img-responsive wp-image-6110\" srcset=\"data:image\/svg+xml,%3Csvg%20xmlns%3D%27http%3A%2F%2Fwww.w3.org%2F2000%2Fsvg%27%20width%3D%272560%27%20height%3D%271440%27%20viewBox%3D%270%200%202560%201440%27%3E%3Crect%20width%3D%272560%27%20height%3D%271440%27%20fill-opacity%3D%220%22%2F%3E%3C%2Fsvg%3E\" data-srcset=\"https:\/\/www.kongres-estetickej-mediciny.sk\/wp-content\/uploads\/2025\/10\/kongresprogram2025-25-1-200x112.jpg 200w, https:\/\/www.kongres-estetickej-mediciny.sk\/wp-content\/uploads\/2025\/10\/kongresprogram2025-25-1-400x225.jpg 400w, https:\/\/www.kongres-estetickej-mediciny.sk\/wp-content\/uploads\/2025\/10\/kongresprogram2025-25-1-600x337.jpg 600w, https:\/\/www.kongres-estetickej-mediciny.sk\/wp-content\/uploads\/2025\/10\/kongresprogram2025-25-1-800x450.jpg 800w, https:\/\/www.kongres-estetickej-mediciny.sk\/wp-content\/uploads\/2025\/10\/kongresprogram2025-25-1-1200x675.jpg 1200w, https:\/\/www.kongres-estetickej-mediciny.sk\/wp-content\/uploads\/2025\/10\/kongresprogram2025-25-1-scaled.jpg 2560w\" data-sizes=\"auto\" data-orig-sizes=\"(min-width: 2200px) 100vw, (min-width: 824px) 387px, (min-width: 732px) 580px, (min-width: 640px) 732px, \" \/><\/a><\/div><\/div><div class=\"clearfix\"><\/div><div style=\"padding:5px;\" class=\"fusion-grid-column fusion-gallery-column fusion-gallery-column-3 hover-type-none\"><div class=\"fusion-gallery-image\"><a href=\"https:\/\/www.kongres-estetickej-mediciny.sk\/wp-content\/uploads\/2025\/10\/kongresprogram2025-26-1-scaled.jpg\" rel=\"noreferrer\" data-rel=\"iLightbox[gallery_image_1]\" class=\"fusion-lightbox\" target=\"_self\"><img decoding=\"async\" src=\"https:\/\/www.kongres-estetickej-mediciny.sk\/wp-content\/uploads\/2025\/10\/kongresprogram2025-26-1-scaled.jpg\" data-orig-src=\"https:\/\/www.kongres-estetickej-mediciny.sk\/wp-content\/uploads\/2025\/10\/kongresprogram2025-26-1-scaled.jpg\" width=\"2560\" height=\"1440\" alt=\"\" title=\"kongresprogram2025-26\" aria-label=\"kongresprogram2025-26\" class=\"lazyload img-responsive wp-image-6111\" srcset=\"data:image\/svg+xml,%3Csvg%20xmlns%3D%27http%3A%2F%2Fwww.w3.org%2F2000%2Fsvg%27%20width%3D%272560%27%20height%3D%271440%27%20viewBox%3D%270%200%202560%201440%27%3E%3Crect%20width%3D%272560%27%20height%3D%271440%27%20fill-opacity%3D%220%22%2F%3E%3C%2Fsvg%3E\" data-srcset=\"https:\/\/www.kongres-estetickej-mediciny.sk\/wp-content\/uploads\/2025\/10\/kongresprogram2025-26-1-200x112.jpg 200w, https:\/\/www.kongres-estetickej-mediciny.sk\/wp-content\/uploads\/2025\/10\/kongresprogram2025-26-1-400x225.jpg 400w, https:\/\/www.kongres-estetickej-mediciny.sk\/wp-content\/uploads\/2025\/10\/kongresprogram2025-26-1-600x337.jpg 600w, https:\/\/www.kongres-estetickej-mediciny.sk\/wp-content\/uploads\/2025\/10\/kongresprogram2025-26-1-800x450.jpg 800w, https:\/\/www.kongres-estetickej-mediciny.sk\/wp-content\/uploads\/2025\/10\/kongresprogram2025-26-1-1200x675.jpg 1200w, https:\/\/www.kongres-estetickej-mediciny.sk\/wp-content\/uploads\/2025\/10\/kongresprogram2025-26-1-scaled.jpg 2560w\" data-sizes=\"auto\" data-orig-sizes=\"(min-width: 2200px) 100vw, (min-width: 824px) 387px, (min-width: 732px) 580px, (min-width: 640px) 732px, \" \/><\/a><\/div><\/div><div style=\"padding:5px;\" class=\"fusion-grid-column fusion-gallery-column fusion-gallery-column-3 hover-type-none\"><div class=\"fusion-gallery-image\"><a href=\"https:\/\/www.kongres-estetickej-mediciny.sk\/wp-content\/uploads\/2025\/10\/kongresprogram2025-27-1-scaled.jpg\" rel=\"noreferrer\" data-rel=\"iLightbox[gallery_image_1]\" class=\"fusion-lightbox\" target=\"_self\"><img decoding=\"async\" src=\"https:\/\/www.kongres-estetickej-mediciny.sk\/wp-content\/uploads\/2025\/10\/kongresprogram2025-27-1-scaled.jpg\" data-orig-src=\"https:\/\/www.kongres-estetickej-mediciny.sk\/wp-content\/uploads\/2025\/10\/kongresprogram2025-27-1-scaled.jpg\" width=\"2560\" height=\"1440\" alt=\"\" title=\"kongresprogram2025-27\" aria-label=\"kongresprogram2025-27\" class=\"lazyload img-responsive wp-image-6112\" srcset=\"data:image\/svg+xml,%3Csvg%20xmlns%3D%27http%3A%2F%2Fwww.w3.org%2F2000%2Fsvg%27%20width%3D%272560%27%20height%3D%271440%27%20viewBox%3D%270%200%202560%201440%27%3E%3Crect%20width%3D%272560%27%20height%3D%271440%27%20fill-opacity%3D%220%22%2F%3E%3C%2Fsvg%3E\" data-srcset=\"https:\/\/www.kongres-estetickej-mediciny.sk\/wp-content\/uploads\/2025\/10\/kongresprogram2025-27-1-200x112.jpg 200w, https:\/\/www.kongres-estetickej-mediciny.sk\/wp-content\/uploads\/2025\/10\/kongresprogram2025-27-1-400x225.jpg 400w, https:\/\/www.kongres-estetickej-mediciny.sk\/wp-content\/uploads\/2025\/10\/kongresprogram2025-27-1-600x337.jpg 600w, https:\/\/www.kongres-estetickej-mediciny.sk\/wp-content\/uploads\/2025\/10\/kongresprogram2025-27-1-800x450.jpg 800w, https:\/\/www.kongres-estetickej-mediciny.sk\/wp-content\/uploads\/2025\/10\/kongresprogram2025-27-1-1200x675.jpg 1200w, https:\/\/www.kongres-estetickej-mediciny.sk\/wp-content\/uploads\/2025\/10\/kongresprogram2025-27-1-scaled.jpg 2560w\" data-sizes=\"auto\" data-orig-sizes=\"(min-width: 2200px) 100vw, (min-width: 824px) 387px, (min-width: 732px) 580px, (min-width: 640px) 732px, \" \/><\/a><\/div><\/div><div style=\"padding:5px;\" class=\"fusion-grid-column fusion-gallery-column fusion-gallery-column-3 hover-type-none\"><div class=\"fusion-gallery-image\"><a href=\"https:\/\/www.kongres-estetickej-mediciny.sk\/wp-content\/uploads\/2025\/10\/kongresprogram2025-28-1-scaled.jpg\" rel=\"noreferrer\" data-rel=\"iLightbox[gallery_image_1]\" class=\"fusion-lightbox\" target=\"_self\"><img decoding=\"async\" src=\"https:\/\/www.kongres-estetickej-mediciny.sk\/wp-content\/uploads\/2025\/10\/kongresprogram2025-28-1-scaled.jpg\" data-orig-src=\"https:\/\/www.kongres-estetickej-mediciny.sk\/wp-content\/uploads\/2025\/10\/kongresprogram2025-28-1-scaled.jpg\" width=\"2560\" height=\"1440\" alt=\"\" title=\"kongresprogram2025-28\" aria-label=\"kongresprogram2025-28\" class=\"lazyload img-responsive wp-image-6113\" srcset=\"data:image\/svg+xml,%3Csvg%20xmlns%3D%27http%3A%2F%2Fwww.w3.org%2F2000%2Fsvg%27%20width%3D%272560%27%20height%3D%271440%27%20viewBox%3D%270%200%202560%201440%27%3E%3Crect%20width%3D%272560%27%20height%3D%271440%27%20fill-opacity%3D%220%22%2F%3E%3C%2Fsvg%3E\" data-srcset=\"https:\/\/www.kongres-estetickej-mediciny.sk\/wp-content\/uploads\/2025\/10\/kongresprogram2025-28-1-200x112.jpg 200w, https:\/\/www.kongres-estetickej-mediciny.sk\/wp-content\/uploads\/2025\/10\/kongresprogram2025-28-1-400x225.jpg 400w, https:\/\/www.kongres-estetickej-mediciny.sk\/wp-content\/uploads\/2025\/10\/kongresprogram2025-28-1-600x337.jpg 600w, https:\/\/www.kongres-estetickej-mediciny.sk\/wp-content\/uploads\/2025\/10\/kongresprogram2025-28-1-800x450.jpg 800w, https:\/\/www.kongres-estetickej-mediciny.sk\/wp-content\/uploads\/2025\/10\/kongresprogram2025-28-1-1200x675.jpg 1200w, https:\/\/www.kongres-estetickej-mediciny.sk\/wp-content\/uploads\/2025\/10\/kongresprogram2025-28-1-scaled.jpg 2560w\" data-sizes=\"auto\" data-orig-sizes=\"(min-width: 2200px) 100vw, (min-width: 824px) 387px, (min-width: 732px) 580px, (min-width: 640px) 732px, \" \/><\/a><\/div><\/div><div class=\"clearfix\"><\/div><div style=\"padding:5px;\" class=\"fusion-grid-column fusion-gallery-column fusion-gallery-column-3 hover-type-none\"><div class=\"fusion-gallery-image\"><a href=\"https:\/\/www.kongres-estetickej-mediciny.sk\/wp-content\/uploads\/2025\/10\/kongresprogram2025-29-1-scaled.jpg\" rel=\"noreferrer\" data-rel=\"iLightbox[gallery_image_1]\" class=\"fusion-lightbox\" target=\"_self\"><img decoding=\"async\" src=\"https:\/\/www.kongres-estetickej-mediciny.sk\/wp-content\/uploads\/2025\/10\/kongresprogram2025-29-1-scaled.jpg\" data-orig-src=\"https:\/\/www.kongres-estetickej-mediciny.sk\/wp-content\/uploads\/2025\/10\/kongresprogram2025-29-1-scaled.jpg\" width=\"2560\" height=\"1440\" alt=\"\" title=\"kongresprogram2025-29\" aria-label=\"kongresprogram2025-29\" class=\"lazyload img-responsive wp-image-6114\" srcset=\"data:image\/svg+xml,%3Csvg%20xmlns%3D%27http%3A%2F%2Fwww.w3.org%2F2000%2Fsvg%27%20width%3D%272560%27%20height%3D%271440%27%20viewBox%3D%270%200%202560%201440%27%3E%3Crect%20width%3D%272560%27%20height%3D%271440%27%20fill-opacity%3D%220%22%2F%3E%3C%2Fsvg%3E\" data-srcset=\"https:\/\/www.kongres-estetickej-mediciny.sk\/wp-content\/uploads\/2025\/10\/kongresprogram2025-29-1-200x112.jpg 200w, https:\/\/www.kongres-estetickej-mediciny.sk\/wp-content\/uploads\/2025\/10\/kongresprogram2025-29-1-400x225.jpg 400w, https:\/\/www.kongres-estetickej-mediciny.sk\/wp-content\/uploads\/2025\/10\/kongresprogram2025-29-1-600x337.jpg 600w, https:\/\/www.kongres-estetickej-mediciny.sk\/wp-content\/uploads\/2025\/10\/kongresprogram2025-29-1-800x450.jpg 800w, https:\/\/www.kongres-estetickej-mediciny.sk\/wp-content\/uploads\/2025\/10\/kongresprogram2025-29-1-1200x675.jpg 1200w, https:\/\/www.kongres-estetickej-mediciny.sk\/wp-content\/uploads\/2025\/10\/kongresprogram2025-29-1-scaled.jpg 2560w\" data-sizes=\"auto\" data-orig-sizes=\"(min-width: 2200px) 100vw, (min-width: 824px) 387px, (min-width: 732px) 580px, (min-width: 640px) 732px, \" \/><\/a><\/div><\/div><div style=\"padding:5px;\" class=\"fusion-grid-column fusion-gallery-column fusion-gallery-column-3 hover-type-none\"><div class=\"fusion-gallery-image\"><a href=\"https:\/\/www.kongres-estetickej-mediciny.sk\/wp-content\/uploads\/2025\/10\/kongresprogram2025-30-1-scaled.jpg\" rel=\"noreferrer\" data-rel=\"iLightbox[gallery_image_1]\" class=\"fusion-lightbox\" target=\"_self\"><img decoding=\"async\" src=\"https:\/\/www.kongres-estetickej-mediciny.sk\/wp-content\/uploads\/2025\/10\/kongresprogram2025-30-1-scaled.jpg\" data-orig-src=\"https:\/\/www.kongres-estetickej-mediciny.sk\/wp-content\/uploads\/2025\/10\/kongresprogram2025-30-1-scaled.jpg\" width=\"2560\" height=\"1440\" alt=\"\" title=\"kongresprogram2025-30\" aria-label=\"kongresprogram2025-30\" class=\"lazyload img-responsive wp-image-6115\" srcset=\"data:image\/svg+xml,%3Csvg%20xmlns%3D%27http%3A%2F%2Fwww.w3.org%2F2000%2Fsvg%27%20width%3D%272560%27%20height%3D%271440%27%20viewBox%3D%270%200%202560%201440%27%3E%3Crect%20width%3D%272560%27%20height%3D%271440%27%20fill-opacity%3D%220%22%2F%3E%3C%2Fsvg%3E\" data-srcset=\"https:\/\/www.kongres-estetickej-mediciny.sk\/wp-content\/uploads\/2025\/10\/kongresprogram2025-30-1-200x112.jpg 200w, https:\/\/www.kongres-estetickej-mediciny.sk\/wp-content\/uploads\/2025\/10\/kongresprogram2025-30-1-400x225.jpg 400w, https:\/\/www.kongres-estetickej-mediciny.sk\/wp-content\/uploads\/2025\/10\/kongresprogram2025-30-1-600x337.jpg 600w, https:\/\/www.kongres-estetickej-mediciny.sk\/wp-content\/uploads\/2025\/10\/kongresprogram2025-30-1-800x450.jpg 800w, https:\/\/www.kongres-estetickej-mediciny.sk\/wp-content\/uploads\/2025\/10\/kongresprogram2025-30-1-1200x675.jpg 1200w, https:\/\/www.kongres-estetickej-mediciny.sk\/wp-content\/uploads\/2025\/10\/kongresprogram2025-30-1-scaled.jpg 2560w\" data-sizes=\"auto\" data-orig-sizes=\"(min-width: 2200px) 100vw, (min-width: 824px) 387px, (min-width: 732px) 580px, (min-width: 640px) 732px, \" \/><\/a><\/div><\/div><div style=\"padding:5px;\" class=\"fusion-grid-column fusion-gallery-column fusion-gallery-column-3 hover-type-none\"><div class=\"fusion-gallery-image\"><a href=\"https:\/\/www.kongres-estetickej-mediciny.sk\/wp-content\/uploads\/2025\/10\/kongresprogram2025-31-1-scaled.jpg\" rel=\"noreferrer\" data-rel=\"iLightbox[gallery_image_1]\" class=\"fusion-lightbox\" target=\"_self\"><img decoding=\"async\" src=\"https:\/\/www.kongres-estetickej-mediciny.sk\/wp-content\/uploads\/2025\/10\/kongresprogram2025-31-1-scaled.jpg\" data-orig-src=\"https:\/\/www.kongres-estetickej-mediciny.sk\/wp-content\/uploads\/2025\/10\/kongresprogram2025-31-1-scaled.jpg\" width=\"2560\" height=\"1440\" alt=\"\" title=\"kongresprogram2025-31\" aria-label=\"kongresprogram2025-31\" class=\"lazyload img-responsive wp-image-6116\" srcset=\"data:image\/svg+xml,%3Csvg%20xmlns%3D%27http%3A%2F%2Fwww.w3.org%2F2000%2Fsvg%27%20width%3D%272560%27%20height%3D%271440%27%20viewBox%3D%270%200%202560%201440%27%3E%3Crect%20width%3D%272560%27%20height%3D%271440%27%20fill-opacity%3D%220%22%2F%3E%3C%2Fsvg%3E\" data-srcset=\"https:\/\/www.kongres-estetickej-mediciny.sk\/wp-content\/uploads\/2025\/10\/kongresprogram2025-31-1-200x112.jpg 200w, https:\/\/www.kongres-estetickej-mediciny.sk\/wp-content\/uploads\/2025\/10\/kongresprogram2025-31-1-400x225.jpg 400w, https:\/\/www.kongres-estetickej-mediciny.sk\/wp-content\/uploads\/2025\/10\/kongresprogram2025-31-1-600x337.jpg 600w, https:\/\/www.kongres-estetickej-mediciny.sk\/wp-content\/uploads\/2025\/10\/kongresprogram2025-31-1-800x450.jpg 800w, https:\/\/www.kongres-estetickej-mediciny.sk\/wp-content\/uploads\/2025\/10\/kongresprogram2025-31-1-1200x675.jpg 1200w, https:\/\/www.kongres-estetickej-mediciny.sk\/wp-content\/uploads\/2025\/10\/kongresprogram2025-31-1-scaled.jpg 2560w\" data-sizes=\"auto\" data-orig-sizes=\"(min-width: 2200px) 100vw, (min-width: 824px) 387px, (min-width: 732px) 580px, (min-width: 640px) 732px, \" \/><\/a><\/div><\/div><div class=\"clearfix\"><\/div><div style=\"padding:5px;\" class=\"fusion-grid-column fusion-gallery-column fusion-gallery-column-3 hover-type-none\"><div class=\"fusion-gallery-image\"><a href=\"https:\/\/www.kongres-estetickej-mediciny.sk\/wp-content\/uploads\/2025\/10\/kongresprogram2025-32-1-scaled.jpg\" rel=\"noreferrer\" data-rel=\"iLightbox[gallery_image_1]\" class=\"fusion-lightbox\" target=\"_self\"><img decoding=\"async\" src=\"https:\/\/www.kongres-estetickej-mediciny.sk\/wp-content\/uploads\/2025\/10\/kongresprogram2025-32-1-scaled.jpg\" data-orig-src=\"https:\/\/www.kongres-estetickej-mediciny.sk\/wp-content\/uploads\/2025\/10\/kongresprogram2025-32-1-scaled.jpg\" width=\"2560\" height=\"1440\" alt=\"\" title=\"kongresprogram2025-32\" aria-label=\"kongresprogram2025-32\" class=\"lazyload img-responsive wp-image-6117\" srcset=\"data:image\/svg+xml,%3Csvg%20xmlns%3D%27http%3A%2F%2Fwww.w3.org%2F2000%2Fsvg%27%20width%3D%272560%27%20height%3D%271440%27%20viewBox%3D%270%200%202560%201440%27%3E%3Crect%20width%3D%272560%27%20height%3D%271440%27%20fill-opacity%3D%220%22%2F%3E%3C%2Fsvg%3E\" data-srcset=\"https:\/\/www.kongres-estetickej-mediciny.sk\/wp-content\/uploads\/2025\/10\/kongresprogram2025-32-1-200x112.jpg 200w, https:\/\/www.kongres-estetickej-mediciny.sk\/wp-content\/uploads\/2025\/10\/kongresprogram2025-32-1-400x225.jpg 400w, https:\/\/www.kongres-estetickej-mediciny.sk\/wp-content\/uploads\/2025\/10\/kongresprogram2025-32-1-600x337.jpg 600w, https:\/\/www.kongres-estetickej-mediciny.sk\/wp-content\/uploads\/2025\/10\/kongresprogram2025-32-1-800x450.jpg 800w, https:\/\/www.kongres-estetickej-mediciny.sk\/wp-content\/uploads\/2025\/10\/kongresprogram2025-32-1-1200x675.jpg 1200w, https:\/\/www.kongres-estetickej-mediciny.sk\/wp-content\/uploads\/2025\/10\/kongresprogram2025-32-1-scaled.jpg 2560w\" data-sizes=\"auto\" data-orig-sizes=\"(min-width: 2200px) 100vw, (min-width: 824px) 387px, (min-width: 732px) 580px, (min-width: 640px) 732px, \" \/><\/a><\/div><\/div><div style=\"padding:5px;\" class=\"fusion-grid-column fusion-gallery-column fusion-gallery-column-3 hover-type-none\"><div class=\"fusion-gallery-image\"><a href=\"https:\/\/www.kongres-estetickej-mediciny.sk\/wp-content\/uploads\/2025\/10\/kongresprogram2025-36-1-scaled.jpg\" rel=\"noreferrer\" data-rel=\"iLightbox[gallery_image_1]\" class=\"fusion-lightbox\" target=\"_self\"><img decoding=\"async\" src=\"https:\/\/www.kongres-estetickej-mediciny.sk\/wp-content\/uploads\/2025\/10\/kongresprogram2025-36-1-scaled.jpg\" data-orig-src=\"https:\/\/www.kongres-estetickej-mediciny.sk\/wp-content\/uploads\/2025\/10\/kongresprogram2025-36-1-scaled.jpg\" width=\"2560\" height=\"1440\" alt=\"\" title=\"kongresprogram2025-36\" aria-label=\"kongresprogram2025-36\" class=\"lazyload img-responsive wp-image-6118\" srcset=\"data:image\/svg+xml,%3Csvg%20xmlns%3D%27http%3A%2F%2Fwww.w3.org%2F2000%2Fsvg%27%20width%3D%272560%27%20height%3D%271440%27%20viewBox%3D%270%200%202560%201440%27%3E%3Crect%20width%3D%272560%27%20height%3D%271440%27%20fill-opacity%3D%220%22%2F%3E%3C%2Fsvg%3E\" data-srcset=\"https:\/\/www.kongres-estetickej-mediciny.sk\/wp-content\/uploads\/2025\/10\/kongresprogram2025-36-1-200x112.jpg 200w, https:\/\/www.kongres-estetickej-mediciny.sk\/wp-content\/uploads\/2025\/10\/kongresprogram2025-36-1-400x225.jpg 400w, https:\/\/www.kongres-estetickej-mediciny.sk\/wp-content\/uploads\/2025\/10\/kongresprogram2025-36-1-600x337.jpg 600w, https:\/\/www.kongres-estetickej-mediciny.sk\/wp-content\/uploads\/2025\/10\/kongresprogram2025-36-1-800x450.jpg 800w, https:\/\/www.kongres-estetickej-mediciny.sk\/wp-content\/uploads\/2025\/10\/kongresprogram2025-36-1-1200x675.jpg 1200w, https:\/\/www.kongres-estetickej-mediciny.sk\/wp-content\/uploads\/2025\/10\/kongresprogram2025-36-1-scaled.jpg 2560w\" data-sizes=\"auto\" data-orig-sizes=\"(min-width: 2200px) 100vw, (min-width: 824px) 387px, (min-width: 732px) 580px, (min-width: 640px) 732px, \" \/><\/a><\/div><\/div><div style=\"padding:5px;\" class=\"fusion-grid-column fusion-gallery-column fusion-gallery-column-3 hover-type-none\"><div class=\"fusion-gallery-image\"><a href=\"https:\/\/www.kongres-estetickej-mediciny.sk\/wp-content\/uploads\/2025\/10\/kongresprogram2025-37-1-scaled.jpg\" rel=\"noreferrer\" data-rel=\"iLightbox[gallery_image_1]\" class=\"fusion-lightbox\" target=\"_self\"><img decoding=\"async\" src=\"https:\/\/www.kongres-estetickej-mediciny.sk\/wp-content\/uploads\/2025\/10\/kongresprogram2025-37-1-scaled.jpg\" data-orig-src=\"https:\/\/www.kongres-estetickej-mediciny.sk\/wp-content\/uploads\/2025\/10\/kongresprogram2025-37-1-scaled.jpg\" width=\"2560\" height=\"1440\" alt=\"\" title=\"kongresprogram2025-37\" aria-label=\"kongresprogram2025-37\" class=\"lazyload img-responsive wp-image-6119\" srcset=\"data:image\/svg+xml,%3Csvg%20xmlns%3D%27http%3A%2F%2Fwww.w3.org%2F2000%2Fsvg%27%20width%3D%272560%27%20height%3D%271440%27%20viewBox%3D%270%200%202560%201440%27%3E%3Crect%20width%3D%272560%27%20height%3D%271440%27%20fill-opacity%3D%220%22%2F%3E%3C%2Fsvg%3E\" data-srcset=\"https:\/\/www.kongres-estetickej-mediciny.sk\/wp-content\/uploads\/2025\/10\/kongresprogram2025-37-1-200x112.jpg 200w, https:\/\/www.kongres-estetickej-mediciny.sk\/wp-content\/uploads\/2025\/10\/kongresprogram2025-37-1-400x225.jpg 400w, https:\/\/www.kongres-estetickej-mediciny.sk\/wp-content\/uploads\/2025\/10\/kongresprogram2025-37-1-600x337.jpg 600w, https:\/\/www.kongres-estetickej-mediciny.sk\/wp-content\/uploads\/2025\/10\/kongresprogram2025-37-1-800x450.jpg 800w, https:\/\/www.kongres-estetickej-mediciny.sk\/wp-content\/uploads\/2025\/10\/kongresprogram2025-37-1-1200x675.jpg 1200w, https:\/\/www.kongres-estetickej-mediciny.sk\/wp-content\/uploads\/2025\/10\/kongresprogram2025-37-1-scaled.jpg 2560w\" data-sizes=\"auto\" data-orig-sizes=\"(min-width: 2200px) 100vw, (min-width: 824px) 387px, (min-width: 732px) 580px, (min-width: 640px) 732px, \" \/><\/a><\/div><\/div><div class=\"clearfix\"><\/div><div style=\"padding:5px;\" class=\"fusion-grid-column fusion-gallery-column fusion-gallery-column-3 hover-type-none\"><div class=\"fusion-gallery-image\"><a href=\"https:\/\/www.kongres-estetickej-mediciny.sk\/wp-content\/uploads\/2025\/10\/kongresprogram2025-1-scaled.jpg\" rel=\"noreferrer\" data-rel=\"iLightbox[gallery_image_1]\" class=\"fusion-lightbox\" target=\"_self\"><img decoding=\"async\" src=\"https:\/\/www.kongres-estetickej-mediciny.sk\/wp-content\/uploads\/2025\/10\/kongresprogram2025-1-scaled.jpg\" data-orig-src=\"https:\/\/www.kongres-estetickej-mediciny.sk\/wp-content\/uploads\/2025\/10\/kongresprogram2025-1-scaled.jpg\" width=\"2560\" height=\"1441\" alt=\"\" title=\"kongresprogram2025\" aria-label=\"kongresprogram2025\" class=\"lazyload img-responsive wp-image-6120\" srcset=\"data:image\/svg+xml,%3Csvg%20xmlns%3D%27http%3A%2F%2Fwww.w3.org%2F2000%2Fsvg%27%20width%3D%272560%27%20height%3D%271441%27%20viewBox%3D%270%200%202560%201441%27%3E%3Crect%20width%3D%272560%27%20height%3D%271441%27%20fill-opacity%3D%220%22%2F%3E%3C%2Fsvg%3E\" data-srcset=\"https:\/\/www.kongres-estetickej-mediciny.sk\/wp-content\/uploads\/2025\/10\/kongresprogram2025-1-200x113.jpg 200w, https:\/\/www.kongres-estetickej-mediciny.sk\/wp-content\/uploads\/2025\/10\/kongresprogram2025-1-400x225.jpg 400w, https:\/\/www.kongres-estetickej-mediciny.sk\/wp-content\/uploads\/2025\/10\/kongresprogram2025-1-600x338.jpg 600w, https:\/\/www.kongres-estetickej-mediciny.sk\/wp-content\/uploads\/2025\/10\/kongresprogram2025-1-800x450.jpg 800w, https:\/\/www.kongres-estetickej-mediciny.sk\/wp-content\/uploads\/2025\/10\/kongresprogram2025-1-1200x676.jpg 1200w, https:\/\/www.kongres-estetickej-mediciny.sk\/wp-content\/uploads\/2025\/10\/kongresprogram2025-1-scaled.jpg 2560w\" data-sizes=\"auto\" data-orig-sizes=\"(min-width: 2200px) 100vw, (min-width: 824px) 387px, (min-width: 732px) 580px, (min-width: 640px) 732px, \" \/><\/a><\/div><\/div><\/div><\/div><\/div><\/div><\/div><\/div>\n","protected":false},"excerpt":{"rendered":"","protected":false},"author":1,"featured_media":0,"parent":0,"menu_order":0,"comment_status":"closed","ping_status":"closed","template":"","meta":{"footnotes":""},"class_list":["post-5858","page","type-page","status-publish","hentry"],"yoast_head":"<!-- This site is optimized with the Yoast SEO plugin v26.3 - https:\/\/yoast.com\/wordpress\/plugins\/seo\/ -->\n<title>FOTO KLEMK 2025 - Kongres estetickej medic\u00edny<\/title>\n<meta name=\"robots\" content=\"index, follow, max-snippet:-1, max-image-preview:large, max-video-preview:-1\" \/>\n<link rel=\"canonical\" href=\"https:\/\/www.kongres-estetickej-mediciny.sk\/index.php\/5858-2\/\" \/>\n<meta property=\"og:locale\" content=\"sk_SK\" \/>\n<meta property=\"og:type\" content=\"article\" \/>\n<meta property=\"og:title\" content=\"FOTO KLEMK 2025 - Kongres estetickej medic\u00edny\" \/>\n<meta property=\"og:url\" content=\"https:\/\/www.kongres-estetickej-mediciny.sk\/index.php\/5858-2\/\" \/>\n<meta property=\"og:site_name\" content=\"Kongres estetickej medic\u00edny\" \/>\n<meta property=\"article:publisher\" content=\"https:\/\/www.facebook.com\/felymalaser\" \/>\n<meta property=\"article:modified_time\" content=\"2025-10-01T13:25:11+00:00\" \/>\n<meta name=\"twitter:card\" content=\"summary_large_image\" \/>\n<meta name=\"twitter:label1\" content=\"Predpokladan\u00fd \u010das \u010d\u00edtania\" \/>\n\t<meta name=\"twitter:data1\" content=\"51 min\u00fat\" \/>\n<script type=\"application\/ld+json\" class=\"yoast-schema-graph\">{\"@context\":\"https:\/\/schema.org\",\"@graph\":[{\"@type\":\"WebPage\",\"@id\":\"https:\/\/www.kongres-estetickej-mediciny.sk\/index.php\/5858-2\/\",\"url\":\"https:\/\/www.kongres-estetickej-mediciny.sk\/index.php\/5858-2\/\",\"name\":\"FOTO KLEMK 2025 - Kongres estetickej medic\u00edny\",\"isPartOf\":{\"@id\":\"https:\/\/www.kongres-estetickej-mediciny.sk\/#website\"},\"datePublished\":\"2025-10-01T11:55:44+00:00\",\"dateModified\":\"2025-10-01T13:25:11+00:00\",\"breadcrumb\":{\"@id\":\"https:\/\/www.kongres-estetickej-mediciny.sk\/index.php\/5858-2\/#breadcrumb\"},\"inLanguage\":\"sk-SK\",\"potentialAction\":[{\"@type\":\"ReadAction\",\"target\":[\"https:\/\/www.kongres-estetickej-mediciny.sk\/index.php\/5858-2\/\"]}]},{\"@type\":\"BreadcrumbList\",\"@id\":\"https:\/\/www.kongres-estetickej-mediciny.sk\/index.php\/5858-2\/#breadcrumb\",\"itemListElement\":[{\"@type\":\"ListItem\",\"position\":1,\"name\":\"Domovsk\u00e1 str\u00e1nka\",\"item\":\"https:\/\/www.kongres-estetickej-mediciny.sk\/\"},{\"@type\":\"ListItem\",\"position\":2,\"name\":\"FOTO KLEMK 2025\"}]},{\"@type\":\"WebSite\",\"@id\":\"https:\/\/www.kongres-estetickej-mediciny.sk\/#website\",\"url\":\"https:\/\/www.kongres-estetickej-mediciny.sk\/\",\"name\":\"Kongres estetickej medic\u00edny\",\"description\":\"\",\"publisher\":{\"@id\":\"https:\/\/www.kongres-estetickej-mediciny.sk\/#organization\"},\"potentialAction\":[{\"@type\":\"SearchAction\",\"target\":{\"@type\":\"EntryPoint\",\"urlTemplate\":\"https:\/\/www.kongres-estetickej-mediciny.sk\/?s={search_term_string}\"},\"query-input\":{\"@type\":\"PropertyValueSpecification\",\"valueRequired\":true,\"valueName\":\"search_term_string\"}}],\"inLanguage\":\"sk-SK\"},{\"@type\":\"Organization\",\"@id\":\"https:\/\/www.kongres-estetickej-mediciny.sk\/#organization\",\"name\":\"Kongres laserovej a estetickej medic\u00edny\",\"url\":\"https:\/\/www.kongres-estetickej-mediciny.sk\/\",\"logo\":{\"@type\":\"ImageObject\",\"inLanguage\":\"sk-SK\",\"@id\":\"https:\/\/www.kongres-estetickej-mediciny.sk\/#\/schema\/logo\/image\/\",\"url\":\"https:\/\/www.kongres-estetickej-mediciny.sk\/wp-content\/uploads\/2024\/03\/logo1r.png\",\"contentUrl\":\"https:\/\/www.kongres-estetickej-mediciny.sk\/wp-content\/uploads\/2024\/03\/logo1r.png\",\"width\":2259,\"height\":477,\"caption\":\"Kongres laserovej a estetickej medic\u00edny\"},\"image\":{\"@id\":\"https:\/\/www.kongres-estetickej-mediciny.sk\/#\/schema\/logo\/image\/\"},\"sameAs\":[\"https:\/\/www.facebook.com\/felymalaser\"]}]}<\/script>\n<!-- \/ Yoast SEO plugin. -->","yoast_head_json":{"title":"FOTO KLEMK 2025 - Kongres estetickej medic\u00edny","robots":{"index":"index","follow":"follow","max-snippet":"max-snippet:-1","max-image-preview":"max-image-preview:large","max-video-preview":"max-video-preview:-1"},"canonical":"https:\/\/www.kongres-estetickej-mediciny.sk\/index.php\/5858-2\/","og_locale":"sk_SK","og_type":"article","og_title":"FOTO KLEMK 2025 - Kongres estetickej medic\u00edny","og_url":"https:\/\/www.kongres-estetickej-mediciny.sk\/index.php\/5858-2\/","og_site_name":"Kongres estetickej medic\u00edny","article_publisher":"https:\/\/www.facebook.com\/felymalaser","article_modified_time":"2025-10-01T13:25:11+00:00","twitter_card":"summary_large_image","twitter_misc":{"Predpokladan\u00fd \u010das \u010d\u00edtania":"51 min\u00fat"},"schema":{"@context":"https:\/\/schema.org","@graph":[{"@type":"WebPage","@id":"https:\/\/www.kongres-estetickej-mediciny.sk\/index.php\/5858-2\/","url":"https:\/\/www.kongres-estetickej-mediciny.sk\/index.php\/5858-2\/","name":"FOTO KLEMK 2025 - Kongres estetickej medic\u00edny","isPartOf":{"@id":"https:\/\/www.kongres-estetickej-mediciny.sk\/#website"},"datePublished":"2025-10-01T11:55:44+00:00","dateModified":"2025-10-01T13:25:11+00:00","breadcrumb":{"@id":"https:\/\/www.kongres-estetickej-mediciny.sk\/index.php\/5858-2\/#breadcrumb"},"inLanguage":"sk-SK","potentialAction":[{"@type":"ReadAction","target":["https:\/\/www.kongres-estetickej-mediciny.sk\/index.php\/5858-2\/"]}]},{"@type":"BreadcrumbList","@id":"https:\/\/www.kongres-estetickej-mediciny.sk\/index.php\/5858-2\/#breadcrumb","itemListElement":[{"@type":"ListItem","position":1,"name":"Domovsk\u00e1 str\u00e1nka","item":"https:\/\/www.kongres-estetickej-mediciny.sk\/"},{"@type":"ListItem","position":2,"name":"FOTO KLEMK 2025"}]},{"@type":"WebSite","@id":"https:\/\/www.kongres-estetickej-mediciny.sk\/#website","url":"https:\/\/www.kongres-estetickej-mediciny.sk\/","name":"Kongres estetickej medic\u00edny","description":"","publisher":{"@id":"https:\/\/www.kongres-estetickej-mediciny.sk\/#organization"},"potentialAction":[{"@type":"SearchAction","target":{"@type":"EntryPoint","urlTemplate":"https:\/\/www.kongres-estetickej-mediciny.sk\/?s={search_term_string}"},"query-input":{"@type":"PropertyValueSpecification","valueRequired":true,"valueName":"search_term_string"}}],"inLanguage":"sk-SK"},{"@type":"Organization","@id":"https:\/\/www.kongres-estetickej-mediciny.sk\/#organization","name":"Kongres laserovej a estetickej medic\u00edny","url":"https:\/\/www.kongres-estetickej-mediciny.sk\/","logo":{"@type":"ImageObject","inLanguage":"sk-SK","@id":"https:\/\/www.kongres-estetickej-mediciny.sk\/#\/schema\/logo\/image\/","url":"https:\/\/www.kongres-estetickej-mediciny.sk\/wp-content\/uploads\/2024\/03\/logo1r.png","contentUrl":"https:\/\/www.kongres-estetickej-mediciny.sk\/wp-content\/uploads\/2024\/03\/logo1r.png","width":2259,"height":477,"caption":"Kongres laserovej a estetickej medic\u00edny"},"image":{"@id":"https:\/\/www.kongres-estetickej-mediciny.sk\/#\/schema\/logo\/image\/"},"sameAs":["https:\/\/www.facebook.com\/felymalaser"]}]}},"_links":{"self":[{"href":"https:\/\/www.kongres-estetickej-mediciny.sk\/index.php\/wp-json\/wp\/v2\/pages\/5858","targetHints":{"allow":["GET"]}}],"collection":[{"href":"https:\/\/www.kongres-estetickej-mediciny.sk\/index.php\/wp-json\/wp\/v2\/pages"}],"about":[{"href":"https:\/\/www.kongres-estetickej-mediciny.sk\/index.php\/wp-json\/wp\/v2\/types\/page"}],"author":[{"embeddable":true,"href":"https:\/\/www.kongres-estetickej-mediciny.sk\/index.php\/wp-json\/wp\/v2\/users\/1"}],"replies":[{"embeddable":true,"href":"https:\/\/www.kongres-estetickej-mediciny.sk\/index.php\/wp-json\/wp\/v2\/comments?post=5858"}],"version-history":[{"count":5,"href":"https:\/\/www.kongres-estetickej-mediciny.sk\/index.php\/wp-json\/wp\/v2\/pages\/5858\/revisions"}],"predecessor-version":[{"id":6122,"href":"https:\/\/www.kongres-estetickej-mediciny.sk\/index.php\/wp-json\/wp\/v2\/pages\/5858\/revisions\/6122"}],"wp:attachment":[{"href":"https:\/\/www.kongres-estetickej-mediciny.sk\/index.php\/wp-json\/wp\/v2\/media?parent=5858"}],"curies":[{"name":"wp","href":"https:\/\/api.w.org\/{rel}","templated":true}]}}